{"id":34268,"date":"2022-05-12T09:10:32","date_gmt":"2022-05-12T09:10:32","guid":{"rendered":"https:\/\/ibercenter.com\/actualidad\/"},"modified":"2025-12-11T15:50:51","modified_gmt":"2025-12-11T14:50:51","slug":"blog","status":"publish","type":"page","link":"https:\/\/ibercenter.com\/en\/blog\/","title":{"rendered":"Actualidad"},"content":{"rendered":"\t\t<div data-elementor-type=\"wp-page\" data-elementor-id=\"34268\" class=\"elementor elementor-34268 elementor-12926\" data-elementor-post-type=\"page\">\n\t\t\t\t\t\t<section class=\"elementor-section elementor-top-section elementor-element elementor-element-3440acf elementor-section-height-min-height elementor-section-boxed elementor-section-height-default elementor-section-items-middle elementor-invisible\" data-id=\"3440acf\" data-element_type=\"section\" data-e-type=\"section\" data-settings=\"{&quot;background_background&quot;:&quot;slideshow&quot;,&quot;background_slideshow_gallery&quot;:[{&quot;id&quot;:261,&quot;url&quot;:&quot;https:\\\/\\\/ibercenter.com\\\/wp-content\\\/uploads\\\/2025\\\/07\\\/37-f-6.jpg&quot;},{&quot;id&quot;:44,&quot;url&quot;:&quot;https:\\\/\\\/ibercenter.com\\\/wp-content\\\/uploads\\\/2025\\\/04\\\/meeting-point-new-1-scaled-1.jpg&quot;},{&quot;id&quot;:46,&quot;url&quot;:&quot;https:\\\/\\\/ibercenter.com\\\/wp-content\\\/uploads\\\/2025\\\/04\\\/Recepcion-6a-5-scaled-1.jpg&quot;},{&quot;id&quot;:265,&quot;url&quot;:&quot;https:\\\/\\\/ibercenter.com\\\/wp-content\\\/uploads\\\/2025\\\/07\\\/Despacho-19-6-Puestos-3-scaled.jpg&quot;},{&quot;id&quot;:263,&quot;url&quot;:&quot;https:\\\/\\\/ibercenter.com\\\/wp-content\\\/uploads\\\/2025\\\/07\\\/DSC00543-scaled.jpg&quot;},{&quot;id&quot;:264,&quot;url&quot;:&quot;https:\\\/\\\/ibercenter.com\\\/wp-content\\\/uploads\\\/2025\\\/07\\\/Meeting-Point-3-scaled.jpg&quot;},{&quot;id&quot;:32913,&quot;url&quot;:&quot;https:\\\/\\\/ibercenter.com\\\/wp-content\\\/uploads\\\/2025\\\/08\\\/IBERCENTER-Gran-Via-LQ-_16-scaled.jpg&quot;}],&quot;animation&quot;:&quot;fadeIn&quot;,&quot;background_slideshow_ken_burns&quot;:&quot;yes&quot;,&quot;background_slideshow_loop&quot;:&quot;yes&quot;,&quot;background_slideshow_slide_duration&quot;:5000,&quot;background_slideshow_slide_transition&quot;:&quot;fade&quot;,&quot;background_slideshow_transition_duration&quot;:500,&quot;background_slideshow_ken_burns_zoom_direction&quot;:&quot;in&quot;}\">\n\t\t\t\t\t\t\t<div class=\"elementor-background-overlay\"><\/div>\n\t\t\t\t\t\t\t<div class=\"elementor-container elementor-column-gap-no\">\n\t\t\t\t\t<div class=\"elementor-column elementor-col-100 elementor-top-column elementor-element elementor-element-1d3530c\" data-id=\"1d3530c\" data-element_type=\"column\" data-e-type=\"column\">\n\t\t\t<div class=\"elementor-widget-wrap elementor-element-populated\">\n\t\t\t\t\t\t<div class=\"elementor-element elementor-element-62f2c6b elementor-invisible elementor-widget elementor-widget-heading\" data-id=\"62f2c6b\" data-element_type=\"widget\" data-e-type=\"widget\" data-settings=\"{&quot;_animation&quot;:&quot;fadeInUp&quot;,&quot;_animation_delay&quot;:400}\" data-widget_type=\"heading.default\">\n\t\t\t\t<div class=\"elementor-widget-container\">\n\t\t\t\t\t<h1 class=\"elementor-heading-title elementor-size-default\">Our blog<\/h1>\t\t\t\t<\/div>\n\t\t\t\t<\/div>\n\t\t\t\t\t<\/div>\n\t\t<\/div>\n\t\t\t\t\t<\/div>\n\t\t<\/section>\n\t\t<div class=\"elementor-element elementor-element-d33a51d e-flex e-con-boxed e-con e-parent\" data-id=\"d33a51d\" data-element_type=\"container\" data-e-type=\"container\">\n\t\t\t\t\t<div class=\"e-con-inner\">\n\t\t\t\t<div class=\"elementor-element elementor-element-75a5f02 elementor-grid-3 elementor-grid-tablet-2 elementor-grid-mobile-1 elementor-posts--thumbnail-top elementor-card-shadow-yes elementor-posts__hover-gradient elementor-widget elementor-widget-posts\" data-id=\"75a5f02\" data-element_type=\"widget\" data-e-type=\"widget\" data-settings=\"{&quot;cards_columns&quot;:&quot;3&quot;,&quot;cards_columns_tablet&quot;:&quot;2&quot;,&quot;cards_columns_mobile&quot;:&quot;1&quot;,&quot;cards_row_gap&quot;:{&quot;unit&quot;:&quot;px&quot;,&quot;size&quot;:35,&quot;sizes&quot;:[]},&quot;cards_row_gap_tablet&quot;:{&quot;unit&quot;:&quot;px&quot;,&quot;size&quot;:&quot;&quot;,&quot;sizes&quot;:[]},&quot;cards_row_gap_mobile&quot;:{&quot;unit&quot;:&quot;px&quot;,&quot;size&quot;:&quot;&quot;,&quot;sizes&quot;:[]}}\" data-widget_type=\"posts.cards\">\n\t\t\t\t<div class=\"elementor-widget-container\">\n\t\t\t\t\t\t\t<div class=\"elementor-posts-container elementor-posts elementor-posts--skin-cards elementor-grid\" role=\"list\">\n\t\t\t\t<article class=\"elementor-post elementor-grid-item post-42991 post type-post status-publish format-standard has-post-thumbnail hentry category-non-classifiee\" role=\"listitem\">\n\t\t\t<div class=\"elementor-post__card\">\n\t\t\t\t<a class=\"elementor-post__thumbnail__link\" href=\"https:\/\/ibercenter.com\/en\/salas-mas-baratas-en-madrid\/\" tabindex=\"-1\" ><div class=\"elementor-post__thumbnail\"><img fetchpriority=\"high\" decoding=\"async\" width=\"2560\" height=\"1440\" src=\"https:\/\/ibercenter.com\/wp-content\/uploads\/2025\/12\/Escuela-scaled.webp\" class=\"attachment-full size-full wp-image-39979\" alt=\"alquiler de salas en Azca\" srcset=\"https:\/\/ibercenter.com\/wp-content\/uploads\/2025\/12\/Escuela-scaled.webp 2560w, https:\/\/ibercenter.com\/wp-content\/uploads\/2025\/12\/Escuela-300x169.webp 300w, https:\/\/ibercenter.com\/wp-content\/uploads\/2025\/12\/Escuela-1024x576.webp 1024w, https:\/\/ibercenter.com\/wp-content\/uploads\/2025\/12\/Escuela-768x432.webp 768w, https:\/\/ibercenter.com\/wp-content\/uploads\/2025\/12\/Escuela-1536x864.webp 1536w, https:\/\/ibercenter.com\/wp-content\/uploads\/2025\/12\/Escuela-2048x1152.webp 2048w\" sizes=\"(max-width: 2560px) 100vw, 2560px\" \/><\/div><\/a>\n\t\t\t\t<div class=\"elementor-post__badge\">Corporative<\/div>\n\t\t\t\t<div class=\"elementor-post__text\">\n\t\t\t\t<h3 class=\"elementor-post__title\">\n\t\t\t<a href=\"https:\/\/ibercenter.com\/en\/salas-mas-baratas-en-madrid\/\" >\n\t\t\t\tProfessional spaces in Madrid to suit your budget\t\t\t<\/a>\n\t\t<\/h3>\n\t\t\n\t\t<a class=\"elementor-post__read-more\" href=\"https:\/\/ibercenter.com\/en\/salas-mas-baratas-en-madrid\/\" aria-label=\"Read more about Professional spaces in Madrid to suit your budget\" tabindex=\"-1\" >\n\t\t\tMore Info \u00bb\t\t<\/a>\n\n\t\t\t\t<\/div>\n\t\t\t\t<div class=\"elementor-post__meta-data\">\n\t\t\t\t\t<span class=\"elementor-post-date\">\n\t\t\t22 de April de 2026\t\t<\/span>\n\t\t\t\t<span class=\"elementor-post-avatar\">\n\t\t\tNo Comments\t\t<\/span>\n\t\t\t\t<\/div>\n\t\t\t\t\t<\/div>\n\t\t<\/article>\n\t\t\t\t<article class=\"elementor-post elementor-grid-item post-42748 post type-post status-publish format-standard has-post-thumbnail hentry category-non-classifiee\" role=\"listitem\">\n\t\t\t<div class=\"elementor-post__card\">\n\t\t\t\t<a class=\"elementor-post__thumbnail__link\" href=\"https:\/\/ibercenter.com\/en\/inteligencia-artificial-en-reuniones-de-trabajo\/\" tabindex=\"-1\" ><div class=\"elementor-post__thumbnail\"><img decoding=\"async\" width=\"1000\" height=\"750\" src=\"https:\/\/ibercenter.com\/wp-content\/uploads\/2026\/04\/inteligencia-artificial-en-reuniones-de-trabajo.jpg\" class=\"attachment-full size-full wp-image-42695\" alt=\"inteligencia artificial en reuniones de trabajo\" srcset=\"https:\/\/ibercenter.com\/wp-content\/uploads\/2026\/04\/inteligencia-artificial-en-reuniones-de-trabajo.jpg 1000w, https:\/\/ibercenter.com\/wp-content\/uploads\/2026\/04\/inteligencia-artificial-en-reuniones-de-trabajo-300x225.jpg 300w, https:\/\/ibercenter.com\/wp-content\/uploads\/2026\/04\/inteligencia-artificial-en-reuniones-de-trabajo-768x576.jpg 768w\" sizes=\"(max-width: 1000px) 100vw, 1000px\" \/><\/div><\/a>\n\t\t\t\t<div class=\"elementor-post__badge\">Corporative<\/div>\n\t\t\t\t<div class=\"elementor-post__text\">\n\t\t\t\t<h3 class=\"elementor-post__title\">\n\t\t\t<a href=\"https:\/\/ibercenter.com\/en\/inteligencia-artificial-en-reuniones-de-trabajo\/\" >\n\t\t\t\tHow to use artificial intelligence in work meetings and gain productivity?\t\t\t<\/a>\n\t\t<\/h3>\n\t\t\n\t\t<a class=\"elementor-post__read-more\" href=\"https:\/\/ibercenter.com\/en\/inteligencia-artificial-en-reuniones-de-trabajo\/\" aria-label=\"Read more about How to use artificial intelligence in work meetings and gain productivity?\" tabindex=\"-1\" >\n\t\t\tMore Info \u00bb\t\t<\/a>\n\n\t\t\t\t<\/div>\n\t\t\t\t<div class=\"elementor-post__meta-data\">\n\t\t\t\t\t<span class=\"elementor-post-date\">\n\t\t\t15 de April de 2026\t\t<\/span>\n\t\t\t\t<span class=\"elementor-post-avatar\">\n\t\t\tNo Comments\t\t<\/span>\n\t\t\t\t<\/div>\n\t\t\t\t\t<\/div>\n\t\t<\/article>\n\t\t\t\t<article class=\"elementor-post elementor-grid-item post-42513 post type-post status-publish format-standard has-post-thumbnail hentry category-non-classifiee\" role=\"listitem\">\n\t\t\t<div class=\"elementor-post__card\">\n\t\t\t\t<a class=\"elementor-post__thumbnail__link\" href=\"https:\/\/ibercenter.com\/en\/claude\/\" tabindex=\"-1\" ><div class=\"elementor-post__thumbnail\"><img decoding=\"async\" width=\"1000\" height=\"667\" src=\"https:\/\/ibercenter.com\/wp-content\/uploads\/2026\/04\/Claude-ibercenter.jpg\" class=\"attachment-full size-full wp-image-42509\" alt=\"Claude ibercenter\" srcset=\"https:\/\/ibercenter.com\/wp-content\/uploads\/2026\/04\/Claude-ibercenter.jpg 1000w, https:\/\/ibercenter.com\/wp-content\/uploads\/2026\/04\/Claude-ibercenter-300x200.jpg 300w, https:\/\/ibercenter.com\/wp-content\/uploads\/2026\/04\/Claude-ibercenter-768x512.jpg 768w\" sizes=\"(max-width: 1000px) 100vw, 1000px\" \/><\/div><\/a>\n\t\t\t\t<div class=\"elementor-post__badge\">Corporative<\/div>\n\t\t\t\t<div class=\"elementor-post__text\">\n\t\t\t\t<h3 class=\"elementor-post__title\">\n\t\t\t<a href=\"https:\/\/ibercenter.com\/en\/claude\/\" >\n\t\t\t\tBreaking down the Claude AI tool\u00a0\t\t\t<\/a>\n\t\t<\/h3>\n\t\t\n\t\t<a class=\"elementor-post__read-more\" href=\"https:\/\/ibercenter.com\/en\/claude\/\" aria-label=\"Read more about Breaking down the Claude AI tool\u00a0\" tabindex=\"-1\" >\n\t\t\tMore Info \u00bb\t\t<\/a>\n\n\t\t\t\t<\/div>\n\t\t\t\t<div class=\"elementor-post__meta-data\">\n\t\t\t\t\t<span class=\"elementor-post-date\">\n\t\t\t8 de April de 2026\t\t<\/span>\n\t\t\t\t<span class=\"elementor-post-avatar\">\n\t\t\tNo Comments\t\t<\/span>\n\t\t\t\t<\/div>\n\t\t\t\t\t<\/div>\n\t\t<\/article>\n\t\t\t\t<article class=\"elementor-post elementor-grid-item post-42453 post type-post status-publish format-standard has-post-thumbnail hentry category-non-classifiee\" role=\"listitem\">\n\t\t\t<div class=\"elementor-post__card\">\n\t\t\t\t<a class=\"elementor-post__thumbnail__link\" href=\"https:\/\/ibercenter.com\/en\/trabajar-desde-casa\/\" tabindex=\"-1\" ><div class=\"elementor-post__thumbnail\"><img loading=\"lazy\" decoding=\"async\" width=\"1000\" height=\"667\" src=\"https:\/\/ibercenter.com\/wp-content\/uploads\/2026\/04\/trabajar-desde-casa-ibercenter.jpg\" class=\"attachment-full size-full wp-image-42364\" alt=\"trabajar desde casa\" srcset=\"https:\/\/ibercenter.com\/wp-content\/uploads\/2026\/04\/trabajar-desde-casa-ibercenter.jpg 1000w, https:\/\/ibercenter.com\/wp-content\/uploads\/2026\/04\/trabajar-desde-casa-ibercenter-300x200.jpg 300w, https:\/\/ibercenter.com\/wp-content\/uploads\/2026\/04\/trabajar-desde-casa-ibercenter-768x512.jpg 768w\" sizes=\"(max-width: 1000px) 100vw, 1000px\" \/><\/div><\/a>\n\t\t\t\t<div class=\"elementor-post__badge\">Corporative<\/div>\n\t\t\t\t<div class=\"elementor-post__text\">\n\t\t\t\t<h3 class=\"elementor-post__title\">\n\t\t\t<a href=\"https:\/\/ibercenter.com\/en\/trabajar-desde-casa\/\" >\n\t\t\t\tWhy is working from home hurting your company?\u00a0\t\t\t<\/a>\n\t\t<\/h3>\n\t\t\n\t\t<a class=\"elementor-post__read-more\" href=\"https:\/\/ibercenter.com\/en\/trabajar-desde-casa\/\" aria-label=\"Read more about Why is working from home hurting your company?\u00a0\" tabindex=\"-1\" >\n\t\t\tMore Info \u00bb\t\t<\/a>\n\n\t\t\t\t<\/div>\n\t\t\t\t<div class=\"elementor-post__meta-data\">\n\t\t\t\t\t<span class=\"elementor-post-date\">\n\t\t\t1 de April de 2026\t\t<\/span>\n\t\t\t\t<span class=\"elementor-post-avatar\">\n\t\t\tNo Comments\t\t<\/span>\n\t\t\t\t<\/div>\n\t\t\t\t\t<\/div>\n\t\t<\/article>\n\t\t\t\t<article class=\"elementor-post elementor-grid-item post-42455 post type-post status-publish format-standard has-post-thumbnail hentry category-non-classifiee\" role=\"listitem\">\n\t\t\t<div class=\"elementor-post__card\">\n\t\t\t\t<a class=\"elementor-post__thumbnail__link\" href=\"https:\/\/ibercenter.com\/en\/cuanto-cuesta-una-oficina-en-madrid\/\" tabindex=\"-1\" ><div class=\"elementor-post__thumbnail\"><img loading=\"lazy\" decoding=\"async\" width=\"1000\" height=\"667\" src=\"https:\/\/ibercenter.com\/wp-content\/uploads\/2026\/03\/Cuanto-cuesta-una-oficina-en-Madrid.jpg\" class=\"attachment-full size-full wp-image-42314\" alt=\"Cu\u00e1nto cuesta una oficina en Madrid?\" srcset=\"https:\/\/ibercenter.com\/wp-content\/uploads\/2026\/03\/Cuanto-cuesta-una-oficina-en-Madrid.jpg 1000w, https:\/\/ibercenter.com\/wp-content\/uploads\/2026\/03\/Cuanto-cuesta-una-oficina-en-Madrid-300x200.jpg 300w, https:\/\/ibercenter.com\/wp-content\/uploads\/2026\/03\/Cuanto-cuesta-una-oficina-en-Madrid-768x512.jpg 768w\" sizes=\"(max-width: 1000px) 100vw, 1000px\" \/><\/div><\/a>\n\t\t\t\t<div class=\"elementor-post__badge\">Corporative<\/div>\n\t\t\t\t<div class=\"elementor-post__text\">\n\t\t\t\t<h3 class=\"elementor-post__title\">\n\t\t\t<a href=\"https:\/\/ibercenter.com\/en\/cuanto-cuesta-una-oficina-en-madrid\/\" >\n\t\t\t\tHow much does an office cost in Madrid?\u00a0\t\t\t<\/a>\n\t\t<\/h3>\n\t\t\n\t\t<a class=\"elementor-post__read-more\" href=\"https:\/\/ibercenter.com\/en\/cuanto-cuesta-una-oficina-en-madrid\/\" aria-label=\"Read more about How much does an office cost in Madrid?\u00a0\" tabindex=\"-1\" >\n\t\t\tMore Info \u00bb\t\t<\/a>\n\n\t\t\t\t<\/div>\n\t\t\t\t<div class=\"elementor-post__meta-data\">\n\t\t\t\t\t<span class=\"elementor-post-date\">\n\t\t\t25 de March de 2026\t\t<\/span>\n\t\t\t\t<span class=\"elementor-post-avatar\">\n\t\t\tNo Comments\t\t<\/span>\n\t\t\t\t<\/div>\n\t\t\t\t\t<\/div>\n\t\t<\/article>\n\t\t\t\t<article class=\"elementor-post elementor-grid-item post-42100 post type-post status-publish format-standard has-post-thumbnail hentry category-non-classifiee\" role=\"listitem\">\n\t\t\t<div class=\"elementor-post__card\">\n\t\t\t\t<a class=\"elementor-post__thumbnail__link\" href=\"https:\/\/ibercenter.com\/en\/https-ibercenter-com-estrategias-de-captacion-de-clientes-b2b\/\" tabindex=\"-1\" ><div class=\"elementor-post__thumbnail\"><img loading=\"lazy\" decoding=\"async\" width=\"1000\" height=\"667\" src=\"https:\/\/ibercenter.com\/wp-content\/uploads\/2026\/03\/Estrategias-de-captacion-de-clientes-B2B.jpg\" class=\"attachment-full size-full wp-image-42087\" alt=\"Estrategias de captaci\u00f3n de clientes B2B\" srcset=\"https:\/\/ibercenter.com\/wp-content\/uploads\/2026\/03\/Estrategias-de-captacion-de-clientes-B2B.jpg 1000w, https:\/\/ibercenter.com\/wp-content\/uploads\/2026\/03\/Estrategias-de-captacion-de-clientes-B2B-300x200.jpg 300w, https:\/\/ibercenter.com\/wp-content\/uploads\/2026\/03\/Estrategias-de-captacion-de-clientes-B2B-768x512.jpg 768w\" sizes=\"(max-width: 1000px) 100vw, 1000px\" \/><\/div><\/a>\n\t\t\t\t<div class=\"elementor-post__badge\">Corporative<\/div>\n\t\t\t\t<div class=\"elementor-post__text\">\n\t\t\t\t<h3 class=\"elementor-post__title\">\n\t\t\t<a href=\"https:\/\/ibercenter.com\/en\/https-ibercenter-com-estrategias-de-captacion-de-clientes-b2b\/\" >\n\t\t\t\tB2B Customer Acquisition Strategies\u00a0\t\t\t<\/a>\n\t\t<\/h3>\n\t\t\n\t\t<a class=\"elementor-post__read-more\" href=\"https:\/\/ibercenter.com\/en\/https-ibercenter-com-estrategias-de-captacion-de-clientes-b2b\/\" aria-label=\"Read more about B2B Customer Acquisition Strategies\u00a0\" tabindex=\"-1\" >\n\t\t\tMore Info \u00bb\t\t<\/a>\n\n\t\t\t\t<\/div>\n\t\t\t\t<div class=\"elementor-post__meta-data\">\n\t\t\t\t\t<span class=\"elementor-post-date\">\n\t\t\t18 de March de 2026\t\t<\/span>\n\t\t\t\t<span class=\"elementor-post-avatar\">\n\t\t\tNo Comments\t\t<\/span>\n\t\t\t\t<\/div>\n\t\t\t\t\t<\/div>\n\t\t<\/article>\n\t\t\t\t<article class=\"elementor-post elementor-grid-item post-42072 post type-post status-publish format-standard has-post-thumbnail hentry category-non-classifiee\" role=\"listitem\">\n\t\t\t<div class=\"elementor-post__card\">\n\t\t\t\t<a class=\"elementor-post__thumbnail__link\" href=\"https:\/\/ibercenter.com\/en\/https-ibercenter-com-salas-de-reuniones-en-espacios-de-coworking\/\" tabindex=\"-1\" ><div class=\"elementor-post__thumbnail\"><img loading=\"lazy\" decoding=\"async\" width=\"2560\" height=\"1440\" src=\"https:\/\/ibercenter.com\/wp-content\/uploads\/2025\/11\/1.jpg\" class=\"attachment-full size-full wp-image-38495\" alt=\"alquiler de sala de reunion en azca - alquiler de sala de reunion en madrid\" srcset=\"https:\/\/ibercenter.com\/wp-content\/uploads\/2025\/11\/1.jpg 2560w, https:\/\/ibercenter.com\/wp-content\/uploads\/2025\/11\/1-300x169.jpg 300w, https:\/\/ibercenter.com\/wp-content\/uploads\/2025\/11\/1-1024x576.jpg 1024w, https:\/\/ibercenter.com\/wp-content\/uploads\/2025\/11\/1-768x432.jpg 768w, https:\/\/ibercenter.com\/wp-content\/uploads\/2025\/11\/1-1536x864.jpg 1536w, https:\/\/ibercenter.com\/wp-content\/uploads\/2025\/11\/1-2048x1152.jpg 2048w\" sizes=\"(max-width: 2560px) 100vw, 2560px\" \/><\/div><\/a>\n\t\t\t\t<div class=\"elementor-post__badge\">Corporative<\/div>\n\t\t\t\t<div class=\"elementor-post__text\">\n\t\t\t\t<h3 class=\"elementor-post__title\">\n\t\t\t<a href=\"https:\/\/ibercenter.com\/en\/https-ibercenter-com-salas-de-reuniones-en-espacios-de-coworking\/\" >\n\t\t\t\tWhy are more and more companies renting meeting rooms in coworking spaces?\t\t\t<\/a>\n\t\t<\/h3>\n\t\t\n\t\t<a class=\"elementor-post__read-more\" href=\"https:\/\/ibercenter.com\/en\/https-ibercenter-com-salas-de-reuniones-en-espacios-de-coworking\/\" aria-label=\"Read more about Why are more and more companies renting meeting rooms in coworking spaces?\" tabindex=\"-1\" >\n\t\t\tMore Info \u00bb\t\t<\/a>\n\n\t\t\t\t<\/div>\n\t\t\t\t<div class=\"elementor-post__meta-data\">\n\t\t\t\t\t<span class=\"elementor-post-date\">\n\t\t\t11 de March de 2026\t\t<\/span>\n\t\t\t\t<span class=\"elementor-post-avatar\">\n\t\t\tNo Comments\t\t<\/span>\n\t\t\t\t<\/div>\n\t\t\t\t\t<\/div>\n\t\t<\/article>\n\t\t\t\t<article class=\"elementor-post elementor-grid-item post-41741 post type-post status-publish format-standard has-post-thumbnail hentry category-non-classifiee\" role=\"listitem\">\n\t\t\t<div class=\"elementor-post__card\">\n\t\t\t\t<a class=\"elementor-post__thumbnail__link\" href=\"https:\/\/ibercenter.com\/en\/https-ibercenter-com-donde-alquilar-una-sala-de-reuniones-en-madrid\/\" tabindex=\"-1\" ><div class=\"elementor-post__thumbnail\"><img fetchpriority=\"high\" decoding=\"async\" width=\"2560\" height=\"1440\" src=\"https:\/\/ibercenter.com\/wp-content\/uploads\/2025\/12\/Escuela-scaled.webp\" class=\"attachment-full size-full wp-image-39979\" alt=\"alquiler de salas en Azca\" srcset=\"https:\/\/ibercenter.com\/wp-content\/uploads\/2025\/12\/Escuela-scaled.webp 2560w, https:\/\/ibercenter.com\/wp-content\/uploads\/2025\/12\/Escuela-300x169.webp 300w, https:\/\/ibercenter.com\/wp-content\/uploads\/2025\/12\/Escuela-1024x576.webp 1024w, https:\/\/ibercenter.com\/wp-content\/uploads\/2025\/12\/Escuela-768x432.webp 768w, https:\/\/ibercenter.com\/wp-content\/uploads\/2025\/12\/Escuela-1536x864.webp 1536w, https:\/\/ibercenter.com\/wp-content\/uploads\/2025\/12\/Escuela-2048x1152.webp 2048w\" sizes=\"(max-width: 2560px) 100vw, 2560px\" \/><\/div><\/a>\n\t\t\t\t<div class=\"elementor-post__badge\">Corporative<\/div>\n\t\t\t\t<div class=\"elementor-post__text\">\n\t\t\t\t<h3 class=\"elementor-post__title\">\n\t\t\t<a href=\"https:\/\/ibercenter.com\/en\/https-ibercenter-com-donde-alquilar-una-sala-de-reuniones-en-madrid\/\" >\n\t\t\t\tWhere to rent a meeting room in Madrid?\u00a0\t\t\t<\/a>\n\t\t<\/h3>\n\t\t\n\t\t<a class=\"elementor-post__read-more\" href=\"https:\/\/ibercenter.com\/en\/https-ibercenter-com-donde-alquilar-una-sala-de-reuniones-en-madrid\/\" aria-label=\"Read more about Where to rent a meeting room in Madrid?\u00a0\" tabindex=\"-1\" >\n\t\t\tMore Info \u00bb\t\t<\/a>\n\n\t\t\t\t<\/div>\n\t\t\t\t<div class=\"elementor-post__meta-data\">\n\t\t\t\t\t<span class=\"elementor-post-date\">\n\t\t\t4 de March de 2026\t\t<\/span>\n\t\t\t\t<span class=\"elementor-post-avatar\">\n\t\t\tNo Comments\t\t<\/span>\n\t\t\t\t<\/div>\n\t\t\t\t\t<\/div>\n\t\t<\/article>\n\t\t\t\t<article class=\"elementor-post elementor-grid-item post-41709 post type-post status-publish format-standard has-post-thumbnail hentry category-non-classifiee\" role=\"listitem\">\n\t\t\t<div class=\"elementor-post__card\">\n\t\t\t\t<a class=\"elementor-post__thumbnail__link\" href=\"https:\/\/ibercenter.com\/en\/zonas-estrategicas-para-ubicar-una-empresa-en-madrid\/\" tabindex=\"-1\" ><div class=\"elementor-post__thumbnail\"><img loading=\"lazy\" decoding=\"async\" width=\"2240\" height=\"1260\" src=\"https:\/\/ibercenter.com\/wp-content\/uploads\/2025\/11\/Meeting-Point-gran-via-oficina-flexible-Ibercenter.png\" class=\"attachment-full size-full wp-image-38986\" alt=\"Meeting Point gran v\u00eda oficina flexible Ibercenter\" srcset=\"https:\/\/ibercenter.com\/wp-content\/uploads\/2025\/11\/Meeting-Point-gran-via-oficina-flexible-Ibercenter.png 2240w, https:\/\/ibercenter.com\/wp-content\/uploads\/2025\/11\/Meeting-Point-gran-via-oficina-flexible-Ibercenter-300x169.png 300w, https:\/\/ibercenter.com\/wp-content\/uploads\/2025\/11\/Meeting-Point-gran-via-oficina-flexible-Ibercenter-1024x576.png 1024w, https:\/\/ibercenter.com\/wp-content\/uploads\/2025\/11\/Meeting-Point-gran-via-oficina-flexible-Ibercenter-768x432.png 768w, https:\/\/ibercenter.com\/wp-content\/uploads\/2025\/11\/Meeting-Point-gran-via-oficina-flexible-Ibercenter-1536x864.png 1536w, https:\/\/ibercenter.com\/wp-content\/uploads\/2025\/11\/Meeting-Point-gran-via-oficina-flexible-Ibercenter-2048x1152.png 2048w\" sizes=\"(max-width: 2240px) 100vw, 2240px\" \/><\/div><\/a>\n\t\t\t\t<div class=\"elementor-post__badge\">Corporative<\/div>\n\t\t\t\t<div class=\"elementor-post__text\">\n\t\t\t\t<h3 class=\"elementor-post__title\">\n\t\t\t<a href=\"https:\/\/ibercenter.com\/en\/zonas-estrategicas-para-ubicar-una-empresa-en-madrid\/\" >\n\t\t\t\tStrategic areas for locating a business in Madrid\t\t\t<\/a>\n\t\t<\/h3>\n\t\t\n\t\t<a class=\"elementor-post__read-more\" href=\"https:\/\/ibercenter.com\/en\/zonas-estrategicas-para-ubicar-una-empresa-en-madrid\/\" aria-label=\"Read more about Strategic areas for locating a business in Madrid\" tabindex=\"-1\" >\n\t\t\tMore Info \u00bb\t\t<\/a>\n\n\t\t\t\t<\/div>\n\t\t\t\t<div class=\"elementor-post__meta-data\">\n\t\t\t\t\t<span class=\"elementor-post-date\">\n\t\t\t25 de February de 2026\t\t<\/span>\n\t\t\t\t<span class=\"elementor-post-avatar\">\n\t\t\tNo Comments\t\t<\/span>\n\t\t\t\t<\/div>\n\t\t\t\t\t<\/div>\n\t\t<\/article>\n\t\t\t\t<article class=\"elementor-post elementor-grid-item post-41580 post type-post status-publish format-standard has-post-thumbnail hentry category-non-classifiee\" role=\"listitem\">\n\t\t\t<div class=\"elementor-post__card\">\n\t\t\t\t<a class=\"elementor-post__thumbnail__link\" href=\"https:\/\/ibercenter.com\/en\/https-ibercenter-com-cuesta-un-coworking-en-madrid\/\" tabindex=\"-1\" ><div class=\"elementor-post__thumbnail\"><img loading=\"lazy\" decoding=\"async\" width=\"2560\" height=\"1440\" src=\"https:\/\/ibercenter.com\/wp-content\/uploads\/2025\/10\/1-6.jpg\" class=\"attachment-full size-full wp-image-37683\" alt=\"alquiler de oficina en azca - alquiler de oficina en madrid\" srcset=\"https:\/\/ibercenter.com\/wp-content\/uploads\/2025\/10\/1-6.jpg 2560w, https:\/\/ibercenter.com\/wp-content\/uploads\/2025\/10\/1-6-300x169.jpg 300w, https:\/\/ibercenter.com\/wp-content\/uploads\/2025\/10\/1-6-1024x576.jpg 1024w, https:\/\/ibercenter.com\/wp-content\/uploads\/2025\/10\/1-6-768x432.jpg 768w, https:\/\/ibercenter.com\/wp-content\/uploads\/2025\/10\/1-6-1536x864.jpg 1536w, https:\/\/ibercenter.com\/wp-content\/uploads\/2025\/10\/1-6-2048x1152.jpg 2048w\" sizes=\"(max-width: 2560px) 100vw, 2560px\" \/><\/div><\/a>\n\t\t\t\t<div class=\"elementor-post__badge\">Corporative<\/div>\n\t\t\t\t<div class=\"elementor-post__text\">\n\t\t\t\t<h3 class=\"elementor-post__title\">\n\t\t\t<a href=\"https:\/\/ibercenter.com\/en\/https-ibercenter-com-cuesta-un-coworking-en-madrid\/\" >\n\t\t\t\tHow much does a coworking space cost in Madrid?\t\t\t<\/a>\n\t\t<\/h3>\n\t\t\n\t\t<a class=\"elementor-post__read-more\" href=\"https:\/\/ibercenter.com\/en\/https-ibercenter-com-cuesta-un-coworking-en-madrid\/\" aria-label=\"Read more about How much does a coworking space cost in Madrid?\" tabindex=\"-1\" >\n\t\t\tMore Info \u00bb\t\t<\/a>\n\n\t\t\t\t<\/div>\n\t\t\t\t<div class=\"elementor-post__meta-data\">\n\t\t\t\t\t<span class=\"elementor-post-date\">\n\t\t\t18 de February de 2026\t\t<\/span>\n\t\t\t\t<span class=\"elementor-post-avatar\">\n\t\t\tNo Comments\t\t<\/span>\n\t\t\t\t<\/div>\n\t\t\t\t\t<\/div>\n\t\t<\/article>\n\t\t\t\t<article class=\"elementor-post elementor-grid-item post-41350 post type-post status-publish format-standard has-post-thumbnail hentry category-non-classifiee\" role=\"listitem\">\n\t\t\t<div class=\"elementor-post__card\">\n\t\t\t\t<a class=\"elementor-post__thumbnail__link\" href=\"https:\/\/ibercenter.com\/en\/https-ibercenter-com-reducir-gastos-fijos-en-una-empresa\/\" tabindex=\"-1\" ><div class=\"elementor-post__thumbnail\"><img loading=\"lazy\" decoding=\"async\" width=\"1000\" height=\"667\" src=\"https:\/\/ibercenter.com\/wp-content\/uploads\/2026\/02\/\u00bfComo-reducir-gastos-fijos-en-una-empresa.jpg\" class=\"attachment-full size-full wp-image-41293\" alt=\"\u00bfC\u00f3mo reducir gastos fijos en una empresa?\" srcset=\"https:\/\/ibercenter.com\/wp-content\/uploads\/2026\/02\/\u00bfComo-reducir-gastos-fijos-en-una-empresa.jpg 1000w, https:\/\/ibercenter.com\/wp-content\/uploads\/2026\/02\/\u00bfComo-reducir-gastos-fijos-en-una-empresa-300x200.jpg 300w, https:\/\/ibercenter.com\/wp-content\/uploads\/2026\/02\/\u00bfComo-reducir-gastos-fijos-en-una-empresa-768x512.jpg 768w\" sizes=\"(max-width: 1000px) 100vw, 1000px\" \/><\/div><\/a>\n\t\t\t\t<div class=\"elementor-post__badge\">Corporative<\/div>\n\t\t\t\t<div class=\"elementor-post__text\">\n\t\t\t\t<h3 class=\"elementor-post__title\">\n\t\t\t<a href=\"https:\/\/ibercenter.com\/en\/https-ibercenter-com-reducir-gastos-fijos-en-una-empresa\/\" >\n\t\t\t\tHow to Reduce Fixed Costs in a Company\t\t\t<\/a>\n\t\t<\/h3>\n\t\t\n\t\t<a class=\"elementor-post__read-more\" href=\"https:\/\/ibercenter.com\/en\/https-ibercenter-com-reducir-gastos-fijos-en-una-empresa\/\" aria-label=\"Read more about How to Reduce Fixed Costs in a Company\" tabindex=\"-1\" >\n\t\t\tMore Info \u00bb\t\t<\/a>\n\n\t\t\t\t<\/div>\n\t\t\t\t<div class=\"elementor-post__meta-data\">\n\t\t\t\t\t<span class=\"elementor-post-date\">\n\t\t\t11 de February de 2026\t\t<\/span>\n\t\t\t\t<span class=\"elementor-post-avatar\">\n\t\t\tNo Comments\t\t<\/span>\n\t\t\t\t<\/div>\n\t\t\t\t\t<\/div>\n\t\t<\/article>\n\t\t\t\t<article class=\"elementor-post elementor-grid-item post-41171 post type-post status-publish format-standard has-post-thumbnail hentry category-non-classifiee\" role=\"listitem\">\n\t\t\t<div class=\"elementor-post__card\">\n\t\t\t\t<a class=\"elementor-post__thumbnail__link\" href=\"https:\/\/ibercenter.com\/en\/decoracion-de-oficinas\/\" tabindex=\"-1\" ><div class=\"elementor-post__thumbnail\"><img loading=\"lazy\" decoding=\"async\" width=\"1000\" height=\"693\" src=\"https:\/\/ibercenter.com\/wp-content\/uploads\/2025\/12\/Despacho-19-6-Puestos-3.jpg\" class=\"attachment-full size-full wp-image-39465\" alt=\"Oficinas en Nuevos Ministerios\" srcset=\"https:\/\/ibercenter.com\/wp-content\/uploads\/2025\/12\/Despacho-19-6-Puestos-3.jpg 1000w, https:\/\/ibercenter.com\/wp-content\/uploads\/2025\/12\/Despacho-19-6-Puestos-3-300x208.jpg 300w, https:\/\/ibercenter.com\/wp-content\/uploads\/2025\/12\/Despacho-19-6-Puestos-3-768x532.jpg 768w\" sizes=\"(max-width: 1000px) 100vw, 1000px\" \/><\/div><\/a>\n\t\t\t\t<div class=\"elementor-post__badge\">Corporative<\/div>\n\t\t\t\t<div class=\"elementor-post__text\">\n\t\t\t\t<h3 class=\"elementor-post__title\">\n\t\t\t<a href=\"https:\/\/ibercenter.com\/en\/decoracion-de-oficinas\/\" >\n\t\t\t\tThe Importance of Decoration in a Modern Office\t\t\t<\/a>\n\t\t<\/h3>\n\t\t\n\t\t<a class=\"elementor-post__read-more\" href=\"https:\/\/ibercenter.com\/en\/decoracion-de-oficinas\/\" aria-label=\"Read more about The Importance of Decoration in a Modern Office\" tabindex=\"-1\" >\n\t\t\tMore Info \u00bb\t\t<\/a>\n\n\t\t\t\t<\/div>\n\t\t\t\t<div class=\"elementor-post__meta-data\">\n\t\t\t\t\t<span class=\"elementor-post-date\">\n\t\t\t4 de February de 2026\t\t<\/span>\n\t\t\t\t<span class=\"elementor-post-avatar\">\n\t\t\tNo Comments\t\t<\/span>\n\t\t\t\t<\/div>\n\t\t\t\t\t<\/div>\n\t\t<\/article>\n\t\t\t\t<article class=\"elementor-post elementor-grid-item post-40873 post type-post status-publish format-standard has-post-thumbnail hentry category-non-classifiee\" role=\"listitem\">\n\t\t\t<div class=\"elementor-post__card\">\n\t\t\t\t<a class=\"elementor-post__thumbnail__link\" href=\"https:\/\/ibercenter.com\/en\/tipos-de-interes\/\" tabindex=\"-1\" ><div class=\"elementor-post__thumbnail\"><img loading=\"lazy\" decoding=\"async\" width=\"1000\" height=\"667\" src=\"https:\/\/ibercenter.com\/wp-content\/uploads\/2026\/01\/Inflacion-tipos-de-interes-y-su-impacto-en-la-toma-de-decisiones-empresariales.jpg\" class=\"attachment-full size-full wp-image-40869\" alt=\"tipos de inter\u00e9s\" srcset=\"https:\/\/ibercenter.com\/wp-content\/uploads\/2026\/01\/Inflacion-tipos-de-interes-y-su-impacto-en-la-toma-de-decisiones-empresariales.jpg 1000w, https:\/\/ibercenter.com\/wp-content\/uploads\/2026\/01\/Inflacion-tipos-de-interes-y-su-impacto-en-la-toma-de-decisiones-empresariales-300x200.jpg 300w, https:\/\/ibercenter.com\/wp-content\/uploads\/2026\/01\/Inflacion-tipos-de-interes-y-su-impacto-en-la-toma-de-decisiones-empresariales-768x512.jpg 768w\" sizes=\"(max-width: 1000px) 100vw, 1000px\" \/><\/div><\/a>\n\t\t\t\t<div class=\"elementor-post__badge\">Corporative<\/div>\n\t\t\t\t<div class=\"elementor-post__text\">\n\t\t\t\t<h3 class=\"elementor-post__title\">\n\t\t\t<a href=\"https:\/\/ibercenter.com\/en\/tipos-de-interes\/\" >\n\t\t\t\tInflation, Interest Rates and Their Impact on Business Decision-Making\t\t\t<\/a>\n\t\t<\/h3>\n\t\t\n\t\t<a class=\"elementor-post__read-more\" href=\"https:\/\/ibercenter.com\/en\/tipos-de-interes\/\" aria-label=\"Read more about Inflation, Interest Rates and Their Impact on Business Decision-Making\" tabindex=\"-1\" >\n\t\t\tMore Info \u00bb\t\t<\/a>\n\n\t\t\t\t<\/div>\n\t\t\t\t<div class=\"elementor-post__meta-data\">\n\t\t\t\t\t<span class=\"elementor-post-date\">\n\t\t\t28 de January de 2026\t\t<\/span>\n\t\t\t\t<span class=\"elementor-post-avatar\">\n\t\t\tNo Comments\t\t<\/span>\n\t\t\t\t<\/div>\n\t\t\t\t\t<\/div>\n\t\t<\/article>\n\t\t\t\t<article class=\"elementor-post elementor-grid-item post-40727 post type-post status-publish format-standard has-post-thumbnail hentry category-non-classifiee\" role=\"listitem\">\n\t\t\t<div class=\"elementor-post__card\">\n\t\t\t\t<a class=\"elementor-post__thumbnail__link\" href=\"https:\/\/ibercenter.com\/en\/n8n\/\" tabindex=\"-1\" ><div class=\"elementor-post__thumbnail\"><img loading=\"lazy\" decoding=\"async\" width=\"1000\" height=\"668\" src=\"https:\/\/ibercenter.com\/wp-content\/uploads\/2026\/01\/N8N.jpg\" class=\"attachment-full size-full wp-image-40680\" alt=\"N8N\" srcset=\"https:\/\/ibercenter.com\/wp-content\/uploads\/2026\/01\/N8N.jpg 1000w, https:\/\/ibercenter.com\/wp-content\/uploads\/2026\/01\/N8N-300x200.jpg 300w, https:\/\/ibercenter.com\/wp-content\/uploads\/2026\/01\/N8N-768x513.jpg 768w\" sizes=\"(max-width: 1000px) 100vw, 1000px\" \/><\/div><\/a>\n\t\t\t\t<div class=\"elementor-post__badge\">Corporative<\/div>\n\t\t\t\t<div class=\"elementor-post__text\">\n\t\t\t\t<h3 class=\"elementor-post__title\">\n\t\t\t<a href=\"https:\/\/ibercenter.com\/en\/n8n\/\" >\n\t\t\t\tN8N and the world of automations\t\t\t<\/a>\n\t\t<\/h3>\n\t\t\n\t\t<a class=\"elementor-post__read-more\" href=\"https:\/\/ibercenter.com\/en\/n8n\/\" aria-label=\"Read more about N8N and the world of automations\" tabindex=\"-1\" >\n\t\t\tMore Info \u00bb\t\t<\/a>\n\n\t\t\t\t<\/div>\n\t\t\t\t<div class=\"elementor-post__meta-data\">\n\t\t\t\t\t<span class=\"elementor-post-date\">\n\t\t\t21 de January de 2026\t\t<\/span>\n\t\t\t\t<span class=\"elementor-post-avatar\">\n\t\t\tNo Comments\t\t<\/span>\n\t\t\t\t<\/div>\n\t\t\t\t\t<\/div>\n\t\t<\/article>\n\t\t\t\t<article class=\"elementor-post elementor-grid-item post-40313 post type-post status-publish format-standard has-post-thumbnail hentry category-non-classifiee\" role=\"listitem\">\n\t\t\t<div class=\"elementor-post__card\">\n\t\t\t\t<a class=\"elementor-post__thumbnail__link\" href=\"https:\/\/ibercenter.com\/en\/practical-applications-of-ai-in-smes\/\" tabindex=\"-1\" ><div class=\"elementor-post__thumbnail\"><img loading=\"lazy\" decoding=\"async\" width=\"1000\" height=\"667\" src=\"https:\/\/ibercenter.com\/wp-content\/uploads\/2026\/01\/IA-en-PYMES.jpg\" class=\"attachment-full size-full wp-image-40310\" alt=\"IA en PYMES | AI in SMEs\" srcset=\"https:\/\/ibercenter.com\/wp-content\/uploads\/2026\/01\/IA-en-PYMES.jpg 1000w, https:\/\/ibercenter.com\/wp-content\/uploads\/2026\/01\/IA-en-PYMES-300x200.jpg 300w, https:\/\/ibercenter.com\/wp-content\/uploads\/2026\/01\/IA-en-PYMES-768x512.jpg 768w\" sizes=\"(max-width: 1000px) 100vw, 1000px\" \/><\/div><\/a>\n\t\t\t\t<div class=\"elementor-post__badge\">Corporative<\/div>\n\t\t\t\t<div class=\"elementor-post__text\">\n\t\t\t\t<h3 class=\"elementor-post__title\">\n\t\t\t<a href=\"https:\/\/ibercenter.com\/en\/practical-applications-of-ai-in-smes\/\" >\n\t\t\t\tPractical Applications of AI in SMEs\t\t\t<\/a>\n\t\t<\/h3>\n\t\t\n\t\t<a class=\"elementor-post__read-more\" href=\"https:\/\/ibercenter.com\/en\/practical-applications-of-ai-in-smes\/\" aria-label=\"Read more about Practical Applications of AI in SMEs\" tabindex=\"-1\" >\n\t\t\tMore Info \u00bb\t\t<\/a>\n\n\t\t\t\t<\/div>\n\t\t\t\t<div class=\"elementor-post__meta-data\">\n\t\t\t\t\t<span class=\"elementor-post-date\">\n\t\t\t14 de January de 2026\t\t<\/span>\n\t\t\t\t<span class=\"elementor-post-avatar\">\n\t\t\tNo Comments\t\t<\/span>\n\t\t\t\t<\/div>\n\t\t\t\t\t<\/div>\n\t\t<\/article>\n\t\t\t\t<article class=\"elementor-post elementor-grid-item post-40235 post type-post status-publish format-standard has-post-thumbnail hentry category-non-classifiee\" role=\"listitem\">\n\t\t\t<div class=\"elementor-post__card\">\n\t\t\t\t<a class=\"elementor-post__thumbnail__link\" href=\"https:\/\/ibercenter.com\/en\/business-trends-in-madrid\/\" tabindex=\"-1\" ><div class=\"elementor-post__thumbnail\"><img loading=\"lazy\" decoding=\"async\" width=\"1000\" height=\"662\" src=\"https:\/\/ibercenter.com\/wp-content\/uploads\/2026\/01\/tendencias-empresariales-en-Madrid-.jpg\" class=\"attachment-full size-full wp-image-40229\" alt=\"tendencias empresariales en Madrid\" srcset=\"https:\/\/ibercenter.com\/wp-content\/uploads\/2026\/01\/tendencias-empresariales-en-Madrid-.jpg 1000w, https:\/\/ibercenter.com\/wp-content\/uploads\/2026\/01\/tendencias-empresariales-en-Madrid--300x199.jpg 300w, https:\/\/ibercenter.com\/wp-content\/uploads\/2026\/01\/tendencias-empresariales-en-Madrid--768x508.jpg 768w\" sizes=\"(max-width: 1000px) 100vw, 1000px\" \/><\/div><\/a>\n\t\t\t\t<div class=\"elementor-post__badge\">Corporative<\/div>\n\t\t\t\t<div class=\"elementor-post__text\">\n\t\t\t\t<h3 class=\"elementor-post__title\">\n\t\t\t<a href=\"https:\/\/ibercenter.com\/en\/business-trends-in-madrid\/\" >\n\t\t\t\tBusiness Trends in Madrid That Will Shape the Coming Years\t\t\t<\/a>\n\t\t<\/h3>\n\t\t\n\t\t<a class=\"elementor-post__read-more\" href=\"https:\/\/ibercenter.com\/en\/business-trends-in-madrid\/\" aria-label=\"Read more about Business Trends in Madrid That Will Shape the Coming Years\" tabindex=\"-1\" >\n\t\t\tMore Info \u00bb\t\t<\/a>\n\n\t\t\t\t<\/div>\n\t\t\t\t<div class=\"elementor-post__meta-data\">\n\t\t\t\t\t<span class=\"elementor-post-date\">\n\t\t\t8 de January de 2026\t\t<\/span>\n\t\t\t\t<span class=\"elementor-post-avatar\">\n\t\t\tNo Comments\t\t<\/span>\n\t\t\t\t<\/div>\n\t\t\t\t\t<\/div>\n\t\t<\/article>\n\t\t\t\t<article class=\"elementor-post elementor-grid-item post-40195 post type-post status-publish format-standard has-post-thumbnail hentry category-non-classifiee\" role=\"listitem\">\n\t\t\t<div class=\"elementor-post__card\">\n\t\t\t\t<a class=\"elementor-post__thumbnail__link\" href=\"https:\/\/ibercenter.com\/en\/what-is-the-best-option-to-register-a-business\/\" tabindex=\"-1\" ><div class=\"elementor-post__thumbnail\"><img loading=\"lazy\" decoding=\"async\" width=\"2560\" height=\"1440\" src=\"https:\/\/ibercenter.com\/wp-content\/uploads\/2025\/11\/meeting-point-new-3-scaled.jpg\" class=\"attachment-full size-full wp-image-39252\" alt=\"cu\u00e1l es la mejor opci\u00f3n para domiciliar una empresa en Madrid\" srcset=\"https:\/\/ibercenter.com\/wp-content\/uploads\/2025\/11\/meeting-point-new-3-scaled.jpg 2560w, https:\/\/ibercenter.com\/wp-content\/uploads\/2025\/11\/meeting-point-new-3-300x169.jpg 300w, https:\/\/ibercenter.com\/wp-content\/uploads\/2025\/11\/meeting-point-new-3-1024x576.jpg 1024w, https:\/\/ibercenter.com\/wp-content\/uploads\/2025\/11\/meeting-point-new-3-768x432.jpg 768w, https:\/\/ibercenter.com\/wp-content\/uploads\/2025\/11\/meeting-point-new-3-1536x864.jpg 1536w, https:\/\/ibercenter.com\/wp-content\/uploads\/2025\/11\/meeting-point-new-3-2048x1152.jpg 2048w\" sizes=\"(max-width: 2560px) 100vw, 2560px\" \/><\/div><\/a>\n\t\t\t\t<div class=\"elementor-post__badge\">Corporative<\/div>\n\t\t\t\t<div class=\"elementor-post__text\">\n\t\t\t\t<h3 class=\"elementor-post__title\">\n\t\t\t<a href=\"https:\/\/ibercenter.com\/en\/what-is-the-best-option-to-register-a-business\/\" >\n\t\t\t\tWhat Is the Best Option to Register a Business Address in Madrid?\t\t\t<\/a>\n\t\t<\/h3>\n\t\t\n\t\t<a class=\"elementor-post__read-more\" href=\"https:\/\/ibercenter.com\/en\/what-is-the-best-option-to-register-a-business\/\" aria-label=\"Read more about What Is the Best Option to Register a Business Address in Madrid?\" tabindex=\"-1\" >\n\t\t\tMore Info \u00bb\t\t<\/a>\n\n\t\t\t\t<\/div>\n\t\t\t\t<div class=\"elementor-post__meta-data\">\n\t\t\t\t\t<span class=\"elementor-post-date\">\n\t\t\t30 de December de 2025\t\t<\/span>\n\t\t\t\t<span class=\"elementor-post-avatar\">\n\t\t\tNo Comments\t\t<\/span>\n\t\t\t\t<\/div>\n\t\t\t\t\t<\/div>\n\t\t<\/article>\n\t\t\t\t<article class=\"elementor-post elementor-grid-item post-40111 post type-post status-publish format-standard has-post-thumbnail hentry category-non-classifiee\" role=\"listitem\">\n\t\t\t<div class=\"elementor-post__card\">\n\t\t\t\t<a class=\"elementor-post__thumbnail__link\" href=\"https:\/\/ibercenter.com\/en\/best-meeting-spaces-in-madrid\/\" tabindex=\"-1\" ><div class=\"elementor-post__thumbnail\"><img loading=\"lazy\" decoding=\"async\" width=\"1280\" height=\"720\" src=\"https:\/\/ibercenter.com\/wp-content\/uploads\/2025\/12\/1.jpg\" class=\"attachment-full size-full wp-image-39436\" alt=\"aulas de formaci\u00f3n en madrid - alquiler de salas en madrid\" srcset=\"https:\/\/ibercenter.com\/wp-content\/uploads\/2025\/12\/1.jpg 1280w, https:\/\/ibercenter.com\/wp-content\/uploads\/2025\/12\/1-300x169.jpg 300w, https:\/\/ibercenter.com\/wp-content\/uploads\/2025\/12\/1-1024x576.jpg 1024w, https:\/\/ibercenter.com\/wp-content\/uploads\/2025\/12\/1-768x432.jpg 768w\" sizes=\"(max-width: 1280px) 100vw, 1280px\" \/><\/div><\/a>\n\t\t\t\t<div class=\"elementor-post__badge\">Corporative<\/div>\n\t\t\t\t<div class=\"elementor-post__text\">\n\t\t\t\t<h3 class=\"elementor-post__title\">\n\t\t\t<a href=\"https:\/\/ibercenter.com\/en\/best-meeting-spaces-in-madrid\/\" >\n\t\t\t\tBest Meeting Spaces in Madrid\t\t\t<\/a>\n\t\t<\/h3>\n\t\t\n\t\t<a class=\"elementor-post__read-more\" href=\"https:\/\/ibercenter.com\/en\/best-meeting-spaces-in-madrid\/\" aria-label=\"Read more about Best Meeting Spaces in Madrid\" tabindex=\"-1\" >\n\t\t\tMore Info \u00bb\t\t<\/a>\n\n\t\t\t\t<\/div>\n\t\t\t\t<div class=\"elementor-post__meta-data\">\n\t\t\t\t\t<span class=\"elementor-post-date\">\n\t\t\t29 de December de 2025\t\t<\/span>\n\t\t\t\t<span class=\"elementor-post-avatar\">\n\t\t\tNo Comments\t\t<\/span>\n\t\t\t\t<\/div>\n\t\t\t\t\t<\/div>\n\t\t<\/article>\n\t\t\t\t<article class=\"elementor-post elementor-grid-item post-39906 post type-post status-publish format-standard has-post-thumbnail hentry category-non-classifiee\" role=\"listitem\">\n\t\t\t<div class=\"elementor-post__card\">\n\t\t\t\t<a class=\"elementor-post__thumbnail__link\" href=\"https:\/\/ibercenter.com\/en\/what-is-the-best-coworking-space-in-madrid\/\" tabindex=\"-1\" ><div class=\"elementor-post__thumbnail\"><img loading=\"lazy\" decoding=\"async\" width=\"2560\" height=\"1189\" src=\"https:\/\/ibercenter.com\/wp-content\/uploads\/2025\/12\/image00034-scaled.jpeg\" class=\"attachment-full size-full wp-image-39899\" alt=\"cu\u00e1l es el mejor coworking de Madrid\" srcset=\"https:\/\/ibercenter.com\/wp-content\/uploads\/2025\/12\/image00034-scaled.jpeg 2560w, https:\/\/ibercenter.com\/wp-content\/uploads\/2025\/12\/image00034-300x139.jpeg 300w, https:\/\/ibercenter.com\/wp-content\/uploads\/2025\/12\/image00034-1024x475.jpeg 1024w, https:\/\/ibercenter.com\/wp-content\/uploads\/2025\/12\/image00034-768x357.jpeg 768w, https:\/\/ibercenter.com\/wp-content\/uploads\/2025\/12\/image00034-1536x713.jpeg 1536w, https:\/\/ibercenter.com\/wp-content\/uploads\/2025\/12\/image00034-2048x951.jpeg 2048w\" sizes=\"(max-width: 2560px) 100vw, 2560px\" \/><\/div><\/a>\n\t\t\t\t<div class=\"elementor-post__badge\">Corporative<\/div>\n\t\t\t\t<div class=\"elementor-post__text\">\n\t\t\t\t<h3 class=\"elementor-post__title\">\n\t\t\t<a href=\"https:\/\/ibercenter.com\/en\/what-is-the-best-coworking-space-in-madrid\/\" >\n\t\t\t\tWhat is the Best Coworking Space in Madrid?\t\t\t<\/a>\n\t\t<\/h3>\n\t\t\n\t\t<a class=\"elementor-post__read-more\" href=\"https:\/\/ibercenter.com\/en\/what-is-the-best-coworking-space-in-madrid\/\" aria-label=\"Read more about What is the Best Coworking Space in Madrid?\" tabindex=\"-1\" >\n\t\t\tMore Info \u00bb\t\t<\/a>\n\n\t\t\t\t<\/div>\n\t\t\t\t<div class=\"elementor-post__meta-data\">\n\t\t\t\t\t<span class=\"elementor-post-date\">\n\t\t\t17 de December de 2025\t\t<\/span>\n\t\t\t\t<span class=\"elementor-post-avatar\">\n\t\t\tNo Comments\t\t<\/span>\n\t\t\t\t<\/div>\n\t\t\t\t\t<\/div>\n\t\t<\/article>\n\t\t\t\t<article class=\"elementor-post elementor-grid-item post-39542 post type-post status-publish format-standard has-post-thumbnail hentry category-non-classifiee\" role=\"listitem\">\n\t\t\t<div class=\"elementor-post__card\">\n\t\t\t\t<a class=\"elementor-post__thumbnail__link\" href=\"https:\/\/ibercenter.com\/en\/where-to-locate-my-office-in-madrid\/\" tabindex=\"-1\" ><div class=\"elementor-post__thumbnail\"><img loading=\"lazy\" decoding=\"async\" width=\"2560\" height=\"1709\" src=\"https:\/\/ibercenter.com\/wp-content\/uploads\/2025\/12\/Portada-de-blog-Donde-ubicar-mi-oficina-en-madrid-scaled.webp\" class=\"attachment-full size-full wp-image-39538\" alt=\"Persona consultando un mapa urbano con localizaciones destacadas para elegir d\u00f3nde ubicar una oficina en Madrid, incluyendo zonas estrat\u00e9gicas como Azca, Gran V\u00eda y Vel\u00e1zquez.\" srcset=\"https:\/\/ibercenter.com\/wp-content\/uploads\/2025\/12\/Portada-de-blog-Donde-ubicar-mi-oficina-en-madrid-scaled.webp 2560w, https:\/\/ibercenter.com\/wp-content\/uploads\/2025\/12\/Portada-de-blog-Donde-ubicar-mi-oficina-en-madrid-300x200.webp 300w, https:\/\/ibercenter.com\/wp-content\/uploads\/2025\/12\/Portada-de-blog-Donde-ubicar-mi-oficina-en-madrid-1024x684.webp 1024w, https:\/\/ibercenter.com\/wp-content\/uploads\/2025\/12\/Portada-de-blog-Donde-ubicar-mi-oficina-en-madrid-768x513.webp 768w, https:\/\/ibercenter.com\/wp-content\/uploads\/2025\/12\/Portada-de-blog-Donde-ubicar-mi-oficina-en-madrid-1536x1025.webp 1536w, https:\/\/ibercenter.com\/wp-content\/uploads\/2025\/12\/Portada-de-blog-Donde-ubicar-mi-oficina-en-madrid-2048x1367.webp 2048w\" sizes=\"(max-width: 2560px) 100vw, 2560px\" \/><\/div><\/a>\n\t\t\t\t<div class=\"elementor-post__badge\">Corporative<\/div>\n\t\t\t\t<div class=\"elementor-post__text\">\n\t\t\t\t<h3 class=\"elementor-post__title\">\n\t\t\t<a href=\"https:\/\/ibercenter.com\/en\/where-to-locate-my-office-in-madrid\/\" >\n\t\t\t\tWhere to Locate My Office in Madrid\t\t\t<\/a>\n\t\t<\/h3>\n\t\t\n\t\t<a class=\"elementor-post__read-more\" href=\"https:\/\/ibercenter.com\/en\/where-to-locate-my-office-in-madrid\/\" aria-label=\"Read more about Where to Locate My Office in Madrid\" tabindex=\"-1\" >\n\t\t\tMore Info \u00bb\t\t<\/a>\n\n\t\t\t\t<\/div>\n\t\t\t\t<div class=\"elementor-post__meta-data\">\n\t\t\t\t\t<span class=\"elementor-post-date\">\n\t\t\t11 de December de 2025\t\t<\/span>\n\t\t\t\t<span class=\"elementor-post-avatar\">\n\t\t\tNo Comments\t\t<\/span>\n\t\t\t\t<\/div>\n\t\t\t\t\t<\/div>\n\t\t<\/article>\n\t\t\t\t<article class=\"elementor-post elementor-grid-item post-39505 post type-post status-publish format-standard has-post-thumbnail hentry category-non-classifiee\" role=\"listitem\">\n\t\t\t<div class=\"elementor-post__card\">\n\t\t\t\t<a class=\"elementor-post__thumbnail__link\" href=\"https:\/\/ibercenter.com\/en\/what-is-klaviyo-and-how-does-it-work\/\" tabindex=\"-1\" ><div class=\"elementor-post__thumbnail\"><img loading=\"lazy\" decoding=\"async\" width=\"1000\" height=\"667\" src=\"https:\/\/ibercenter.com\/wp-content\/uploads\/2025\/12\/Klaviyo-ibercenter.jpg\" class=\"attachment-full size-full wp-image-39482\" alt=\"Ordenador port\u00e1til con iconos de emails emergiendo, representando la automatizaci\u00f3n del marketing digital con herramientas como Klaviyo, desde un entorno profesional de coworking en Madrid.\" srcset=\"https:\/\/ibercenter.com\/wp-content\/uploads\/2025\/12\/Klaviyo-ibercenter.jpg 1000w, https:\/\/ibercenter.com\/wp-content\/uploads\/2025\/12\/Klaviyo-ibercenter-300x200.jpg 300w, https:\/\/ibercenter.com\/wp-content\/uploads\/2025\/12\/Klaviyo-ibercenter-768x512.jpg 768w\" sizes=\"(max-width: 1000px) 100vw, 1000px\" \/><\/div><\/a>\n\t\t\t\t<div class=\"elementor-post__badge\">Corporative<\/div>\n\t\t\t\t<div class=\"elementor-post__text\">\n\t\t\t\t<h3 class=\"elementor-post__title\">\n\t\t\t<a href=\"https:\/\/ibercenter.com\/en\/what-is-klaviyo-and-how-does-it-work\/\" >\n\t\t\t\tWhat is Klaviyo and how does it work?\t\t\t<\/a>\n\t\t<\/h3>\n\t\t\n\t\t<a class=\"elementor-post__read-more\" href=\"https:\/\/ibercenter.com\/en\/what-is-klaviyo-and-how-does-it-work\/\" aria-label=\"Read more about What is Klaviyo and how does it work?\" tabindex=\"-1\" >\n\t\t\tMore Info \u00bb\t\t<\/a>\n\n\t\t\t\t<\/div>\n\t\t\t\t<div class=\"elementor-post__meta-data\">\n\t\t\t\t\t<span class=\"elementor-post-date\">\n\t\t\t5 de December de 2025\t\t<\/span>\n\t\t\t\t<span class=\"elementor-post-avatar\">\n\t\t\tNo Comments\t\t<\/span>\n\t\t\t\t<\/div>\n\t\t\t\t\t<\/div>\n\t\t<\/article>\n\t\t\t\t<article class=\"elementor-post elementor-grid-item post-39364 post type-post status-publish format-standard has-post-thumbnail hentry category-non-classifiee\" role=\"listitem\">\n\t\t\t<div class=\"elementor-post__card\">\n\t\t\t\t<a class=\"elementor-post__thumbnail__link\" href=\"https:\/\/ibercenter.com\/en\/gemini\/\" tabindex=\"-1\" ><div class=\"elementor-post__thumbnail\"><img loading=\"lazy\" decoding=\"async\" width=\"1000\" height=\"667\" src=\"https:\/\/ibercenter.com\/wp-content\/uploads\/2025\/11\/Descubre-como-Gemini-puede-potenciar-tu-productividad.jpg\" class=\"attachment-full size-full wp-image-39322\" alt=\"Descubre como Gemini puede potenciar tu productividad\" srcset=\"https:\/\/ibercenter.com\/wp-content\/uploads\/2025\/11\/Descubre-como-Gemini-puede-potenciar-tu-productividad.jpg 1000w, https:\/\/ibercenter.com\/wp-content\/uploads\/2025\/11\/Descubre-como-Gemini-puede-potenciar-tu-productividad-300x200.jpg 300w, https:\/\/ibercenter.com\/wp-content\/uploads\/2025\/11\/Descubre-como-Gemini-puede-potenciar-tu-productividad-768x512.jpg 768w\" sizes=\"(max-width: 1000px) 100vw, 1000px\" \/><\/div><\/a>\n\t\t\t\t<div class=\"elementor-post__badge\">Corporative<\/div>\n\t\t\t\t<div class=\"elementor-post__text\">\n\t\t\t\t<h3 class=\"elementor-post__title\">\n\t\t\t<a href=\"https:\/\/ibercenter.com\/en\/gemini\/\" >\n\t\t\t\tDiscover how Gemini can boost your productivity\t\t\t<\/a>\n\t\t<\/h3>\n\t\t\n\t\t<a class=\"elementor-post__read-more\" href=\"https:\/\/ibercenter.com\/en\/gemini\/\" aria-label=\"Read more about Discover how Gemini can boost your productivity\" tabindex=\"-1\" >\n\t\t\tMore Info \u00bb\t\t<\/a>\n\n\t\t\t\t<\/div>\n\t\t\t\t<div class=\"elementor-post__meta-data\">\n\t\t\t\t\t<span class=\"elementor-post-date\">\n\t\t\t27 de November de 2025\t\t<\/span>\n\t\t\t\t<span class=\"elementor-post-avatar\">\n\t\t\tNo Comments\t\t<\/span>\n\t\t\t\t<\/div>\n\t\t\t\t\t<\/div>\n\t\t<\/article>\n\t\t\t\t<article class=\"elementor-post elementor-grid-item post-39016 post type-post status-publish format-standard has-post-thumbnail hentry category-non-classifiee\" role=\"listitem\">\n\t\t\t<div class=\"elementor-post__card\">\n\t\t\t\t<a class=\"elementor-post__thumbnail__link\" href=\"https:\/\/ibercenter.com\/en\/discover-nano-banana-googles-creative-revolution-that-redefines-entrepreneurial-creativity\/\" tabindex=\"-1\" ><div class=\"elementor-post__thumbnail\"><img loading=\"lazy\" decoding=\"async\" width=\"1000\" height=\"667\" src=\"https:\/\/ibercenter.com\/wp-content\/uploads\/2025\/11\/Ibercenter-nano-banana.jpg\" class=\"attachment-full size-full wp-image-38690\" alt=\"Ibercenter nano banana\" srcset=\"https:\/\/ibercenter.com\/wp-content\/uploads\/2025\/11\/Ibercenter-nano-banana.jpg 1000w, https:\/\/ibercenter.com\/wp-content\/uploads\/2025\/11\/Ibercenter-nano-banana-300x200.jpg 300w, https:\/\/ibercenter.com\/wp-content\/uploads\/2025\/11\/Ibercenter-nano-banana-768x512.jpg 768w\" sizes=\"(max-width: 1000px) 100vw, 1000px\" \/><\/div><\/a>\n\t\t\t\t<div class=\"elementor-post__badge\">Corporative<\/div>\n\t\t\t\t<div class=\"elementor-post__text\">\n\t\t\t\t<h3 class=\"elementor-post__title\">\n\t\t\t<a href=\"https:\/\/ibercenter.com\/en\/discover-nano-banana-googles-creative-revolution-that-redefines-entrepreneurial-creativity\/\" >\n\t\t\t\tDiscover Nano Banana, Google&#8217;s creative revolution that redefines entrepreneurial creativity\t\t\t<\/a>\n\t\t<\/h3>\n\t\t\n\t\t<a class=\"elementor-post__read-more\" href=\"https:\/\/ibercenter.com\/en\/discover-nano-banana-googles-creative-revolution-that-redefines-entrepreneurial-creativity\/\" aria-label=\"Read more about Discover Nano Banana, Google&#8217;s creative revolution that redefines entrepreneurial creativity\" tabindex=\"-1\" >\n\t\t\tMore Info \u00bb\t\t<\/a>\n\n\t\t\t\t<\/div>\n\t\t\t\t<div class=\"elementor-post__meta-data\">\n\t\t\t\t\t<span class=\"elementor-post-date\">\n\t\t\t26 de November de 2025\t\t<\/span>\n\t\t\t\t<span class=\"elementor-post-avatar\">\n\t\t\tNo Comments\t\t<\/span>\n\t\t\t\t<\/div>\n\t\t\t\t\t<\/div>\n\t\t<\/article>\n\t\t\t\t<article class=\"elementor-post elementor-grid-item post-38713 post type-post status-publish format-standard has-post-thumbnail hentry category-non-classifiee\" role=\"listitem\">\n\t\t\t<div class=\"elementor-post__card\">\n\t\t\t\t<a class=\"elementor-post__thumbnail__link\" href=\"https:\/\/ibercenter.com\/en\/verifactu-what-it-is-when-it-comes-into-effect-who-it-affects-and-how-ibercenter-simplifies-the-process-for-you\/\" tabindex=\"-1\" ><div class=\"elementor-post__thumbnail\"><img loading=\"lazy\" decoding=\"async\" width=\"1000\" height=\"500\" src=\"https:\/\/ibercenter.com\/wp-content\/uploads\/2025\/11\/verifactu.png\" class=\"attachment-full size-full wp-image-38564\" alt=\"verifactu\" srcset=\"https:\/\/ibercenter.com\/wp-content\/uploads\/2025\/11\/verifactu.png 1000w, https:\/\/ibercenter.com\/wp-content\/uploads\/2025\/11\/verifactu-300x150.png 300w, https:\/\/ibercenter.com\/wp-content\/uploads\/2025\/11\/verifactu-768x384.png 768w\" sizes=\"(max-width: 1000px) 100vw, 1000px\" \/><\/div><\/a>\n\t\t\t\t<div class=\"elementor-post__badge\">Corporative<\/div>\n\t\t\t\t<div class=\"elementor-post__text\">\n\t\t\t\t<h3 class=\"elementor-post__title\">\n\t\t\t<a href=\"https:\/\/ibercenter.com\/en\/verifactu-what-it-is-when-it-comes-into-effect-who-it-affects-and-how-ibercenter-simplifies-the-process-for-you\/\" >\n\t\t\t\tVerifactu: what it is, when it comes into effect, who it affects, and how Ibercenter simplifies the process for you.\t\t\t<\/a>\n\t\t<\/h3>\n\t\t\n\t\t<a class=\"elementor-post__read-more\" href=\"https:\/\/ibercenter.com\/en\/verifactu-what-it-is-when-it-comes-into-effect-who-it-affects-and-how-ibercenter-simplifies-the-process-for-you\/\" aria-label=\"Read more about Verifactu: what it is, when it comes into effect, who it affects, and how Ibercenter simplifies the process for you.\" tabindex=\"-1\" >\n\t\t\tMore Info \u00bb\t\t<\/a>\n\n\t\t\t\t<\/div>\n\t\t\t\t<div class=\"elementor-post__meta-data\">\n\t\t\t\t\t<span class=\"elementor-post-date\">\n\t\t\t13 de November de 2025\t\t<\/span>\n\t\t\t\t<span class=\"elementor-post-avatar\">\n\t\t\tNo Comments\t\t<\/span>\n\t\t\t\t<\/div>\n\t\t\t\t\t<\/div>\n\t\t<\/article>\n\t\t\t\t<article class=\"elementor-post elementor-grid-item post-38278 post type-post status-publish format-standard has-post-thumbnail hentry category-non-classifiee\" role=\"listitem\">\n\t\t\t<div class=\"elementor-post__card\">\n\t\t\t\t<a class=\"elementor-post__thumbnail__link\" href=\"https:\/\/ibercenter.com\/en\/essential-digital-tools-for-remote-work\/\" tabindex=\"-1\" ><div class=\"elementor-post__thumbnail\"><img loading=\"lazy\" decoding=\"async\" width=\"577\" height=\"577\" src=\"https:\/\/ibercenter.com\/wp-content\/uploads\/2025\/11\/image-3.jpg\" class=\"attachment-full size-full wp-image-38588\" alt=\"\" srcset=\"https:\/\/ibercenter.com\/wp-content\/uploads\/2025\/11\/image-3.jpg 577w, https:\/\/ibercenter.com\/wp-content\/uploads\/2025\/11\/image-3-300x300.jpg 300w, https:\/\/ibercenter.com\/wp-content\/uploads\/2025\/11\/image-3-150x150.jpg 150w\" sizes=\"(max-width: 577px) 100vw, 577px\" \/><\/div><\/a>\n\t\t\t\t<div class=\"elementor-post__badge\">Corporative<\/div>\n\t\t\t\t<div class=\"elementor-post__text\">\n\t\t\t\t<h3 class=\"elementor-post__title\">\n\t\t\t<a href=\"https:\/\/ibercenter.com\/en\/essential-digital-tools-for-remote-work\/\" >\n\t\t\t\tEssential digital tools for remote work\t\t\t<\/a>\n\t\t<\/h3>\n\t\t\n\t\t<a class=\"elementor-post__read-more\" href=\"https:\/\/ibercenter.com\/en\/essential-digital-tools-for-remote-work\/\" aria-label=\"Read more about Essential digital tools for remote work\" tabindex=\"-1\" >\n\t\t\tMore Info \u00bb\t\t<\/a>\n\n\t\t\t\t<\/div>\n\t\t\t\t<div class=\"elementor-post__meta-data\">\n\t\t\t\t\t<span class=\"elementor-post-date\">\n\t\t\t31 de October de 2025\t\t<\/span>\n\t\t\t\t<span class=\"elementor-post-avatar\">\n\t\t\tNo Comments\t\t<\/span>\n\t\t\t\t<\/div>\n\t\t\t\t\t<\/div>\n\t\t<\/article>\n\t\t\t\t<article class=\"elementor-post elementor-grid-item post-38020 post type-post status-publish format-standard has-post-thumbnail hentry category-non-classifiee\" role=\"listitem\">\n\t\t\t<div class=\"elementor-post__card\">\n\t\t\t\t<a class=\"elementor-post__thumbnail__link\" href=\"https:\/\/ibercenter.com\/en\/novedades-windows-11\/\" tabindex=\"-1\" ><div class=\"elementor-post__thumbnail\"><img loading=\"lazy\" decoding=\"async\" width=\"1000\" height=\"665\" src=\"https:\/\/ibercenter.com\/wp-content\/uploads\/2025\/10\/novedades-windows-11.jpg\" class=\"attachment-full size-full wp-image-37890\" alt=\"novedades windows 11\" srcset=\"https:\/\/ibercenter.com\/wp-content\/uploads\/2025\/10\/novedades-windows-11.jpg 1000w, https:\/\/ibercenter.com\/wp-content\/uploads\/2025\/10\/novedades-windows-11-300x200.jpg 300w, https:\/\/ibercenter.com\/wp-content\/uploads\/2025\/10\/novedades-windows-11-768x511.jpg 768w\" sizes=\"(max-width: 1000px) 100vw, 1000px\" \/><\/div><\/a>\n\t\t\t\t<div class=\"elementor-post__badge\">Corporative<\/div>\n\t\t\t\t<div class=\"elementor-post__text\">\n\t\t\t\t<h3 class=\"elementor-post__title\">\n\t\t\t<a href=\"https:\/\/ibercenter.com\/en\/novedades-windows-11\/\" >\n\t\t\t\tWindows 11 Updates: Security and Artificial Intelligence for Businesses\t\t\t<\/a>\n\t\t<\/h3>\n\t\t\n\t\t<a class=\"elementor-post__read-more\" href=\"https:\/\/ibercenter.com\/en\/novedades-windows-11\/\" aria-label=\"Read more about Windows 11 Updates: Security and Artificial Intelligence for Businesses\" tabindex=\"-1\" >\n\t\t\tMore Info \u00bb\t\t<\/a>\n\n\t\t\t\t<\/div>\n\t\t\t\t<div class=\"elementor-post__meta-data\">\n\t\t\t\t\t<span class=\"elementor-post-date\">\n\t\t\t15 de October de 2025\t\t<\/span>\n\t\t\t\t<span class=\"elementor-post-avatar\">\n\t\t\tNo Comments\t\t<\/span>\n\t\t\t\t<\/div>\n\t\t\t\t\t<\/div>\n\t\t<\/article>\n\t\t\t\t<article class=\"elementor-post elementor-grid-item post-37754 post type-post status-publish format-standard has-post-thumbnail hentry category-non-classifiee tag-business-networking tag-coworking-spaces-madrid tag-event-spaces-in-madrid tag-flexible-workspaces-madrid tag-hybrid-offices-madrid\" role=\"listitem\">\n\t\t\t<div class=\"elementor-post__card\">\n\t\t\t\t<a class=\"elementor-post__thumbnail__link\" href=\"https:\/\/ibercenter.com\/en\/spaces-for-entrepreneurs-in-madrid-the-guide\/\" tabindex=\"-1\" ><div class=\"elementor-post__thumbnail\"><img loading=\"lazy\" decoding=\"async\" width=\"1299\" height=\"865\" src=\"https:\/\/ibercenter.com\/wp-content\/uploads\/2025\/10\/Espacios-para-emprendedores-en-Madrid.jpg\" class=\"attachment-full size-full wp-image-37728\" alt=\"espacios para emprendedores en madrid\" srcset=\"https:\/\/ibercenter.com\/wp-content\/uploads\/2025\/10\/Espacios-para-emprendedores-en-Madrid.jpg 1299w, https:\/\/ibercenter.com\/wp-content\/uploads\/2025\/10\/Espacios-para-emprendedores-en-Madrid-300x200.jpg 300w, https:\/\/ibercenter.com\/wp-content\/uploads\/2025\/10\/Espacios-para-emprendedores-en-Madrid-1024x682.jpg 1024w, https:\/\/ibercenter.com\/wp-content\/uploads\/2025\/10\/Espacios-para-emprendedores-en-Madrid-768x511.jpg 768w\" sizes=\"(max-width: 1299px) 100vw, 1299px\" \/><\/div><\/a>\n\t\t\t\t<div class=\"elementor-post__badge\">Corporative<\/div>\n\t\t\t\t<div class=\"elementor-post__text\">\n\t\t\t\t<h3 class=\"elementor-post__title\">\n\t\t\t<a href=\"https:\/\/ibercenter.com\/en\/spaces-for-entrepreneurs-in-madrid-the-guide\/\" >\n\t\t\t\tSpaces for entrepreneurs in Madrid | The Ultimate GUIDE to Choosing the Ideal Spot\t\t\t<\/a>\n\t\t<\/h3>\n\t\t\n\t\t<a class=\"elementor-post__read-more\" href=\"https:\/\/ibercenter.com\/en\/spaces-for-entrepreneurs-in-madrid-the-guide\/\" aria-label=\"Read more about Spaces for entrepreneurs in Madrid | The Ultimate GUIDE to Choosing the Ideal Spot\" tabindex=\"-1\" >\n\t\t\tMore Info \u00bb\t\t<\/a>\n\n\t\t\t\t<\/div>\n\t\t\t\t<div class=\"elementor-post__meta-data\">\n\t\t\t\t\t<span class=\"elementor-post-date\">\n\t\t\t10 de October de 2025\t\t<\/span>\n\t\t\t\t<span class=\"elementor-post-avatar\">\n\t\t\tNo Comments\t\t<\/span>\n\t\t\t\t<\/div>\n\t\t\t\t\t<\/div>\n\t\t<\/article>\n\t\t\t\t<article class=\"elementor-post elementor-grid-item post-37253 post type-post status-publish format-standard has-post-thumbnail hentry category-non-classifiee tag-business-networking tag-effective-nertworking tag-flexible-workspaces-madrid tag-offices-for-companies-madrid tag-private-office-rental-madrid\" role=\"listitem\">\n\t\t\t<div class=\"elementor-post__card\">\n\t\t\t\t<a class=\"elementor-post__thumbnail__link\" href=\"https:\/\/ibercenter.com\/en\/effective-networking-in-madrid-for-executives\/\" tabindex=\"-1\" ><div class=\"elementor-post__thumbnail\"><img loading=\"lazy\" decoding=\"async\" width=\"2560\" height=\"1707\" src=\"https:\/\/ibercenter.com\/wp-content\/uploads\/2025\/10\/Networking-efectivo-en-Madrid-scaled.jpg\" class=\"attachment-full size-full wp-image-37233\" alt=\"\" srcset=\"https:\/\/ibercenter.com\/wp-content\/uploads\/2025\/10\/Networking-efectivo-en-Madrid-scaled.jpg 2560w, https:\/\/ibercenter.com\/wp-content\/uploads\/2025\/10\/Networking-efectivo-en-Madrid-300x200.jpg 300w, https:\/\/ibercenter.com\/wp-content\/uploads\/2025\/10\/Networking-efectivo-en-Madrid-1024x683.jpg 1024w, https:\/\/ibercenter.com\/wp-content\/uploads\/2025\/10\/Networking-efectivo-en-Madrid-768x512.jpg 768w, https:\/\/ibercenter.com\/wp-content\/uploads\/2025\/10\/Networking-efectivo-en-Madrid-1536x1024.jpg 1536w, https:\/\/ibercenter.com\/wp-content\/uploads\/2025\/10\/Networking-efectivo-en-Madrid-2048x1365.jpg 2048w\" sizes=\"(max-width: 2560px) 100vw, 2560px\" \/><\/div><\/a>\n\t\t\t\t<div class=\"elementor-post__badge\">Corporative<\/div>\n\t\t\t\t<div class=\"elementor-post__text\">\n\t\t\t\t<h3 class=\"elementor-post__title\">\n\t\t\t<a href=\"https:\/\/ibercenter.com\/en\/effective-networking-in-madrid-for-executives\/\" >\n\t\t\t\tEffective networking in Madrid: the best events, offices and spaces for executives\t\t\t<\/a>\n\t\t<\/h3>\n\t\t\n\t\t<a class=\"elementor-post__read-more\" href=\"https:\/\/ibercenter.com\/en\/effective-networking-in-madrid-for-executives\/\" aria-label=\"Read more about Effective networking in Madrid: the best events, offices and spaces for executives\" tabindex=\"-1\" >\n\t\t\tMore Info \u00bb\t\t<\/a>\n\n\t\t\t\t<\/div>\n\t\t\t\t<div class=\"elementor-post__meta-data\">\n\t\t\t\t\t<span class=\"elementor-post-date\">\n\t\t\t3 de October de 2025\t\t<\/span>\n\t\t\t\t<span class=\"elementor-post-avatar\">\n\t\t\tNo Comments\t\t<\/span>\n\t\t\t\t<\/div>\n\t\t\t\t\t<\/div>\n\t\t<\/article>\n\t\t\t\t<article class=\"elementor-post elementor-grid-item post-36824 post type-post status-publish format-standard has-post-thumbnail hentry category-non-classifiee tag-business-networking tag-business-productivity tag-office-management tag-remote-work-and-hybrid-offices tag-talent-attraction tag-workplace-wellbeing\" role=\"listitem\">\n\t\t\t<div class=\"elementor-post__card\">\n\t\t\t\t<a class=\"elementor-post__thumbnail__link\" href=\"https:\/\/ibercenter.com\/en\/leadership-in-the-age-of-hybrid-work-strategies\/\" tabindex=\"-1\" ><div class=\"elementor-post__thumbnail\"><img loading=\"lazy\" decoding=\"async\" width=\"1000\" height=\"500\" src=\"https:\/\/ibercenter.com\/wp-content\/uploads\/2025\/09\/liderazgo.png\" class=\"attachment-full size-full wp-image-36798\" alt=\"Liderazgo en la era del trabajo h\u00edbrido\" srcset=\"https:\/\/ibercenter.com\/wp-content\/uploads\/2025\/09\/liderazgo.png 1000w, https:\/\/ibercenter.com\/wp-content\/uploads\/2025\/09\/liderazgo-300x150.png 300w, https:\/\/ibercenter.com\/wp-content\/uploads\/2025\/09\/liderazgo-768x384.png 768w\" sizes=\"(max-width: 1000px) 100vw, 1000px\" \/><\/div><\/a>\n\t\t\t\t<div class=\"elementor-post__badge\">Corporative<\/div>\n\t\t\t\t<div class=\"elementor-post__text\">\n\t\t\t\t<h3 class=\"elementor-post__title\">\n\t\t\t<a href=\"https:\/\/ibercenter.com\/en\/leadership-in-the-age-of-hybrid-work-strategies\/\" >\n\t\t\t\tLeadership in the Age of Hybrid Work: Strategies for In-Person and Remote Work Teams\t\t\t<\/a>\n\t\t<\/h3>\n\t\t\n\t\t<a class=\"elementor-post__read-more\" href=\"https:\/\/ibercenter.com\/en\/leadership-in-the-age-of-hybrid-work-strategies\/\" aria-label=\"Read more about Leadership in the Age of Hybrid Work: Strategies for In-Person and Remote Work Teams\" tabindex=\"-1\" >\n\t\t\tMore Info \u00bb\t\t<\/a>\n\n\t\t\t\t<\/div>\n\t\t\t\t<div class=\"elementor-post__meta-data\">\n\t\t\t\t\t<span class=\"elementor-post-date\">\n\t\t\t29 de September de 2025\t\t<\/span>\n\t\t\t\t<span class=\"elementor-post-avatar\">\n\t\t\tNo Comments\t\t<\/span>\n\t\t\t\t<\/div>\n\t\t\t\t\t<\/div>\n\t\t<\/article>\n\t\t\t\t<article class=\"elementor-post elementor-grid-item post-36560 post type-post status-publish format-standard has-post-thumbnail hentry category-non-classifiee tag-all-inclusive-offices-in-madrid-2 tag-business-flexibility tag-business-networking tag-business-productivity tag-conference-rooms-madrid tag-corporate-meeting-room-rental-madrid tag-coworking-spaces-madrid tag-event-spaces-in-madrid tag-flexible-offices-madrid tag-flexible-workspaces-madrid tag-future-offices-madrid tag-hybrid-offices-madrid\" role=\"listitem\">\n\t\t\t<div class=\"elementor-post__card\">\n\t\t\t\t<a class=\"elementor-post__thumbnail__link\" href=\"https:\/\/ibercenter.com\/en\/all-inclusive-solutions-ibercenter-office\/\" tabindex=\"-1\" ><div class=\"elementor-post__thumbnail\"><img loading=\"lazy\" decoding=\"async\" width=\"1000\" height=\"500\" src=\"https:\/\/ibercenter.com\/wp-content\/uploads\/2025\/09\/espacios-de-trabajo-todo-incluido.png\" class=\"attachment-full size-full wp-image-36551\" alt=\"bureaux tout compris \u00e0 Ibercenter Madrid\" srcset=\"https:\/\/ibercenter.com\/wp-content\/uploads\/2025\/09\/espacios-de-trabajo-todo-incluido.png 1000w, https:\/\/ibercenter.com\/wp-content\/uploads\/2025\/09\/espacios-de-trabajo-todo-incluido-300x150.png 300w, https:\/\/ibercenter.com\/wp-content\/uploads\/2025\/09\/espacios-de-trabajo-todo-incluido-768x384.png 768w\" sizes=\"(max-width: 1000px) 100vw, 1000px\" \/><\/div><\/a>\n\t\t\t\t<div class=\"elementor-post__badge\">Corporative<\/div>\n\t\t\t\t<div class=\"elementor-post__text\">\n\t\t\t\t<h3 class=\"elementor-post__title\">\n\t\t\t<a href=\"https:\/\/ibercenter.com\/en\/all-inclusive-solutions-ibercenter-office\/\" >\n\t\t\t\tAll-inclusive solutions: it&#8217;s amazing How all-inclusive workspaces in Madrid boost your core business\t\t\t<\/a>\n\t\t<\/h3>\n\t\t\n\t\t<a class=\"elementor-post__read-more\" href=\"https:\/\/ibercenter.com\/en\/all-inclusive-solutions-ibercenter-office\/\" aria-label=\"Read more about All-inclusive solutions: it&#8217;s amazing How all-inclusive workspaces in Madrid boost your core business\" tabindex=\"-1\" >\n\t\t\tMore Info \u00bb\t\t<\/a>\n\n\t\t\t\t<\/div>\n\t\t\t\t<div class=\"elementor-post__meta-data\">\n\t\t\t\t\t<span class=\"elementor-post-date\">\n\t\t\t22 de September de 2025\t\t<\/span>\n\t\t\t\t<span class=\"elementor-post-avatar\">\n\t\t\tNo Comments\t\t<\/span>\n\t\t\t\t<\/div>\n\t\t\t\t\t<\/div>\n\t\t<\/article>\n\t\t\t\t<article class=\"elementor-post elementor-grid-item post-36392 post type-post status-publish format-standard has-post-thumbnail hentry category-non-classifiee tag-all-inclusive-offices-in-madrid tag-azca-offices-in-madrid tag-conference-room tag-corporate-offices tag-corporate-room-rental tag-downtown-offices-in-madrid tag-event-spaces-in-madrid tag-flexible-offices tag-gran-via-offices-in-madrid tag-interview-room tag-meeting-and-event-rooms tag-meeting-room-in-madrid tag-offices-in-madrid tag-premium-corporate-room tag-premium-offices tag-prime-offices-in-madrid tag-private-office-rental tag-velazquez-offices-in-madrid\" role=\"listitem\">\n\t\t\t<div class=\"elementor-post__card\">\n\t\t\t\t<a class=\"elementor-post__thumbnail__link\" href=\"https:\/\/ibercenter.com\/en\/madrid-on-the-move-why-are-azca-gran-via-and-the-barrio-de-salamanca-your-new-key-business-districts\/\" tabindex=\"-1\" ><div class=\"elementor-post__thumbnail\"><img loading=\"lazy\" decoding=\"async\" width=\"1000\" height=\"500\" src=\"https:\/\/ibercenter.com\/wp-content\/uploads\/2025\/09\/distritos-de-negocio-madrid.png\" class=\"attachment-full size-full wp-image-36353\" alt=\"distritos de negocio madrid\" srcset=\"https:\/\/ibercenter.com\/wp-content\/uploads\/2025\/09\/distritos-de-negocio-madrid.png 1000w, https:\/\/ibercenter.com\/wp-content\/uploads\/2025\/09\/distritos-de-negocio-madrid-300x150.png 300w, https:\/\/ibercenter.com\/wp-content\/uploads\/2025\/09\/distritos-de-negocio-madrid-768x384.png 768w\" sizes=\"(max-width: 1000px) 100vw, 1000px\" \/><\/div><\/a>\n\t\t\t\t<div class=\"elementor-post__badge\">Corporative<\/div>\n\t\t\t\t<div class=\"elementor-post__text\">\n\t\t\t\t<h3 class=\"elementor-post__title\">\n\t\t\t<a href=\"https:\/\/ibercenter.com\/en\/madrid-on-the-move-why-are-azca-gran-via-and-the-barrio-de-salamanca-your-new-key-business-districts\/\" >\n\t\t\t\tMadrid on the move: why are Azca, Gran V\u00eda and the Barrio de Salamanca your new key business districts?\t\t\t<\/a>\n\t\t<\/h3>\n\t\t\n\t\t<a class=\"elementor-post__read-more\" href=\"https:\/\/ibercenter.com\/en\/madrid-on-the-move-why-are-azca-gran-via-and-the-barrio-de-salamanca-your-new-key-business-districts\/\" aria-label=\"Read more about Madrid on the move: why are Azca, Gran V\u00eda and the Barrio de Salamanca your new key business districts?\" tabindex=\"-1\" >\n\t\t\tMore Info \u00bb\t\t<\/a>\n\n\t\t\t\t<\/div>\n\t\t\t\t<div class=\"elementor-post__meta-data\">\n\t\t\t\t\t<span class=\"elementor-post-date\">\n\t\t\t17 de September de 2025\t\t<\/span>\n\t\t\t\t<span class=\"elementor-post-avatar\">\n\t\t\tNo Comments\t\t<\/span>\n\t\t\t\t<\/div>\n\t\t\t\t\t<\/div>\n\t\t<\/article>\n\t\t\t\t<article class=\"elementor-post elementor-grid-item post-33498 post type-post status-publish format-standard has-post-thumbnail hentry category-non-classifiee category-sin-categorizar\" role=\"listitem\">\n\t\t\t<div class=\"elementor-post__card\">\n\t\t\t\t<a class=\"elementor-post__thumbnail__link\" href=\"https:\/\/ibercenter.com\/en\/flexible-workspaces\/\" tabindex=\"-1\" ><div class=\"elementor-post__thumbnail\"><img loading=\"lazy\" decoding=\"async\" width=\"1000\" height=\"500\" src=\"https:\/\/ibercenter.com\/wp-content\/uploads\/2025\/09\/oficinas-flexibles-ibercenter.png\" class=\"attachment-full size-full wp-image-33494\" alt=\"espacios de trabajo flexibles\" srcset=\"https:\/\/ibercenter.com\/wp-content\/uploads\/2025\/09\/oficinas-flexibles-ibercenter.png 1000w, https:\/\/ibercenter.com\/wp-content\/uploads\/2025\/09\/oficinas-flexibles-ibercenter-300x150.png 300w, https:\/\/ibercenter.com\/wp-content\/uploads\/2025\/09\/oficinas-flexibles-ibercenter-768x384.png 768w\" sizes=\"(max-width: 1000px) 100vw, 1000px\" \/><\/div><\/a>\n\t\t\t\t<div class=\"elementor-post__badge\">Corporative<\/div>\n\t\t\t\t<div class=\"elementor-post__text\">\n\t\t\t\t<h3 class=\"elementor-post__title\">\n\t\t\t<a href=\"https:\/\/ibercenter.com\/en\/flexible-workspaces\/\" >\n\t\t\t\tFlexible workspaces: The key to corporate growth and cost reduction in Madrid\t\t\t<\/a>\n\t\t<\/h3>\n\t\t\n\t\t<a class=\"elementor-post__read-more\" href=\"https:\/\/ibercenter.com\/en\/flexible-workspaces\/\" aria-label=\"Read more about Flexible workspaces: The key to corporate growth and cost reduction in Madrid\" tabindex=\"-1\" >\n\t\t\tMore Info \u00bb\t\t<\/a>\n\n\t\t\t\t<\/div>\n\t\t\t\t<div class=\"elementor-post__meta-data\">\n\t\t\t\t\t<span class=\"elementor-post-date\">\n\t\t\t2 de September de 2025\t\t<\/span>\n\t\t\t\t<span class=\"elementor-post-avatar\">\n\t\t\tNo Comments\t\t<\/span>\n\t\t\t\t<\/div>\n\t\t\t\t\t<\/div>\n\t\t<\/article>\n\t\t\t\t<article class=\"elementor-post elementor-grid-item post-34020 post type-post status-publish format-standard has-post-thumbnail hentry category-non-classifiee category-sin-categorizar\" role=\"listitem\">\n\t\t\t<div class=\"elementor-post__card\">\n\t\t\t\t<a class=\"elementor-post__thumbnail__link\" href=\"https:\/\/ibercenter.com\/en\/the-best-apps-to-manage-projects-and-be-an-efficient-digital-nomad-in-2025\/\" tabindex=\"-1\" ><div class=\"elementor-post__thumbnail\"><img loading=\"lazy\" decoding=\"async\" width=\"1000\" height=\"500\" src=\"https:\/\/ibercenter.com\/wp-content\/uploads\/2025\/08\/apps-nomadas-digitales-ibercenter-1.png\" class=\"attachment-full size-full wp-image-33278\" alt=\"apps nomadas digitales ibercenter\" srcset=\"https:\/\/ibercenter.com\/wp-content\/uploads\/2025\/08\/apps-nomadas-digitales-ibercenter-1.png 1000w, https:\/\/ibercenter.com\/wp-content\/uploads\/2025\/08\/apps-nomadas-digitales-ibercenter-1-300x150.png 300w, https:\/\/ibercenter.com\/wp-content\/uploads\/2025\/08\/apps-nomadas-digitales-ibercenter-1-768x384.png 768w\" sizes=\"(max-width: 1000px) 100vw, 1000px\" \/><\/div><\/a>\n\t\t\t\t<div class=\"elementor-post__badge\">Corporative<\/div>\n\t\t\t\t<div class=\"elementor-post__text\">\n\t\t\t\t<h3 class=\"elementor-post__title\">\n\t\t\t<a href=\"https:\/\/ibercenter.com\/en\/the-best-apps-to-manage-projects-and-be-an-efficient-digital-nomad-in-2025\/\" >\n\t\t\t\tThe best apps to manage projects and be an efficient digital nomad in 2025\t\t\t<\/a>\n\t\t<\/h3>\n\t\t\n\t\t<a class=\"elementor-post__read-more\" href=\"https:\/\/ibercenter.com\/en\/the-best-apps-to-manage-projects-and-be-an-efficient-digital-nomad-in-2025\/\" aria-label=\"Read more about The best apps to manage projects and be an efficient digital nomad in 2025\" tabindex=\"-1\" >\n\t\t\tMore Info \u00bb\t\t<\/a>\n\n\t\t\t\t<\/div>\n\t\t\t\t<div class=\"elementor-post__meta-data\">\n\t\t\t\t\t<span class=\"elementor-post-date\">\n\t\t\t26 de August de 2025\t\t<\/span>\n\t\t\t\t<span class=\"elementor-post-avatar\">\n\t\t\tNo Comments\t\t<\/span>\n\t\t\t\t<\/div>\n\t\t\t\t\t<\/div>\n\t\t<\/article>\n\t\t\t\t<article class=\"elementor-post elementor-grid-item post-34011 post type-post status-publish format-standard has-post-thumbnail hentry category-non-classifiee\" role=\"listitem\">\n\t\t\t<div class=\"elementor-post__card\">\n\t\t\t\t<a class=\"elementor-post__thumbnail__link\" href=\"https:\/\/ibercenter.com\/en\/meeting-rooms-in-madrid-what-international-clients-are-looking-for-in-premium-confidential-spaces\/\" tabindex=\"-1\" ><div class=\"elementor-post__thumbnail\"><img loading=\"lazy\" decoding=\"async\" width=\"1000\" height=\"500\" src=\"https:\/\/ibercenter.com\/wp-content\/uploads\/2025\/08\/salas-de-reunion-ibercenter.png\" class=\"attachment-full size-full wp-image-33266\" alt=\"salas de reuni\u00f3n ibercenter\" srcset=\"https:\/\/ibercenter.com\/wp-content\/uploads\/2025\/08\/salas-de-reunion-ibercenter.png 1000w, https:\/\/ibercenter.com\/wp-content\/uploads\/2025\/08\/salas-de-reunion-ibercenter-300x150.png 300w, https:\/\/ibercenter.com\/wp-content\/uploads\/2025\/08\/salas-de-reunion-ibercenter-768x384.png 768w\" sizes=\"(max-width: 1000px) 100vw, 1000px\" \/><\/div><\/a>\n\t\t\t\t<div class=\"elementor-post__badge\">Corporative<\/div>\n\t\t\t\t<div class=\"elementor-post__text\">\n\t\t\t\t<h3 class=\"elementor-post__title\">\n\t\t\t<a href=\"https:\/\/ibercenter.com\/en\/meeting-rooms-in-madrid-what-international-clients-are-looking-for-in-premium-confidential-spaces\/\" >\n\t\t\t\tMeeting rooms in Madrid: what international clients are looking for in premium, confidential spaces\t\t\t<\/a>\n\t\t<\/h3>\n\t\t\n\t\t<a class=\"elementor-post__read-more\" href=\"https:\/\/ibercenter.com\/en\/meeting-rooms-in-madrid-what-international-clients-are-looking-for-in-premium-confidential-spaces\/\" aria-label=\"Read more about Meeting rooms in Madrid: what international clients are looking for in premium, confidential spaces\" tabindex=\"-1\" >\n\t\t\tMore Info \u00bb\t\t<\/a>\n\n\t\t\t\t<\/div>\n\t\t\t\t<div class=\"elementor-post__meta-data\">\n\t\t\t\t\t<span class=\"elementor-post-date\">\n\t\t\t20 de August de 2025\t\t<\/span>\n\t\t\t\t<span class=\"elementor-post-avatar\">\n\t\t\tNo Comments\t\t<\/span>\n\t\t\t\t<\/div>\n\t\t\t\t\t<\/div>\n\t\t<\/article>\n\t\t\t\t<article class=\"elementor-post elementor-grid-item post-34009 post type-post status-publish format-standard has-post-thumbnail hentry category-non-classifiee\" role=\"listitem\">\n\t\t\t<div class=\"elementor-post__card\">\n\t\t\t\t<a class=\"elementor-post__thumbnail__link\" href=\"https:\/\/ibercenter.com\/en\/post-holiday-blues-10-steps-to-give-your-return-from-summer-a-boost-and-boost-productivity\/\" tabindex=\"-1\" ><div class=\"elementor-post__thumbnail\"><img loading=\"lazy\" decoding=\"async\" width=\"1000\" height=\"500\" src=\"https:\/\/ibercenter.com\/wp-content\/uploads\/2025\/08\/vuelta-del-verano-2-1.png\" class=\"attachment-full size-full wp-image-33259\" alt=\"vuelta del verano\" srcset=\"https:\/\/ibercenter.com\/wp-content\/uploads\/2025\/08\/vuelta-del-verano-2-1.png 1000w, https:\/\/ibercenter.com\/wp-content\/uploads\/2025\/08\/vuelta-del-verano-2-1-300x150.png 300w, https:\/\/ibercenter.com\/wp-content\/uploads\/2025\/08\/vuelta-del-verano-2-1-768x384.png 768w\" sizes=\"(max-width: 1000px) 100vw, 1000px\" \/><\/div><\/a>\n\t\t\t\t<div class=\"elementor-post__badge\">Corporative<\/div>\n\t\t\t\t<div class=\"elementor-post__text\">\n\t\t\t\t<h3 class=\"elementor-post__title\">\n\t\t\t<a href=\"https:\/\/ibercenter.com\/en\/post-holiday-blues-10-steps-to-give-your-return-from-summer-a-boost-and-boost-productivity\/\" >\n\t\t\t\tPost-holiday blues? 10 steps to give your return from summer a boost and boost productivity.\t\t\t<\/a>\n\t\t<\/h3>\n\t\t\n\t\t<a class=\"elementor-post__read-more\" href=\"https:\/\/ibercenter.com\/en\/post-holiday-blues-10-steps-to-give-your-return-from-summer-a-boost-and-boost-productivity\/\" aria-label=\"Read more about Post-holiday blues? 10 steps to give your return from summer a boost and boost productivity.\" tabindex=\"-1\" >\n\t\t\tMore Info \u00bb\t\t<\/a>\n\n\t\t\t\t<\/div>\n\t\t\t\t<div class=\"elementor-post__meta-data\">\n\t\t\t\t\t<span class=\"elementor-post-date\">\n\t\t\t13 de August de 2025\t\t<\/span>\n\t\t\t\t<span class=\"elementor-post-avatar\">\n\t\t\tNo Comments\t\t<\/span>\n\t\t\t\t<\/div>\n\t\t\t\t\t<\/div>\n\t\t<\/article>\n\t\t\t\t<article class=\"elementor-post elementor-grid-item post-32581 post type-post status-publish format-standard has-post-thumbnail hentry category-non-classifiee\" role=\"listitem\">\n\t\t\t<div class=\"elementor-post__card\">\n\t\t\t\t<a class=\"elementor-post__thumbnail__link\" href=\"https:\/\/ibercenter.com\/en\/what-is-affiliate-marketing-and-how-can-you-make-money-with-it\/\" tabindex=\"-1\" ><div class=\"elementor-post__thumbnail\"><img loading=\"lazy\" decoding=\"async\" width=\"1000\" height=\"500\" src=\"https:\/\/ibercenter.com\/wp-content\/uploads\/2025\/08\/marketing-de-afiliados-3.png\" class=\"attachment-full size-full wp-image-32575\" alt=\"marketing de afiliados\" srcset=\"https:\/\/ibercenter.com\/wp-content\/uploads\/2025\/08\/marketing-de-afiliados-3.png 1000w, https:\/\/ibercenter.com\/wp-content\/uploads\/2025\/08\/marketing-de-afiliados-3-300x150.png 300w, https:\/\/ibercenter.com\/wp-content\/uploads\/2025\/08\/marketing-de-afiliados-3-768x384.png 768w\" sizes=\"(max-width: 1000px) 100vw, 1000px\" \/><\/div><\/a>\n\t\t\t\t<div class=\"elementor-post__badge\">Corporative<\/div>\n\t\t\t\t<div class=\"elementor-post__text\">\n\t\t\t\t<h3 class=\"elementor-post__title\">\n\t\t\t<a href=\"https:\/\/ibercenter.com\/en\/what-is-affiliate-marketing-and-how-can-you-make-money-with-it\/\" >\n\t\t\t\tWhat is Affiliate Marketing and how can you make money with it?\t\t\t<\/a>\n\t\t<\/h3>\n\t\t\n\t\t<a class=\"elementor-post__read-more\" href=\"https:\/\/ibercenter.com\/en\/what-is-affiliate-marketing-and-how-can-you-make-money-with-it\/\" aria-label=\"Read more about What is Affiliate Marketing and how can you make money with it?\" tabindex=\"-1\" >\n\t\t\tMore Info \u00bb\t\t<\/a>\n\n\t\t\t\t<\/div>\n\t\t\t\t<div class=\"elementor-post__meta-data\">\n\t\t\t\t\t<span class=\"elementor-post-date\">\n\t\t\t5 de August de 2025\t\t<\/span>\n\t\t\t\t<span class=\"elementor-post-avatar\">\n\t\t\tNo Comments\t\t<\/span>\n\t\t\t\t<\/div>\n\t\t\t\t\t<\/div>\n\t\t<\/article>\n\t\t\t\t<article class=\"elementor-post elementor-grid-item post-32538 post type-post status-publish format-standard has-post-thumbnail hentry\" role=\"listitem\">\n\t\t\t<div class=\"elementor-post__card\">\n\t\t\t\t<a class=\"elementor-post__thumbnail__link\" href=\"https:\/\/ibercenter.com\/en\/training-rooms-in-madrid-the-secret-to-successful-training\/\" tabindex=\"-1\" ><div class=\"elementor-post__thumbnail\"><img loading=\"lazy\" decoding=\"async\" width=\"1000\" height=\"500\" src=\"https:\/\/ibercenter.com\/wp-content\/uploads\/2025\/07\/salas-de-formaciones-3-1.png\" class=\"attachment-full size-full wp-image-32533\" alt=\"salas de formaciones\" srcset=\"https:\/\/ibercenter.com\/wp-content\/uploads\/2025\/07\/salas-de-formaciones-3-1.png 1000w, https:\/\/ibercenter.com\/wp-content\/uploads\/2025\/07\/salas-de-formaciones-3-1-300x150.png 300w, https:\/\/ibercenter.com\/wp-content\/uploads\/2025\/07\/salas-de-formaciones-3-1-768x384.png 768w\" sizes=\"(max-width: 1000px) 100vw, 1000px\" \/><\/div><\/a>\n\t\t\t\t<div class=\"elementor-post__text\">\n\t\t\t\t<h3 class=\"elementor-post__title\">\n\t\t\t<a href=\"https:\/\/ibercenter.com\/en\/training-rooms-in-madrid-the-secret-to-successful-training\/\" >\n\t\t\t\tTraining rooms in Madrid: the secret to successful training.\t\t\t<\/a>\n\t\t<\/h3>\n\t\t\n\t\t<a class=\"elementor-post__read-more\" href=\"https:\/\/ibercenter.com\/en\/training-rooms-in-madrid-the-secret-to-successful-training\/\" aria-label=\"Read more about Training rooms in Madrid: the secret to successful training.\" tabindex=\"-1\" >\n\t\t\tMore Info \u00bb\t\t<\/a>\n\n\t\t\t\t<\/div>\n\t\t\t\t<div class=\"elementor-post__meta-data\">\n\t\t\t\t\t<span class=\"elementor-post-date\">\n\t\t\t31 de July de 2025\t\t<\/span>\n\t\t\t\t<span class=\"elementor-post-avatar\">\n\t\t\tNo Comments\t\t<\/span>\n\t\t\t\t<\/div>\n\t\t\t\t\t<\/div>\n\t\t<\/article>\n\t\t\t\t<article class=\"elementor-post elementor-grid-item post-32524 post type-post status-publish format-standard has-post-thumbnail hentry category-non-classifiee\" role=\"listitem\">\n\t\t\t<div class=\"elementor-post__card\">\n\t\t\t\t<a class=\"elementor-post__thumbnail__link\" href=\"https:\/\/ibercenter.com\/en\/step-by-step-seo-guide-for-businesses\/\" tabindex=\"-1\" ><div class=\"elementor-post__thumbnail\"><img loading=\"lazy\" decoding=\"async\" width=\"1000\" height=\"500\" src=\"https:\/\/ibercenter.com\/wp-content\/uploads\/2025\/07\/SEO-2-1.png\" class=\"attachment-full size-full wp-image-32518\" alt=\"SEO\" srcset=\"https:\/\/ibercenter.com\/wp-content\/uploads\/2025\/07\/SEO-2-1.png 1000w, https:\/\/ibercenter.com\/wp-content\/uploads\/2025\/07\/SEO-2-1-300x150.png 300w, https:\/\/ibercenter.com\/wp-content\/uploads\/2025\/07\/SEO-2-1-768x384.png 768w\" sizes=\"(max-width: 1000px) 100vw, 1000px\" \/><\/div><\/a>\n\t\t\t\t<div class=\"elementor-post__badge\">Corporative<\/div>\n\t\t\t\t<div class=\"elementor-post__text\">\n\t\t\t\t<h3 class=\"elementor-post__title\">\n\t\t\t<a href=\"https:\/\/ibercenter.com\/en\/step-by-step-seo-guide-for-businesses\/\" >\n\t\t\t\tStep-by-step SEO guide for businesses: how to rank your website on Google (and AI assistants) and attract more customers\t\t\t<\/a>\n\t\t<\/h3>\n\t\t\n\t\t<a class=\"elementor-post__read-more\" href=\"https:\/\/ibercenter.com\/en\/step-by-step-seo-guide-for-businesses\/\" aria-label=\"Read more about Step-by-step SEO guide for businesses: how to rank your website on Google (and AI assistants) and attract more customers\" tabindex=\"-1\" >\n\t\t\tMore Info \u00bb\t\t<\/a>\n\n\t\t\t\t<\/div>\n\t\t\t\t<div class=\"elementor-post__meta-data\">\n\t\t\t\t\t<span class=\"elementor-post-date\">\n\t\t\t29 de July de 2025\t\t<\/span>\n\t\t\t\t<span class=\"elementor-post-avatar\">\n\t\t\tNo Comments\t\t<\/span>\n\t\t\t\t<\/div>\n\t\t\t\t\t<\/div>\n\t\t<\/article>\n\t\t\t\t<article class=\"elementor-post elementor-grid-item post-34002 post type-post status-publish format-standard has-post-thumbnail hentry category-non-classifiee\" role=\"listitem\">\n\t\t\t<div class=\"elementor-post__card\">\n\t\t\t\t<a class=\"elementor-post__thumbnail__link\" href=\"https:\/\/ibercenter.com\/en\/additional-services-boost-your-office\/\" tabindex=\"-1\" ><div class=\"elementor-post__thumbnail\"><img loading=\"lazy\" decoding=\"async\" width=\"1000\" height=\"500\" src=\"https:\/\/ibercenter.com\/wp-content\/uploads\/2025\/07\/additional-services.png\" class=\"attachment-full size-full wp-image-33243\" alt=\"additional services\" srcset=\"https:\/\/ibercenter.com\/wp-content\/uploads\/2025\/07\/additional-services.png 1000w, https:\/\/ibercenter.com\/wp-content\/uploads\/2025\/07\/additional-services-300x150.png 300w, https:\/\/ibercenter.com\/wp-content\/uploads\/2025\/07\/additional-services-768x384.png 768w\" sizes=\"(max-width: 1000px) 100vw, 1000px\" \/><\/div><\/a>\n\t\t\t\t<div class=\"elementor-post__badge\">Corporative<\/div>\n\t\t\t\t<div class=\"elementor-post__text\">\n\t\t\t\t<h3 class=\"elementor-post__title\">\n\t\t\t<a href=\"https:\/\/ibercenter.com\/en\/additional-services-boost-your-office\/\" >\n\t\t\t\tForget logistics: how all-inclusive and &#8220;additional services&#8221; in your office boost your business.\t\t\t<\/a>\n\t\t<\/h3>\n\t\t\n\t\t<a class=\"elementor-post__read-more\" href=\"https:\/\/ibercenter.com\/en\/additional-services-boost-your-office\/\" aria-label=\"Read more about Forget logistics: how all-inclusive and &#8220;additional services&#8221; in your office boost your business.\" tabindex=\"-1\" >\n\t\t\tMore Info \u00bb\t\t<\/a>\n\n\t\t\t\t<\/div>\n\t\t\t\t<div class=\"elementor-post__meta-data\">\n\t\t\t\t\t<span class=\"elementor-post-date\">\n\t\t\t24 de July de 2025\t\t<\/span>\n\t\t\t\t<span class=\"elementor-post-avatar\">\n\t\t\tNo Comments\t\t<\/span>\n\t\t\t\t<\/div>\n\t\t\t\t\t<\/div>\n\t\t<\/article>\n\t\t\t\t<article class=\"elementor-post elementor-grid-item post-33996 post type-post status-publish format-standard has-post-thumbnail hentry category-non-classifiee\" role=\"listitem\">\n\t\t\t<div class=\"elementor-post__card\">\n\t\t\t\t<a class=\"elementor-post__thumbnail__link\" href=\"https:\/\/ibercenter.com\/en\/most-profitable-businesses-in-madrid-franchises\/\" tabindex=\"-1\" ><div class=\"elementor-post__thumbnail\"><img loading=\"lazy\" decoding=\"async\" width=\"1000\" height=\"500\" src=\"https:\/\/ibercenter.com\/wp-content\/uploads\/2025\/07\/franchises-1.png\" class=\"attachment-full size-full wp-image-33241\" alt=\"franchises\" srcset=\"https:\/\/ibercenter.com\/wp-content\/uploads\/2025\/07\/franchises-1.png 1000w, https:\/\/ibercenter.com\/wp-content\/uploads\/2025\/07\/franchises-1-300x150.png 300w, https:\/\/ibercenter.com\/wp-content\/uploads\/2025\/07\/franchises-1-768x384.png 768w\" sizes=\"(max-width: 1000px) 100vw, 1000px\" \/><\/div><\/a>\n\t\t\t\t<div class=\"elementor-post__badge\">Corporative<\/div>\n\t\t\t\t<div class=\"elementor-post__text\">\n\t\t\t\t<h3 class=\"elementor-post__title\">\n\t\t\t<a href=\"https:\/\/ibercenter.com\/en\/most-profitable-businesses-in-madrid-franchises\/\" >\n\t\t\t\tWhat are the most profitable businesses in Madrid? Discover the franchises that are setting trends in 2025\t\t\t<\/a>\n\t\t<\/h3>\n\t\t\n\t\t<a class=\"elementor-post__read-more\" href=\"https:\/\/ibercenter.com\/en\/most-profitable-businesses-in-madrid-franchises\/\" aria-label=\"Read more about What are the most profitable businesses in Madrid? Discover the franchises that are setting trends in 2025\" tabindex=\"-1\" >\n\t\t\tMore Info \u00bb\t\t<\/a>\n\n\t\t\t\t<\/div>\n\t\t\t\t<div class=\"elementor-post__meta-data\">\n\t\t\t\t\t<span class=\"elementor-post-date\">\n\t\t\t22 de July de 2025\t\t<\/span>\n\t\t\t\t<span class=\"elementor-post-avatar\">\n\t\t\tNo Comments\t\t<\/span>\n\t\t\t\t<\/div>\n\t\t\t\t\t<\/div>\n\t\t<\/article>\n\t\t\t\t<article class=\"elementor-post elementor-grid-item post-33988 post type-post status-publish format-standard has-post-thumbnail hentry category-non-classifiee\" role=\"listitem\">\n\t\t\t<div class=\"elementor-post__card\">\n\t\t\t\t<a class=\"elementor-post__thumbnail__link\" href=\"https:\/\/ibercenter.com\/en\/office-design-and-sustainability-trends\/\" tabindex=\"-1\" ><div class=\"elementor-post__thumbnail\"><img loading=\"lazy\" decoding=\"async\" width=\"1000\" height=\"500\" src=\"https:\/\/ibercenter.com\/wp-content\/uploads\/2025\/07\/sustainability.png\" class=\"attachment-full size-full wp-image-33238\" alt=\"sustainability\" srcset=\"https:\/\/ibercenter.com\/wp-content\/uploads\/2025\/07\/sustainability.png 1000w, https:\/\/ibercenter.com\/wp-content\/uploads\/2025\/07\/sustainability-300x150.png 300w, https:\/\/ibercenter.com\/wp-content\/uploads\/2025\/07\/sustainability-768x384.png 768w\" sizes=\"(max-width: 1000px) 100vw, 1000px\" \/><\/div><\/a>\n\t\t\t\t<div class=\"elementor-post__badge\">Corporative<\/div>\n\t\t\t\t<div class=\"elementor-post__text\">\n\t\t\t\t<h3 class=\"elementor-post__title\">\n\t\t\t<a href=\"https:\/\/ibercenter.com\/en\/office-design-and-sustainability-trends\/\" >\n\t\t\t\tOffice design and sustainability trends for 2025 &#8211; the future is green and flexible\t\t\t<\/a>\n\t\t<\/h3>\n\t\t\n\t\t<a class=\"elementor-post__read-more\" href=\"https:\/\/ibercenter.com\/en\/office-design-and-sustainability-trends\/\" aria-label=\"Read more about Office design and sustainability trends for 2025 &#8211; the future is green and flexible\" tabindex=\"-1\" >\n\t\t\tMore Info \u00bb\t\t<\/a>\n\n\t\t\t\t<\/div>\n\t\t\t\t<div class=\"elementor-post__meta-data\">\n\t\t\t\t\t<span class=\"elementor-post-date\">\n\t\t\t17 de July de 2025\t\t<\/span>\n\t\t\t\t<span class=\"elementor-post-avatar\">\n\t\t\tNo Comments\t\t<\/span>\n\t\t\t\t<\/div>\n\t\t\t\t\t<\/div>\n\t\t<\/article>\n\t\t\t\t<article class=\"elementor-post elementor-grid-item post-33974 post type-post status-publish format-standard has-post-thumbnail hentry category-non-classifiee\" role=\"listitem\">\n\t\t\t<div class=\"elementor-post__card\">\n\t\t\t\t<a class=\"elementor-post__thumbnail__link\" href=\"https:\/\/ibercenter.com\/en\/bitcoin\/\" tabindex=\"-1\" ><div class=\"elementor-post__thumbnail\"><img loading=\"lazy\" decoding=\"async\" width=\"1000\" height=\"500\" src=\"https:\/\/ibercenter.com\/wp-content\/uploads\/2025\/07\/bitcoin-3.png\" class=\"attachment-full size-full wp-image-33226\" alt=\"bitcoin\" srcset=\"https:\/\/ibercenter.com\/wp-content\/uploads\/2025\/07\/bitcoin-3.png 1000w, https:\/\/ibercenter.com\/wp-content\/uploads\/2025\/07\/bitcoin-3-300x150.png 300w, https:\/\/ibercenter.com\/wp-content\/uploads\/2025\/07\/bitcoin-3-768x384.png 768w\" sizes=\"(max-width: 1000px) 100vw, 1000px\" \/><\/div><\/a>\n\t\t\t\t<div class=\"elementor-post__badge\">Corporative<\/div>\n\t\t\t\t<div class=\"elementor-post__text\">\n\t\t\t\t<h3 class=\"elementor-post__title\">\n\t\t\t<a href=\"https:\/\/ibercenter.com\/en\/bitcoin\/\" >\n\t\t\t\tWhat are virtual currencies? Trends and the future of bitcoin in 2025\t\t\t<\/a>\n\t\t<\/h3>\n\t\t\n\t\t<a class=\"elementor-post__read-more\" href=\"https:\/\/ibercenter.com\/en\/bitcoin\/\" aria-label=\"Read more about What are virtual currencies? Trends and the future of bitcoin in 2025\" tabindex=\"-1\" >\n\t\t\tMore Info \u00bb\t\t<\/a>\n\n\t\t\t\t<\/div>\n\t\t\t\t<div class=\"elementor-post__meta-data\">\n\t\t\t\t\t<span class=\"elementor-post-date\">\n\t\t\t15 de July de 2025\t\t<\/span>\n\t\t\t\t<span class=\"elementor-post-avatar\">\n\t\t\tNo Comments\t\t<\/span>\n\t\t\t\t<\/div>\n\t\t\t\t\t<\/div>\n\t\t<\/article>\n\t\t\t\t<article class=\"elementor-post elementor-grid-item post-33971 post type-post status-publish format-standard has-post-thumbnail hentry category-non-classifiee\" role=\"listitem\">\n\t\t\t<div class=\"elementor-post__card\">\n\t\t\t\t<a class=\"elementor-post__thumbnail__link\" href=\"https:\/\/ibercenter.com\/en\/the-best-training-spaces\/\" tabindex=\"-1\" ><div class=\"elementor-post__thumbnail\"><img loading=\"lazy\" decoding=\"async\" width=\"1000\" height=\"500\" src=\"https:\/\/ibercenter.com\/wp-content\/uploads\/2025\/07\/training-spaces.png\" class=\"attachment-full size-full wp-image-33222\" alt=\"training spaces\" srcset=\"https:\/\/ibercenter.com\/wp-content\/uploads\/2025\/07\/training-spaces.png 1000w, https:\/\/ibercenter.com\/wp-content\/uploads\/2025\/07\/training-spaces-300x150.png 300w, https:\/\/ibercenter.com\/wp-content\/uploads\/2025\/07\/training-spaces-768x384.png 768w\" sizes=\"(max-width: 1000px) 100vw, 1000px\" \/><\/div><\/a>\n\t\t\t\t<div class=\"elementor-post__badge\">Corporative<\/div>\n\t\t\t\t<div class=\"elementor-post__text\">\n\t\t\t\t<h3 class=\"elementor-post__title\">\n\t\t\t<a href=\"https:\/\/ibercenter.com\/en\/the-best-training-spaces\/\" >\n\t\t\t\tHow to choose the best training spaces? A complete guide with practical tips\t\t\t<\/a>\n\t\t<\/h3>\n\t\t\n\t\t<a class=\"elementor-post__read-more\" href=\"https:\/\/ibercenter.com\/en\/the-best-training-spaces\/\" aria-label=\"Read more about How to choose the best training spaces? A complete guide with practical tips\" tabindex=\"-1\" >\n\t\t\tMore Info \u00bb\t\t<\/a>\n\n\t\t\t\t<\/div>\n\t\t\t\t<div class=\"elementor-post__meta-data\">\n\t\t\t\t\t<span class=\"elementor-post-date\">\n\t\t\t11 de July de 2025\t\t<\/span>\n\t\t\t\t<span class=\"elementor-post-avatar\">\n\t\t\tNo Comments\t\t<\/span>\n\t\t\t\t<\/div>\n\t\t\t\t\t<\/div>\n\t\t<\/article>\n\t\t\t\t<article class=\"elementor-post elementor-grid-item post-32189 post type-post status-publish format-standard has-post-thumbnail hentry category-non-classifiee\" role=\"listitem\">\n\t\t\t<div class=\"elementor-post__card\">\n\t\t\t\t<a class=\"elementor-post__thumbnail__link\" href=\"https:\/\/ibercenter.com\/en\/intensive-working\/\" tabindex=\"-1\" ><div class=\"elementor-post__thumbnail\"><img loading=\"lazy\" decoding=\"async\" width=\"1000\" height=\"500\" src=\"https:\/\/ibercenter.com\/wp-content\/uploads\/2025\/07\/intensive-working-1.png\" class=\"attachment-full size-full wp-image-32191\" alt=\"intensive working\" srcset=\"https:\/\/ibercenter.com\/wp-content\/uploads\/2025\/07\/intensive-working-1.png 1000w, https:\/\/ibercenter.com\/wp-content\/uploads\/2025\/07\/intensive-working-1-300x150.png 300w, https:\/\/ibercenter.com\/wp-content\/uploads\/2025\/07\/intensive-working-1-768x384.png 768w\" sizes=\"(max-width: 1000px) 100vw, 1000px\" \/><\/div><\/a>\n\t\t\t\t<div class=\"elementor-post__badge\">Corporative<\/div>\n\t\t\t\t<div class=\"elementor-post__text\">\n\t\t\t\t<h3 class=\"elementor-post__title\">\n\t\t\t<a href=\"https:\/\/ibercenter.com\/en\/intensive-working\/\" >\n\t\t\t\tIntensive working day in summer: the secret to maximising your productivity and leaving the office early\t\t\t<\/a>\n\t\t<\/h3>\n\t\t\n\t\t<a class=\"elementor-post__read-more\" href=\"https:\/\/ibercenter.com\/en\/intensive-working\/\" aria-label=\"Read more about Intensive working day in summer: the secret to maximising your productivity and leaving the office early\" tabindex=\"-1\" >\n\t\t\tMore Info \u00bb\t\t<\/a>\n\n\t\t\t\t<\/div>\n\t\t\t\t<div class=\"elementor-post__meta-data\">\n\t\t\t\t\t<span class=\"elementor-post-date\">\n\t\t\t8 de July de 2025\t\t<\/span>\n\t\t\t\t<span class=\"elementor-post-avatar\">\n\t\t\tNo Comments\t\t<\/span>\n\t\t\t\t<\/div>\n\t\t\t\t\t<\/div>\n\t\t<\/article>\n\t\t\t\t<article class=\"elementor-post elementor-grid-item post-32128 post type-post status-publish format-standard has-post-thumbnail hentry category-non-classifiee\" role=\"listitem\">\n\t\t\t<div class=\"elementor-post__card\">\n\t\t\t\t<a class=\"elementor-post__thumbnail__link\" href=\"https:\/\/ibercenter.com\/en\/artificial-intelligence-tools\/\" tabindex=\"-1\" ><div class=\"elementor-post__thumbnail\"><img loading=\"lazy\" decoding=\"async\" width=\"1472\" height=\"832\" src=\"https:\/\/ibercenter.com\/wp-content\/uploads\/2025\/07\/artificial-intelligence.png\" class=\"attachment-full size-full wp-image-32130\" alt=\"artificial intelligence\" srcset=\"https:\/\/ibercenter.com\/wp-content\/uploads\/2025\/07\/artificial-intelligence.png 1472w, https:\/\/ibercenter.com\/wp-content\/uploads\/2025\/07\/artificial-intelligence-300x170.png 300w, https:\/\/ibercenter.com\/wp-content\/uploads\/2025\/07\/artificial-intelligence-1024x579.png 1024w, https:\/\/ibercenter.com\/wp-content\/uploads\/2025\/07\/artificial-intelligence-768x434.png 768w\" sizes=\"(max-width: 1472px) 100vw, 1472px\" \/><\/div><\/a>\n\t\t\t\t<div class=\"elementor-post__badge\">Corporative<\/div>\n\t\t\t\t<div class=\"elementor-post__text\">\n\t\t\t\t<h3 class=\"elementor-post__title\">\n\t\t\t<a href=\"https:\/\/ibercenter.com\/en\/artificial-intelligence-tools\/\" >\n\t\t\t\t5 Artificial Intelligence Tools for SMEs: Your Survival Kit in the AI Era\t\t\t<\/a>\n\t\t<\/h3>\n\t\t\n\t\t<a class=\"elementor-post__read-more\" href=\"https:\/\/ibercenter.com\/en\/artificial-intelligence-tools\/\" aria-label=\"Read more about 5 Artificial Intelligence Tools for SMEs: Your Survival Kit in the AI Era\" tabindex=\"-1\" >\n\t\t\tMore Info \u00bb\t\t<\/a>\n\n\t\t\t\t<\/div>\n\t\t\t\t<div class=\"elementor-post__meta-data\">\n\t\t\t\t\t<span class=\"elementor-post-date\">\n\t\t\t4 de July de 2025\t\t<\/span>\n\t\t\t\t<span class=\"elementor-post-avatar\">\n\t\t\tNo Comments\t\t<\/span>\n\t\t\t\t<\/div>\n\t\t\t\t\t<\/div>\n\t\t<\/article>\n\t\t\t\t<article class=\"elementor-post elementor-grid-item post-32096 post type-post status-publish format-standard has-post-thumbnail hentry category-non-classifiee\" role=\"listitem\">\n\t\t\t<div class=\"elementor-post__card\">\n\t\t\t\t<a class=\"elementor-post__thumbnail__link\" href=\"https:\/\/ibercenter.com\/en\/the-heat-wave\/\" tabindex=\"-1\" ><div class=\"elementor-post__thumbnail\"><img loading=\"lazy\" decoding=\"async\" width=\"1000\" height=\"500\" src=\"https:\/\/ibercenter.com\/wp-content\/uploads\/2025\/07\/HEAT-WAVE.png\" class=\"attachment-full size-full wp-image-32098\" alt=\"HEAT WAVE\" srcset=\"https:\/\/ibercenter.com\/wp-content\/uploads\/2025\/07\/HEAT-WAVE.png 1000w, https:\/\/ibercenter.com\/wp-content\/uploads\/2025\/07\/HEAT-WAVE-300x150.png 300w, https:\/\/ibercenter.com\/wp-content\/uploads\/2025\/07\/HEAT-WAVE-768x384.png 768w\" sizes=\"(max-width: 1000px) 100vw, 1000px\" \/><\/div><\/a>\n\t\t\t\t<div class=\"elementor-post__badge\">Corporative<\/div>\n\t\t\t\t<div class=\"elementor-post__text\">\n\t\t\t\t<h3 class=\"elementor-post__title\">\n\t\t\t<a href=\"https:\/\/ibercenter.com\/en\/the-heat-wave\/\" >\n\t\t\t\tDoes the heat wave melt your productivity? 10 tips for working in Madrid without breaking a sweat\t\t\t<\/a>\n\t\t<\/h3>\n\t\t\n\t\t<a class=\"elementor-post__read-more\" href=\"https:\/\/ibercenter.com\/en\/the-heat-wave\/\" aria-label=\"Read more about Does the heat wave melt your productivity? 10 tips for working in Madrid without breaking a sweat\" tabindex=\"-1\" >\n\t\t\tMore Info \u00bb\t\t<\/a>\n\n\t\t\t\t<\/div>\n\t\t\t\t<div class=\"elementor-post__meta-data\">\n\t\t\t\t\t<span class=\"elementor-post-date\">\n\t\t\t1 de July de 2025\t\t<\/span>\n\t\t\t\t<span class=\"elementor-post-avatar\">\n\t\t\tNo Comments\t\t<\/span>\n\t\t\t\t<\/div>\n\t\t\t\t\t<\/div>\n\t\t<\/article>\n\t\t\t\t<article class=\"elementor-post elementor-grid-item post-32078 post type-post status-publish format-standard has-post-thumbnail hentry category-non-classifiee\" role=\"listitem\">\n\t\t\t<div class=\"elementor-post__card\">\n\t\t\t\t<a class=\"elementor-post__thumbnail__link\" href=\"https:\/\/ibercenter.com\/en\/tax-return\/\" tabindex=\"-1\" ><div class=\"elementor-post__thumbnail\"><img loading=\"lazy\" decoding=\"async\" width=\"1000\" height=\"500\" src=\"https:\/\/ibercenter.com\/wp-content\/uploads\/2025\/07\/tax-return-3.png\" class=\"attachment-full size-full wp-image-32082\" alt=\"tax return\" srcset=\"https:\/\/ibercenter.com\/wp-content\/uploads\/2025\/07\/tax-return-3.png 1000w, https:\/\/ibercenter.com\/wp-content\/uploads\/2025\/07\/tax-return-3-300x150.png 300w, https:\/\/ibercenter.com\/wp-content\/uploads\/2025\/07\/tax-return-3-768x384.png 768w\" sizes=\"(max-width: 1000px) 100vw, 1000px\" \/><\/div><\/a>\n\t\t\t\t<div class=\"elementor-post__badge\">Corporative<\/div>\n\t\t\t\t<div class=\"elementor-post__text\">\n\t\t\t\t<h3 class=\"elementor-post__title\">\n\t\t\t<a href=\"https:\/\/ibercenter.com\/en\/tax-return\/\" >\n\t\t\t\tLast days to file your tax return: a survival guide for busy professionals\t\t\t<\/a>\n\t\t<\/h3>\n\t\t\n\t\t<a class=\"elementor-post__read-more\" href=\"https:\/\/ibercenter.com\/en\/tax-return\/\" aria-label=\"Read more about Last days to file your tax return: a survival guide for busy professionals\" tabindex=\"-1\" >\n\t\t\tMore Info \u00bb\t\t<\/a>\n\n\t\t\t\t<\/div>\n\t\t\t\t<div class=\"elementor-post__meta-data\">\n\t\t\t\t\t<span class=\"elementor-post-date\">\n\t\t\t27 de June de 2025\t\t<\/span>\n\t\t\t\t<span class=\"elementor-post-avatar\">\n\t\t\tNo Comments\t\t<\/span>\n\t\t\t\t<\/div>\n\t\t\t\t\t<\/div>\n\t\t<\/article>\n\t\t\t\t<article class=\"elementor-post elementor-grid-item post-32018 post type-post status-publish format-standard has-post-thumbnail hentry\" role=\"listitem\">\n\t\t\t<div class=\"elementor-post__card\">\n\t\t\t\t<a class=\"elementor-post__thumbnail__link\" href=\"https:\/\/ibercenter.com\/en\/productive-meetings-in-summer\/\" tabindex=\"-1\" ><div class=\"elementor-post__thumbnail\"><img loading=\"lazy\" decoding=\"async\" width=\"1000\" height=\"749\" src=\"https:\/\/ibercenter.com\/wp-content\/uploads\/2025\/06\/productive-meetings-in-summer-ibercenter.jpg\" class=\"attachment-full size-full wp-image-32019\" alt=\"productive meetings in summer-ibercenter\" srcset=\"https:\/\/ibercenter.com\/wp-content\/uploads\/2025\/06\/productive-meetings-in-summer-ibercenter.jpg 1000w, https:\/\/ibercenter.com\/wp-content\/uploads\/2025\/06\/productive-meetings-in-summer-ibercenter-300x225.jpg 300w, https:\/\/ibercenter.com\/wp-content\/uploads\/2025\/06\/productive-meetings-in-summer-ibercenter-768x575.jpg 768w\" sizes=\"(max-width: 1000px) 100vw, 1000px\" \/><\/div><\/a>\n\t\t\t\t<div class=\"elementor-post__text\">\n\t\t\t\t<h3 class=\"elementor-post__title\">\n\t\t\t<a href=\"https:\/\/ibercenter.com\/en\/productive-meetings-in-summer\/\" >\n\t\t\t\tHow to have productive meetings in summer?\t\t\t<\/a>\n\t\t<\/h3>\n\t\t\n\t\t<a class=\"elementor-post__read-more\" href=\"https:\/\/ibercenter.com\/en\/productive-meetings-in-summer\/\" aria-label=\"Read more about How to have productive meetings in summer?\" tabindex=\"-1\" >\n\t\t\tMore Info \u00bb\t\t<\/a>\n\n\t\t\t\t<\/div>\n\t\t\t\t<div class=\"elementor-post__meta-data\">\n\t\t\t\t\t<span class=\"elementor-post-date\">\n\t\t\t25 de June de 2025\t\t<\/span>\n\t\t\t\t<span class=\"elementor-post-avatar\">\n\t\t\tNo Comments\t\t<\/span>\n\t\t\t\t<\/div>\n\t\t\t\t\t<\/div>\n\t\t<\/article>\n\t\t\t\t<article class=\"elementor-post elementor-grid-item post-32028 post type-post status-publish format-standard has-post-thumbnail hentry category-non-classifiee\" role=\"listitem\">\n\t\t\t<div class=\"elementor-post__card\">\n\t\t\t\t<a class=\"elementor-post__thumbnail__link\" href=\"https:\/\/ibercenter.com\/en\/takeover-bid\/\" tabindex=\"-1\" ><div class=\"elementor-post__thumbnail\"><img loading=\"lazy\" decoding=\"async\" width=\"1000\" height=\"500\" src=\"https:\/\/ibercenter.com\/wp-content\/uploads\/2025\/06\/takeover-bid-1.png\" class=\"attachment-full size-full wp-image-32033\" alt=\"takeover bid 1\" srcset=\"https:\/\/ibercenter.com\/wp-content\/uploads\/2025\/06\/takeover-bid-1.png 1000w, https:\/\/ibercenter.com\/wp-content\/uploads\/2025\/06\/takeover-bid-1-300x150.png 300w, https:\/\/ibercenter.com\/wp-content\/uploads\/2025\/06\/takeover-bid-1-768x384.png 768w\" sizes=\"(max-width: 1000px) 100vw, 1000px\" \/><\/div><\/a>\n\t\t\t\t<div class=\"elementor-post__badge\">Corporative<\/div>\n\t\t\t\t<div class=\"elementor-post__text\">\n\t\t\t\t<h3 class=\"elementor-post__title\">\n\t\t\t<a href=\"https:\/\/ibercenter.com\/en\/takeover-bid\/\" >\n\t\t\t\tBBVA&#8217;s hostile takeover bid for Sabadell: the definitive guide to the financial battle of the year.\t\t\t<\/a>\n\t\t<\/h3>\n\t\t\n\t\t<a class=\"elementor-post__read-more\" href=\"https:\/\/ibercenter.com\/en\/takeover-bid\/\" aria-label=\"Read more about BBVA&#8217;s hostile takeover bid for Sabadell: the definitive guide to the financial battle of the year.\" tabindex=\"-1\" >\n\t\t\tMore Info \u00bb\t\t<\/a>\n\n\t\t\t\t<\/div>\n\t\t\t\t<div class=\"elementor-post__meta-data\">\n\t\t\t\t\t<span class=\"elementor-post-date\">\n\t\t\t25 de June de 2025\t\t<\/span>\n\t\t\t\t<span class=\"elementor-post-avatar\">\n\t\t\tNo Comments\t\t<\/span>\n\t\t\t\t<\/div>\n\t\t\t\t\t<\/div>\n\t\t<\/article>\n\t\t\t\t<article class=\"elementor-post elementor-grid-item post-32038 post type-post status-publish format-standard has-post-thumbnail hentry category-non-classifiee\" role=\"listitem\">\n\t\t\t<div class=\"elementor-post__card\">\n\t\t\t\t<a class=\"elementor-post__thumbnail__link\" href=\"https:\/\/ibercenter.com\/en\/office-rentals-in-coworking-spaces\/\" tabindex=\"-1\" ><div class=\"elementor-post__thumbnail\"><img loading=\"lazy\" decoding=\"async\" width=\"1299\" height=\"866\" src=\"https:\/\/ibercenter.com\/wp-content\/uploads\/2025\/06\/Office-Rentals-in-Coworking-Spaces-2.jpg\" class=\"attachment-full size-full wp-image-32043\" alt=\"Office Rentals in Coworking Spaces 2\" srcset=\"https:\/\/ibercenter.com\/wp-content\/uploads\/2025\/06\/Office-Rentals-in-Coworking-Spaces-2.jpg 1299w, https:\/\/ibercenter.com\/wp-content\/uploads\/2025\/06\/Office-Rentals-in-Coworking-Spaces-2-300x200.jpg 300w, https:\/\/ibercenter.com\/wp-content\/uploads\/2025\/06\/Office-Rentals-in-Coworking-Spaces-2-1024x683.jpg 1024w, https:\/\/ibercenter.com\/wp-content\/uploads\/2025\/06\/Office-Rentals-in-Coworking-Spaces-2-768x512.jpg 768w\" sizes=\"(max-width: 1299px) 100vw, 1299px\" \/><\/div><\/a>\n\t\t\t\t<div class=\"elementor-post__badge\">Corporative<\/div>\n\t\t\t\t<div class=\"elementor-post__text\">\n\t\t\t\t<h3 class=\"elementor-post__title\">\n\t\t\t<a href=\"https:\/\/ibercenter.com\/en\/office-rentals-in-coworking-spaces\/\" >\n\t\t\t\tThe Rise of Office Rentals in Coworking Spaces: A Revolution in the World of Work\t\t\t<\/a>\n\t\t<\/h3>\n\t\t\n\t\t<a class=\"elementor-post__read-more\" href=\"https:\/\/ibercenter.com\/en\/office-rentals-in-coworking-spaces\/\" aria-label=\"Read more about The Rise of Office Rentals in Coworking Spaces: A Revolution in the World of Work\" tabindex=\"-1\" >\n\t\t\tMore Info \u00bb\t\t<\/a>\n\n\t\t\t\t<\/div>\n\t\t\t\t<div class=\"elementor-post__meta-data\">\n\t\t\t\t\t<span class=\"elementor-post-date\">\n\t\t\t24 de June de 2025\t\t<\/span>\n\t\t\t\t<span class=\"elementor-post-avatar\">\n\t\t\tNo Comments\t\t<\/span>\n\t\t\t\t<\/div>\n\t\t\t\t\t<\/div>\n\t\t<\/article>\n\t\t\t\t<article class=\"elementor-post elementor-grid-item post-31853 post type-post status-publish format-standard has-post-thumbnail hentry category-non-classifiee\" role=\"listitem\">\n\t\t\t<div class=\"elementor-post__card\">\n\t\t\t\t<a class=\"elementor-post__thumbnail__link\" href=\"https:\/\/ibercenter.com\/en\/best-virtual-offices\/\" tabindex=\"-1\" ><div class=\"elementor-post__thumbnail\"><img loading=\"lazy\" decoding=\"async\" width=\"1000\" height=\"500\" src=\"https:\/\/ibercenter.com\/wp-content\/uploads\/2025\/06\/virtual-office.png\" class=\"attachment-full size-full wp-image-31858\" alt=\"virtual office\" srcset=\"https:\/\/ibercenter.com\/wp-content\/uploads\/2025\/06\/virtual-office.png 1000w, https:\/\/ibercenter.com\/wp-content\/uploads\/2025\/06\/virtual-office-300x150.png 300w, https:\/\/ibercenter.com\/wp-content\/uploads\/2025\/06\/virtual-office-768x384.png 768w\" sizes=\"(max-width: 1000px) 100vw, 1000px\" \/><\/div><\/a>\n\t\t\t\t<div class=\"elementor-post__badge\">Corporative<\/div>\n\t\t\t\t<div class=\"elementor-post__text\">\n\t\t\t\t<h3 class=\"elementor-post__title\">\n\t\t\t<a href=\"https:\/\/ibercenter.com\/en\/best-virtual-offices\/\" >\n\t\t\t\tBest virtual offices in Madrid: The flexible solution for your company\t\t\t<\/a>\n\t\t<\/h3>\n\t\t\n\t\t<a class=\"elementor-post__read-more\" href=\"https:\/\/ibercenter.com\/en\/best-virtual-offices\/\" aria-label=\"Read more about Best virtual offices in Madrid: The flexible solution for your company\" tabindex=\"-1\" >\n\t\t\tMore Info \u00bb\t\t<\/a>\n\n\t\t\t\t<\/div>\n\t\t\t\t<div class=\"elementor-post__meta-data\">\n\t\t\t\t\t<span class=\"elementor-post-date\">\n\t\t\t20 de June de 2025\t\t<\/span>\n\t\t\t\t<span class=\"elementor-post-avatar\">\n\t\t\tNo Comments\t\t<\/span>\n\t\t\t\t<\/div>\n\t\t\t\t\t<\/div>\n\t\t<\/article>\n\t\t\t\t<article class=\"elementor-post elementor-grid-item post-31736 post type-post status-publish format-standard has-post-thumbnail hentry category-sin-categorizar\" role=\"listitem\">\n\t\t\t<div class=\"elementor-post__card\">\n\t\t\t\t<a class=\"elementor-post__thumbnail__link\" href=\"https:\/\/ibercenter.com\/en\/choose-the-best-furniture-for-your-office\/\" tabindex=\"-1\" ><div class=\"elementor-post__thumbnail\"><img loading=\"lazy\" decoding=\"async\" width=\"2560\" height=\"1440\" src=\"https:\/\/ibercenter.com\/wp-content\/uploads\/2025\/06\/Desp.-17-2-scaled-2.jpg\" class=\"attachment-full size-full wp-image-31739\" alt=\"choose the best furniture for your office\" srcset=\"https:\/\/ibercenter.com\/wp-content\/uploads\/2025\/06\/Desp.-17-2-scaled-2.jpg 2560w, https:\/\/ibercenter.com\/wp-content\/uploads\/2025\/06\/Desp.-17-2-scaled-2-300x169.jpg 300w, https:\/\/ibercenter.com\/wp-content\/uploads\/2025\/06\/Desp.-17-2-scaled-2-1024x576.jpg 1024w, https:\/\/ibercenter.com\/wp-content\/uploads\/2025\/06\/Desp.-17-2-scaled-2-768x432.jpg 768w, https:\/\/ibercenter.com\/wp-content\/uploads\/2025\/06\/Desp.-17-2-scaled-2-1536x864.jpg 1536w, https:\/\/ibercenter.com\/wp-content\/uploads\/2025\/06\/Desp.-17-2-scaled-2-2048x1152.jpg 2048w\" sizes=\"(max-width: 2560px) 100vw, 2560px\" \/><\/div><\/a>\n\t\t\t\t<div class=\"elementor-post__badge\">Negocios<\/div>\n\t\t\t\t<div class=\"elementor-post__text\">\n\t\t\t\t<h3 class=\"elementor-post__title\">\n\t\t\t<a href=\"https:\/\/ibercenter.com\/en\/choose-the-best-furniture-for-your-office\/\" >\n\t\t\t\tHow to choose the best furniture for your office?\t\t\t<\/a>\n\t\t<\/h3>\n\t\t\n\t\t<a class=\"elementor-post__read-more\" href=\"https:\/\/ibercenter.com\/en\/choose-the-best-furniture-for-your-office\/\" aria-label=\"Read more about How to choose the best furniture for your office?\" tabindex=\"-1\" >\n\t\t\tMore Info \u00bb\t\t<\/a>\n\n\t\t\t\t<\/div>\n\t\t\t\t<div class=\"elementor-post__meta-data\">\n\t\t\t\t\t<span class=\"elementor-post-date\">\n\t\t\t19 de June de 2025\t\t<\/span>\n\t\t\t\t<span class=\"elementor-post-avatar\">\n\t\t\tNo Comments\t\t<\/span>\n\t\t\t\t<\/div>\n\t\t\t\t\t<\/div>\n\t\t<\/article>\n\t\t\t\t<article class=\"elementor-post elementor-grid-item post-31609 post type-post status-publish format-standard has-post-thumbnail hentry\" role=\"listitem\">\n\t\t\t<div class=\"elementor-post__card\">\n\t\t\t\t<a class=\"elementor-post__thumbnail__link\" href=\"https:\/\/ibercenter.com\/en\/meeting-rooms-in-madrid\/\" tabindex=\"-1\" ><div class=\"elementor-post__thumbnail\"><img loading=\"lazy\" decoding=\"async\" width=\"2560\" height=\"1440\" src=\"https:\/\/ibercenter.com\/wp-content\/uploads\/2025\/06\/FORMATO_REUNION_6_20.09.24-scaled-2.jpg\" class=\"attachment-full size-full wp-image-31599\" alt=\"Sala de Reuni\u00f3n en Madrid\" srcset=\"https:\/\/ibercenter.com\/wp-content\/uploads\/2025\/06\/FORMATO_REUNION_6_20.09.24-scaled-2.jpg 2560w, https:\/\/ibercenter.com\/wp-content\/uploads\/2025\/06\/FORMATO_REUNION_6_20.09.24-scaled-2-300x169.jpg 300w, https:\/\/ibercenter.com\/wp-content\/uploads\/2025\/06\/FORMATO_REUNION_6_20.09.24-scaled-2-1024x576.jpg 1024w, https:\/\/ibercenter.com\/wp-content\/uploads\/2025\/06\/FORMATO_REUNION_6_20.09.24-scaled-2-768x432.jpg 768w, https:\/\/ibercenter.com\/wp-content\/uploads\/2025\/06\/FORMATO_REUNION_6_20.09.24-scaled-2-1536x864.jpg 1536w, https:\/\/ibercenter.com\/wp-content\/uploads\/2025\/06\/FORMATO_REUNION_6_20.09.24-scaled-2-2048x1152.jpg 2048w\" sizes=\"(max-width: 2560px) 100vw, 2560px\" \/><\/div><\/a>\n\t\t\t\t<div class=\"elementor-post__text\">\n\t\t\t\t<h3 class=\"elementor-post__title\">\n\t\t\t<a href=\"https:\/\/ibercenter.com\/en\/meeting-rooms-in-madrid\/\" >\n\t\t\t\tThe 10 best meeting rooms in Madrid [Guide 2025].\t\t\t<\/a>\n\t\t<\/h3>\n\t\t\n\t\t<a class=\"elementor-post__read-more\" href=\"https:\/\/ibercenter.com\/en\/meeting-rooms-in-madrid\/\" aria-label=\"Read more about The 10 best meeting rooms in Madrid [Guide 2025].\" tabindex=\"-1\" >\n\t\t\tMore Info \u00bb\t\t<\/a>\n\n\t\t\t\t<\/div>\n\t\t\t\t<div class=\"elementor-post__meta-data\">\n\t\t\t\t\t<span class=\"elementor-post-date\">\n\t\t\t16 de June de 2025\t\t<\/span>\n\t\t\t\t<span class=\"elementor-post-avatar\">\n\t\t\tNo Comments\t\t<\/span>\n\t\t\t\t<\/div>\n\t\t\t\t\t<\/div>\n\t\t<\/article>\n\t\t\t\t<article class=\"elementor-post elementor-grid-item post-31604 post type-post status-publish format-standard has-post-thumbnail hentry category-non-classifiee tag-coworking tag-office-renting tag-sala-de-formacion\" role=\"listitem\">\n\t\t\t<div class=\"elementor-post__card\">\n\t\t\t\t<a class=\"elementor-post__thumbnail__link\" href=\"https:\/\/ibercenter.com\/en\/startups-in-spain\/\" tabindex=\"-1\" ><div class=\"elementor-post__thumbnail\"><img loading=\"lazy\" decoding=\"async\" width=\"1000\" height=\"563\" src=\"https:\/\/ibercenter.com\/wp-content\/uploads\/2025\/06\/La-situacion-de-las-startups-en-Espana.jpg\" class=\"attachment-full size-full wp-image-31439\" alt=\"La situaci\u00f3n de las startups en Espa\u00f1a\" srcset=\"https:\/\/ibercenter.com\/wp-content\/uploads\/2025\/06\/La-situacion-de-las-startups-en-Espana.jpg 1000w, https:\/\/ibercenter.com\/wp-content\/uploads\/2025\/06\/La-situacion-de-las-startups-en-Espana-300x169.jpg 300w, https:\/\/ibercenter.com\/wp-content\/uploads\/2025\/06\/La-situacion-de-las-startups-en-Espana-768x432.jpg 768w\" sizes=\"(max-width: 1000px) 100vw, 1000px\" \/><\/div><\/a>\n\t\t\t\t<div class=\"elementor-post__badge\">Corporative<\/div>\n\t\t\t\t<div class=\"elementor-post__text\">\n\t\t\t\t<h3 class=\"elementor-post__title\">\n\t\t\t<a href=\"https:\/\/ibercenter.com\/en\/startups-in-spain\/\" >\n\t\t\t\tThe situation of startups in Spain\t\t\t<\/a>\n\t\t<\/h3>\n\t\t\n\t\t<a class=\"elementor-post__read-more\" href=\"https:\/\/ibercenter.com\/en\/startups-in-spain\/\" aria-label=\"Read more about The situation of startups in Spain\" tabindex=\"-1\" >\n\t\t\tMore Info \u00bb\t\t<\/a>\n\n\t\t\t\t<\/div>\n\t\t\t\t<div class=\"elementor-post__meta-data\">\n\t\t\t\t\t<span class=\"elementor-post-date\">\n\t\t\t11 de June de 2025\t\t<\/span>\n\t\t\t\t<span class=\"elementor-post-avatar\">\n\t\t\tNo Comments\t\t<\/span>\n\t\t\t\t<\/div>\n\t\t\t\t\t<\/div>\n\t\t<\/article>\n\t\t\t\t<article class=\"elementor-post elementor-grid-item post-31392 post type-post status-publish format-standard has-post-thumbnail hentry category-non-classifiee\" role=\"listitem\">\n\t\t\t<div class=\"elementor-post__card\">\n\t\t\t\t<a class=\"elementor-post__thumbnail__link\" href=\"https:\/\/ibercenter.com\/en\/the-top-10-coworking-spaces-in-madrid-and-why-ibercenter-is-the-number-1\/\" tabindex=\"-1\" ><div class=\"elementor-post__thumbnail\"><img loading=\"lazy\" decoding=\"async\" width=\"708\" height=\"491\" src=\"https:\/\/ibercenter.com\/wp-content\/uploads\/2025\/05\/image-5.jpeg\" class=\"attachment-full size-full wp-image-30012\" alt=\"\" srcset=\"https:\/\/ibercenter.com\/wp-content\/uploads\/2025\/05\/image-5.jpeg 708w, https:\/\/ibercenter.com\/wp-content\/uploads\/2025\/05\/image-5-300x208.jpeg 300w\" sizes=\"(max-width: 708px) 100vw, 708px\" \/><\/div><\/a>\n\t\t\t\t<div class=\"elementor-post__badge\">Corporative<\/div>\n\t\t\t\t<div class=\"elementor-post__text\">\n\t\t\t\t<h3 class=\"elementor-post__title\">\n\t\t\t<a href=\"https:\/\/ibercenter.com\/en\/the-top-10-coworking-spaces-in-madrid-and-why-ibercenter-is-the-number-1\/\" >\n\t\t\t\tThe Top 10 Coworking Spaces in Madrid (and Why Ibercenter is the number 1)\t\t\t<\/a>\n\t\t<\/h3>\n\t\t\n\t\t<a class=\"elementor-post__read-more\" href=\"https:\/\/ibercenter.com\/en\/the-top-10-coworking-spaces-in-madrid-and-why-ibercenter-is-the-number-1\/\" aria-label=\"Read more about The Top 10 Coworking Spaces in Madrid (and Why Ibercenter is the number 1)\" tabindex=\"-1\" >\n\t\t\tMore Info \u00bb\t\t<\/a>\n\n\t\t\t\t<\/div>\n\t\t\t\t<div class=\"elementor-post__meta-data\">\n\t\t\t\t\t<span class=\"elementor-post-date\">\n\t\t\t9 de June de 2025\t\t<\/span>\n\t\t\t\t<span class=\"elementor-post-avatar\">\n\t\t\tNo Comments\t\t<\/span>\n\t\t\t\t<\/div>\n\t\t\t\t\t<\/div>\n\t\t<\/article>\n\t\t\t\t<article class=\"elementor-post elementor-grid-item post-31211 post type-post status-publish format-standard has-post-thumbnail hentry\" role=\"listitem\">\n\t\t\t<div class=\"elementor-post__card\">\n\t\t\t\t<a class=\"elementor-post__thumbnail__link\" href=\"https:\/\/ibercenter.com\/en\/is-there-a-housing-market-bubble-in-2025\/\" tabindex=\"-1\" ><div class=\"elementor-post__thumbnail\"><img loading=\"lazy\" decoding=\"async\" width=\"679\" height=\"679\" src=\"https:\/\/ibercenter.com\/wp-content\/uploads\/2025\/06\/image.jpeg\" class=\"attachment-full size-full wp-image-31212\" alt=\"housing market bubble\" srcset=\"https:\/\/ibercenter.com\/wp-content\/uploads\/2025\/06\/image.jpeg 679w, https:\/\/ibercenter.com\/wp-content\/uploads\/2025\/06\/image-300x300.jpeg 300w, https:\/\/ibercenter.com\/wp-content\/uploads\/2025\/06\/image-150x150.jpeg 150w\" sizes=\"(max-width: 679px) 100vw, 679px\" \/><\/div><\/a>\n\t\t\t\t<div class=\"elementor-post__text\">\n\t\t\t\t<h3 class=\"elementor-post__title\">\n\t\t\t<a href=\"https:\/\/ibercenter.com\/en\/is-there-a-housing-market-bubble-in-2025\/\" >\n\t\t\t\tIs there a housing market bubble in 2025?\t\t\t<\/a>\n\t\t<\/h3>\n\t\t\n\t\t<a class=\"elementor-post__read-more\" href=\"https:\/\/ibercenter.com\/en\/is-there-a-housing-market-bubble-in-2025\/\" aria-label=\"Read more about Is there a housing market bubble in 2025?\" tabindex=\"-1\" >\n\t\t\tMore Info \u00bb\t\t<\/a>\n\n\t\t\t\t<\/div>\n\t\t\t\t<div class=\"elementor-post__meta-data\">\n\t\t\t\t\t<span class=\"elementor-post-date\">\n\t\t\t6 de June de 2025\t\t<\/span>\n\t\t\t\t<span class=\"elementor-post-avatar\">\n\t\t\tNo Comments\t\t<\/span>\n\t\t\t\t<\/div>\n\t\t\t\t\t<\/div>\n\t\t<\/article>\n\t\t\t\t<article class=\"elementor-post elementor-grid-item post-31148 post type-post status-publish format-standard has-post-thumbnail hentry\" role=\"listitem\">\n\t\t\t<div class=\"elementor-post__card\">\n\t\t\t\t<a class=\"elementor-post__thumbnail__link\" href=\"https:\/\/ibercenter.com\/en\/google-reviews\/\" tabindex=\"-1\" ><div class=\"elementor-post__thumbnail\"><img loading=\"lazy\" decoding=\"async\" width=\"1000\" height=\"500\" src=\"https:\/\/ibercenter.com\/wp-content\/uploads\/2025\/05\/Resenas-de-Google-3-1.png\" class=\"attachment-full size-full wp-image-31143\" alt=\"Rese\u00f1as de Google\" srcset=\"https:\/\/ibercenter.com\/wp-content\/uploads\/2025\/05\/Resenas-de-Google-3-1.png 1000w, https:\/\/ibercenter.com\/wp-content\/uploads\/2025\/05\/Resenas-de-Google-3-1-300x150.png 300w, https:\/\/ibercenter.com\/wp-content\/uploads\/2025\/05\/Resenas-de-Google-3-1-768x384.png 768w\" sizes=\"(max-width: 1000px) 100vw, 1000px\" \/><\/div><\/a>\n\t\t\t\t<div class=\"elementor-post__text\">\n\t\t\t\t<h3 class=\"elementor-post__title\">\n\t\t\t<a href=\"https:\/\/ibercenter.com\/en\/google-reviews\/\" >\n\t\t\t\tGoogle Reviews: Why They&#8217;re Key to Your Business&#8217;s Success\t\t\t<\/a>\n\t\t<\/h3>\n\t\t\n\t\t<a class=\"elementor-post__read-more\" href=\"https:\/\/ibercenter.com\/en\/google-reviews\/\" aria-label=\"Read more about Google Reviews: Why They&#8217;re Key to Your Business&#8217;s Success\" tabindex=\"-1\" >\n\t\t\tMore Info \u00bb\t\t<\/a>\n\n\t\t\t\t<\/div>\n\t\t\t\t<div class=\"elementor-post__meta-data\">\n\t\t\t\t\t<span class=\"elementor-post-date\">\n\t\t\t29 de May de 2025\t\t<\/span>\n\t\t\t\t<span class=\"elementor-post-avatar\">\n\t\t\tNo Comments\t\t<\/span>\n\t\t\t\t<\/div>\n\t\t\t\t\t<\/div>\n\t\t<\/article>\n\t\t\t\t<article class=\"elementor-post elementor-grid-item post-31088 post type-post status-publish format-standard has-post-thumbnail hentry\" role=\"listitem\">\n\t\t\t<div class=\"elementor-post__card\">\n\t\t\t\t<a class=\"elementor-post__thumbnail__link\" href=\"https:\/\/ibercenter.com\/en\/what-to-study-in-2025\/\" tabindex=\"-1\" ><div class=\"elementor-post__thumbnail\"><img loading=\"lazy\" decoding=\"async\" width=\"1000\" height=\"668\" src=\"https:\/\/ibercenter.com\/wp-content\/uploads\/2025\/05\/Que-estudiar-en-2025.jpg\" class=\"attachment-full size-full wp-image-31084\" alt=\"\u00bfQu\u00e9 estudiar en 2025?\" srcset=\"https:\/\/ibercenter.com\/wp-content\/uploads\/2025\/05\/Que-estudiar-en-2025.jpg 1000w, https:\/\/ibercenter.com\/wp-content\/uploads\/2025\/05\/Que-estudiar-en-2025-300x200.jpg 300w, https:\/\/ibercenter.com\/wp-content\/uploads\/2025\/05\/Que-estudiar-en-2025-768x513.jpg 768w\" sizes=\"(max-width: 1000px) 100vw, 1000px\" \/><\/div><\/a>\n\t\t\t\t<div class=\"elementor-post__text\">\n\t\t\t\t<h3 class=\"elementor-post__title\">\n\t\t\t<a href=\"https:\/\/ibercenter.com\/en\/what-to-study-in-2025\/\" >\n\t\t\t\tWhat to study in 2025?\t\t\t<\/a>\n\t\t<\/h3>\n\t\t\n\t\t<a class=\"elementor-post__read-more\" href=\"https:\/\/ibercenter.com\/en\/what-to-study-in-2025\/\" aria-label=\"Read more about What to study in 2025?\" tabindex=\"-1\" >\n\t\t\tMore Info \u00bb\t\t<\/a>\n\n\t\t\t\t<\/div>\n\t\t\t\t<div class=\"elementor-post__meta-data\">\n\t\t\t\t\t<span class=\"elementor-post-date\">\n\t\t\t28 de May de 2025\t\t<\/span>\n\t\t\t\t<span class=\"elementor-post-avatar\">\n\t\t\tNo Comments\t\t<\/span>\n\t\t\t\t<\/div>\n\t\t\t\t\t<\/div>\n\t\t<\/article>\n\t\t\t\t<article class=\"elementor-post elementor-grid-item post-30827 post type-post status-publish format-standard has-post-thumbnail hentry category-non-classifiee\" role=\"listitem\">\n\t\t\t<div class=\"elementor-post__card\">\n\t\t\t\t<a class=\"elementor-post__thumbnail__link\" href=\"https:\/\/ibercenter.com\/en\/paseo-de-la-castellana-2\/\" tabindex=\"-1\" ><div class=\"elementor-post__thumbnail\"><img loading=\"lazy\" decoding=\"async\" width=\"1000\" height=\"500\" src=\"https:\/\/ibercenter.com\/wp-content\/uploads\/2025\/05\/PASEO-DE-LA-CASTELLANA-3-1.png\" class=\"attachment-full size-full wp-image-30605\" alt=\"PASEO DE LA CASTELLANA\" srcset=\"https:\/\/ibercenter.com\/wp-content\/uploads\/2025\/05\/PASEO-DE-LA-CASTELLANA-3-1.png 1000w, https:\/\/ibercenter.com\/wp-content\/uploads\/2025\/05\/PASEO-DE-LA-CASTELLANA-3-1-300x150.png 300w, https:\/\/ibercenter.com\/wp-content\/uploads\/2025\/05\/PASEO-DE-LA-CASTELLANA-3-1-768x384.png 768w\" sizes=\"(max-width: 1000px) 100vw, 1000px\" \/><\/div><\/a>\n\t\t\t\t<div class=\"elementor-post__badge\">Corporative<\/div>\n\t\t\t\t<div class=\"elementor-post__text\">\n\t\t\t\t<h3 class=\"elementor-post__title\">\n\t\t\t<a href=\"https:\/\/ibercenter.com\/en\/paseo-de-la-castellana-2\/\" >\n\t\t\t\tBenefits of locating your company on Paseo de la Castellana (and why Ibercenter is the best example)\t\t\t<\/a>\n\t\t<\/h3>\n\t\t\n\t\t<a class=\"elementor-post__read-more\" href=\"https:\/\/ibercenter.com\/en\/paseo-de-la-castellana-2\/\" aria-label=\"Read more about Benefits of locating your company on Paseo de la Castellana (and why Ibercenter is the best example)\" tabindex=\"-1\" >\n\t\t\tMore Info \u00bb\t\t<\/a>\n\n\t\t\t\t<\/div>\n\t\t\t\t<div class=\"elementor-post__meta-data\">\n\t\t\t\t\t<span class=\"elementor-post-date\">\n\t\t\t22 de May de 2025\t\t<\/span>\n\t\t\t\t<span class=\"elementor-post-avatar\">\n\t\t\tNo Comments\t\t<\/span>\n\t\t\t\t<\/div>\n\t\t\t\t\t<\/div>\n\t\t<\/article>\n\t\t\t\t<article class=\"elementor-post elementor-grid-item post-30591 post type-post status-publish format-standard has-post-thumbnail hentry category-non-classifiee\" role=\"listitem\">\n\t\t\t<div class=\"elementor-post__card\">\n\t\t\t\t<a class=\"elementor-post__thumbnail__link\" href=\"https:\/\/ibercenter.com\/en\/google-maps-2\/\" tabindex=\"-1\" ><div class=\"elementor-post__thumbnail\"><img loading=\"lazy\" decoding=\"async\" width=\"1000\" height=\"667\" src=\"https:\/\/ibercenter.com\/wp-content\/uploads\/2025\/05\/ibercenter-google-maps.jpg\" class=\"attachment-full size-full wp-image-30372\" alt=\"google maps ibercenter\" srcset=\"https:\/\/ibercenter.com\/wp-content\/uploads\/2025\/05\/ibercenter-google-maps.jpg 1000w, https:\/\/ibercenter.com\/wp-content\/uploads\/2025\/05\/ibercenter-google-maps-300x200.jpg 300w, https:\/\/ibercenter.com\/wp-content\/uploads\/2025\/05\/ibercenter-google-maps-768x512.jpg 768w\" sizes=\"(max-width: 1000px) 100vw, 1000px\" \/><\/div><\/a>\n\t\t\t\t<div class=\"elementor-post__badge\">Corporative<\/div>\n\t\t\t\t<div class=\"elementor-post__text\">\n\t\t\t\t<h3 class=\"elementor-post__title\">\n\t\t\t<a href=\"https:\/\/ibercenter.com\/en\/google-maps-2\/\" >\n\t\t\t\tThe usefulness of Google Maps to take care of the brand image of a business\t\t\t<\/a>\n\t\t<\/h3>\n\t\t\n\t\t<a class=\"elementor-post__read-more\" href=\"https:\/\/ibercenter.com\/en\/google-maps-2\/\" aria-label=\"Read more about The usefulness of Google Maps to take care of the brand image of a business\" tabindex=\"-1\" >\n\t\t\tMore Info \u00bb\t\t<\/a>\n\n\t\t\t\t<\/div>\n\t\t\t\t<div class=\"elementor-post__meta-data\">\n\t\t\t\t\t<span class=\"elementor-post-date\">\n\t\t\t21 de May de 2025\t\t<\/span>\n\t\t\t\t<span class=\"elementor-post-avatar\">\n\t\t\tNo Comments\t\t<\/span>\n\t\t\t\t<\/div>\n\t\t\t\t\t<\/div>\n\t\t<\/article>\n\t\t\t\t<article class=\"elementor-post elementor-grid-item post-30131 post type-post status-publish format-standard has-post-thumbnail hentry\" role=\"listitem\">\n\t\t\t<div class=\"elementor-post__card\">\n\t\t\t\t<a class=\"elementor-post__thumbnail__link\" href=\"https:\/\/ibercenter.com\/en\/company-in-gran-via\/\" tabindex=\"-1\" ><div class=\"elementor-post__thumbnail\"><img loading=\"lazy\" decoding=\"async\" width=\"1000\" height=\"500\" src=\"https:\/\/ibercenter.com\/wp-content\/uploads\/2025\/05\/gran-via.png\" class=\"attachment-full size-full wp-image-30157\" alt=\"gran v\u00eda\" srcset=\"https:\/\/ibercenter.com\/wp-content\/uploads\/2025\/05\/gran-via.png 1000w, https:\/\/ibercenter.com\/wp-content\/uploads\/2025\/05\/gran-via-300x150.png 300w, https:\/\/ibercenter.com\/wp-content\/uploads\/2025\/05\/gran-via-768x384.png 768w\" sizes=\"(max-width: 1000px) 100vw, 1000px\" \/><\/div><\/a>\n\t\t\t\t<div class=\"elementor-post__text\">\n\t\t\t\t<h3 class=\"elementor-post__title\">\n\t\t\t<a href=\"https:\/\/ibercenter.com\/en\/company-in-gran-via\/\" >\n\t\t\t\tBenefits of locating your company in Gran V\u00eda\t\t\t<\/a>\n\t\t<\/h3>\n\t\t\n\t\t<a class=\"elementor-post__read-more\" href=\"https:\/\/ibercenter.com\/en\/company-in-gran-via\/\" aria-label=\"Read more about Benefits of locating your company in Gran V\u00eda\" tabindex=\"-1\" >\n\t\t\tMore Info \u00bb\t\t<\/a>\n\n\t\t\t\t<\/div>\n\t\t\t\t<div class=\"elementor-post__meta-data\">\n\t\t\t\t\t<span class=\"elementor-post-date\">\n\t\t\t14 de May de 2025\t\t<\/span>\n\t\t\t\t<span class=\"elementor-post-avatar\">\n\t\t\tNo Comments\t\t<\/span>\n\t\t\t\t<\/div>\n\t\t\t\t\t<\/div>\n\t\t<\/article>\n\t\t\t\t<article class=\"elementor-post elementor-grid-item post-30194 post type-post status-publish format-standard has-post-thumbnail hentry category-sin-categorizar\" role=\"listitem\">\n\t\t\t<div class=\"elementor-post__card\">\n\t\t\t\t<a class=\"elementor-post__thumbnail__link\" href=\"https:\/\/ibercenter.com\/en\/natural-light-in-the-office\/\" tabindex=\"-1\" ><div class=\"elementor-post__thumbnail\"><img loading=\"lazy\" decoding=\"async\" width=\"1000\" height=\"500\" src=\"https:\/\/ibercenter.com\/wp-content\/uploads\/2025\/05\/Luz-natural-1.png\" class=\"attachment-full size-full wp-image-30177\" alt=\"Luz Natural en la oficina\" srcset=\"https:\/\/ibercenter.com\/wp-content\/uploads\/2025\/05\/Luz-natural-1.png 1000w, https:\/\/ibercenter.com\/wp-content\/uploads\/2025\/05\/Luz-natural-1-300x150.png 300w, https:\/\/ibercenter.com\/wp-content\/uploads\/2025\/05\/Luz-natural-1-768x384.png 768w\" sizes=\"(max-width: 1000px) 100vw, 1000px\" \/><\/div><\/a>\n\t\t\t\t<div class=\"elementor-post__badge\">Negocios<\/div>\n\t\t\t\t<div class=\"elementor-post__text\">\n\t\t\t\t<h3 class=\"elementor-post__title\">\n\t\t\t<a href=\"https:\/\/ibercenter.com\/en\/natural-light-in-the-office\/\" >\n\t\t\t\tNatural light in the office: key to productivity and wellbeing\t\t\t<\/a>\n\t\t<\/h3>\n\t\t\n\t\t<a class=\"elementor-post__read-more\" href=\"https:\/\/ibercenter.com\/en\/natural-light-in-the-office\/\" aria-label=\"Read more about Natural light in the office: key to productivity and wellbeing\" tabindex=\"-1\" >\n\t\t\tMore Info \u00bb\t\t<\/a>\n\n\t\t\t\t<\/div>\n\t\t\t\t<div class=\"elementor-post__meta-data\">\n\t\t\t\t\t<span class=\"elementor-post-date\">\n\t\t\t13 de May de 2025\t\t<\/span>\n\t\t\t\t<span class=\"elementor-post-avatar\">\n\t\t\tNo Comments\t\t<\/span>\n\t\t\t\t<\/div>\n\t\t\t\t\t<\/div>\n\t\t<\/article>\n\t\t\t\t<article class=\"elementor-post elementor-grid-item post-30011 post type-post status-publish format-standard has-post-thumbnail hentry category-non-classifiee\" role=\"listitem\">\n\t\t\t<div class=\"elementor-post__card\">\n\t\t\t\t<a class=\"elementor-post__thumbnail__link\" href=\"https:\/\/ibercenter.com\/en\/benefits-of-locating-your-company-in-azca\/\" tabindex=\"-1\" ><div class=\"elementor-post__thumbnail\"><img loading=\"lazy\" decoding=\"async\" width=\"708\" height=\"472\" src=\"https:\/\/ibercenter.com\/wp-content\/uploads\/2025\/05\/image-4.jpeg\" class=\"attachment-full size-full wp-image-30005\" alt=\"AZCA\" srcset=\"https:\/\/ibercenter.com\/wp-content\/uploads\/2025\/05\/image-4.jpeg 708w, https:\/\/ibercenter.com\/wp-content\/uploads\/2025\/05\/image-4-300x200.jpeg 300w\" sizes=\"(max-width: 708px) 100vw, 708px\" \/><\/div><\/a>\n\t\t\t\t<div class=\"elementor-post__badge\">Corporative<\/div>\n\t\t\t\t<div class=\"elementor-post__text\">\n\t\t\t\t<h3 class=\"elementor-post__title\">\n\t\t\t<a href=\"https:\/\/ibercenter.com\/en\/benefits-of-locating-your-company-in-azca\/\" >\n\t\t\t\t8 benefits of locating your company in AZCA: the financial heart of Madrid\t\t\t<\/a>\n\t\t<\/h3>\n\t\t\n\t\t<a class=\"elementor-post__read-more\" href=\"https:\/\/ibercenter.com\/en\/benefits-of-locating-your-company-in-azca\/\" aria-label=\"Read more about 8 benefits of locating your company in AZCA: the financial heart of Madrid\" tabindex=\"-1\" >\n\t\t\tMore Info \u00bb\t\t<\/a>\n\n\t\t\t\t<\/div>\n\t\t\t\t<div class=\"elementor-post__meta-data\">\n\t\t\t\t\t<span class=\"elementor-post-date\">\n\t\t\t8 de May de 2025\t\t<\/span>\n\t\t\t\t<span class=\"elementor-post-avatar\">\n\t\t\tNo Comments\t\t<\/span>\n\t\t\t\t<\/div>\n\t\t\t\t\t<\/div>\n\t\t<\/article>\n\t\t\t\t<article class=\"elementor-post elementor-grid-item post-30021 post type-post status-publish format-standard has-post-thumbnail hentry\" role=\"listitem\">\n\t\t\t<div class=\"elementor-post__card\">\n\t\t\t\t<a class=\"elementor-post__thumbnail__link\" href=\"https:\/\/ibercenter.com\/en\/corporate-image\/\" tabindex=\"-1\" ><div class=\"elementor-post__thumbnail\"><img loading=\"lazy\" decoding=\"async\" width=\"1000\" height=\"667\" src=\"https:\/\/ibercenter.com\/wp-content\/uploads\/2025\/05\/Como-tu-imagen-corporativa-puede-ayudarte-a-crecer.jpg\" class=\"attachment-full size-full wp-image-29873\" alt=\"Como tu imagen corporativa puede ayudarte a crecer\" srcset=\"https:\/\/ibercenter.com\/wp-content\/uploads\/2025\/05\/Como-tu-imagen-corporativa-puede-ayudarte-a-crecer.jpg 1000w, https:\/\/ibercenter.com\/wp-content\/uploads\/2025\/05\/Como-tu-imagen-corporativa-puede-ayudarte-a-crecer-300x200.jpg 300w, https:\/\/ibercenter.com\/wp-content\/uploads\/2025\/05\/Como-tu-imagen-corporativa-puede-ayudarte-a-crecer-768x512.jpg 768w\" sizes=\"(max-width: 1000px) 100vw, 1000px\" \/><\/div><\/a>\n\t\t\t\t<div class=\"elementor-post__text\">\n\t\t\t\t<h3 class=\"elementor-post__title\">\n\t\t\t<a href=\"https:\/\/ibercenter.com\/en\/corporate-image\/\" >\n\t\t\t\tHow your corporate image can help you grow\t\t\t<\/a>\n\t\t<\/h3>\n\t\t\n\t\t<a class=\"elementor-post__read-more\" href=\"https:\/\/ibercenter.com\/en\/corporate-image\/\" aria-label=\"Read more about How your corporate image can help you grow\" tabindex=\"-1\" >\n\t\t\tMore Info \u00bb\t\t<\/a>\n\n\t\t\t\t<\/div>\n\t\t\t\t<div class=\"elementor-post__meta-data\">\n\t\t\t\t\t<span class=\"elementor-post-date\">\n\t\t\t6 de May de 2025\t\t<\/span>\n\t\t\t\t<span class=\"elementor-post-avatar\">\n\t\t\tNo Comments\t\t<\/span>\n\t\t\t\t<\/div>\n\t\t\t\t\t<\/div>\n\t\t<\/article>\n\t\t\t\t<article class=\"elementor-post elementor-grid-item post-29818 post type-post status-publish format-standard has-post-thumbnail hentry\" role=\"listitem\">\n\t\t\t<div class=\"elementor-post__card\">\n\t\t\t\t<a class=\"elementor-post__thumbnail__link\" href=\"https:\/\/ibercenter.com\/en\/blackout-of-2025\/\" tabindex=\"-1\" ><div class=\"elementor-post__thumbnail\"><img loading=\"lazy\" decoding=\"async\" width=\"1000\" height=\"667\" src=\"https:\/\/ibercenter.com\/wp-content\/uploads\/2025\/04\/apagon-madrid.jpg\" class=\"attachment-full size-full wp-image-29799\" alt=\"apagon madrid Domiciliaci\u00f3n de empresas en Madrid\" srcset=\"https:\/\/ibercenter.com\/wp-content\/uploads\/2025\/04\/apagon-madrid.jpg 1000w, https:\/\/ibercenter.com\/wp-content\/uploads\/2025\/04\/apagon-madrid-300x200.jpg 300w, https:\/\/ibercenter.com\/wp-content\/uploads\/2025\/04\/apagon-madrid-768x512.jpg 768w\" sizes=\"(max-width: 1000px) 100vw, 1000px\" \/><\/div><\/a>\n\t\t\t\t<div class=\"elementor-post__text\">\n\t\t\t\t<h3 class=\"elementor-post__title\">\n\t\t\t<a href=\"https:\/\/ibercenter.com\/en\/blackout-of-2025\/\" >\n\t\t\t\tThe Great Blackout of 2025\t\t\t<\/a>\n\t\t<\/h3>\n\t\t\n\t\t<a class=\"elementor-post__read-more\" href=\"https:\/\/ibercenter.com\/en\/blackout-of-2025\/\" aria-label=\"Read more about The Great Blackout of 2025\" tabindex=\"-1\" >\n\t\t\tMore Info \u00bb\t\t<\/a>\n\n\t\t\t\t<\/div>\n\t\t\t\t<div class=\"elementor-post__meta-data\">\n\t\t\t\t\t<span class=\"elementor-post-date\">\n\t\t\t30 de April de 2025\t\t<\/span>\n\t\t\t\t<span class=\"elementor-post-avatar\">\n\t\t\tNo Comments\t\t<\/span>\n\t\t\t\t<\/div>\n\t\t\t\t\t<\/div>\n\t\t<\/article>\n\t\t\t\t<article class=\"elementor-post elementor-grid-item post-30027 post type-post status-publish format-standard has-post-thumbnail hentry\" role=\"listitem\">\n\t\t\t<div class=\"elementor-post__card\">\n\t\t\t\t<a class=\"elementor-post__thumbnail__link\" href=\"https:\/\/ibercenter.com\/en\/personal-branding\/\" tabindex=\"-1\" ><div class=\"elementor-post__thumbnail\"><img loading=\"lazy\" decoding=\"async\" width=\"1000\" height=\"667\" src=\"https:\/\/ibercenter.com\/wp-content\/uploads\/2025\/05\/La-importancia-de-la-marca-personal-en-los-negocios.jpg\" class=\"attachment-full size-full wp-image-29821\" alt=\"La importancia de la marca personal en los negocios\" srcset=\"https:\/\/ibercenter.com\/wp-content\/uploads\/2025\/05\/La-importancia-de-la-marca-personal-en-los-negocios.jpg 1000w, https:\/\/ibercenter.com\/wp-content\/uploads\/2025\/05\/La-importancia-de-la-marca-personal-en-los-negocios-300x200.jpg 300w, https:\/\/ibercenter.com\/wp-content\/uploads\/2025\/05\/La-importancia-de-la-marca-personal-en-los-negocios-768x512.jpg 768w\" sizes=\"(max-width: 1000px) 100vw, 1000px\" \/><\/div><\/a>\n\t\t\t\t<div class=\"elementor-post__text\">\n\t\t\t\t<h3 class=\"elementor-post__title\">\n\t\t\t<a href=\"https:\/\/ibercenter.com\/en\/personal-branding\/\" >\n\t\t\t\tThe importance of personal branding in business\t\t\t<\/a>\n\t\t<\/h3>\n\t\t\n\t\t<a class=\"elementor-post__read-more\" href=\"https:\/\/ibercenter.com\/en\/personal-branding\/\" aria-label=\"Read more about The importance of personal branding in business\" tabindex=\"-1\" >\n\t\t\tMore Info \u00bb\t\t<\/a>\n\n\t\t\t\t<\/div>\n\t\t\t\t<div class=\"elementor-post__meta-data\">\n\t\t\t\t\t<span class=\"elementor-post-date\">\n\t\t\t28 de April de 2025\t\t<\/span>\n\t\t\t\t<span class=\"elementor-post-avatar\">\n\t\t\tNo Comments\t\t<\/span>\n\t\t\t\t<\/div>\n\t\t\t\t\t<\/div>\n\t\t<\/article>\n\t\t\t\t<article class=\"elementor-post elementor-grid-item post-29815 post type-post status-publish format-standard has-post-thumbnail hentry\" role=\"listitem\">\n\t\t\t<div class=\"elementor-post__card\">\n\t\t\t\t<a class=\"elementor-post__thumbnail__link\" href=\"https:\/\/ibercenter.com\/en\/benefits-of-teleworking\/\" tabindex=\"-1\" ><div class=\"elementor-post__thumbnail\"><img loading=\"lazy\" decoding=\"async\" width=\"1000\" height=\"667\" src=\"https:\/\/ibercenter.com\/wp-content\/uploads\/2025\/04\/Los-beneficios-del-teletrabajo.jpg\" class=\"attachment-full size-full wp-image-29755\" alt=\"Los beneficios del teletrabajo\" srcset=\"https:\/\/ibercenter.com\/wp-content\/uploads\/2025\/04\/Los-beneficios-del-teletrabajo.jpg 1000w, https:\/\/ibercenter.com\/wp-content\/uploads\/2025\/04\/Los-beneficios-del-teletrabajo-300x200.jpg 300w, https:\/\/ibercenter.com\/wp-content\/uploads\/2025\/04\/Los-beneficios-del-teletrabajo-768x512.jpg 768w\" sizes=\"(max-width: 1000px) 100vw, 1000px\" \/><\/div><\/a>\n\t\t\t\t<div class=\"elementor-post__text\">\n\t\t\t\t<h3 class=\"elementor-post__title\">\n\t\t\t<a href=\"https:\/\/ibercenter.com\/en\/benefits-of-teleworking\/\" >\n\t\t\t\tThe benefits of teleworking\t\t\t<\/a>\n\t\t<\/h3>\n\t\t\n\t\t<a class=\"elementor-post__read-more\" href=\"https:\/\/ibercenter.com\/en\/benefits-of-teleworking\/\" aria-label=\"Read more about The benefits of teleworking\" tabindex=\"-1\" >\n\t\t\tMore Info \u00bb\t\t<\/a>\n\n\t\t\t\t<\/div>\n\t\t\t\t<div class=\"elementor-post__meta-data\">\n\t\t\t\t\t<span class=\"elementor-post-date\">\n\t\t\t25 de April de 2025\t\t<\/span>\n\t\t\t\t<span class=\"elementor-post-avatar\">\n\t\t\tNo Comments\t\t<\/span>\n\t\t\t\t<\/div>\n\t\t\t\t\t<\/div>\n\t\t<\/article>\n\t\t\t\t<article class=\"elementor-post elementor-grid-item post-29813 post type-post status-publish format-standard has-post-thumbnail hentry\" role=\"listitem\">\n\t\t\t<div class=\"elementor-post__card\">\n\t\t\t\t<a class=\"elementor-post__thumbnail__link\" href=\"https:\/\/ibercenter.com\/en\/digital-nomads\/\" tabindex=\"-1\" ><div class=\"elementor-post__thumbnail\"><img loading=\"lazy\" decoding=\"async\" width=\"1000\" height=\"665\" src=\"https:\/\/ibercenter.com\/wp-content\/uploads\/2025\/04\/Que-son-los-nomadas-digitales.jpg\" class=\"attachment-full size-full wp-image-29284\" alt=\"\u00bfQu\u00e9 son los n\u00f3madas digitales?\" srcset=\"https:\/\/ibercenter.com\/wp-content\/uploads\/2025\/04\/Que-son-los-nomadas-digitales.jpg 1000w, https:\/\/ibercenter.com\/wp-content\/uploads\/2025\/04\/Que-son-los-nomadas-digitales-300x200.jpg 300w, https:\/\/ibercenter.com\/wp-content\/uploads\/2025\/04\/Que-son-los-nomadas-digitales-768x511.jpg 768w\" sizes=\"(max-width: 1000px) 100vw, 1000px\" \/><\/div><\/a>\n\t\t\t\t<div class=\"elementor-post__text\">\n\t\t\t\t<h3 class=\"elementor-post__title\">\n\t\t\t<a href=\"https:\/\/ibercenter.com\/en\/digital-nomads\/\" >\n\t\t\t\tWhat are digital nomads?\t\t\t<\/a>\n\t\t<\/h3>\n\t\t\n\t\t<a class=\"elementor-post__read-more\" href=\"https:\/\/ibercenter.com\/en\/digital-nomads\/\" aria-label=\"Read more about What are digital nomads?\" tabindex=\"-1\" >\n\t\t\tMore Info \u00bb\t\t<\/a>\n\n\t\t\t\t<\/div>\n\t\t\t\t<div class=\"elementor-post__meta-data\">\n\t\t\t\t\t<span class=\"elementor-post-date\">\n\t\t\t23 de April de 2025\t\t<\/span>\n\t\t\t\t<span class=\"elementor-post-avatar\">\n\t\t\tNo Comments\t\t<\/span>\n\t\t\t\t<\/div>\n\t\t\t\t\t<\/div>\n\t\t<\/article>\n\t\t\t\t<article class=\"elementor-post elementor-grid-item post-29805 post type-post status-publish format-standard has-post-thumbnail hentry\" role=\"listitem\">\n\t\t\t<div class=\"elementor-post__card\">\n\t\t\t\t<a class=\"elementor-post__thumbnail__link\" href=\"https:\/\/ibercenter.com\/en\/effective-meetings\/\" tabindex=\"-1\" ><div class=\"elementor-post__thumbnail\"><img loading=\"lazy\" decoding=\"async\" width=\"1000\" height=\"667\" src=\"https:\/\/ibercenter.com\/wp-content\/uploads\/2025\/04\/Organizar-reuniones-efectivas-claves-para-el-exito.jpg\" class=\"attachment-full size-full wp-image-29261\" alt=\"Organizar reuniones efectivas: claves para el \u00e9xito\" srcset=\"https:\/\/ibercenter.com\/wp-content\/uploads\/2025\/04\/Organizar-reuniones-efectivas-claves-para-el-exito.jpg 1000w, https:\/\/ibercenter.com\/wp-content\/uploads\/2025\/04\/Organizar-reuniones-efectivas-claves-para-el-exito-300x200.jpg 300w, https:\/\/ibercenter.com\/wp-content\/uploads\/2025\/04\/Organizar-reuniones-efectivas-claves-para-el-exito-768x512.jpg 768w\" sizes=\"(max-width: 1000px) 100vw, 1000px\" \/><\/div><\/a>\n\t\t\t\t<div class=\"elementor-post__text\">\n\t\t\t\t<h3 class=\"elementor-post__title\">\n\t\t\t<a href=\"https:\/\/ibercenter.com\/en\/effective-meetings\/\" >\n\t\t\t\tOrganising effective meetings: keys to success\t\t\t<\/a>\n\t\t<\/h3>\n\t\t\n\t\t<a class=\"elementor-post__read-more\" href=\"https:\/\/ibercenter.com\/en\/effective-meetings\/\" aria-label=\"Read more about Organising effective meetings: keys to success\" tabindex=\"-1\" >\n\t\t\tMore Info \u00bb\t\t<\/a>\n\n\t\t\t\t<\/div>\n\t\t\t\t<div class=\"elementor-post__meta-data\">\n\t\t\t\t\t<span class=\"elementor-post-date\">\n\t\t\t23 de April de 2025\t\t<\/span>\n\t\t\t\t<span class=\"elementor-post-avatar\">\n\t\t\tNo Comments\t\t<\/span>\n\t\t\t\t<\/div>\n\t\t\t\t\t<\/div>\n\t\t<\/article>\n\t\t\t\t<article class=\"elementor-post elementor-grid-item post-29178 post type-post status-publish format-standard has-post-thumbnail hentry\" role=\"listitem\">\n\t\t\t<div class=\"elementor-post__card\">\n\t\t\t\t<a class=\"elementor-post__thumbnail__link\" href=\"https:\/\/ibercenter.com\/en\/what-are-tariffs\/\" tabindex=\"-1\" ><div class=\"elementor-post__thumbnail\"><img loading=\"lazy\" decoding=\"async\" width=\"1000\" height=\"563\" src=\"https:\/\/ibercenter.com\/wp-content\/uploads\/2025\/04\/ibercenter-aranceles.jpg\" class=\"attachment-full size-full wp-image-29165\" alt=\"ibercenter aranceles\" srcset=\"https:\/\/ibercenter.com\/wp-content\/uploads\/2025\/04\/ibercenter-aranceles.jpg 1000w, https:\/\/ibercenter.com\/wp-content\/uploads\/2025\/04\/ibercenter-aranceles-300x169.jpg 300w, https:\/\/ibercenter.com\/wp-content\/uploads\/2025\/04\/ibercenter-aranceles-768x432.jpg 768w\" sizes=\"(max-width: 1000px) 100vw, 1000px\" \/><\/div><\/a>\n\t\t\t\t<div class=\"elementor-post__text\">\n\t\t\t\t<h3 class=\"elementor-post__title\">\n\t\t\t<a href=\"https:\/\/ibercenter.com\/en\/what-are-tariffs\/\" >\n\t\t\t\tWhat are tariffs and how do they affect us?\t\t\t<\/a>\n\t\t<\/h3>\n\t\t\n\t\t<a class=\"elementor-post__read-more\" href=\"https:\/\/ibercenter.com\/en\/what-are-tariffs\/\" aria-label=\"Read more about What are tariffs and how do they affect us?\" tabindex=\"-1\" >\n\t\t\tMore Info \u00bb\t\t<\/a>\n\n\t\t\t\t<\/div>\n\t\t\t\t<div class=\"elementor-post__meta-data\">\n\t\t\t\t\t<span class=\"elementor-post-date\">\n\t\t\t16 de April de 2025\t\t<\/span>\n\t\t\t\t<span class=\"elementor-post-avatar\">\n\t\t\tNo Comments\t\t<\/span>\n\t\t\t\t<\/div>\n\t\t\t\t\t<\/div>\n\t\t<\/article>\n\t\t\t\t<article class=\"elementor-post elementor-grid-item post-29172 post type-post status-publish format-standard has-post-thumbnail hentry\" role=\"listitem\">\n\t\t\t<div class=\"elementor-post__card\">\n\t\t\t\t<a class=\"elementor-post__thumbnail__link\" href=\"https:\/\/ibercenter.com\/en\/5-artificial-intelligence-tools\/\" tabindex=\"-1\" ><div class=\"elementor-post__thumbnail\"><img loading=\"lazy\" decoding=\"async\" width=\"1000\" height=\"500\" src=\"https:\/\/ibercenter.com\/wp-content\/uploads\/2025\/04\/INTELIGENCIA-ARTIFICIAL-IBERCENTER-2.png\" class=\"attachment-full size-full wp-image-29157\" alt=\"INTELIGENCIA ARTIFICIAL IBERCENTER\" srcset=\"https:\/\/ibercenter.com\/wp-content\/uploads\/2025\/04\/INTELIGENCIA-ARTIFICIAL-IBERCENTER-2.png 1000w, https:\/\/ibercenter.com\/wp-content\/uploads\/2025\/04\/INTELIGENCIA-ARTIFICIAL-IBERCENTER-2-300x150.png 300w, https:\/\/ibercenter.com\/wp-content\/uploads\/2025\/04\/INTELIGENCIA-ARTIFICIAL-IBERCENTER-2-768x384.png 768w\" sizes=\"(max-width: 1000px) 100vw, 1000px\" \/><\/div><\/a>\n\t\t\t\t<div class=\"elementor-post__text\">\n\t\t\t\t<h3 class=\"elementor-post__title\">\n\t\t\t<a href=\"https:\/\/ibercenter.com\/en\/5-artificial-intelligence-tools\/\" >\n\t\t\t\t5 artificial intelligence tools to power your day-to-day life\t\t\t<\/a>\n\t\t<\/h3>\n\t\t\n\t\t<a class=\"elementor-post__read-more\" href=\"https:\/\/ibercenter.com\/en\/5-artificial-intelligence-tools\/\" aria-label=\"Read more about 5 artificial intelligence tools to power your day-to-day life\" tabindex=\"-1\" >\n\t\t\tMore Info \u00bb\t\t<\/a>\n\n\t\t\t\t<\/div>\n\t\t\t\t<div class=\"elementor-post__meta-data\">\n\t\t\t\t\t<span class=\"elementor-post-date\">\n\t\t\t15 de April de 2025\t\t<\/span>\n\t\t\t\t<span class=\"elementor-post-avatar\">\n\t\t\tNo Comments\t\t<\/span>\n\t\t\t\t<\/div>\n\t\t\t\t\t<\/div>\n\t\t<\/article>\n\t\t\t\t<article class=\"elementor-post elementor-grid-item post-29116 post type-post status-publish format-standard has-post-thumbnail hentry\" role=\"listitem\">\n\t\t\t<div class=\"elementor-post__card\">\n\t\t\t\t<a class=\"elementor-post__thumbnail__link\" href=\"https:\/\/ibercenter.com\/en\/how-to-implement-the-design-thinking-methodology\/\" tabindex=\"-1\" ><div class=\"elementor-post__thumbnail\"><img loading=\"lazy\" decoding=\"async\" width=\"709\" height=\"473\" src=\"https:\/\/ibercenter.com\/wp-content\/uploads\/2025\/04\/image-1-1.jpeg\" class=\"attachment-full size-full wp-image-29117\" alt=\"design thinking methodology\" srcset=\"https:\/\/ibercenter.com\/wp-content\/uploads\/2025\/04\/image-1-1.jpeg 709w, https:\/\/ibercenter.com\/wp-content\/uploads\/2025\/04\/image-1-1-300x200.jpeg 300w\" sizes=\"(max-width: 709px) 100vw, 709px\" \/><\/div><\/a>\n\t\t\t\t<div class=\"elementor-post__text\">\n\t\t\t\t<h3 class=\"elementor-post__title\">\n\t\t\t<a href=\"https:\/\/ibercenter.com\/en\/how-to-implement-the-design-thinking-methodology\/\" >\n\t\t\t\tHow to implement the design thinking methodology?\t\t\t<\/a>\n\t\t<\/h3>\n\t\t\n\t\t<a class=\"elementor-post__read-more\" href=\"https:\/\/ibercenter.com\/en\/how-to-implement-the-design-thinking-methodology\/\" aria-label=\"Read more about How to implement the design thinking methodology?\" tabindex=\"-1\" >\n\t\t\tMore Info \u00bb\t\t<\/a>\n\n\t\t\t\t<\/div>\n\t\t\t\t<div class=\"elementor-post__meta-data\">\n\t\t\t\t\t<span class=\"elementor-post-date\">\n\t\t\t9 de April de 2025\t\t<\/span>\n\t\t\t\t<span class=\"elementor-post-avatar\">\n\t\t\tNo Comments\t\t<\/span>\n\t\t\t\t<\/div>\n\t\t\t\t\t<\/div>\n\t\t<\/article>\n\t\t\t\t<article class=\"elementor-post elementor-grid-item post-29146 post type-post status-publish format-standard has-post-thumbnail hentry category-non-classifiee\" role=\"listitem\">\n\t\t\t<div class=\"elementor-post__card\">\n\t\t\t\t<a class=\"elementor-post__thumbnail__link\" href=\"https:\/\/ibercenter.com\/en\/top-8-business-schools-in-madrid-your-guide-to-elite-executive-education\/\" tabindex=\"-1\" ><div class=\"elementor-post__thumbnail\"><img loading=\"lazy\" decoding=\"async\" width=\"1000\" height=\"500\" src=\"https:\/\/ibercenter.com\/wp-content\/uploads\/2025\/04\/ESCUELA-DE-NEGOCIOS.png\" class=\"attachment-full size-full wp-image-29092\" alt=\"Las 8 mejores escuelas de negocio en Madrid\" srcset=\"https:\/\/ibercenter.com\/wp-content\/uploads\/2025\/04\/ESCUELA-DE-NEGOCIOS.png 1000w, https:\/\/ibercenter.com\/wp-content\/uploads\/2025\/04\/ESCUELA-DE-NEGOCIOS-300x150.png 300w, https:\/\/ibercenter.com\/wp-content\/uploads\/2025\/04\/ESCUELA-DE-NEGOCIOS-768x384.png 768w\" sizes=\"(max-width: 1000px) 100vw, 1000px\" \/><\/div><\/a>\n\t\t\t\t<div class=\"elementor-post__badge\">Corporative<\/div>\n\t\t\t\t<div class=\"elementor-post__text\">\n\t\t\t\t<h3 class=\"elementor-post__title\">\n\t\t\t<a href=\"https:\/\/ibercenter.com\/en\/top-8-business-schools-in-madrid-your-guide-to-elite-executive-education\/\" >\n\t\t\t\tTop 8 Business Schools in Madrid: Your Guide to Elite Executive Education\t\t\t<\/a>\n\t\t<\/h3>\n\t\t\n\t\t<a class=\"elementor-post__read-more\" href=\"https:\/\/ibercenter.com\/en\/top-8-business-schools-in-madrid-your-guide-to-elite-executive-education\/\" aria-label=\"Read more about Top 8 Business Schools in Madrid: Your Guide to Elite Executive Education\" tabindex=\"-1\" >\n\t\t\tMore Info \u00bb\t\t<\/a>\n\n\t\t\t\t<\/div>\n\t\t\t\t<div class=\"elementor-post__meta-data\">\n\t\t\t\t\t<span class=\"elementor-post-date\">\n\t\t\t4 de April de 2025\t\t<\/span>\n\t\t\t\t<span class=\"elementor-post-avatar\">\n\t\t\tNo Comments\t\t<\/span>\n\t\t\t\t<\/div>\n\t\t\t\t\t<\/div>\n\t\t<\/article>\n\t\t\t\t<article class=\"elementor-post elementor-grid-item post-29074 post type-post status-publish format-standard has-post-thumbnail hentry\" role=\"listitem\">\n\t\t\t<div class=\"elementor-post__card\">\n\t\t\t\t<a class=\"elementor-post__thumbnail__link\" href=\"https:\/\/ibercenter.com\/en\/discover-the-lean-startup-methodology\/\" tabindex=\"-1\" ><div class=\"elementor-post__thumbnail\"><img loading=\"lazy\" decoding=\"async\" width=\"1000\" height=\"667\" src=\"https:\/\/ibercenter.com\/wp-content\/uploads\/2025\/04\/Descubre-la-metodologia-Lean-Startup.jpg\" class=\"attachment-full size-full wp-image-29065\" alt=\"Descubre la metodolog\u00eda Lean Startup\" srcset=\"https:\/\/ibercenter.com\/wp-content\/uploads\/2025\/04\/Descubre-la-metodologia-Lean-Startup.jpg 1000w, https:\/\/ibercenter.com\/wp-content\/uploads\/2025\/04\/Descubre-la-metodologia-Lean-Startup-300x200.jpg 300w, https:\/\/ibercenter.com\/wp-content\/uploads\/2025\/04\/Descubre-la-metodologia-Lean-Startup-768x512.jpg 768w\" sizes=\"(max-width: 1000px) 100vw, 1000px\" \/><\/div><\/a>\n\t\t\t\t<div class=\"elementor-post__text\">\n\t\t\t\t<h3 class=\"elementor-post__title\">\n\t\t\t<a href=\"https:\/\/ibercenter.com\/en\/discover-the-lean-startup-methodology\/\" >\n\t\t\t\tDiscover the Lean Startup methodology\t\t\t<\/a>\n\t\t<\/h3>\n\t\t\n\t\t<a class=\"elementor-post__read-more\" href=\"https:\/\/ibercenter.com\/en\/discover-the-lean-startup-methodology\/\" aria-label=\"Read more about Discover the Lean Startup methodology\" tabindex=\"-1\" >\n\t\t\tMore Info \u00bb\t\t<\/a>\n\n\t\t\t\t<\/div>\n\t\t\t\t<div class=\"elementor-post__meta-data\">\n\t\t\t\t\t<span class=\"elementor-post-date\">\n\t\t\t2 de April de 2025\t\t<\/span>\n\t\t\t\t<span class=\"elementor-post-avatar\">\n\t\t\tNo Comments\t\t<\/span>\n\t\t\t\t<\/div>\n\t\t\t\t\t<\/div>\n\t\t<\/article>\n\t\t\t\t<article class=\"elementor-post elementor-grid-item post-28879 post type-post status-publish format-standard has-post-thumbnail hentry\" role=\"listitem\">\n\t\t\t<div class=\"elementor-post__card\">\n\t\t\t\t<a class=\"elementor-post__thumbnail__link\" href=\"https:\/\/ibercenter.com\/en\/benefits-of-using-interactive-displays\/\" tabindex=\"-1\" ><div class=\"elementor-post__thumbnail\"><img loading=\"lazy\" decoding=\"async\" width=\"1000\" height=\"667\" src=\"https:\/\/ibercenter.com\/wp-content\/uploads\/2025\/03\/Beneficios-del-uso-de-pantallas-interactivas.jpg\" class=\"attachment-full size-full wp-image-28852\" alt=\"Beneficios del uso de pantallas interactivas\" srcset=\"https:\/\/ibercenter.com\/wp-content\/uploads\/2025\/03\/Beneficios-del-uso-de-pantallas-interactivas.jpg 1000w, https:\/\/ibercenter.com\/wp-content\/uploads\/2025\/03\/Beneficios-del-uso-de-pantallas-interactivas-300x200.jpg 300w, https:\/\/ibercenter.com\/wp-content\/uploads\/2025\/03\/Beneficios-del-uso-de-pantallas-interactivas-768x512.jpg 768w\" sizes=\"(max-width: 1000px) 100vw, 1000px\" \/><\/div><\/a>\n\t\t\t\t<div class=\"elementor-post__text\">\n\t\t\t\t<h3 class=\"elementor-post__title\">\n\t\t\t<a href=\"https:\/\/ibercenter.com\/en\/benefits-of-using-interactive-displays\/\" >\n\t\t\t\tBenefits of using interactive displays\t\t\t<\/a>\n\t\t<\/h3>\n\t\t\n\t\t<a class=\"elementor-post__read-more\" href=\"https:\/\/ibercenter.com\/en\/benefits-of-using-interactive-displays\/\" aria-label=\"Read more about Benefits of using interactive displays\" tabindex=\"-1\" >\n\t\t\tMore Info \u00bb\t\t<\/a>\n\n\t\t\t\t<\/div>\n\t\t\t\t<div class=\"elementor-post__meta-data\">\n\t\t\t\t\t<span class=\"elementor-post-date\">\n\t\t\t26 de March de 2025\t\t<\/span>\n\t\t\t\t<span class=\"elementor-post-avatar\">\n\t\t\tNo Comments\t\t<\/span>\n\t\t\t\t<\/div>\n\t\t\t\t\t<\/div>\n\t\t<\/article>\n\t\t\t\t<article class=\"elementor-post elementor-grid-item post-28833 post type-post status-publish format-standard has-post-thumbnail hentry\" role=\"listitem\">\n\t\t\t<div class=\"elementor-post__card\">\n\t\t\t\t<a class=\"elementor-post__thumbnail__link\" href=\"https:\/\/ibercenter.com\/en\/flexible-working-hours-advantages-and-disadvantages\/\" tabindex=\"-1\" ><div class=\"elementor-post__thumbnail\"><img loading=\"lazy\" decoding=\"async\" width=\"1000\" height=\"500\" src=\"https:\/\/ibercenter.com\/wp-content\/uploads\/2025\/03\/FLEXIBILIDAD-DE-HORARIOS-1.png\" class=\"attachment-full size-full wp-image-28764\" alt=\"FLEXIBILIDAD DE HORARIOS\" srcset=\"https:\/\/ibercenter.com\/wp-content\/uploads\/2025\/03\/FLEXIBILIDAD-DE-HORARIOS-1.png 1000w, https:\/\/ibercenter.com\/wp-content\/uploads\/2025\/03\/FLEXIBILIDAD-DE-HORARIOS-1-300x150.png 300w, https:\/\/ibercenter.com\/wp-content\/uploads\/2025\/03\/FLEXIBILIDAD-DE-HORARIOS-1-768x384.png 768w\" sizes=\"(max-width: 1000px) 100vw, 1000px\" \/><\/div><\/a>\n\t\t\t\t<div class=\"elementor-post__text\">\n\t\t\t\t<h3 class=\"elementor-post__title\">\n\t\t\t<a href=\"https:\/\/ibercenter.com\/en\/flexible-working-hours-advantages-and-disadvantages\/\" >\n\t\t\t\tFlexible working hours: Advantages and Disadvantages\t\t\t<\/a>\n\t\t<\/h3>\n\t\t\n\t\t<a class=\"elementor-post__read-more\" href=\"https:\/\/ibercenter.com\/en\/flexible-working-hours-advantages-and-disadvantages\/\" aria-label=\"Read more about Flexible working hours: Advantages and Disadvantages\" tabindex=\"-1\" >\n\t\t\tMore Info \u00bb\t\t<\/a>\n\n\t\t\t\t<\/div>\n\t\t\t\t<div class=\"elementor-post__meta-data\">\n\t\t\t\t\t<span class=\"elementor-post-date\">\n\t\t\t26 de March de 2025\t\t<\/span>\n\t\t\t\t<span class=\"elementor-post-avatar\">\n\t\t\tNo Comments\t\t<\/span>\n\t\t\t\t<\/div>\n\t\t\t\t\t<\/div>\n\t\t<\/article>\n\t\t\t\t<article class=\"elementor-post elementor-grid-item post-28882 post type-post status-publish format-standard has-post-thumbnail hentry category-non-classifiee\" role=\"listitem\">\n\t\t\t<div class=\"elementor-post__card\">\n\t\t\t\t<a class=\"elementor-post__thumbnail__link\" href=\"https:\/\/ibercenter.com\/en\/deciphering-the-skrum-agile-methodology\/\" tabindex=\"-1\" ><div class=\"elementor-post__thumbnail\"><img loading=\"lazy\" decoding=\"async\" width=\"1000\" height=\"667\" src=\"https:\/\/ibercenter.com\/wp-content\/uploads\/2025\/03\/2149362920.jpg\" class=\"attachment-full size-full wp-image-28334\" alt=\"Descifrando la metodolog\u00eda \u00e1gil Skrum\" srcset=\"https:\/\/ibercenter.com\/wp-content\/uploads\/2025\/03\/2149362920.jpg 1000w, https:\/\/ibercenter.com\/wp-content\/uploads\/2025\/03\/2149362920-300x200.jpg 300w, https:\/\/ibercenter.com\/wp-content\/uploads\/2025\/03\/2149362920-768x512.jpg 768w\" sizes=\"(max-width: 1000px) 100vw, 1000px\" \/><\/div><\/a>\n\t\t\t\t<div class=\"elementor-post__badge\">Corporative<\/div>\n\t\t\t\t<div class=\"elementor-post__text\">\n\t\t\t\t<h3 class=\"elementor-post__title\">\n\t\t\t<a href=\"https:\/\/ibercenter.com\/en\/deciphering-the-skrum-agile-methodology\/\" >\n\t\t\t\tDeciphering the Skrum agile methodology\t\t\t<\/a>\n\t\t<\/h3>\n\t\t\n\t\t<a class=\"elementor-post__read-more\" href=\"https:\/\/ibercenter.com\/en\/deciphering-the-skrum-agile-methodology\/\" aria-label=\"Read more about Deciphering the Skrum agile methodology\" tabindex=\"-1\" >\n\t\t\tMore Info \u00bb\t\t<\/a>\n\n\t\t\t\t<\/div>\n\t\t\t\t<div class=\"elementor-post__meta-data\">\n\t\t\t\t\t<span class=\"elementor-post-date\">\n\t\t\t20 de March de 2025\t\t<\/span>\n\t\t\t\t<span class=\"elementor-post-avatar\">\n\t\t\tNo Comments\t\t<\/span>\n\t\t\t\t<\/div>\n\t\t\t\t\t<\/div>\n\t\t<\/article>\n\t\t\t\t<article class=\"elementor-post elementor-grid-item post-28313 post type-post status-publish format-standard has-post-thumbnail hentry\" role=\"listitem\">\n\t\t\t<div class=\"elementor-post__card\">\n\t\t\t\t<a class=\"elementor-post__thumbnail__link\" href=\"https:\/\/ibercenter.com\/en\/steps-to-set-up-a-company-in-spain\/\" tabindex=\"-1\" ><div class=\"elementor-post__thumbnail\"><img loading=\"lazy\" decoding=\"async\" width=\"1000\" height=\"500\" src=\"https:\/\/ibercenter.com\/wp-content\/uploads\/2025\/03\/pasos-para-crear-una-empresa-5.png\" class=\"attachment-full size-full wp-image-28245\" alt=\"pasos para crear una empresa\" srcset=\"https:\/\/ibercenter.com\/wp-content\/uploads\/2025\/03\/pasos-para-crear-una-empresa-5.png 1000w, https:\/\/ibercenter.com\/wp-content\/uploads\/2025\/03\/pasos-para-crear-una-empresa-5-300x150.png 300w, https:\/\/ibercenter.com\/wp-content\/uploads\/2025\/03\/pasos-para-crear-una-empresa-5-768x384.png 768w\" sizes=\"(max-width: 1000px) 100vw, 1000px\" \/><\/div><\/a>\n\t\t\t\t<div class=\"elementor-post__text\">\n\t\t\t\t<h3 class=\"elementor-post__title\">\n\t\t\t<a href=\"https:\/\/ibercenter.com\/en\/steps-to-set-up-a-company-in-spain\/\" >\n\t\t\t\tSteps to set up a company in Spain\t\t\t<\/a>\n\t\t<\/h3>\n\t\t\n\t\t<a class=\"elementor-post__read-more\" href=\"https:\/\/ibercenter.com\/en\/steps-to-set-up-a-company-in-spain\/\" aria-label=\"Read more about Steps to set up a company in Spain\" tabindex=\"-1\" >\n\t\t\tMore Info \u00bb\t\t<\/a>\n\n\t\t\t\t<\/div>\n\t\t\t\t<div class=\"elementor-post__meta-data\">\n\t\t\t\t\t<span class=\"elementor-post-date\">\n\t\t\t17 de March de 2025\t\t<\/span>\n\t\t\t\t<span class=\"elementor-post-avatar\">\n\t\t\tNo Comments\t\t<\/span>\n\t\t\t\t<\/div>\n\t\t\t\t\t<\/div>\n\t\t<\/article>\n\t\t\t\t<article class=\"elementor-post elementor-grid-item post-28311 post type-post status-publish format-standard has-post-thumbnail hentry\" role=\"listitem\">\n\t\t\t<div class=\"elementor-post__card\">\n\t\t\t\t<a class=\"elementor-post__thumbnail__link\" href=\"https:\/\/ibercenter.com\/en\/salamanca-neighbourhood-in-madrid\/\" tabindex=\"-1\" ><div class=\"elementor-post__thumbnail\"><img loading=\"lazy\" decoding=\"async\" width=\"709\" height=\"354\" src=\"https:\/\/ibercenter.com\/wp-content\/uploads\/2025\/03\/image-1.png\" class=\"attachment-full size-full wp-image-28239\" alt=\"Barrio de Salamaca\" srcset=\"https:\/\/ibercenter.com\/wp-content\/uploads\/2025\/03\/image-1.png 709w, https:\/\/ibercenter.com\/wp-content\/uploads\/2025\/03\/image-1-300x150.png 300w\" sizes=\"(max-width: 709px) 100vw, 709px\" \/><\/div><\/a>\n\t\t\t\t<div class=\"elementor-post__text\">\n\t\t\t\t<h3 class=\"elementor-post__title\">\n\t\t\t<a href=\"https:\/\/ibercenter.com\/en\/salamanca-neighbourhood-in-madrid\/\" >\n\t\t\t\tSalamanca neighbourhood in Madrid\t\t\t<\/a>\n\t\t<\/h3>\n\t\t\n\t\t<a class=\"elementor-post__read-more\" href=\"https:\/\/ibercenter.com\/en\/salamanca-neighbourhood-in-madrid\/\" aria-label=\"Read more about Salamanca neighbourhood in Madrid\" tabindex=\"-1\" >\n\t\t\tMore Info \u00bb\t\t<\/a>\n\n\t\t\t\t<\/div>\n\t\t\t\t<div class=\"elementor-post__meta-data\">\n\t\t\t\t\t<span class=\"elementor-post-date\">\n\t\t\t14 de March de 2025\t\t<\/span>\n\t\t\t\t<span class=\"elementor-post-avatar\">\n\t\t\tNo Comments\t\t<\/span>\n\t\t\t\t<\/div>\n\t\t\t\t\t<\/div>\n\t\t<\/article>\n\t\t\t\t<article class=\"elementor-post elementor-grid-item post-28308 post type-post status-publish format-standard has-post-thumbnail hentry category-sin-categorizar tag-meeting-rooms-for-rent tag-office-renting\" role=\"listitem\">\n\t\t\t<div class=\"elementor-post__card\">\n\t\t\t\t<a class=\"elementor-post__thumbnail__link\" href=\"https:\/\/ibercenter.com\/en\/how-to-domicile-a-company\/\" tabindex=\"-1\" ><div class=\"elementor-post__thumbnail\"><img loading=\"lazy\" decoding=\"async\" width=\"1000\" height=\"562\" src=\"https:\/\/ibercenter.com\/wp-content\/uploads\/2025\/03\/Como-domiciliar-una-empresa.jpg\" class=\"attachment-full size-full wp-image-28226\" alt=\"\u00bfC\u00f3mo domiciliar una empresa?\" srcset=\"https:\/\/ibercenter.com\/wp-content\/uploads\/2025\/03\/Como-domiciliar-una-empresa.jpg 1000w, https:\/\/ibercenter.com\/wp-content\/uploads\/2025\/03\/Como-domiciliar-una-empresa-300x169.jpg 300w, https:\/\/ibercenter.com\/wp-content\/uploads\/2025\/03\/Como-domiciliar-una-empresa-768x432.jpg 768w\" sizes=\"(max-width: 1000px) 100vw, 1000px\" \/><\/div><\/a>\n\t\t\t\t<div class=\"elementor-post__badge\">Negocios<\/div>\n\t\t\t\t<div class=\"elementor-post__text\">\n\t\t\t\t<h3 class=\"elementor-post__title\">\n\t\t\t<a href=\"https:\/\/ibercenter.com\/en\/how-to-domicile-a-company\/\" >\n\t\t\t\tHow to domicile a company?\t\t\t<\/a>\n\t\t<\/h3>\n\t\t\n\t\t<a class=\"elementor-post__read-more\" href=\"https:\/\/ibercenter.com\/en\/how-to-domicile-a-company\/\" aria-label=\"Read more about How to domicile a company?\" tabindex=\"-1\" >\n\t\t\tMore Info \u00bb\t\t<\/a>\n\n\t\t\t\t<\/div>\n\t\t\t\t<div class=\"elementor-post__meta-data\">\n\t\t\t\t\t<span class=\"elementor-post-date\">\n\t\t\t12 de March de 2025\t\t<\/span>\n\t\t\t\t<span class=\"elementor-post-avatar\">\n\t\t\tNo Comments\t\t<\/span>\n\t\t\t\t<\/div>\n\t\t\t\t\t<\/div>\n\t\t<\/article>\n\t\t\t\t<article class=\"elementor-post elementor-grid-item post-28165 post type-post status-publish format-standard has-post-thumbnail hentry\" role=\"listitem\">\n\t\t\t<div class=\"elementor-post__card\">\n\t\t\t\t<a class=\"elementor-post__thumbnail__link\" href=\"https:\/\/ibercenter.com\/en\/theatre-set-up-ideal-for-the-success-of-your-corporate-events\/\" tabindex=\"-1\" ><div class=\"elementor-post__thumbnail\"><img loading=\"lazy\" decoding=\"async\" width=\"2560\" height=\"1440\" src=\"https:\/\/ibercenter.com\/wp-content\/uploads\/2025\/03\/Sala-13-TEATRO-2-scaled-2.jpg\" class=\"attachment-full size-full wp-image-27984\" alt=\"Tipo de Montaje Teatro\" srcset=\"https:\/\/ibercenter.com\/wp-content\/uploads\/2025\/03\/Sala-13-TEATRO-2-scaled-2.jpg 2560w, https:\/\/ibercenter.com\/wp-content\/uploads\/2025\/03\/Sala-13-TEATRO-2-scaled-2-300x169.jpg 300w, https:\/\/ibercenter.com\/wp-content\/uploads\/2025\/03\/Sala-13-TEATRO-2-scaled-2-1024x576.jpg 1024w, https:\/\/ibercenter.com\/wp-content\/uploads\/2025\/03\/Sala-13-TEATRO-2-scaled-2-768x432.jpg 768w, https:\/\/ibercenter.com\/wp-content\/uploads\/2025\/03\/Sala-13-TEATRO-2-scaled-2-1536x864.jpg 1536w, https:\/\/ibercenter.com\/wp-content\/uploads\/2025\/03\/Sala-13-TEATRO-2-scaled-2-2048x1152.jpg 2048w\" sizes=\"(max-width: 2560px) 100vw, 2560px\" \/><\/div><\/a>\n\t\t\t\t<div class=\"elementor-post__text\">\n\t\t\t\t<h3 class=\"elementor-post__title\">\n\t\t\t<a href=\"https:\/\/ibercenter.com\/en\/theatre-set-up-ideal-for-the-success-of-your-corporate-events\/\" >\n\t\t\t\tTheatre set-up: ideal for the success of your corporate events\t\t\t<\/a>\n\t\t<\/h3>\n\t\t\n\t\t<a class=\"elementor-post__read-more\" href=\"https:\/\/ibercenter.com\/en\/theatre-set-up-ideal-for-the-success-of-your-corporate-events\/\" aria-label=\"Read more about Theatre set-up: ideal for the success of your corporate events\" tabindex=\"-1\" >\n\t\t\tMore Info \u00bb\t\t<\/a>\n\n\t\t\t\t<\/div>\n\t\t\t\t<div class=\"elementor-post__meta-data\">\n\t\t\t\t\t<span class=\"elementor-post-date\">\n\t\t\t7 de March de 2025\t\t<\/span>\n\t\t\t\t<span class=\"elementor-post-avatar\">\n\t\t\tNo Comments\t\t<\/span>\n\t\t\t\t<\/div>\n\t\t\t\t\t<\/div>\n\t\t<\/article>\n\t\t\t\t<article class=\"elementor-post elementor-grid-item post-27978 post type-post status-publish format-standard has-post-thumbnail hentry category-sin-categorizar\" role=\"listitem\">\n\t\t\t<div class=\"elementor-post__card\">\n\t\t\t\t<a class=\"elementor-post__thumbnail__link\" href=\"https:\/\/ibercenter.com\/en\/digital-kit\/\" tabindex=\"-1\" ><div class=\"elementor-post__thumbnail\"><img loading=\"lazy\" decoding=\"async\" width=\"1000\" height=\"667\" src=\"https:\/\/ibercenter.com\/wp-content\/uploads\/2025\/03\/que-es-el-kit-digital.jpg\" class=\"attachment-full size-full wp-image-27943\" alt=\"que es el kit digital\" srcset=\"https:\/\/ibercenter.com\/wp-content\/uploads\/2025\/03\/que-es-el-kit-digital.jpg 1000w, https:\/\/ibercenter.com\/wp-content\/uploads\/2025\/03\/que-es-el-kit-digital-300x200.jpg 300w, https:\/\/ibercenter.com\/wp-content\/uploads\/2025\/03\/que-es-el-kit-digital-768x512.jpg 768w\" sizes=\"(max-width: 1000px) 100vw, 1000px\" \/><\/div><\/a>\n\t\t\t\t<div class=\"elementor-post__badge\">Negocios<\/div>\n\t\t\t\t<div class=\"elementor-post__text\">\n\t\t\t\t<h3 class=\"elementor-post__title\">\n\t\t\t<a href=\"https:\/\/ibercenter.com\/en\/digital-kit\/\" >\n\t\t\t\tWhat is the digital kit?\t\t\t<\/a>\n\t\t<\/h3>\n\t\t\n\t\t<a class=\"elementor-post__read-more\" href=\"https:\/\/ibercenter.com\/en\/digital-kit\/\" aria-label=\"Read more about What is the digital kit?\" tabindex=\"-1\" >\n\t\t\tMore Info \u00bb\t\t<\/a>\n\n\t\t\t\t<\/div>\n\t\t\t\t<div class=\"elementor-post__meta-data\">\n\t\t\t\t\t<span class=\"elementor-post-date\">\n\t\t\t5 de March de 2025\t\t<\/span>\n\t\t\t\t<span class=\"elementor-post-avatar\">\n\t\t\tNo Comments\t\t<\/span>\n\t\t\t\t<\/div>\n\t\t\t\t\t<\/div>\n\t\t<\/article>\n\t\t\t\t<article class=\"elementor-post elementor-grid-item post-27938 post type-post status-publish format-standard has-post-thumbnail hentry\" role=\"listitem\">\n\t\t\t<div class=\"elementor-post__card\">\n\t\t\t\t<a class=\"elementor-post__thumbnail__link\" href=\"https:\/\/ibercenter.com\/en\/a-complete-guide-to-create-a-successful-business-plan\/\" tabindex=\"-1\" ><div class=\"elementor-post__thumbnail\"><img loading=\"lazy\" decoding=\"async\" width=\"1000\" height=\"667\" src=\"https:\/\/ibercenter.com\/wp-content\/uploads\/2025\/02\/business-plan.jpg\" class=\"attachment-full size-full wp-image-27850\" alt=\"business plan\" srcset=\"https:\/\/ibercenter.com\/wp-content\/uploads\/2025\/02\/business-plan.jpg 1000w, https:\/\/ibercenter.com\/wp-content\/uploads\/2025\/02\/business-plan-300x200.jpg 300w, https:\/\/ibercenter.com\/wp-content\/uploads\/2025\/02\/business-plan-768x512.jpg 768w\" sizes=\"(max-width: 1000px) 100vw, 1000px\" \/><\/div><\/a>\n\t\t\t\t<div class=\"elementor-post__text\">\n\t\t\t\t<h3 class=\"elementor-post__title\">\n\t\t\t<a href=\"https:\/\/ibercenter.com\/en\/a-complete-guide-to-create-a-successful-business-plan\/\" >\n\t\t\t\tA complete guide to create a successful business plan\t\t\t<\/a>\n\t\t<\/h3>\n\t\t\n\t\t<a class=\"elementor-post__read-more\" href=\"https:\/\/ibercenter.com\/en\/a-complete-guide-to-create-a-successful-business-plan\/\" aria-label=\"Read more about A complete guide to create a successful business plan\" tabindex=\"-1\" >\n\t\t\tMore Info \u00bb\t\t<\/a>\n\n\t\t\t\t<\/div>\n\t\t\t\t<div class=\"elementor-post__meta-data\">\n\t\t\t\t\t<span class=\"elementor-post-date\">\n\t\t\t26 de February de 2025\t\t<\/span>\n\t\t\t\t<span class=\"elementor-post-avatar\">\n\t\t\tNo Comments\t\t<\/span>\n\t\t\t\t<\/div>\n\t\t\t\t\t<\/div>\n\t\t<\/article>\n\t\t\t\t<article class=\"elementor-post elementor-grid-item post-27934 post type-post status-publish format-standard has-post-thumbnail hentry category-non-classifiee\" role=\"listitem\">\n\t\t\t<div class=\"elementor-post__card\">\n\t\t\t\t<a class=\"elementor-post__thumbnail__link\" href=\"https:\/\/ibercenter.com\/en\/for-which-types-of-events-is-the-imperial-type-of-assembly-recommended\/\" tabindex=\"-1\" ><div class=\"elementor-post__thumbnail\"><img loading=\"lazy\" decoding=\"async\" width=\"2560\" height=\"1680\" src=\"https:\/\/ibercenter.com\/wp-content\/uploads\/2025\/02\/Sala-13-REUNION-2-scaled-1.jpg\" class=\"attachment-full size-full wp-image-27838\" alt=\"Montaje imperial Espacios de coworking en Madrid centro\" srcset=\"https:\/\/ibercenter.com\/wp-content\/uploads\/2025\/02\/Sala-13-REUNION-2-scaled-1.jpg 2560w, https:\/\/ibercenter.com\/wp-content\/uploads\/2025\/02\/Sala-13-REUNION-2-scaled-1-300x197.jpg 300w, https:\/\/ibercenter.com\/wp-content\/uploads\/2025\/02\/Sala-13-REUNION-2-scaled-1-1024x672.jpg 1024w, https:\/\/ibercenter.com\/wp-content\/uploads\/2025\/02\/Sala-13-REUNION-2-scaled-1-768x504.jpg 768w, https:\/\/ibercenter.com\/wp-content\/uploads\/2025\/02\/Sala-13-REUNION-2-scaled-1-1536x1008.jpg 1536w, https:\/\/ibercenter.com\/wp-content\/uploads\/2025\/02\/Sala-13-REUNION-2-scaled-1-2048x1344.jpg 2048w\" sizes=\"(max-width: 2560px) 100vw, 2560px\" \/><\/div><\/a>\n\t\t\t\t<div class=\"elementor-post__badge\">Corporative<\/div>\n\t\t\t\t<div class=\"elementor-post__text\">\n\t\t\t\t<h3 class=\"elementor-post__title\">\n\t\t\t<a href=\"https:\/\/ibercenter.com\/en\/for-which-types-of-events-is-the-imperial-type-of-assembly-recommended\/\" >\n\t\t\t\tFor which types of events is the Imperial type of assembly recommended?\t\t\t<\/a>\n\t\t<\/h3>\n\t\t\n\t\t<a class=\"elementor-post__read-more\" href=\"https:\/\/ibercenter.com\/en\/for-which-types-of-events-is-the-imperial-type-of-assembly-recommended\/\" aria-label=\"Read more about For which types of events is the Imperial type of assembly recommended?\" tabindex=\"-1\" >\n\t\t\tMore Info \u00bb\t\t<\/a>\n\n\t\t\t\t<\/div>\n\t\t\t\t<div class=\"elementor-post__meta-data\">\n\t\t\t\t\t<span class=\"elementor-post-date\">\n\t\t\t26 de February de 2025\t\t<\/span>\n\t\t\t\t<span class=\"elementor-post-avatar\">\n\t\t\tNo Comments\t\t<\/span>\n\t\t\t\t<\/div>\n\t\t\t\t\t<\/div>\n\t\t<\/article>\n\t\t\t\t<article class=\"elementor-post elementor-grid-item post-27657 post type-post status-publish format-standard has-post-thumbnail hentry\" role=\"listitem\">\n\t\t\t<div class=\"elementor-post__card\">\n\t\t\t\t<a class=\"elementor-post__thumbnail__link\" href=\"https:\/\/ibercenter.com\/en\/the-importance-of-reconciling-work\/\" tabindex=\"-1\" ><div class=\"elementor-post__thumbnail\"><img loading=\"lazy\" decoding=\"async\" width=\"1000\" height=\"667\" src=\"https:\/\/ibercenter.com\/wp-content\/uploads\/2025\/02\/conciliacion-familiar.jpg\" class=\"attachment-full size-full wp-image-27647\" alt=\"conciliaci\u00f3n familiar\" srcset=\"https:\/\/ibercenter.com\/wp-content\/uploads\/2025\/02\/conciliacion-familiar.jpg 1000w, https:\/\/ibercenter.com\/wp-content\/uploads\/2025\/02\/conciliacion-familiar-300x200.jpg 300w, https:\/\/ibercenter.com\/wp-content\/uploads\/2025\/02\/conciliacion-familiar-768x512.jpg 768w\" sizes=\"(max-width: 1000px) 100vw, 1000px\" \/><\/div><\/a>\n\t\t\t\t<div class=\"elementor-post__text\">\n\t\t\t\t<h3 class=\"elementor-post__title\">\n\t\t\t<a href=\"https:\/\/ibercenter.com\/en\/the-importance-of-reconciling-work\/\" >\n\t\t\t\tThe importance of reconciling work and family life\t\t\t<\/a>\n\t\t<\/h3>\n\t\t\n\t\t<a class=\"elementor-post__read-more\" href=\"https:\/\/ibercenter.com\/en\/the-importance-of-reconciling-work\/\" aria-label=\"Read more about The importance of reconciling work and family life\" tabindex=\"-1\" >\n\t\t\tMore Info \u00bb\t\t<\/a>\n\n\t\t\t\t<\/div>\n\t\t\t\t<div class=\"elementor-post__meta-data\">\n\t\t\t\t\t<span class=\"elementor-post-date\">\n\t\t\t19 de February de 2025\t\t<\/span>\n\t\t\t\t<span class=\"elementor-post-avatar\">\n\t\t\tNo Comments\t\t<\/span>\n\t\t\t\t<\/div>\n\t\t\t\t\t<\/div>\n\t\t<\/article>\n\t\t\t\t<article class=\"elementor-post elementor-grid-item post-27654 post type-post status-publish format-standard has-post-thumbnail hentry\" role=\"listitem\">\n\t\t\t<div class=\"elementor-post__card\">\n\t\t\t\t<a class=\"elementor-post__thumbnail__link\" href=\"https:\/\/ibercenter.com\/en\/canvas-business-model\/\" tabindex=\"-1\" ><div class=\"elementor-post__thumbnail\"><img loading=\"lazy\" decoding=\"async\" width=\"1000\" height=\"500\" src=\"https:\/\/ibercenter.com\/wp-content\/uploads\/2025\/02\/modelo-de-negocio-1-1.png\" class=\"attachment-full size-full wp-image-27628\" alt=\"modelo de negocio Canvas\" srcset=\"https:\/\/ibercenter.com\/wp-content\/uploads\/2025\/02\/modelo-de-negocio-1-1.png 1000w, https:\/\/ibercenter.com\/wp-content\/uploads\/2025\/02\/modelo-de-negocio-1-1-300x150.png 300w, https:\/\/ibercenter.com\/wp-content\/uploads\/2025\/02\/modelo-de-negocio-1-1-768x384.png 768w\" sizes=\"(max-width: 1000px) 100vw, 1000px\" \/><\/div><\/a>\n\t\t\t\t<div class=\"elementor-post__text\">\n\t\t\t\t<h3 class=\"elementor-post__title\">\n\t\t\t<a href=\"https:\/\/ibercenter.com\/en\/canvas-business-model\/\" >\n\t\t\t\tCanvas business model: a key tool for business success\t\t\t<\/a>\n\t\t<\/h3>\n\t\t\n\t\t<a class=\"elementor-post__read-more\" href=\"https:\/\/ibercenter.com\/en\/canvas-business-model\/\" aria-label=\"Read more about Canvas business model: a key tool for business success\" tabindex=\"-1\" >\n\t\t\tMore Info \u00bb\t\t<\/a>\n\n\t\t\t\t<\/div>\n\t\t\t\t<div class=\"elementor-post__meta-data\">\n\t\t\t\t\t<span class=\"elementor-post-date\">\n\t\t\t19 de February de 2025\t\t<\/span>\n\t\t\t\t<span class=\"elementor-post-avatar\">\n\t\t\tNo Comments\t\t<\/span>\n\t\t\t\t<\/div>\n\t\t\t\t\t<\/div>\n\t\t<\/article>\n\t\t\t\t<article class=\"elementor-post elementor-grid-item post-27549 post type-post status-publish format-standard has-post-thumbnail hentry category-non-classifiee\" role=\"listitem\">\n\t\t\t<div class=\"elementor-post__card\">\n\t\t\t\t<a class=\"elementor-post__thumbnail__link\" href=\"https:\/\/ibercenter.com\/en\/working-environment\/\" tabindex=\"-1\" ><div class=\"elementor-post__thumbnail\"><img loading=\"lazy\" decoding=\"async\" width=\"1000\" height=\"500\" src=\"https:\/\/ibercenter.com\/wp-content\/uploads\/2025\/02\/entorno-laboral-1.png\" class=\"attachment-full size-full wp-image-27535\" alt=\"entorno laboral 1\" srcset=\"https:\/\/ibercenter.com\/wp-content\/uploads\/2025\/02\/entorno-laboral-1.png 1000w, https:\/\/ibercenter.com\/wp-content\/uploads\/2025\/02\/entorno-laboral-1-300x150.png 300w, https:\/\/ibercenter.com\/wp-content\/uploads\/2025\/02\/entorno-laboral-1-768x384.png 768w\" sizes=\"(max-width: 1000px) 100vw, 1000px\" \/><\/div><\/a>\n\t\t\t\t<div class=\"elementor-post__badge\">Corporative<\/div>\n\t\t\t\t<div class=\"elementor-post__text\">\n\t\t\t\t<h3 class=\"elementor-post__title\">\n\t\t\t<a href=\"https:\/\/ibercenter.com\/en\/working-environment\/\" >\n\t\t\t\tHow to transform the working environment to maximise productivity\t\t\t<\/a>\n\t\t<\/h3>\n\t\t\n\t\t<a class=\"elementor-post__read-more\" href=\"https:\/\/ibercenter.com\/en\/working-environment\/\" aria-label=\"Read more about How to transform the working environment to maximise productivity\" tabindex=\"-1\" >\n\t\t\tMore Info \u00bb\t\t<\/a>\n\n\t\t\t\t<\/div>\n\t\t\t\t<div class=\"elementor-post__meta-data\">\n\t\t\t\t\t<span class=\"elementor-post-date\">\n\t\t\t12 de February de 2025\t\t<\/span>\n\t\t\t\t<span class=\"elementor-post-avatar\">\n\t\t\tNo Comments\t\t<\/span>\n\t\t\t\t<\/div>\n\t\t\t\t\t<\/div>\n\t\t<\/article>\n\t\t\t\t<article class=\"elementor-post elementor-grid-item post-27559 post type-post status-publish format-standard has-post-thumbnail hentry\" role=\"listitem\">\n\t\t\t<div class=\"elementor-post__card\">\n\t\t\t\t<a class=\"elementor-post__thumbnail__link\" href=\"https:\/\/ibercenter.com\/en\/elevator-pitch-2\/\" tabindex=\"-1\" ><div class=\"elementor-post__thumbnail\"><img loading=\"lazy\" decoding=\"async\" width=\"1000\" height=\"667\" src=\"https:\/\/ibercenter.com\/wp-content\/uploads\/2025\/02\/elevator-pitch.jpg\" class=\"attachment-full size-full wp-image-27543\" alt=\"elevator pitch\" srcset=\"https:\/\/ibercenter.com\/wp-content\/uploads\/2025\/02\/elevator-pitch.jpg 1000w, https:\/\/ibercenter.com\/wp-content\/uploads\/2025\/02\/elevator-pitch-300x200.jpg 300w, https:\/\/ibercenter.com\/wp-content\/uploads\/2025\/02\/elevator-pitch-768x512.jpg 768w\" sizes=\"(max-width: 1000px) 100vw, 1000px\" \/><\/div><\/a>\n\t\t\t\t<div class=\"elementor-post__text\">\n\t\t\t\t<h3 class=\"elementor-post__title\">\n\t\t\t<a href=\"https:\/\/ibercenter.com\/en\/elevator-pitch-2\/\" >\n\t\t\t\tHow to sell your idea with an elevator pitch?\t\t\t<\/a>\n\t\t<\/h3>\n\t\t\n\t\t<a class=\"elementor-post__read-more\" href=\"https:\/\/ibercenter.com\/en\/elevator-pitch-2\/\" aria-label=\"Read more about How to sell your idea with an elevator pitch?\" tabindex=\"-1\" >\n\t\t\tMore Info \u00bb\t\t<\/a>\n\n\t\t\t\t<\/div>\n\t\t\t\t<div class=\"elementor-post__meta-data\">\n\t\t\t\t\t<span class=\"elementor-post-date\">\n\t\t\t12 de February de 2025\t\t<\/span>\n\t\t\t\t<span class=\"elementor-post-avatar\">\n\t\t\tNo Comments\t\t<\/span>\n\t\t\t\t<\/div>\n\t\t\t\t\t<\/div>\n\t\t<\/article>\n\t\t\t\t<article class=\"elementor-post elementor-grid-item post-27391 post type-post status-publish format-standard has-post-thumbnail hentry\" role=\"listitem\">\n\t\t\t<div class=\"elementor-post__card\">\n\t\t\t\t<a class=\"elementor-post__thumbnail__link\" href=\"https:\/\/ibercenter.com\/en\/the-importance-of-choosing-a-suitable-training-room\/\" tabindex=\"-1\" ><div class=\"elementor-post__thumbnail\"><img loading=\"lazy\" decoding=\"async\" width=\"708\" height=\"400\" src=\"https:\/\/ibercenter.com\/wp-content\/uploads\/2025\/02\/image-1.jpeg\" class=\"attachment-full size-full wp-image-27371\" alt=\"Sala de formaci\u00f3n 13 formato teatro Ibercenter\" srcset=\"https:\/\/ibercenter.com\/wp-content\/uploads\/2025\/02\/image-1.jpeg 708w, https:\/\/ibercenter.com\/wp-content\/uploads\/2025\/02\/image-1-300x169.jpeg 300w\" sizes=\"(max-width: 708px) 100vw, 708px\" \/><\/div><\/a>\n\t\t\t\t<div class=\"elementor-post__text\">\n\t\t\t\t<h3 class=\"elementor-post__title\">\n\t\t\t<a href=\"https:\/\/ibercenter.com\/en\/the-importance-of-choosing-a-suitable-training-room\/\" >\n\t\t\t\tThe importance of choosing a suitable training room\t\t\t<\/a>\n\t\t<\/h3>\n\t\t\n\t\t<a class=\"elementor-post__read-more\" href=\"https:\/\/ibercenter.com\/en\/the-importance-of-choosing-a-suitable-training-room\/\" aria-label=\"Read more about The importance of choosing a suitable training room\" tabindex=\"-1\" >\n\t\t\tMore Info \u00bb\t\t<\/a>\n\n\t\t\t\t<\/div>\n\t\t\t\t<div class=\"elementor-post__meta-data\">\n\t\t\t\t\t<span class=\"elementor-post-date\">\n\t\t\t6 de February de 2025\t\t<\/span>\n\t\t\t\t<span class=\"elementor-post-avatar\">\n\t\t\tNo Comments\t\t<\/span>\n\t\t\t\t<\/div>\n\t\t\t\t\t<\/div>\n\t\t<\/article>\n\t\t\t\t<article class=\"elementor-post elementor-grid-item post-33866 post type-post status-publish format-standard has-post-thumbnail hentry\" role=\"listitem\">\n\t\t\t<div class=\"elementor-post__card\">\n\t\t\t\t<a class=\"elementor-post__thumbnail__link\" href=\"https:\/\/ibercenter.com\/en\/the-importance-of-furniture-in-training-and-meeting-rooms\/\" tabindex=\"-1\" ><div class=\"elementor-post__thumbnail\"><img loading=\"lazy\" decoding=\"async\" width=\"2560\" height=\"1920\" src=\"https:\/\/ibercenter.com\/wp-content\/uploads\/2025\/01\/Despacho-48-4-scaled-2.jpg\" class=\"attachment-full size-full wp-image-26962\" alt=\"muebles en las salas\" srcset=\"https:\/\/ibercenter.com\/wp-content\/uploads\/2025\/01\/Despacho-48-4-scaled-2.jpg 2560w, https:\/\/ibercenter.com\/wp-content\/uploads\/2025\/01\/Despacho-48-4-scaled-2-300x225.jpg 300w, https:\/\/ibercenter.com\/wp-content\/uploads\/2025\/01\/Despacho-48-4-scaled-2-1024x768.jpg 1024w, https:\/\/ibercenter.com\/wp-content\/uploads\/2025\/01\/Despacho-48-4-scaled-2-768x576.jpg 768w, https:\/\/ibercenter.com\/wp-content\/uploads\/2025\/01\/Despacho-48-4-scaled-2-1536x1152.jpg 1536w, https:\/\/ibercenter.com\/wp-content\/uploads\/2025\/01\/Despacho-48-4-scaled-2-2048x1536.jpg 2048w\" sizes=\"(max-width: 2560px) 100vw, 2560px\" \/><\/div><\/a>\n\t\t\t\t<div class=\"elementor-post__text\">\n\t\t\t\t<h3 class=\"elementor-post__title\">\n\t\t\t<a href=\"https:\/\/ibercenter.com\/en\/the-importance-of-furniture-in-training-and-meeting-rooms\/\" >\n\t\t\t\tThe importance of furniture in training and meeting rooms\t\t\t<\/a>\n\t\t<\/h3>\n\t\t\n\t\t<a class=\"elementor-post__read-more\" href=\"https:\/\/ibercenter.com\/en\/the-importance-of-furniture-in-training-and-meeting-rooms\/\" aria-label=\"Read more about The importance of furniture in training and meeting rooms\" tabindex=\"-1\" >\n\t\t\tMore Info \u00bb\t\t<\/a>\n\n\t\t\t\t<\/div>\n\t\t\t\t<div class=\"elementor-post__meta-data\">\n\t\t\t\t\t<span class=\"elementor-post-date\">\n\t\t\t5 de February de 2025\t\t<\/span>\n\t\t\t\t<span class=\"elementor-post-avatar\">\n\t\t\tNo Comments\t\t<\/span>\n\t\t\t\t<\/div>\n\t\t\t\t\t<\/div>\n\t\t<\/article>\n\t\t\t\t<article class=\"elementor-post elementor-grid-item post-27199 post type-post status-publish format-standard has-post-thumbnail hentry\" role=\"listitem\">\n\t\t\t<div class=\"elementor-post__card\">\n\t\t\t\t<a class=\"elementor-post__thumbnail__link\" href=\"https:\/\/ibercenter.com\/en\/8-key-tips-when-renting-a-meeting-room-in-madrid\/\" tabindex=\"-1\" ><div class=\"elementor-post__thumbnail\"><img loading=\"lazy\" decoding=\"async\" width=\"1000\" height=\"500\" src=\"https:\/\/ibercenter.com\/wp-content\/uploads\/2025\/01\/salas-de-reunion-2.png\" class=\"attachment-full size-full wp-image-27121\" alt=\"Sala de reuni\u00f3n en Madrid\" srcset=\"https:\/\/ibercenter.com\/wp-content\/uploads\/2025\/01\/salas-de-reunion-2.png 1000w, https:\/\/ibercenter.com\/wp-content\/uploads\/2025\/01\/salas-de-reunion-2-300x150.png 300w, https:\/\/ibercenter.com\/wp-content\/uploads\/2025\/01\/salas-de-reunion-2-768x384.png 768w\" sizes=\"(max-width: 1000px) 100vw, 1000px\" \/><\/div><\/a>\n\t\t\t\t<div class=\"elementor-post__text\">\n\t\t\t\t<h3 class=\"elementor-post__title\">\n\t\t\t<a href=\"https:\/\/ibercenter.com\/en\/8-key-tips-when-renting-a-meeting-room-in-madrid\/\" >\n\t\t\t\t8 Key tips when renting a meeting room in Madrid\t\t\t<\/a>\n\t\t<\/h3>\n\t\t\n\t\t<a class=\"elementor-post__read-more\" href=\"https:\/\/ibercenter.com\/en\/8-key-tips-when-renting-a-meeting-room-in-madrid\/\" aria-label=\"Read more about 8 Key tips when renting a meeting room in Madrid\" tabindex=\"-1\" >\n\t\t\tMore Info \u00bb\t\t<\/a>\n\n\t\t\t\t<\/div>\n\t\t\t\t<div class=\"elementor-post__meta-data\">\n\t\t\t\t\t<span class=\"elementor-post-date\">\n\t\t\t31 de January de 2025\t\t<\/span>\n\t\t\t\t<span class=\"elementor-post-avatar\">\n\t\t\tNo Comments\t\t<\/span>\n\t\t\t\t<\/div>\n\t\t\t\t\t<\/div>\n\t\t<\/article>\n\t\t\t\t<article class=\"elementor-post elementor-grid-item post-27195 post type-post status-publish format-standard has-post-thumbnail hentry\" role=\"listitem\">\n\t\t\t<div class=\"elementor-post__card\">\n\t\t\t\t<a class=\"elementor-post__thumbnail__link\" href=\"https:\/\/ibercenter.com\/en\/how-to-draw-up-a-business-plan\/\" tabindex=\"-1\" ><div class=\"elementor-post__thumbnail\"><img loading=\"lazy\" decoding=\"async\" width=\"1000\" height=\"523\" src=\"https:\/\/ibercenter.com\/wp-content\/uploads\/2025\/01\/Como-elaborar-un-plan-de-negocios.jpg\" class=\"attachment-full size-full wp-image-26969\" alt=\"\u00bfC\u00f3mo elaborar un plan de negocios?\" srcset=\"https:\/\/ibercenter.com\/wp-content\/uploads\/2025\/01\/Como-elaborar-un-plan-de-negocios.jpg 1000w, https:\/\/ibercenter.com\/wp-content\/uploads\/2025\/01\/Como-elaborar-un-plan-de-negocios-300x157.jpg 300w, https:\/\/ibercenter.com\/wp-content\/uploads\/2025\/01\/Como-elaborar-un-plan-de-negocios-768x402.jpg 768w\" sizes=\"(max-width: 1000px) 100vw, 1000px\" \/><\/div><\/a>\n\t\t\t\t<div class=\"elementor-post__text\">\n\t\t\t\t<h3 class=\"elementor-post__title\">\n\t\t\t<a href=\"https:\/\/ibercenter.com\/en\/how-to-draw-up-a-business-plan\/\" >\n\t\t\t\tHow to draw up a business plan?\t\t\t<\/a>\n\t\t<\/h3>\n\t\t\n\t\t<a class=\"elementor-post__read-more\" href=\"https:\/\/ibercenter.com\/en\/how-to-draw-up-a-business-plan\/\" aria-label=\"Read more about How to draw up a business plan?\" tabindex=\"-1\" >\n\t\t\tMore Info \u00bb\t\t<\/a>\n\n\t\t\t\t<\/div>\n\t\t\t\t<div class=\"elementor-post__meta-data\">\n\t\t\t\t\t<span class=\"elementor-post-date\">\n\t\t\t29 de January de 2025\t\t<\/span>\n\t\t\t\t<span class=\"elementor-post-avatar\">\n\t\t\tNo Comments\t\t<\/span>\n\t\t\t\t<\/div>\n\t\t\t\t\t<\/div>\n\t\t<\/article>\n\t\t\t\t<article class=\"elementor-post elementor-grid-item post-27191 post type-post status-publish format-standard has-post-thumbnail hentry\" role=\"listitem\">\n\t\t\t<div class=\"elementor-post__card\">\n\t\t\t\t<a class=\"elementor-post__thumbnail__link\" href=\"https:\/\/ibercenter.com\/en\/how-to-prepare-for-a-job-interview\/\" tabindex=\"-1\" ><div class=\"elementor-post__thumbnail\"><img loading=\"lazy\" decoding=\"async\" width=\"1000\" height=\"667\" src=\"https:\/\/ibercenter.com\/wp-content\/uploads\/2025\/01\/Como-preparar-una-entrevista-de-trabajo.jpg\" class=\"attachment-full size-full wp-image-26941\" alt=\"C\u00f3mo preparar una entrevista de trabajo\" srcset=\"https:\/\/ibercenter.com\/wp-content\/uploads\/2025\/01\/Como-preparar-una-entrevista-de-trabajo.jpg 1000w, https:\/\/ibercenter.com\/wp-content\/uploads\/2025\/01\/Como-preparar-una-entrevista-de-trabajo-300x200.jpg 300w, https:\/\/ibercenter.com\/wp-content\/uploads\/2025\/01\/Como-preparar-una-entrevista-de-trabajo-768x512.jpg 768w\" sizes=\"(max-width: 1000px) 100vw, 1000px\" \/><\/div><\/a>\n\t\t\t\t<div class=\"elementor-post__text\">\n\t\t\t\t<h3 class=\"elementor-post__title\">\n\t\t\t<a href=\"https:\/\/ibercenter.com\/en\/how-to-prepare-for-a-job-interview\/\" >\n\t\t\t\tHow to prepare for a job interview?\t\t\t<\/a>\n\t\t<\/h3>\n\t\t\n\t\t<a class=\"elementor-post__read-more\" href=\"https:\/\/ibercenter.com\/en\/how-to-prepare-for-a-job-interview\/\" aria-label=\"Read more about How to prepare for a job interview?\" tabindex=\"-1\" >\n\t\t\tMore Info \u00bb\t\t<\/a>\n\n\t\t\t\t<\/div>\n\t\t\t\t<div class=\"elementor-post__meta-data\">\n\t\t\t\t\t<span class=\"elementor-post-date\">\n\t\t\t22 de January de 2025\t\t<\/span>\n\t\t\t\t<span class=\"elementor-post-avatar\">\n\t\t\tNo Comments\t\t<\/span>\n\t\t\t\t<\/div>\n\t\t\t\t\t<\/div>\n\t\t<\/article>\n\t\t\t\t<article class=\"elementor-post elementor-grid-item post-27113 post type-post status-publish format-standard has-post-thumbnail hentry\" role=\"listitem\">\n\t\t\t<div class=\"elementor-post__card\">\n\t\t\t\t<a class=\"elementor-post__thumbnail__link\" href=\"https:\/\/ibercenter.com\/en\/is-it-difficult-to-set-up-a-business\/\" tabindex=\"-1\" ><div class=\"elementor-post__thumbnail\"><img loading=\"lazy\" decoding=\"async\" width=\"1000\" height=\"599\" src=\"https:\/\/ibercenter.com\/wp-content\/uploads\/2025\/01\/Es-dificil-montar-un-negocio.jpg\" class=\"attachment-full size-full wp-image-26780\" alt=\"Es dif\u00edcil montar un negocio\" srcset=\"https:\/\/ibercenter.com\/wp-content\/uploads\/2025\/01\/Es-dificil-montar-un-negocio.jpg 1000w, https:\/\/ibercenter.com\/wp-content\/uploads\/2025\/01\/Es-dificil-montar-un-negocio-300x180.jpg 300w, https:\/\/ibercenter.com\/wp-content\/uploads\/2025\/01\/Es-dificil-montar-un-negocio-768x460.jpg 768w\" sizes=\"(max-width: 1000px) 100vw, 1000px\" \/><\/div><\/a>\n\t\t\t\t<div class=\"elementor-post__text\">\n\t\t\t\t<h3 class=\"elementor-post__title\">\n\t\t\t<a href=\"https:\/\/ibercenter.com\/en\/is-it-difficult-to-set-up-a-business\/\" >\n\t\t\t\tIs it difficult to set up a business?\t\t\t<\/a>\n\t\t<\/h3>\n\t\t\n\t\t<a class=\"elementor-post__read-more\" href=\"https:\/\/ibercenter.com\/en\/is-it-difficult-to-set-up-a-business\/\" aria-label=\"Read more about Is it difficult to set up a business?\" tabindex=\"-1\" >\n\t\t\tMore Info \u00bb\t\t<\/a>\n\n\t\t\t\t<\/div>\n\t\t\t\t<div class=\"elementor-post__meta-data\">\n\t\t\t\t\t<span class=\"elementor-post-date\">\n\t\t\t15 de January de 2025\t\t<\/span>\n\t\t\t\t<span class=\"elementor-post-avatar\">\n\t\t\tNo Comments\t\t<\/span>\n\t\t\t\t<\/div>\n\t\t\t\t\t<\/div>\n\t\t<\/article>\n\t\t\t\t<article class=\"elementor-post elementor-grid-item post-26773 post type-post status-publish format-standard has-post-thumbnail hentry category-non-classifiee\" role=\"listitem\">\n\t\t\t<div class=\"elementor-post__card\">\n\t\t\t\t<a class=\"elementor-post__thumbnail__link\" href=\"https:\/\/ibercenter.com\/en\/organise-your-events-meetings-and-trainings-successfully-in-professional-spaces\/\" tabindex=\"-1\" ><div class=\"elementor-post__thumbnail\"><img loading=\"lazy\" decoding=\"async\" width=\"1000\" height=\"667\" src=\"https:\/\/ibercenter.com\/wp-content\/uploads\/2025\/01\/ecito-reuniones.jpg\" class=\"attachment-full size-full wp-image-26600\" alt=\"exito reuniones\" srcset=\"https:\/\/ibercenter.com\/wp-content\/uploads\/2025\/01\/ecito-reuniones.jpg 1000w, https:\/\/ibercenter.com\/wp-content\/uploads\/2025\/01\/ecito-reuniones-300x200.jpg 300w, https:\/\/ibercenter.com\/wp-content\/uploads\/2025\/01\/ecito-reuniones-768x512.jpg 768w\" sizes=\"(max-width: 1000px) 100vw, 1000px\" \/><\/div><\/a>\n\t\t\t\t<div class=\"elementor-post__badge\">Corporative<\/div>\n\t\t\t\t<div class=\"elementor-post__text\">\n\t\t\t\t<h3 class=\"elementor-post__title\">\n\t\t\t<a href=\"https:\/\/ibercenter.com\/en\/organise-your-events-meetings-and-trainings-successfully-in-professional-spaces\/\" >\n\t\t\t\tOrganise your events, meetings and trainings successfully in professional spaces.\t\t\t<\/a>\n\t\t<\/h3>\n\t\t\n\t\t<a class=\"elementor-post__read-more\" href=\"https:\/\/ibercenter.com\/en\/organise-your-events-meetings-and-trainings-successfully-in-professional-spaces\/\" aria-label=\"Read more about Organise your events, meetings and trainings successfully in professional spaces.\" tabindex=\"-1\" >\n\t\t\tMore Info \u00bb\t\t<\/a>\n\n\t\t\t\t<\/div>\n\t\t\t\t<div class=\"elementor-post__meta-data\">\n\t\t\t\t\t<span class=\"elementor-post-date\">\n\t\t\t8 de January de 2025\t\t<\/span>\n\t\t\t\t<span class=\"elementor-post-avatar\">\n\t\t\tNo Comments\t\t<\/span>\n\t\t\t\t<\/div>\n\t\t\t\t\t<\/div>\n\t\t<\/article>\n\t\t\t\t<article class=\"elementor-post elementor-grid-item post-26757 post type-post status-publish format-standard has-post-thumbnail hentry category-non-classifiee\" role=\"listitem\">\n\t\t\t<div class=\"elementor-post__card\">\n\t\t\t\t<a class=\"elementor-post__thumbnail__link\" href=\"https:\/\/ibercenter.com\/en\/how-does-coworking-enhance-creativity-and-collaborative-work\/\" tabindex=\"-1\" ><div class=\"elementor-post__thumbnail\"><img loading=\"lazy\" decoding=\"async\" width=\"1000\" height=\"667\" src=\"https:\/\/ibercenter.com\/wp-content\/uploads\/2025\/01\/Como-el-coworking-potencia-la-creatividad-y-el-trabajo-colaborativo.jpg\" class=\"attachment-full size-full wp-image-26551\" alt=\"networking\" srcset=\"https:\/\/ibercenter.com\/wp-content\/uploads\/2025\/01\/Como-el-coworking-potencia-la-creatividad-y-el-trabajo-colaborativo.jpg 1000w, https:\/\/ibercenter.com\/wp-content\/uploads\/2025\/01\/Como-el-coworking-potencia-la-creatividad-y-el-trabajo-colaborativo-300x200.jpg 300w, https:\/\/ibercenter.com\/wp-content\/uploads\/2025\/01\/Como-el-coworking-potencia-la-creatividad-y-el-trabajo-colaborativo-768x512.jpg 768w\" sizes=\"(max-width: 1000px) 100vw, 1000px\" \/><\/div><\/a>\n\t\t\t\t<div class=\"elementor-post__badge\">Corporative<\/div>\n\t\t\t\t<div class=\"elementor-post__text\">\n\t\t\t\t<h3 class=\"elementor-post__title\">\n\t\t\t<a href=\"https:\/\/ibercenter.com\/en\/how-does-coworking-enhance-creativity-and-collaborative-work\/\" >\n\t\t\t\tHow to make the most of coworking and networking opportunities?\t\t\t<\/a>\n\t\t<\/h3>\n\t\t\n\t\t<a class=\"elementor-post__read-more\" href=\"https:\/\/ibercenter.com\/en\/how-does-coworking-enhance-creativity-and-collaborative-work\/\" aria-label=\"Read more about How to make the most of coworking and networking opportunities?\" tabindex=\"-1\" >\n\t\t\tMore Info \u00bb\t\t<\/a>\n\n\t\t\t\t<\/div>\n\t\t\t\t<div class=\"elementor-post__meta-data\">\n\t\t\t\t\t<span class=\"elementor-post-date\">\n\t\t\t1 de January de 2025\t\t<\/span>\n\t\t\t\t<span class=\"elementor-post-avatar\">\n\t\t\tNo Comments\t\t<\/span>\n\t\t\t\t<\/div>\n\t\t\t\t\t<\/div>\n\t\t<\/article>\n\t\t\t\t<article class=\"elementor-post elementor-grid-item post-26755 post type-post status-publish format-standard has-post-thumbnail hentry\" role=\"listitem\">\n\t\t\t<div class=\"elementor-post__card\">\n\t\t\t\t<a class=\"elementor-post__thumbnail__link\" href=\"https:\/\/ibercenter.com\/en\/5-keys-to-be-more-productive-working-in-a-coworking-space\/\" tabindex=\"-1\" ><div class=\"elementor-post__thumbnail\"><img loading=\"lazy\" decoding=\"async\" width=\"1000\" height=\"500\" src=\"https:\/\/ibercenter.com\/wp-content\/uploads\/2024\/12\/como-trabajar-en-un-coworking-1.png\" class=\"attachment-full size-full wp-image-26536\" alt=\"como trabajar en un coworking\" srcset=\"https:\/\/ibercenter.com\/wp-content\/uploads\/2024\/12\/como-trabajar-en-un-coworking-1.png 1000w, https:\/\/ibercenter.com\/wp-content\/uploads\/2024\/12\/como-trabajar-en-un-coworking-1-300x150.png 300w, https:\/\/ibercenter.com\/wp-content\/uploads\/2024\/12\/como-trabajar-en-un-coworking-1-768x384.png 768w\" sizes=\"(max-width: 1000px) 100vw, 1000px\" \/><\/div><\/a>\n\t\t\t\t<div class=\"elementor-post__text\">\n\t\t\t\t<h3 class=\"elementor-post__title\">\n\t\t\t<a href=\"https:\/\/ibercenter.com\/en\/5-keys-to-be-more-productive-working-in-a-coworking-space\/\" >\n\t\t\t\t5 keys to be more productive working in a coworking space\t\t\t<\/a>\n\t\t<\/h3>\n\t\t\n\t\t<a class=\"elementor-post__read-more\" href=\"https:\/\/ibercenter.com\/en\/5-keys-to-be-more-productive-working-in-a-coworking-space\/\" aria-label=\"Read more about 5 keys to be more productive working in a coworking space\" tabindex=\"-1\" >\n\t\t\tMore Info \u00bb\t\t<\/a>\n\n\t\t\t\t<\/div>\n\t\t\t\t<div class=\"elementor-post__meta-data\">\n\t\t\t\t\t<span class=\"elementor-post-date\">\n\t\t\t27 de December de 2024\t\t<\/span>\n\t\t\t\t<span class=\"elementor-post-avatar\">\n\t\t\tNo Comments\t\t<\/span>\n\t\t\t\t<\/div>\n\t\t\t\t\t<\/div>\n\t\t<\/article>\n\t\t\t\t<article class=\"elementor-post elementor-grid-item post-26761 post type-post status-publish format-standard has-post-thumbnail hentry category-non-classifiee\" role=\"listitem\">\n\t\t\t<div class=\"elementor-post__card\">\n\t\t\t\t<a class=\"elementor-post__thumbnail__link\" href=\"https:\/\/ibercenter.com\/en\/virtual-office-the-first-step-for-the-expansion-of-your-business\/\" tabindex=\"-1\" ><div class=\"elementor-post__thumbnail\"><img loading=\"lazy\" decoding=\"async\" width=\"1000\" height=\"500\" src=\"https:\/\/ibercenter.com\/wp-content\/uploads\/2024\/12\/oficina-virtual-2-1.png\" class=\"attachment-full size-full wp-image-26525\" alt=\"oficina virtual\" srcset=\"https:\/\/ibercenter.com\/wp-content\/uploads\/2024\/12\/oficina-virtual-2-1.png 1000w, https:\/\/ibercenter.com\/wp-content\/uploads\/2024\/12\/oficina-virtual-2-1-300x150.png 300w, https:\/\/ibercenter.com\/wp-content\/uploads\/2024\/12\/oficina-virtual-2-1-768x384.png 768w\" sizes=\"(max-width: 1000px) 100vw, 1000px\" \/><\/div><\/a>\n\t\t\t\t<div class=\"elementor-post__badge\">Corporative<\/div>\n\t\t\t\t<div class=\"elementor-post__text\">\n\t\t\t\t<h3 class=\"elementor-post__title\">\n\t\t\t<a href=\"https:\/\/ibercenter.com\/en\/virtual-office-the-first-step-for-the-expansion-of-your-business\/\" >\n\t\t\t\tVirtual office, the first step for the expansion of your business\t\t\t<\/a>\n\t\t<\/h3>\n\t\t\n\t\t<a class=\"elementor-post__read-more\" href=\"https:\/\/ibercenter.com\/en\/virtual-office-the-first-step-for-the-expansion-of-your-business\/\" aria-label=\"Read more about Virtual office, the first step for the expansion of your business\" tabindex=\"-1\" >\n\t\t\tMore Info \u00bb\t\t<\/a>\n\n\t\t\t\t<\/div>\n\t\t\t\t<div class=\"elementor-post__meta-data\">\n\t\t\t\t\t<span class=\"elementor-post-date\">\n\t\t\t23 de December de 2024\t\t<\/span>\n\t\t\t\t<span class=\"elementor-post-avatar\">\n\t\t\tNo Comments\t\t<\/span>\n\t\t\t\t<\/div>\n\t\t\t\t\t<\/div>\n\t\t<\/article>\n\t\t\t\t<article class=\"elementor-post elementor-grid-item post-26759 post type-post status-publish format-standard has-post-thumbnail hentry\" role=\"listitem\">\n\t\t\t<div class=\"elementor-post__card\">\n\t\t\t\t<a class=\"elementor-post__thumbnail__link\" href=\"https:\/\/ibercenter.com\/en\/why-locate-your-office-in-the-salamanca-neighbourhood\/\" tabindex=\"-1\" ><div class=\"elementor-post__thumbnail\"><img loading=\"lazy\" decoding=\"async\" width=\"1000\" height=\"500\" src=\"https:\/\/ibercenter.com\/wp-content\/uploads\/2024\/12\/barrio-de-salamanca-1-1.png\" class=\"attachment-full size-full wp-image-26501\" alt=\"\u00bfPor qu\u00e9 ubicar tu oficina en el barrio Salamanca?\" srcset=\"https:\/\/ibercenter.com\/wp-content\/uploads\/2024\/12\/barrio-de-salamanca-1-1.png 1000w, https:\/\/ibercenter.com\/wp-content\/uploads\/2024\/12\/barrio-de-salamanca-1-1-300x150.png 300w, https:\/\/ibercenter.com\/wp-content\/uploads\/2024\/12\/barrio-de-salamanca-1-1-768x384.png 768w\" sizes=\"(max-width: 1000px) 100vw, 1000px\" \/><\/div><\/a>\n\t\t\t\t<div class=\"elementor-post__text\">\n\t\t\t\t<h3 class=\"elementor-post__title\">\n\t\t\t<a href=\"https:\/\/ibercenter.com\/en\/why-locate-your-office-in-the-salamanca-neighbourhood\/\" >\n\t\t\t\tWhy locate your office in the Salamanca neighbourhood?\t\t\t<\/a>\n\t\t<\/h3>\n\t\t\n\t\t<a class=\"elementor-post__read-more\" href=\"https:\/\/ibercenter.com\/en\/why-locate-your-office-in-the-salamanca-neighbourhood\/\" aria-label=\"Read more about Why locate your office in the Salamanca neighbourhood?\" tabindex=\"-1\" >\n\t\t\tMore Info \u00bb\t\t<\/a>\n\n\t\t\t\t<\/div>\n\t\t\t\t<div class=\"elementor-post__meta-data\">\n\t\t\t\t\t<span class=\"elementor-post-date\">\n\t\t\t19 de December de 2024\t\t<\/span>\n\t\t\t\t<span class=\"elementor-post-avatar\">\n\t\t\tNo Comments\t\t<\/span>\n\t\t\t\t<\/div>\n\t\t\t\t\t<\/div>\n\t\t<\/article>\n\t\t\t\t<article class=\"elementor-post elementor-grid-item post-26594 post type-post status-publish format-standard has-post-thumbnail hentry category-non-classifiee\" role=\"listitem\">\n\t\t\t<div class=\"elementor-post__card\">\n\t\t\t\t<a class=\"elementor-post__thumbnail__link\" href=\"https:\/\/ibercenter.com\/en\/time-management-in-meetings-how-to-make-meetings-more-efficient\/\" tabindex=\"-1\" ><div class=\"elementor-post__thumbnail\"><img loading=\"lazy\" decoding=\"async\" width=\"1000\" height=\"500\" src=\"https:\/\/ibercenter.com\/wp-content\/uploads\/2024\/12\/gestion-del-tiempo-en-reunios-de-sala-2.png\" class=\"attachment-full size-full wp-image-26515\" alt=\"gesti\u00f3n del tiempo en reuni\u00f3n de sala\" srcset=\"https:\/\/ibercenter.com\/wp-content\/uploads\/2024\/12\/gestion-del-tiempo-en-reunios-de-sala-2.png 1000w, https:\/\/ibercenter.com\/wp-content\/uploads\/2024\/12\/gestion-del-tiempo-en-reunios-de-sala-2-300x150.png 300w, https:\/\/ibercenter.com\/wp-content\/uploads\/2024\/12\/gestion-del-tiempo-en-reunios-de-sala-2-768x384.png 768w\" sizes=\"(max-width: 1000px) 100vw, 1000px\" \/><\/div><\/a>\n\t\t\t\t<div class=\"elementor-post__badge\">Corporative<\/div>\n\t\t\t\t<div class=\"elementor-post__text\">\n\t\t\t\t<h3 class=\"elementor-post__title\">\n\t\t\t<a href=\"https:\/\/ibercenter.com\/en\/time-management-in-meetings-how-to-make-meetings-more-efficient\/\" >\n\t\t\t\tTime management in meetings: how to make meetings more efficient\t\t\t<\/a>\n\t\t<\/h3>\n\t\t\n\t\t<a class=\"elementor-post__read-more\" href=\"https:\/\/ibercenter.com\/en\/time-management-in-meetings-how-to-make-meetings-more-efficient\/\" aria-label=\"Read more about Time management in meetings: how to make meetings more efficient\" tabindex=\"-1\" >\n\t\t\tMore Info \u00bb\t\t<\/a>\n\n\t\t\t\t<\/div>\n\t\t\t\t<div class=\"elementor-post__meta-data\">\n\t\t\t\t\t<span class=\"elementor-post-date\">\n\t\t\t16 de December de 2024\t\t<\/span>\n\t\t\t\t<span class=\"elementor-post-avatar\">\n\t\t\tNo Comments\t\t<\/span>\n\t\t\t\t<\/div>\n\t\t\t\t\t<\/div>\n\t\t<\/article>\n\t\t\t\t<article class=\"elementor-post elementor-grid-item post-26597 post type-post status-publish format-standard has-post-thumbnail hentry category-non-classifiee\" role=\"listitem\">\n\t\t\t<div class=\"elementor-post__card\">\n\t\t\t\t<a class=\"elementor-post__thumbnail__link\" href=\"https:\/\/ibercenter.com\/en\/smart-offices-how-technology-is-revolutionising-the-working-environment\/\" tabindex=\"-1\" ><div class=\"elementor-post__thumbnail\"><img loading=\"lazy\" decoding=\"async\" width=\"1000\" height=\"500\" src=\"https:\/\/ibercenter.com\/wp-content\/uploads\/2024\/12\/OFICINAS-INTELIGENTES-1-1.png\" class=\"attachment-full size-full wp-image-26529\" alt=\"OFICINAS INTELIGENTES\" srcset=\"https:\/\/ibercenter.com\/wp-content\/uploads\/2024\/12\/OFICINAS-INTELIGENTES-1-1.png 1000w, https:\/\/ibercenter.com\/wp-content\/uploads\/2024\/12\/OFICINAS-INTELIGENTES-1-1-300x150.png 300w, https:\/\/ibercenter.com\/wp-content\/uploads\/2024\/12\/OFICINAS-INTELIGENTES-1-1-768x384.png 768w\" sizes=\"(max-width: 1000px) 100vw, 1000px\" \/><\/div><\/a>\n\t\t\t\t<div class=\"elementor-post__badge\">Corporative<\/div>\n\t\t\t\t<div class=\"elementor-post__text\">\n\t\t\t\t<h3 class=\"elementor-post__title\">\n\t\t\t<a href=\"https:\/\/ibercenter.com\/en\/smart-offices-how-technology-is-revolutionising-the-working-environment\/\" >\n\t\t\t\tSmart offices: how technology is revolutionising the working environment\t\t\t<\/a>\n\t\t<\/h3>\n\t\t\n\t\t<a class=\"elementor-post__read-more\" href=\"https:\/\/ibercenter.com\/en\/smart-offices-how-technology-is-revolutionising-the-working-environment\/\" aria-label=\"Read more about Smart offices: how technology is revolutionising the working environment\" tabindex=\"-1\" >\n\t\t\tMore Info \u00bb\t\t<\/a>\n\n\t\t\t\t<\/div>\n\t\t\t\t<div class=\"elementor-post__meta-data\">\n\t\t\t\t\t<span class=\"elementor-post-date\">\n\t\t\t13 de December de 2024\t\t<\/span>\n\t\t\t\t<span class=\"elementor-post-avatar\">\n\t\t\tNo Comments\t\t<\/span>\n\t\t\t\t<\/div>\n\t\t\t\t\t<\/div>\n\t\t<\/article>\n\t\t\t\t<article class=\"elementor-post elementor-grid-item post-26775 post type-post status-publish format-standard has-post-thumbnail hentry\" role=\"listitem\">\n\t\t\t<div class=\"elementor-post__card\">\n\t\t\t\t<a class=\"elementor-post__thumbnail__link\" href=\"https:\/\/ibercenter.com\/en\/how-does-coworking-enhance-creativity-and-collaborative-work-2\/\" tabindex=\"-1\" ><div class=\"elementor-post__thumbnail\"><img loading=\"lazy\" decoding=\"async\" width=\"1000\" height=\"667\" src=\"https:\/\/ibercenter.com\/wp-content\/uploads\/2024\/12\/Como-el-coworking-potencia-la-creatividad-y-el-trabajo-colaborativo.jpg\" class=\"attachment-full size-full wp-image-26405\" alt=\"\u00bfC\u00f3mo el coworking potencia la creatividad y el trabajo colaborativo?\" srcset=\"https:\/\/ibercenter.com\/wp-content\/uploads\/2024\/12\/Como-el-coworking-potencia-la-creatividad-y-el-trabajo-colaborativo.jpg 1000w, https:\/\/ibercenter.com\/wp-content\/uploads\/2024\/12\/Como-el-coworking-potencia-la-creatividad-y-el-trabajo-colaborativo-300x200.jpg 300w, https:\/\/ibercenter.com\/wp-content\/uploads\/2024\/12\/Como-el-coworking-potencia-la-creatividad-y-el-trabajo-colaborativo-768x512.jpg 768w\" sizes=\"(max-width: 1000px) 100vw, 1000px\" \/><\/div><\/a>\n\t\t\t\t<div class=\"elementor-post__text\">\n\t\t\t\t<h3 class=\"elementor-post__title\">\n\t\t\t<a href=\"https:\/\/ibercenter.com\/en\/how-does-coworking-enhance-creativity-and-collaborative-work-2\/\" >\n\t\t\t\tHow does coworking enhance creativity and collaborative work?\t\t\t<\/a>\n\t\t<\/h3>\n\t\t\n\t\t<a class=\"elementor-post__read-more\" href=\"https:\/\/ibercenter.com\/en\/how-does-coworking-enhance-creativity-and-collaborative-work-2\/\" aria-label=\"Read more about How does coworking enhance creativity and collaborative work?\" tabindex=\"-1\" >\n\t\t\tMore Info \u00bb\t\t<\/a>\n\n\t\t\t\t<\/div>\n\t\t\t\t<div class=\"elementor-post__meta-data\">\n\t\t\t\t\t<span class=\"elementor-post-date\">\n\t\t\t11 de December de 2024\t\t<\/span>\n\t\t\t\t<span class=\"elementor-post-avatar\">\n\t\t\tNo Comments\t\t<\/span>\n\t\t\t\t<\/div>\n\t\t\t\t\t<\/div>\n\t\t<\/article>\n\t\t\t\t<article class=\"elementor-post elementor-grid-item post-33848 post type-post status-publish format-standard has-post-thumbnail hentry category-non-classifiee\" role=\"listitem\">\n\t\t\t<div class=\"elementor-post__card\">\n\t\t\t\t<a class=\"elementor-post__thumbnail__link\" href=\"https:\/\/ibercenter.com\/en\/8-benefitss-of-renting-private-serviced-offices\/\" tabindex=\"-1\" ><div class=\"elementor-post__thumbnail\"><img loading=\"lazy\" decoding=\"async\" width=\"1000\" height=\"500\" src=\"https:\/\/ibercenter.com\/wp-content\/uploads\/2024\/12\/delegar-tareas-2-1.png\" class=\"attachment-full size-full wp-image-26441\" alt=\"ventajas de alquilar una oficina equipada\" srcset=\"https:\/\/ibercenter.com\/wp-content\/uploads\/2024\/12\/delegar-tareas-2-1.png 1000w, https:\/\/ibercenter.com\/wp-content\/uploads\/2024\/12\/delegar-tareas-2-1-300x150.png 300w, https:\/\/ibercenter.com\/wp-content\/uploads\/2024\/12\/delegar-tareas-2-1-768x384.png 768w\" sizes=\"(max-width: 1000px) 100vw, 1000px\" \/><\/div><\/a>\n\t\t\t\t<div class=\"elementor-post__badge\">Corporative<\/div>\n\t\t\t\t<div class=\"elementor-post__text\">\n\t\t\t\t<h3 class=\"elementor-post__title\">\n\t\t\t<a href=\"https:\/\/ibercenter.com\/en\/8-benefitss-of-renting-private-serviced-offices\/\" >\n\t\t\t\t8 Benefits of Renting Private Serviced Offices in a Business Centers\t\t\t<\/a>\n\t\t<\/h3>\n\t\t\n\t\t<a class=\"elementor-post__read-more\" href=\"https:\/\/ibercenter.com\/en\/8-benefitss-of-renting-private-serviced-offices\/\" aria-label=\"Read more about 8 Benefits of Renting Private Serviced Offices in a Business Centers\" tabindex=\"-1\" >\n\t\t\tMore Info \u00bb\t\t<\/a>\n\n\t\t\t\t<\/div>\n\t\t\t\t<div class=\"elementor-post__meta-data\">\n\t\t\t\t\t<span class=\"elementor-post-date\">\n\t\t\t4 de December de 2024\t\t<\/span>\n\t\t\t\t<span class=\"elementor-post-avatar\">\n\t\t\tNo Comments\t\t<\/span>\n\t\t\t\t<\/div>\n\t\t\t\t\t<\/div>\n\t\t<\/article>\n\t\t\t\t<article class=\"elementor-post elementor-grid-item post-26435 post type-post status-publish format-standard has-post-thumbnail hentry\" role=\"listitem\">\n\t\t\t<div class=\"elementor-post__card\">\n\t\t\t\t<a class=\"elementor-post__thumbnail__link\" href=\"https:\/\/ibercenter.com\/en\/what-is-a-virtual-office\/\" tabindex=\"-1\" ><div class=\"elementor-post__thumbnail\"><img loading=\"lazy\" decoding=\"async\" width=\"2560\" height=\"1280\" src=\"https:\/\/ibercenter.com\/wp-content\/uploads\/2024\/09\/rece-scaled.png\" class=\"attachment-full size-full wp-image-24731\" alt=\"recepci\u00f3n 2da planta\" srcset=\"https:\/\/ibercenter.com\/wp-content\/uploads\/2024\/09\/rece-scaled.png 2560w, https:\/\/ibercenter.com\/wp-content\/uploads\/2024\/09\/rece-300x150.png 300w, https:\/\/ibercenter.com\/wp-content\/uploads\/2024\/09\/rece-1024x512.png 1024w, https:\/\/ibercenter.com\/wp-content\/uploads\/2024\/09\/rece-768x384.png 768w, https:\/\/ibercenter.com\/wp-content\/uploads\/2024\/09\/rece-1536x768.png 1536w, https:\/\/ibercenter.com\/wp-content\/uploads\/2024\/09\/rece-2048x1024.png 2048w\" sizes=\"(max-width: 2560px) 100vw, 2560px\" \/><\/div><\/a>\n\t\t\t\t<div class=\"elementor-post__text\">\n\t\t\t\t<h3 class=\"elementor-post__title\">\n\t\t\t<a href=\"https:\/\/ibercenter.com\/en\/what-is-a-virtual-office\/\" >\n\t\t\t\tWhat is a virtual office and how can it benefit your business?\t\t\t<\/a>\n\t\t<\/h3>\n\t\t\n\t\t<a class=\"elementor-post__read-more\" href=\"https:\/\/ibercenter.com\/en\/what-is-a-virtual-office\/\" aria-label=\"Read more about What is a virtual office and how can it benefit your business?\" tabindex=\"-1\" >\n\t\t\tMore Info \u00bb\t\t<\/a>\n\n\t\t\t\t<\/div>\n\t\t\t\t<div class=\"elementor-post__meta-data\">\n\t\t\t\t\t<span class=\"elementor-post-date\">\n\t\t\t2 de December de 2024\t\t<\/span>\n\t\t\t\t<span class=\"elementor-post-avatar\">\n\t\t\tNo Comments\t\t<\/span>\n\t\t\t\t<\/div>\n\t\t\t\t\t<\/div>\n\t\t<\/article>\n\t\t\t\t<article class=\"elementor-post elementor-grid-item post-33849 post type-post status-publish format-standard has-post-thumbnail hentry\" role=\"listitem\">\n\t\t\t<div class=\"elementor-post__card\">\n\t\t\t\t<a class=\"elementor-post__thumbnail__link\" href=\"https:\/\/ibercenter.com\/en\/the-importance-of-how-to-delegate-tasks-to-be-more-productive\/\" tabindex=\"-1\" ><div class=\"elementor-post__thumbnail\"><img loading=\"lazy\" decoding=\"async\" width=\"1000\" height=\"500\" src=\"https:\/\/ibercenter.com\/wp-content\/uploads\/2024\/12\/delegar-tareas.png\" class=\"attachment-full size-full wp-image-26210\" alt=\"\" srcset=\"https:\/\/ibercenter.com\/wp-content\/uploads\/2024\/12\/delegar-tareas.png 1000w, https:\/\/ibercenter.com\/wp-content\/uploads\/2024\/12\/delegar-tareas-300x150.png 300w, https:\/\/ibercenter.com\/wp-content\/uploads\/2024\/12\/delegar-tareas-768x384.png 768w\" sizes=\"(max-width: 1000px) 100vw, 1000px\" \/><\/div><\/a>\n\t\t\t\t<div class=\"elementor-post__text\">\n\t\t\t\t<h3 class=\"elementor-post__title\">\n\t\t\t<a href=\"https:\/\/ibercenter.com\/en\/the-importance-of-how-to-delegate-tasks-to-be-more-productive\/\" >\n\t\t\t\tThe importance of how to delegate tasks to be more productive\t\t\t<\/a>\n\t\t<\/h3>\n\t\t\n\t\t<a class=\"elementor-post__read-more\" href=\"https:\/\/ibercenter.com\/en\/the-importance-of-how-to-delegate-tasks-to-be-more-productive\/\" aria-label=\"Read more about The importance of how to delegate tasks to be more productive\" tabindex=\"-1\" >\n\t\t\tMore Info \u00bb\t\t<\/a>\n\n\t\t\t\t<\/div>\n\t\t\t\t<div class=\"elementor-post__meta-data\">\n\t\t\t\t\t<span class=\"elementor-post-date\">\n\t\t\t28 de November de 2024\t\t<\/span>\n\t\t\t\t<span class=\"elementor-post-avatar\">\n\t\t\tNo Comments\t\t<\/span>\n\t\t\t\t<\/div>\n\t\t\t\t\t<\/div>\n\t\t<\/article>\n\t\t\t\t<article class=\"elementor-post elementor-grid-item post-26418 post type-post status-publish format-standard has-post-thumbnail hentry\" role=\"listitem\">\n\t\t\t<div class=\"elementor-post__card\">\n\t\t\t\t<a class=\"elementor-post__thumbnail__link\" href=\"https:\/\/ibercenter.com\/en\/how-to-choose-the-best-space-for-your-business\/\" tabindex=\"-1\" ><div class=\"elementor-post__thumbnail\"><img loading=\"lazy\" decoding=\"async\" width=\"1000\" height=\"667\" src=\"https:\/\/ibercenter.com\/wp-content\/uploads\/2024\/11\/Como-elegir-el-mejor-espacio-para-tu-negocio.jpg\" class=\"attachment-full size-full wp-image-26182\" alt=\"\u00bfC\u00f3mo elegir el mejor espacio para tu negocio?\" srcset=\"https:\/\/ibercenter.com\/wp-content\/uploads\/2024\/11\/Como-elegir-el-mejor-espacio-para-tu-negocio.jpg 1000w, https:\/\/ibercenter.com\/wp-content\/uploads\/2024\/11\/Como-elegir-el-mejor-espacio-para-tu-negocio-300x200.jpg 300w, https:\/\/ibercenter.com\/wp-content\/uploads\/2024\/11\/Como-elegir-el-mejor-espacio-para-tu-negocio-768x512.jpg 768w\" sizes=\"(max-width: 1000px) 100vw, 1000px\" \/><\/div><\/a>\n\t\t\t\t<div class=\"elementor-post__text\">\n\t\t\t\t<h3 class=\"elementor-post__title\">\n\t\t\t<a href=\"https:\/\/ibercenter.com\/en\/how-to-choose-the-best-space-for-your-business\/\" >\n\t\t\t\tHow to choose the best space for your business?\t\t\t<\/a>\n\t\t<\/h3>\n\t\t\n\t\t<a class=\"elementor-post__read-more\" href=\"https:\/\/ibercenter.com\/en\/how-to-choose-the-best-space-for-your-business\/\" aria-label=\"Read more about How to choose the best space for your business?\" tabindex=\"-1\" >\n\t\t\tMore Info \u00bb\t\t<\/a>\n\n\t\t\t\t<\/div>\n\t\t\t\t<div class=\"elementor-post__meta-data\">\n\t\t\t\t\t<span class=\"elementor-post-date\">\n\t\t\t27 de November de 2024\t\t<\/span>\n\t\t\t\t<span class=\"elementor-post-avatar\">\n\t\t\tNo Comments\t\t<\/span>\n\t\t\t\t<\/div>\n\t\t\t\t\t<\/div>\n\t\t<\/article>\n\t\t\t\t<article class=\"elementor-post elementor-grid-item post-26199 post type-post status-publish format-standard has-post-thumbnail hentry category-non-classifiee\" role=\"listitem\">\n\t\t\t<div class=\"elementor-post__card\">\n\t\t\t\t<a class=\"elementor-post__thumbnail__link\" href=\"https:\/\/ibercenter.com\/en\/things-you-should-not-do-at-a-company-christmas-party-a-guide-to-surviving-the-event-in-style\/\" tabindex=\"-1\" ><div class=\"elementor-post__thumbnail\"><img loading=\"lazy\" decoding=\"async\" width=\"1000\" height=\"664\" src=\"https:\/\/ibercenter.com\/wp-content\/uploads\/2024\/11\/cosas-que-No-se-debe-hacer-en-comida-de-empresa-1.png\" class=\"attachment-full size-full wp-image-26038\" alt=\"cosas que No se debe hacer en comida de empresa\" srcset=\"https:\/\/ibercenter.com\/wp-content\/uploads\/2024\/11\/cosas-que-No-se-debe-hacer-en-comida-de-empresa-1.png 1000w, https:\/\/ibercenter.com\/wp-content\/uploads\/2024\/11\/cosas-que-No-se-debe-hacer-en-comida-de-empresa-1-300x199.png 300w, https:\/\/ibercenter.com\/wp-content\/uploads\/2024\/11\/cosas-que-No-se-debe-hacer-en-comida-de-empresa-1-768x510.png 768w\" sizes=\"(max-width: 1000px) 100vw, 1000px\" \/><\/div><\/a>\n\t\t\t\t<div class=\"elementor-post__badge\">Corporative<\/div>\n\t\t\t\t<div class=\"elementor-post__text\">\n\t\t\t\t<h3 class=\"elementor-post__title\">\n\t\t\t<a href=\"https:\/\/ibercenter.com\/en\/things-you-should-not-do-at-a-company-christmas-party-a-guide-to-surviving-the-event-in-style\/\" >\n\t\t\t\tThings you should NOT do at a company Christmas Party: A guide to surviving the event in style\t\t\t<\/a>\n\t\t<\/h3>\n\t\t\n\t\t<a class=\"elementor-post__read-more\" href=\"https:\/\/ibercenter.com\/en\/things-you-should-not-do-at-a-company-christmas-party-a-guide-to-surviving-the-event-in-style\/\" aria-label=\"Read more about Things you should NOT do at a company Christmas Party: A guide to surviving the event in style\" tabindex=\"-1\" >\n\t\t\tMore Info \u00bb\t\t<\/a>\n\n\t\t\t\t<\/div>\n\t\t\t\t<div class=\"elementor-post__meta-data\">\n\t\t\t\t\t<span class=\"elementor-post-date\">\n\t\t\t21 de November de 2024\t\t<\/span>\n\t\t\t\t<span class=\"elementor-post-avatar\">\n\t\t\tNo Comments\t\t<\/span>\n\t\t\t\t<\/div>\n\t\t\t\t\t<\/div>\n\t\t<\/article>\n\t\t\t\t<article class=\"elementor-post elementor-grid-item post-26206 post type-post status-publish format-standard has-post-thumbnail hentry\" role=\"listitem\">\n\t\t\t<div class=\"elementor-post__card\">\n\t\t\t\t<a class=\"elementor-post__thumbnail__link\" href=\"https:\/\/ibercenter.com\/en\/how-to-reduce-costs-using-flexible-workspaces\/\" tabindex=\"-1\" ><div class=\"elementor-post__thumbnail\"><img loading=\"lazy\" decoding=\"async\" width=\"667\" height=\"1000\" src=\"https:\/\/ibercenter.com\/wp-content\/uploads\/2024\/11\/como-reducir-costes.jpg\" class=\"attachment-full size-full wp-image-26052\" alt=\"como reducir costes\" srcset=\"https:\/\/ibercenter.com\/wp-content\/uploads\/2024\/11\/como-reducir-costes.jpg 667w, https:\/\/ibercenter.com\/wp-content\/uploads\/2024\/11\/como-reducir-costes-200x300.jpg 200w\" sizes=\"(max-width: 667px) 100vw, 667px\" \/><\/div><\/a>\n\t\t\t\t<div class=\"elementor-post__text\">\n\t\t\t\t<h3 class=\"elementor-post__title\">\n\t\t\t<a href=\"https:\/\/ibercenter.com\/en\/how-to-reduce-costs-using-flexible-workspaces\/\" >\n\t\t\t\tHow to reduce costs using flexible workspaces?\t\t\t<\/a>\n\t\t<\/h3>\n\t\t\n\t\t<a class=\"elementor-post__read-more\" href=\"https:\/\/ibercenter.com\/en\/how-to-reduce-costs-using-flexible-workspaces\/\" aria-label=\"Read more about How to reduce costs using flexible workspaces?\" tabindex=\"-1\" >\n\t\t\tMore Info \u00bb\t\t<\/a>\n\n\t\t\t\t<\/div>\n\t\t\t\t<div class=\"elementor-post__meta-data\">\n\t\t\t\t\t<span class=\"elementor-post-date\">\n\t\t\t20 de November de 2024\t\t<\/span>\n\t\t\t\t<span class=\"elementor-post-avatar\">\n\t\t\tNo Comments\t\t<\/span>\n\t\t\t\t<\/div>\n\t\t\t\t\t<\/div>\n\t\t<\/article>\n\t\t\t\t<article class=\"elementor-post elementor-grid-item post-26014 post type-post status-publish format-standard has-post-thumbnail hentry\" role=\"listitem\">\n\t\t\t<div class=\"elementor-post__card\">\n\t\t\t\t<a class=\"elementor-post__thumbnail__link\" href=\"https:\/\/ibercenter.com\/en\/flexible-spaces\/\" tabindex=\"-1\" ><div class=\"elementor-post__thumbnail\"><img loading=\"lazy\" decoding=\"async\" width=\"1000\" height=\"664\" src=\"https:\/\/ibercenter.com\/wp-content\/uploads\/2024\/10\/Imagenes-blog-9-1.jpg\" class=\"attachment-full size-full wp-image-25401\" alt=\"Espacios Flexibles Meeting Point Azca\" srcset=\"https:\/\/ibercenter.com\/wp-content\/uploads\/2024\/10\/Imagenes-blog-9-1.jpg 1000w, https:\/\/ibercenter.com\/wp-content\/uploads\/2024\/10\/Imagenes-blog-9-1-300x199.jpg 300w, https:\/\/ibercenter.com\/wp-content\/uploads\/2024\/10\/Imagenes-blog-9-1-768x510.jpg 768w\" sizes=\"(max-width: 1000px) 100vw, 1000px\" \/><\/div><\/a>\n\t\t\t\t<div class=\"elementor-post__text\">\n\t\t\t\t<h3 class=\"elementor-post__title\">\n\t\t\t<a href=\"https:\/\/ibercenter.com\/en\/flexible-spaces\/\" >\n\t\t\t\tHow to Organise your Agenda Using Flexible Spaces?\t\t\t<\/a>\n\t\t<\/h3>\n\t\t\n\t\t<a class=\"elementor-post__read-more\" href=\"https:\/\/ibercenter.com\/en\/flexible-spaces\/\" aria-label=\"Read more about How to Organise your Agenda Using Flexible Spaces?\" tabindex=\"-1\" >\n\t\t\tMore Info \u00bb\t\t<\/a>\n\n\t\t\t\t<\/div>\n\t\t\t\t<div class=\"elementor-post__meta-data\">\n\t\t\t\t\t<span class=\"elementor-post-date\">\n\t\t\t14 de November de 2024\t\t<\/span>\n\t\t\t\t<span class=\"elementor-post-avatar\">\n\t\t\tNo Comments\t\t<\/span>\n\t\t\t\t<\/div>\n\t\t\t\t\t<\/div>\n\t\t<\/article>\n\t\t\t\t<article class=\"elementor-post elementor-grid-item post-33841 post type-post status-publish format-standard has-post-thumbnail hentry\" role=\"listitem\">\n\t\t\t<div class=\"elementor-post__card\">\n\t\t\t\t<a class=\"elementor-post__thumbnail__link\" href=\"https:\/\/ibercenter.com\/en\/the-evolution-of-workspaces\/\" tabindex=\"-1\" ><div class=\"elementor-post__thumbnail\"><img loading=\"lazy\" decoding=\"async\" width=\"1000\" height=\"667\" src=\"https:\/\/ibercenter.com\/wp-content\/uploads\/2024\/11\/La-evolucion-de-los-espacios-de-trabajo.jpg\" class=\"attachment-full size-full wp-image-26031\" alt=\"La evoluci\u00f3n de los espacios de trabajo\" srcset=\"https:\/\/ibercenter.com\/wp-content\/uploads\/2024\/11\/La-evolucion-de-los-espacios-de-trabajo.jpg 1000w, https:\/\/ibercenter.com\/wp-content\/uploads\/2024\/11\/La-evolucion-de-los-espacios-de-trabajo-300x200.jpg 300w, https:\/\/ibercenter.com\/wp-content\/uploads\/2024\/11\/La-evolucion-de-los-espacios-de-trabajo-768x512.jpg 768w\" sizes=\"(max-width: 1000px) 100vw, 1000px\" \/><\/div><\/a>\n\t\t\t\t<div class=\"elementor-post__text\">\n\t\t\t\t<h3 class=\"elementor-post__title\">\n\t\t\t<a href=\"https:\/\/ibercenter.com\/en\/the-evolution-of-workspaces\/\" >\n\t\t\t\tThe evolution of workspaces\t\t\t<\/a>\n\t\t<\/h3>\n\t\t\n\t\t<a class=\"elementor-post__read-more\" href=\"https:\/\/ibercenter.com\/en\/the-evolution-of-workspaces\/\" aria-label=\"Read more about The evolution of workspaces\" tabindex=\"-1\" >\n\t\t\tMore Info \u00bb\t\t<\/a>\n\n\t\t\t\t<\/div>\n\t\t\t\t<div class=\"elementor-post__meta-data\">\n\t\t\t\t\t<span class=\"elementor-post-date\">\n\t\t\t13 de November de 2024\t\t<\/span>\n\t\t\t\t<span class=\"elementor-post-avatar\">\n\t\t\tNo Comments\t\t<\/span>\n\t\t\t\t<\/div>\n\t\t\t\t\t<\/div>\n\t\t<\/article>\n\t\t\t\t<article class=\"elementor-post elementor-grid-item post-26009 post type-post status-publish format-standard has-post-thumbnail hentry category-non-classifiee\" role=\"listitem\">\n\t\t\t<div class=\"elementor-post__card\">\n\t\t\t\t<a class=\"elementor-post__thumbnail__link\" href=\"https:\/\/ibercenter.com\/en\/discover-the-advantages-of-having-an-office-in-the-centre-of-madrid\/\" tabindex=\"-1\" ><div class=\"elementor-post__thumbnail\"><img loading=\"lazy\" decoding=\"async\" width=\"1000\" height=\"675\" src=\"https:\/\/ibercenter.com\/wp-content\/uploads\/2024\/11\/Descubre-las-ventajas-de-tener-una-oficina-en-el-centro-de-Madrid.jpg\" class=\"attachment-full size-full wp-image-25991\" alt=\"Descubre las ventajas de tener una oficina en el centro de Madrid\" srcset=\"https:\/\/ibercenter.com\/wp-content\/uploads\/2024\/11\/Descubre-las-ventajas-de-tener-una-oficina-en-el-centro-de-Madrid.jpg 1000w, https:\/\/ibercenter.com\/wp-content\/uploads\/2024\/11\/Descubre-las-ventajas-de-tener-una-oficina-en-el-centro-de-Madrid-300x203.jpg 300w, https:\/\/ibercenter.com\/wp-content\/uploads\/2024\/11\/Descubre-las-ventajas-de-tener-una-oficina-en-el-centro-de-Madrid-768x518.jpg 768w\" sizes=\"(max-width: 1000px) 100vw, 1000px\" \/><\/div><\/a>\n\t\t\t\t<div class=\"elementor-post__badge\">Corporative<\/div>\n\t\t\t\t<div class=\"elementor-post__text\">\n\t\t\t\t<h3 class=\"elementor-post__title\">\n\t\t\t<a href=\"https:\/\/ibercenter.com\/en\/discover-the-advantages-of-having-an-office-in-the-centre-of-madrid\/\" >\n\t\t\t\tDiscover the advantages of having an office in the centre of Madrid\t\t\t<\/a>\n\t\t<\/h3>\n\t\t\n\t\t<a class=\"elementor-post__read-more\" href=\"https:\/\/ibercenter.com\/en\/discover-the-advantages-of-having-an-office-in-the-centre-of-madrid\/\" aria-label=\"Read more about Discover the advantages of having an office in the centre of Madrid\" tabindex=\"-1\" >\n\t\t\tMore Info \u00bb\t\t<\/a>\n\n\t\t\t\t<\/div>\n\t\t\t\t<div class=\"elementor-post__meta-data\">\n\t\t\t\t\t<span class=\"elementor-post-date\">\n\t\t\t6 de November de 2024\t\t<\/span>\n\t\t\t\t<span class=\"elementor-post-avatar\">\n\t\t\tNo Comments\t\t<\/span>\n\t\t\t\t<\/div>\n\t\t\t\t\t<\/div>\n\t\t<\/article>\n\t\t\t\t<article class=\"elementor-post elementor-grid-item post-25978 post type-post status-publish format-standard has-post-thumbnail hentry\" role=\"listitem\">\n\t\t\t<div class=\"elementor-post__card\">\n\t\t\t\t<a class=\"elementor-post__thumbnail__link\" href=\"https:\/\/ibercenter.com\/en\/productivity\/\" tabindex=\"-1\" ><div class=\"elementor-post__thumbnail\"><img loading=\"lazy\" decoding=\"async\" width=\"1000\" height=\"667\" src=\"https:\/\/ibercenter.com\/wp-content\/uploads\/2024\/10\/13603-1.jpg\" class=\"attachment-full size-full wp-image-25947\" alt=\"organizaci\u00f3n and productivity\" srcset=\"https:\/\/ibercenter.com\/wp-content\/uploads\/2024\/10\/13603-1.jpg 1000w, https:\/\/ibercenter.com\/wp-content\/uploads\/2024\/10\/13603-1-300x200.jpg 300w, https:\/\/ibercenter.com\/wp-content\/uploads\/2024\/10\/13603-1-768x512.jpg 768w\" sizes=\"(max-width: 1000px) 100vw, 1000px\" \/><\/div><\/a>\n\t\t\t\t<div class=\"elementor-post__text\">\n\t\t\t\t<h3 class=\"elementor-post__title\">\n\t\t\t<a href=\"https:\/\/ibercenter.com\/en\/productivity\/\" >\n\t\t\t\tThe importance of workspace organisation for productivity.\t\t\t<\/a>\n\t\t<\/h3>\n\t\t\n\t\t<a class=\"elementor-post__read-more\" href=\"https:\/\/ibercenter.com\/en\/productivity\/\" aria-label=\"Read more about The importance of workspace organisation for productivity.\" tabindex=\"-1\" >\n\t\t\tMore Info \u00bb\t\t<\/a>\n\n\t\t\t\t<\/div>\n\t\t\t\t<div class=\"elementor-post__meta-data\">\n\t\t\t\t\t<span class=\"elementor-post-date\">\n\t\t\t29 de October de 2024\t\t<\/span>\n\t\t\t\t<span class=\"elementor-post-avatar\">\n\t\t\tNo Comments\t\t<\/span>\n\t\t\t\t<\/div>\n\t\t\t\t\t<\/div>\n\t\t<\/article>\n\t\t\t\t<article class=\"elementor-post elementor-grid-item post-25981 post type-post status-publish format-standard has-post-thumbnail hentry category-non-classifiee\" role=\"listitem\">\n\t\t\t<div class=\"elementor-post__card\">\n\t\t\t\t<a class=\"elementor-post__thumbnail__link\" href=\"https:\/\/ibercenter.com\/en\/6-tools-for-making-effective-presentations\/\" tabindex=\"-1\" ><div class=\"elementor-post__thumbnail\"><img loading=\"lazy\" decoding=\"async\" width=\"1000\" height=\"664\" src=\"https:\/\/ibercenter.com\/wp-content\/uploads\/2024\/10\/presentaciones-efectivas-1.png\" class=\"attachment-full size-full wp-image-25919\" alt=\"presentaciones efectivas\" srcset=\"https:\/\/ibercenter.com\/wp-content\/uploads\/2024\/10\/presentaciones-efectivas-1.png 1000w, https:\/\/ibercenter.com\/wp-content\/uploads\/2024\/10\/presentaciones-efectivas-1-300x199.png 300w, https:\/\/ibercenter.com\/wp-content\/uploads\/2024\/10\/presentaciones-efectivas-1-768x510.png 768w\" sizes=\"(max-width: 1000px) 100vw, 1000px\" \/><\/div><\/a>\n\t\t\t\t<div class=\"elementor-post__badge\">Corporative<\/div>\n\t\t\t\t<div class=\"elementor-post__text\">\n\t\t\t\t<h3 class=\"elementor-post__title\">\n\t\t\t<a href=\"https:\/\/ibercenter.com\/en\/6-tools-for-making-effective-presentations\/\" >\n\t\t\t\t6 Tools for making effective presentations that captivate your audience\t\t\t<\/a>\n\t\t<\/h3>\n\t\t\n\t\t<a class=\"elementor-post__read-more\" href=\"https:\/\/ibercenter.com\/en\/6-tools-for-making-effective-presentations\/\" aria-label=\"Read more about 6 Tools for making effective presentations that captivate your audience\" tabindex=\"-1\" >\n\t\t\tMore Info \u00bb\t\t<\/a>\n\n\t\t\t\t<\/div>\n\t\t\t\t<div class=\"elementor-post__meta-data\">\n\t\t\t\t\t<span class=\"elementor-post-date\">\n\t\t\t24 de October de 2024\t\t<\/span>\n\t\t\t\t<span class=\"elementor-post-avatar\">\n\t\t\tNo Comments\t\t<\/span>\n\t\t\t\t<\/div>\n\t\t\t\t\t<\/div>\n\t\t<\/article>\n\t\t\t\t<article class=\"elementor-post elementor-grid-item post-25943 post type-post status-publish format-standard has-post-thumbnail hentry\" role=\"listitem\">\n\t\t\t<div class=\"elementor-post__card\">\n\t\t\t\t<a class=\"elementor-post__thumbnail__link\" href=\"https:\/\/ibercenter.com\/en\/5-tips-for-a-successful-training-course\/\" tabindex=\"-1\" ><div class=\"elementor-post__thumbnail\"><img loading=\"lazy\" decoding=\"async\" width=\"1000\" height=\"667\" src=\"https:\/\/ibercenter.com\/wp-content\/uploads\/2024\/10\/5-consejos-para-que-un-curso-de-formacion-sea-un-exito.jpg\" class=\"attachment-full size-full wp-image-25911\" alt=\"5 consejos para que un curso de formaci\u00f3n sea un \u00e9xito\" srcset=\"https:\/\/ibercenter.com\/wp-content\/uploads\/2024\/10\/5-consejos-para-que-un-curso-de-formacion-sea-un-exito.jpg 1000w, https:\/\/ibercenter.com\/wp-content\/uploads\/2024\/10\/5-consejos-para-que-un-curso-de-formacion-sea-un-exito-300x200.jpg 300w, https:\/\/ibercenter.com\/wp-content\/uploads\/2024\/10\/5-consejos-para-que-un-curso-de-formacion-sea-un-exito-768x512.jpg 768w\" sizes=\"(max-width: 1000px) 100vw, 1000px\" \/><\/div><\/a>\n\t\t\t\t<div class=\"elementor-post__text\">\n\t\t\t\t<h3 class=\"elementor-post__title\">\n\t\t\t<a href=\"https:\/\/ibercenter.com\/en\/5-tips-for-a-successful-training-course\/\" >\n\t\t\t\t5 tips for a successful training course\t\t\t<\/a>\n\t\t<\/h3>\n\t\t\n\t\t<a class=\"elementor-post__read-more\" href=\"https:\/\/ibercenter.com\/en\/5-tips-for-a-successful-training-course\/\" aria-label=\"Read more about 5 tips for a successful training course\" tabindex=\"-1\" >\n\t\t\tMore Info \u00bb\t\t<\/a>\n\n\t\t\t\t<\/div>\n\t\t\t\t<div class=\"elementor-post__meta-data\">\n\t\t\t\t\t<span class=\"elementor-post-date\">\n\t\t\t23 de October de 2024\t\t<\/span>\n\t\t\t\t<span class=\"elementor-post-avatar\">\n\t\t\tNo Comments\t\t<\/span>\n\t\t\t\t<\/div>\n\t\t\t\t\t<\/div>\n\t\t<\/article>\n\t\t\t\t<article class=\"elementor-post elementor-grid-item post-25635 post type-post status-publish format-standard has-post-thumbnail hentry category-non-classifiee\" role=\"listitem\">\n\t\t\t<div class=\"elementor-post__card\">\n\t\t\t\t<a class=\"elementor-post__thumbnail__link\" href=\"https:\/\/ibercenter.com\/en\/innovation-10-tips\/\" tabindex=\"-1\" ><div class=\"elementor-post__thumbnail\"><img loading=\"lazy\" decoding=\"async\" width=\"1000\" height=\"664\" src=\"https:\/\/ibercenter.com\/wp-content\/uploads\/2024\/10\/14.png\" class=\"attachment-full size-full wp-image-25639\" alt=\"Innovation\" srcset=\"https:\/\/ibercenter.com\/wp-content\/uploads\/2024\/10\/14.png 1000w, https:\/\/ibercenter.com\/wp-content\/uploads\/2024\/10\/14-300x199.png 300w, https:\/\/ibercenter.com\/wp-content\/uploads\/2024\/10\/14-768x510.png 768w\" sizes=\"(max-width: 1000px) 100vw, 1000px\" \/><\/div><\/a>\n\t\t\t\t<div class=\"elementor-post__badge\">Corporative<\/div>\n\t\t\t\t<div class=\"elementor-post__text\">\n\t\t\t\t<h3 class=\"elementor-post__title\">\n\t\t\t<a href=\"https:\/\/ibercenter.com\/en\/innovation-10-tips\/\" >\n\t\t\t\tInnovation: 10 tips for incorporating new ideas to differentiate yourself from the competition\t\t\t<\/a>\n\t\t<\/h3>\n\t\t\n\t\t<a class=\"elementor-post__read-more\" href=\"https:\/\/ibercenter.com\/en\/innovation-10-tips\/\" aria-label=\"Read more about Innovation: 10 tips for incorporating new ideas to differentiate yourself from the competition\" tabindex=\"-1\" >\n\t\t\tMore Info \u00bb\t\t<\/a>\n\n\t\t\t\t<\/div>\n\t\t\t\t<div class=\"elementor-post__meta-data\">\n\t\t\t\t\t<span class=\"elementor-post-date\">\n\t\t\t18 de October de 2024\t\t<\/span>\n\t\t\t\t<span class=\"elementor-post-avatar\">\n\t\t\tNo Comments\t\t<\/span>\n\t\t\t\t<\/div>\n\t\t\t\t\t<\/div>\n\t\t<\/article>\n\t\t\t\t<article class=\"elementor-post elementor-grid-item post-25928 post type-post status-publish format-standard has-post-thumbnail hentry\" role=\"listitem\">\n\t\t\t<div class=\"elementor-post__card\">\n\t\t\t\t<a class=\"elementor-post__thumbnail__link\" href=\"https:\/\/ibercenter.com\/en\/conventional-office-vs-coworking-office\/\" tabindex=\"-1\" ><div class=\"elementor-post__thumbnail\"><img loading=\"lazy\" decoding=\"async\" width=\"1000\" height=\"668\" src=\"https:\/\/ibercenter.com\/wp-content\/uploads\/2024\/10\/Oficina-convencional-u-oficina-equipada-en-un-coworking.jpg\" class=\"attachment-full size-full wp-image-25617\" alt=\"Oficina convencional u oficina equipada en un coworking\" srcset=\"https:\/\/ibercenter.com\/wp-content\/uploads\/2024\/10\/Oficina-convencional-u-oficina-equipada-en-un-coworking.jpg 1000w, https:\/\/ibercenter.com\/wp-content\/uploads\/2024\/10\/Oficina-convencional-u-oficina-equipada-en-un-coworking-300x200.jpg 300w, https:\/\/ibercenter.com\/wp-content\/uploads\/2024\/10\/Oficina-convencional-u-oficina-equipada-en-un-coworking-768x513.jpg 768w\" sizes=\"(max-width: 1000px) 100vw, 1000px\" \/><\/div><\/a>\n\t\t\t\t<div class=\"elementor-post__text\">\n\t\t\t\t<h3 class=\"elementor-post__title\">\n\t\t\t<a href=\"https:\/\/ibercenter.com\/en\/conventional-office-vs-coworking-office\/\" >\n\t\t\t\tConventional office VS coworking office?\t\t\t<\/a>\n\t\t<\/h3>\n\t\t\n\t\t<a class=\"elementor-post__read-more\" href=\"https:\/\/ibercenter.com\/en\/conventional-office-vs-coworking-office\/\" aria-label=\"Read more about Conventional office VS coworking office?\" tabindex=\"-1\" >\n\t\t\tMore Info \u00bb\t\t<\/a>\n\n\t\t\t\t<\/div>\n\t\t\t\t<div class=\"elementor-post__meta-data\">\n\t\t\t\t\t<span class=\"elementor-post-date\">\n\t\t\t16 de October de 2024\t\t<\/span>\n\t\t\t\t<span class=\"elementor-post-avatar\">\n\t\t\tNo Comments\t\t<\/span>\n\t\t\t\t<\/div>\n\t\t\t\t\t<\/div>\n\t\t<\/article>\n\t\t\t\t<article class=\"elementor-post elementor-grid-item post-25593 post type-post status-publish format-standard has-post-thumbnail hentry category-non-classifiee\" role=\"listitem\">\n\t\t\t<div class=\"elementor-post__card\">\n\t\t\t\t<a class=\"elementor-post__thumbnail__link\" href=\"https:\/\/ibercenter.com\/en\/customer-loyalty-strategies\/\" tabindex=\"-1\" ><div class=\"elementor-post__thumbnail\"><img loading=\"lazy\" decoding=\"async\" width=\"1000\" height=\"667\" src=\"https:\/\/ibercenter.com\/wp-content\/uploads\/2024\/10\/La-importancia-de-la-experiencia-del-cliente-para-el-crecimiento-de-tu-negocio.jpg\" class=\"attachment-full size-full wp-image-25568\" alt=\"La importancia de la experiencia del cliente para el crecimiento de tu negocio\" srcset=\"https:\/\/ibercenter.com\/wp-content\/uploads\/2024\/10\/La-importancia-de-la-experiencia-del-cliente-para-el-crecimiento-de-tu-negocio.jpg 1000w, https:\/\/ibercenter.com\/wp-content\/uploads\/2024\/10\/La-importancia-de-la-experiencia-del-cliente-para-el-crecimiento-de-tu-negocio-300x200.jpg 300w, https:\/\/ibercenter.com\/wp-content\/uploads\/2024\/10\/La-importancia-de-la-experiencia-del-cliente-para-el-crecimiento-de-tu-negocio-768x512.jpg 768w\" sizes=\"(max-width: 1000px) 100vw, 1000px\" \/><\/div><\/a>\n\t\t\t\t<div class=\"elementor-post__badge\">Corporative<\/div>\n\t\t\t\t<div class=\"elementor-post__text\">\n\t\t\t\t<h3 class=\"elementor-post__title\">\n\t\t\t<a href=\"https:\/\/ibercenter.com\/en\/customer-loyalty-strategies\/\" >\n\t\t\t\tCustomer loyalty strategies: how to keep them coming back and recommending your business\t\t\t<\/a>\n\t\t<\/h3>\n\t\t\n\t\t<a class=\"elementor-post__read-more\" href=\"https:\/\/ibercenter.com\/en\/customer-loyalty-strategies\/\" aria-label=\"Read more about Customer loyalty strategies: how to keep them coming back and recommending your business\" tabindex=\"-1\" >\n\t\t\tMore Info \u00bb\t\t<\/a>\n\n\t\t\t\t<\/div>\n\t\t\t\t<div class=\"elementor-post__meta-data\">\n\t\t\t\t\t<span class=\"elementor-post-date\">\n\t\t\t9 de October de 2024\t\t<\/span>\n\t\t\t\t<span class=\"elementor-post-avatar\">\n\t\t\tNo Comments\t\t<\/span>\n\t\t\t\t<\/div>\n\t\t\t\t\t<\/div>\n\t\t<\/article>\n\t\t\t\t<article class=\"elementor-post elementor-grid-item post-25614 post type-post status-publish format-standard has-post-thumbnail hentry category-non-classifiee\" role=\"listitem\">\n\t\t\t<div class=\"elementor-post__card\">\n\t\t\t\t<a class=\"elementor-post__thumbnail__link\" href=\"https:\/\/ibercenter.com\/en\/networking\/\" tabindex=\"-1\" ><div class=\"elementor-post__thumbnail\"><img loading=\"lazy\" decoding=\"async\" width=\"1000\" height=\"664\" src=\"https:\/\/ibercenter.com\/wp-content\/uploads\/2024\/10\/networking.jpg\" class=\"attachment-full size-full wp-image-25553\" alt=\"networking\" srcset=\"https:\/\/ibercenter.com\/wp-content\/uploads\/2024\/10\/networking.jpg 1000w, https:\/\/ibercenter.com\/wp-content\/uploads\/2024\/10\/networking-300x199.jpg 300w, https:\/\/ibercenter.com\/wp-content\/uploads\/2024\/10\/networking-768x510.jpg 768w\" sizes=\"(max-width: 1000px) 100vw, 1000px\" \/><\/div><\/a>\n\t\t\t\t<div class=\"elementor-post__badge\">Corporative<\/div>\n\t\t\t\t<div class=\"elementor-post__text\">\n\t\t\t\t<h3 class=\"elementor-post__title\">\n\t\t\t<a href=\"https:\/\/ibercenter.com\/en\/networking\/\" >\n\t\t\t\tNetworking: how to build relationships that boost the growth of your venture.\t\t\t<\/a>\n\t\t<\/h3>\n\t\t\n\t\t<a class=\"elementor-post__read-more\" href=\"https:\/\/ibercenter.com\/en\/networking\/\" aria-label=\"Read more about Networking: how to build relationships that boost the growth of your venture.\" tabindex=\"-1\" >\n\t\t\tMore Info \u00bb\t\t<\/a>\n\n\t\t\t\t<\/div>\n\t\t\t\t<div class=\"elementor-post__meta-data\">\n\t\t\t\t\t<span class=\"elementor-post-date\">\n\t\t\t2 de October de 2024\t\t<\/span>\n\t\t\t\t<span class=\"elementor-post-avatar\">\n\t\t\tNo Comments\t\t<\/span>\n\t\t\t\t<\/div>\n\t\t\t\t\t<\/div>\n\t\t<\/article>\n\t\t\t\t<article class=\"elementor-post elementor-grid-item post-25562 post type-post status-publish format-standard has-post-thumbnail hentry\" role=\"listitem\">\n\t\t\t<div class=\"elementor-post__card\">\n\t\t\t\t<a class=\"elementor-post__thumbnail__link\" href=\"https:\/\/ibercenter.com\/en\/how-hybrid-work-is-transforming-office-spaces\/\" tabindex=\"-1\" ><div class=\"elementor-post__thumbnail\"><img loading=\"lazy\" decoding=\"async\" width=\"1000\" height=\"667\" src=\"https:\/\/ibercenter.com\/wp-content\/uploads\/2024\/09\/ibercenter-Como-el-trabajo-hibrido-esta-transformando-los-espacios-de-oficinas.jpg\" class=\"attachment-full size-full wp-image-24622\" alt=\"Como el trabajo h\u00edbrido est\u00e1 transformando los espacios de oficinas\" srcset=\"https:\/\/ibercenter.com\/wp-content\/uploads\/2024\/09\/ibercenter-Como-el-trabajo-hibrido-esta-transformando-los-espacios-de-oficinas.jpg 1000w, https:\/\/ibercenter.com\/wp-content\/uploads\/2024\/09\/ibercenter-Como-el-trabajo-hibrido-esta-transformando-los-espacios-de-oficinas-300x200.jpg 300w, https:\/\/ibercenter.com\/wp-content\/uploads\/2024\/09\/ibercenter-Como-el-trabajo-hibrido-esta-transformando-los-espacios-de-oficinas-768x512.jpg 768w\" sizes=\"(max-width: 1000px) 100vw, 1000px\" \/><\/div><\/a>\n\t\t\t\t<div class=\"elementor-post__text\">\n\t\t\t\t<h3 class=\"elementor-post__title\">\n\t\t\t<a href=\"https:\/\/ibercenter.com\/en\/how-hybrid-work-is-transforming-office-spaces\/\" >\n\t\t\t\tHow hybrid work is transforming office spaces\t\t\t<\/a>\n\t\t<\/h3>\n\t\t\n\t\t<a class=\"elementor-post__read-more\" href=\"https:\/\/ibercenter.com\/en\/how-hybrid-work-is-transforming-office-spaces\/\" aria-label=\"Read more about How hybrid work is transforming office spaces\" tabindex=\"-1\" >\n\t\t\tMore Info \u00bb\t\t<\/a>\n\n\t\t\t\t<\/div>\n\t\t\t\t<div class=\"elementor-post__meta-data\">\n\t\t\t\t\t<span class=\"elementor-post-date\">\n\t\t\t18 de September de 2024\t\t<\/span>\n\t\t\t\t<span class=\"elementor-post-avatar\">\n\t\t\tNo Comments\t\t<\/span>\n\t\t\t\t<\/div>\n\t\t\t\t\t<\/div>\n\t\t<\/article>\n\t\t\t\t<article class=\"elementor-post elementor-grid-item post-25055 post type-post status-publish format-standard has-post-thumbnail hentry\" role=\"listitem\">\n\t\t\t<div class=\"elementor-post__card\">\n\t\t\t\t<a class=\"elementor-post__thumbnail__link\" href=\"https:\/\/ibercenter.com\/en\/the-future-of-coworking-vs-the-traditional-office\/\" tabindex=\"-1\" ><div class=\"elementor-post__thumbnail\"><img loading=\"lazy\" decoding=\"async\" width=\"1000\" height=\"667\" src=\"https:\/\/ibercenter.com\/wp-content\/uploads\/2024\/09\/El-futuro-del-coworking-VS-la-oficina-tradicional.jpg\" class=\"attachment-full size-full wp-image-24324\" alt=\"El futuro del coworking VS oficina tradicional\" srcset=\"https:\/\/ibercenter.com\/wp-content\/uploads\/2024\/09\/El-futuro-del-coworking-VS-la-oficina-tradicional.jpg 1000w, https:\/\/ibercenter.com\/wp-content\/uploads\/2024\/09\/El-futuro-del-coworking-VS-la-oficina-tradicional-300x200.jpg 300w, https:\/\/ibercenter.com\/wp-content\/uploads\/2024\/09\/El-futuro-del-coworking-VS-la-oficina-tradicional-768x512.jpg 768w\" sizes=\"(max-width: 1000px) 100vw, 1000px\" \/><\/div><\/a>\n\t\t\t\t<div class=\"elementor-post__text\">\n\t\t\t\t<h3 class=\"elementor-post__title\">\n\t\t\t<a href=\"https:\/\/ibercenter.com\/en\/the-future-of-coworking-vs-the-traditional-office\/\" >\n\t\t\t\tThe future of coworking VS the traditional office\t\t\t<\/a>\n\t\t<\/h3>\n\t\t\n\t\t<a class=\"elementor-post__read-more\" href=\"https:\/\/ibercenter.com\/en\/the-future-of-coworking-vs-the-traditional-office\/\" aria-label=\"Read more about The future of coworking VS the traditional office\" tabindex=\"-1\" >\n\t\t\tMore Info \u00bb\t\t<\/a>\n\n\t\t\t\t<\/div>\n\t\t\t\t<div class=\"elementor-post__meta-data\">\n\t\t\t\t\t<span class=\"elementor-post-date\">\n\t\t\t11 de September de 2024\t\t<\/span>\n\t\t\t\t<span class=\"elementor-post-avatar\">\n\t\t\tNo Comments\t\t<\/span>\n\t\t\t\t<\/div>\n\t\t\t\t\t<\/div>\n\t\t<\/article>\n\t\t\t\t<article class=\"elementor-post elementor-grid-item post-24614 post type-post status-publish format-standard has-post-thumbnail hentry\" role=\"listitem\">\n\t\t\t<div class=\"elementor-post__card\">\n\t\t\t\t<a class=\"elementor-post__thumbnail__link\" href=\"https:\/\/ibercenter.com\/en\/how-to-create-a-strong-corporate-culture-from-the-outset\/\" tabindex=\"-1\" ><div class=\"elementor-post__thumbnail\"><img loading=\"lazy\" decoding=\"async\" width=\"1000\" height=\"667\" src=\"https:\/\/ibercenter.com\/wp-content\/uploads\/2024\/09\/cultura-empresarial-ibercenter.jpg\" class=\"attachment-full size-full wp-image-24031\" alt=\"cultura empresarial ibercenter\" srcset=\"https:\/\/ibercenter.com\/wp-content\/uploads\/2024\/09\/cultura-empresarial-ibercenter.jpg 1000w, https:\/\/ibercenter.com\/wp-content\/uploads\/2024\/09\/cultura-empresarial-ibercenter-300x200.jpg 300w, https:\/\/ibercenter.com\/wp-content\/uploads\/2024\/09\/cultura-empresarial-ibercenter-768x512.jpg 768w\" sizes=\"(max-width: 1000px) 100vw, 1000px\" \/><\/div><\/a>\n\t\t\t\t<div class=\"elementor-post__text\">\n\t\t\t\t<h3 class=\"elementor-post__title\">\n\t\t\t<a href=\"https:\/\/ibercenter.com\/en\/how-to-create-a-strong-corporate-culture-from-the-outset\/\" >\n\t\t\t\tHow to create a strong corporate culture from the outset?\t\t\t<\/a>\n\t\t<\/h3>\n\t\t\n\t\t<a class=\"elementor-post__read-more\" href=\"https:\/\/ibercenter.com\/en\/how-to-create-a-strong-corporate-culture-from-the-outset\/\" aria-label=\"Read more about How to create a strong corporate culture from the outset?\" tabindex=\"-1\" >\n\t\t\tMore Info \u00bb\t\t<\/a>\n\n\t\t\t\t<\/div>\n\t\t\t\t<div class=\"elementor-post__meta-data\">\n\t\t\t\t\t<span class=\"elementor-post-date\">\n\t\t\t4 de September de 2024\t\t<\/span>\n\t\t\t\t<span class=\"elementor-post-avatar\">\n\t\t\tNo Comments\t\t<\/span>\n\t\t\t\t<\/div>\n\t\t\t\t\t<\/div>\n\t\t<\/article>\n\t\t\t\t<article class=\"elementor-post elementor-grid-item post-23257 post type-post status-publish format-standard has-post-thumbnail hentry category-non-classifiee\" role=\"listitem\">\n\t\t\t<div class=\"elementor-post__card\">\n\t\t\t\t<a class=\"elementor-post__thumbnail__link\" href=\"https:\/\/ibercenter.com\/en\/how-to-get-funding-for-your-business-a-complete-guide-for-entrepreneurs\/\" tabindex=\"-1\" ><div class=\"elementor-post__thumbnail\"><img loading=\"lazy\" decoding=\"async\" width=\"1000\" height=\"664\" src=\"https:\/\/ibercenter.com\/wp-content\/uploads\/2024\/08\/Financiacion-1-1.png\" class=\"attachment-full size-full wp-image-22730\" alt=\"How to Get Financing for your Business: A Complete Guide for Entrepreneurs\" srcset=\"https:\/\/ibercenter.com\/wp-content\/uploads\/2024\/08\/Financiacion-1-1.png 1000w, https:\/\/ibercenter.com\/wp-content\/uploads\/2024\/08\/Financiacion-1-1-300x199.png 300w, https:\/\/ibercenter.com\/wp-content\/uploads\/2024\/08\/Financiacion-1-1-768x510.png 768w\" sizes=\"(max-width: 1000px) 100vw, 1000px\" \/><\/div><\/a>\n\t\t\t\t<div class=\"elementor-post__badge\">Corporative<\/div>\n\t\t\t\t<div class=\"elementor-post__text\">\n\t\t\t\t<h3 class=\"elementor-post__title\">\n\t\t\t<a href=\"https:\/\/ibercenter.com\/en\/how-to-get-funding-for-your-business-a-complete-guide-for-entrepreneurs\/\" >\n\t\t\t\tHow to Get Funding for Your Business: A Complete Guide for Entrepreneurs\t\t\t<\/a>\n\t\t<\/h3>\n\t\t\n\t\t<a class=\"elementor-post__read-more\" href=\"https:\/\/ibercenter.com\/en\/how-to-get-funding-for-your-business-a-complete-guide-for-entrepreneurs\/\" aria-label=\"Read more about How to Get Funding for Your Business: A Complete Guide for Entrepreneurs\" tabindex=\"-1\" >\n\t\t\tMore Info \u00bb\t\t<\/a>\n\n\t\t\t\t<\/div>\n\t\t\t\t<div class=\"elementor-post__meta-data\">\n\t\t\t\t\t<span class=\"elementor-post-date\">\n\t\t\t30 de August de 2024\t\t<\/span>\n\t\t\t\t<span class=\"elementor-post-avatar\">\n\t\t\tNo Comments\t\t<\/span>\n\t\t\t\t<\/div>\n\t\t\t\t\t<\/div>\n\t\t<\/article>\n\t\t\t\t<article class=\"elementor-post elementor-grid-item post-22738 post type-post status-publish format-standard has-post-thumbnail hentry\" role=\"listitem\">\n\t\t\t<div class=\"elementor-post__card\">\n\t\t\t\t<a class=\"elementor-post__thumbnail__link\" href=\"https:\/\/ibercenter.com\/en\/common-mistakes-when-starting-a-business\/\" tabindex=\"-1\" ><div class=\"elementor-post__thumbnail\"><img loading=\"lazy\" decoding=\"async\" width=\"1000\" height=\"664\" src=\"https:\/\/ibercenter.com\/wp-content\/uploads\/2024\/08\/Errores-comunes-al-iniciar-un-negocio-ibercenter-1.jpg\" class=\"attachment-full size-full wp-image-22722\" alt=\"Common mistakes when starting a business\" srcset=\"https:\/\/ibercenter.com\/wp-content\/uploads\/2024\/08\/Errores-comunes-al-iniciar-un-negocio-ibercenter-1.jpg 1000w, https:\/\/ibercenter.com\/wp-content\/uploads\/2024\/08\/Errores-comunes-al-iniciar-un-negocio-ibercenter-1-300x199.jpg 300w, https:\/\/ibercenter.com\/wp-content\/uploads\/2024\/08\/Errores-comunes-al-iniciar-un-negocio-ibercenter-1-768x510.jpg 768w\" sizes=\"(max-width: 1000px) 100vw, 1000px\" \/><\/div><\/a>\n\t\t\t\t<div class=\"elementor-post__text\">\n\t\t\t\t<h3 class=\"elementor-post__title\">\n\t\t\t<a href=\"https:\/\/ibercenter.com\/en\/common-mistakes-when-starting-a-business\/\" >\n\t\t\t\tCommon mistakes when starting a business\t\t\t<\/a>\n\t\t<\/h3>\n\t\t\n\t\t<a class=\"elementor-post__read-more\" href=\"https:\/\/ibercenter.com\/en\/common-mistakes-when-starting-a-business\/\" aria-label=\"Read more about Common mistakes when starting a business\" tabindex=\"-1\" >\n\t\t\tMore Info \u00bb\t\t<\/a>\n\n\t\t\t\t<\/div>\n\t\t\t\t<div class=\"elementor-post__meta-data\">\n\t\t\t\t\t<span class=\"elementor-post-date\">\n\t\t\t28 de August de 2024\t\t<\/span>\n\t\t\t\t<span class=\"elementor-post-avatar\">\n\t\t\tNo Comments\t\t<\/span>\n\t\t\t\t<\/div>\n\t\t\t\t\t<\/div>\n\t\t<\/article>\n\t\t\t\t<article class=\"elementor-post elementor-grid-item post-22709 post type-post status-publish format-standard has-post-thumbnail hentry\" role=\"listitem\">\n\t\t\t<div class=\"elementor-post__card\">\n\t\t\t\t<a class=\"elementor-post__thumbnail__link\" href=\"https:\/\/ibercenter.com\/en\/the-best-areas-for-business-location-in-madrid\/\" tabindex=\"-1\" ><div class=\"elementor-post__thumbnail\"><img loading=\"lazy\" decoding=\"async\" width=\"1000\" height=\"667\" src=\"https:\/\/ibercenter.com\/wp-content\/uploads\/2024\/08\/mejores-zonas-para-ubicar-un-negocio-2.jpg\" class=\"attachment-full size-full wp-image-22676\" alt=\"mejores zonas para ubicar un negocio en Madrid\" srcset=\"https:\/\/ibercenter.com\/wp-content\/uploads\/2024\/08\/mejores-zonas-para-ubicar-un-negocio-2.jpg 1000w, https:\/\/ibercenter.com\/wp-content\/uploads\/2024\/08\/mejores-zonas-para-ubicar-un-negocio-2-300x200.jpg 300w, https:\/\/ibercenter.com\/wp-content\/uploads\/2024\/08\/mejores-zonas-para-ubicar-un-negocio-2-768x512.jpg 768w\" sizes=\"(max-width: 1000px) 100vw, 1000px\" \/><\/div><\/a>\n\t\t\t\t<div class=\"elementor-post__text\">\n\t\t\t\t<h3 class=\"elementor-post__title\">\n\t\t\t<a href=\"https:\/\/ibercenter.com\/en\/the-best-areas-for-business-location-in-madrid\/\" >\n\t\t\t\tThe Best Areas for Business Location in Madrid\t\t\t<\/a>\n\t\t<\/h3>\n\t\t\n\t\t<a class=\"elementor-post__read-more\" href=\"https:\/\/ibercenter.com\/en\/the-best-areas-for-business-location-in-madrid\/\" aria-label=\"Read more about The Best Areas for Business Location in Madrid\" tabindex=\"-1\" >\n\t\t\tMore Info \u00bb\t\t<\/a>\n\n\t\t\t\t<\/div>\n\t\t\t\t<div class=\"elementor-post__meta-data\">\n\t\t\t\t\t<span class=\"elementor-post-date\">\n\t\t\t21 de August de 2024\t\t<\/span>\n\t\t\t\t<span class=\"elementor-post-avatar\">\n\t\t\tNo Comments\t\t<\/span>\n\t\t\t\t<\/div>\n\t\t\t\t\t<\/div>\n\t\t<\/article>\n\t\t\t\t<article class=\"elementor-post elementor-grid-item post-22702 post type-post status-publish format-standard has-post-thumbnail hentry\" role=\"listitem\">\n\t\t\t<div class=\"elementor-post__card\">\n\t\t\t\t<a class=\"elementor-post__thumbnail__link\" href=\"https:\/\/ibercenter.com\/en\/what-are-flexible-workspaces-and-why-are-they-the-future-of-work\/\" tabindex=\"-1\" ><div class=\"elementor-post__thumbnail\"><img loading=\"lazy\" decoding=\"async\" width=\"1000\" height=\"664\" src=\"https:\/\/ibercenter.com\/wp-content\/uploads\/2024\/08\/3-1.jpg\" class=\"attachment-full size-full wp-image-22432\" alt=\"What are Flexible Workspaces\" srcset=\"https:\/\/ibercenter.com\/wp-content\/uploads\/2024\/08\/3-1.jpg 1000w, https:\/\/ibercenter.com\/wp-content\/uploads\/2024\/08\/3-1-300x199.jpg 300w, https:\/\/ibercenter.com\/wp-content\/uploads\/2024\/08\/3-1-768x510.jpg 768w\" sizes=\"(max-width: 1000px) 100vw, 1000px\" \/><\/div><\/a>\n\t\t\t\t<div class=\"elementor-post__text\">\n\t\t\t\t<h3 class=\"elementor-post__title\">\n\t\t\t<a href=\"https:\/\/ibercenter.com\/en\/what-are-flexible-workspaces-and-why-are-they-the-future-of-work\/\" >\n\t\t\t\tWhat are Flexible Workspaces and Why are they the Future of Work?\t\t\t<\/a>\n\t\t<\/h3>\n\t\t\n\t\t<a class=\"elementor-post__read-more\" href=\"https:\/\/ibercenter.com\/en\/what-are-flexible-workspaces-and-why-are-they-the-future-of-work\/\" aria-label=\"Read more about What are Flexible Workspaces and Why are they the Future of Work?\" tabindex=\"-1\" >\n\t\t\tMore Info \u00bb\t\t<\/a>\n\n\t\t\t\t<\/div>\n\t\t\t\t<div class=\"elementor-post__meta-data\">\n\t\t\t\t\t<span class=\"elementor-post-date\">\n\t\t\t20 de August de 2024\t\t<\/span>\n\t\t\t\t<span class=\"elementor-post-avatar\">\n\t\t\tNo Comments\t\t<\/span>\n\t\t\t\t<\/div>\n\t\t\t\t\t<\/div>\n\t\t<\/article>\n\t\t\t\t<article class=\"elementor-post elementor-grid-item post-22662 post type-post status-publish format-standard has-post-thumbnail hentry category-sin-categorizar\" role=\"listitem\">\n\t\t\t<div class=\"elementor-post__card\">\n\t\t\t\t<a class=\"elementor-post__thumbnail__link\" href=\"https:\/\/ibercenter.com\/en\/differences-between-workation-and-telework\/\" tabindex=\"-1\" ><div class=\"elementor-post__thumbnail\"><img loading=\"lazy\" decoding=\"async\" width=\"1000\" height=\"667\" src=\"https:\/\/ibercenter.com\/wp-content\/uploads\/2024\/08\/Diferencias-entre-Workation-y-Teletrabajo.jpg\" class=\"attachment-full size-full wp-image-22656\" alt=\"workation\" srcset=\"https:\/\/ibercenter.com\/wp-content\/uploads\/2024\/08\/Diferencias-entre-Workation-y-Teletrabajo.jpg 1000w, https:\/\/ibercenter.com\/wp-content\/uploads\/2024\/08\/Diferencias-entre-Workation-y-Teletrabajo-300x200.jpg 300w, https:\/\/ibercenter.com\/wp-content\/uploads\/2024\/08\/Diferencias-entre-Workation-y-Teletrabajo-768x512.jpg 768w\" sizes=\"(max-width: 1000px) 100vw, 1000px\" \/><\/div><\/a>\n\t\t\t\t<div class=\"elementor-post__badge\">Negocios<\/div>\n\t\t\t\t<div class=\"elementor-post__text\">\n\t\t\t\t<h3 class=\"elementor-post__title\">\n\t\t\t<a href=\"https:\/\/ibercenter.com\/en\/differences-between-workation-and-telework\/\" >\n\t\t\t\tDifferences between Workation and Telework\t\t\t<\/a>\n\t\t<\/h3>\n\t\t\n\t\t<a class=\"elementor-post__read-more\" href=\"https:\/\/ibercenter.com\/en\/differences-between-workation-and-telework\/\" aria-label=\"Read more about Differences between Workation and Telework\" tabindex=\"-1\" >\n\t\t\tMore Info \u00bb\t\t<\/a>\n\n\t\t\t\t<\/div>\n\t\t\t\t<div class=\"elementor-post__meta-data\">\n\t\t\t\t\t<span class=\"elementor-post-date\">\n\t\t\t14 de August de 2024\t\t<\/span>\n\t\t\t\t<span class=\"elementor-post-avatar\">\n\t\t\tNo Comments\t\t<\/span>\n\t\t\t\t<\/div>\n\t\t\t\t\t<\/div>\n\t\t<\/article>\n\t\t\t\t<article class=\"elementor-post elementor-grid-item post-22582 post type-post status-publish format-standard has-post-thumbnail hentry\" role=\"listitem\">\n\t\t\t<div class=\"elementor-post__card\">\n\t\t\t\t<a class=\"elementor-post__thumbnail__link\" href=\"https:\/\/ibercenter.com\/en\/remote-work-real-estate-sector\/\" tabindex=\"-1\" ><div class=\"elementor-post__thumbnail\"><img loading=\"lazy\" decoding=\"async\" width=\"1000\" height=\"750\" src=\"https:\/\/ibercenter.com\/wp-content\/uploads\/2024\/08\/Como-ha-afectado-el-teletrabajo-al-sector-inmobiliario.jpg\" class=\"attachment-full size-full wp-image-22253\" alt=\"C\u00f3mo ha afectado el teletrabajo al sector inmobiliario\" srcset=\"https:\/\/ibercenter.com\/wp-content\/uploads\/2024\/08\/Como-ha-afectado-el-teletrabajo-al-sector-inmobiliario.jpg 1000w, https:\/\/ibercenter.com\/wp-content\/uploads\/2024\/08\/Como-ha-afectado-el-teletrabajo-al-sector-inmobiliario-300x225.jpg 300w, https:\/\/ibercenter.com\/wp-content\/uploads\/2024\/08\/Como-ha-afectado-el-teletrabajo-al-sector-inmobiliario-768x576.jpg 768w\" sizes=\"(max-width: 1000px) 100vw, 1000px\" \/><\/div><\/a>\n\t\t\t\t<div class=\"elementor-post__text\">\n\t\t\t\t<h3 class=\"elementor-post__title\">\n\t\t\t<a href=\"https:\/\/ibercenter.com\/en\/remote-work-real-estate-sector\/\" >\n\t\t\t\tHow has remote work affected the real estate sector?\t\t\t<\/a>\n\t\t<\/h3>\n\t\t\n\t\t<a class=\"elementor-post__read-more\" href=\"https:\/\/ibercenter.com\/en\/remote-work-real-estate-sector\/\" aria-label=\"Read more about How has remote work affected the real estate sector?\" tabindex=\"-1\" >\n\t\t\tMore Info \u00bb\t\t<\/a>\n\n\t\t\t\t<\/div>\n\t\t\t\t<div class=\"elementor-post__meta-data\">\n\t\t\t\t\t<span class=\"elementor-post-date\">\n\t\t\t7 de August de 2024\t\t<\/span>\n\t\t\t\t<span class=\"elementor-post-avatar\">\n\t\t\tNo Comments\t\t<\/span>\n\t\t\t\t<\/div>\n\t\t\t\t\t<\/div>\n\t\t<\/article>\n\t\t\t\t<article class=\"elementor-post elementor-grid-item post-22230 post type-post status-publish format-standard has-post-thumbnail hentry category-non-classifiee\" role=\"listitem\">\n\t\t\t<div class=\"elementor-post__card\">\n\t\t\t\t<a class=\"elementor-post__thumbnail__link\" href=\"https:\/\/ibercenter.com\/en\/digital-transformation-6-essential-tools-for-businesses-and-enterprises\/\" tabindex=\"-1\" ><div class=\"elementor-post__thumbnail\"><img loading=\"lazy\" decoding=\"async\" width=\"1000\" height=\"664\" src=\"https:\/\/ibercenter.com\/wp-content\/uploads\/2024\/07\/Transformacion-digital-1000-x-664-px-2-1.png\" class=\"attachment-full size-full wp-image-22209\" alt=\"Transformaci\u00f3n Digital en las empresas y emprendimientos\" srcset=\"https:\/\/ibercenter.com\/wp-content\/uploads\/2024\/07\/Transformacion-digital-1000-x-664-px-2-1.png 1000w, https:\/\/ibercenter.com\/wp-content\/uploads\/2024\/07\/Transformacion-digital-1000-x-664-px-2-1-300x199.png 300w, https:\/\/ibercenter.com\/wp-content\/uploads\/2024\/07\/Transformacion-digital-1000-x-664-px-2-1-768x510.png 768w\" sizes=\"(max-width: 1000px) 100vw, 1000px\" \/><\/div><\/a>\n\t\t\t\t<div class=\"elementor-post__badge\">Corporative<\/div>\n\t\t\t\t<div class=\"elementor-post__text\">\n\t\t\t\t<h3 class=\"elementor-post__title\">\n\t\t\t<a href=\"https:\/\/ibercenter.com\/en\/digital-transformation-6-essential-tools-for-businesses-and-enterprises\/\" >\n\t\t\t\tDigital Transformation: 6 Essential Tools for Businesses and Enterprises\t\t\t<\/a>\n\t\t<\/h3>\n\t\t\n\t\t<a class=\"elementor-post__read-more\" href=\"https:\/\/ibercenter.com\/en\/digital-transformation-6-essential-tools-for-businesses-and-enterprises\/\" aria-label=\"Read more about Digital Transformation: 6 Essential Tools for Businesses and Enterprises\" tabindex=\"-1\" >\n\t\t\tMore Info \u00bb\t\t<\/a>\n\n\t\t\t\t<\/div>\n\t\t\t\t<div class=\"elementor-post__meta-data\">\n\t\t\t\t\t<span class=\"elementor-post-date\">\n\t\t\t31 de July de 2024\t\t<\/span>\n\t\t\t\t<span class=\"elementor-post-avatar\">\n\t\t\tNo Comments\t\t<\/span>\n\t\t\t\t<\/div>\n\t\t\t\t\t<\/div>\n\t\t<\/article>\n\t\t\t\t<article class=\"elementor-post elementor-grid-item post-22368 post type-post status-publish format-standard has-post-thumbnail hentry\" role=\"listitem\">\n\t\t\t<div class=\"elementor-post__card\">\n\t\t\t\t<a class=\"elementor-post__thumbnail__link\" href=\"https:\/\/ibercenter.com\/en\/the-impact-of-coworking-on-your-business\/\" tabindex=\"-1\" ><div class=\"elementor-post__thumbnail\"><img loading=\"lazy\" decoding=\"async\" width=\"1000\" height=\"667\" src=\"https:\/\/ibercenter.com\/wp-content\/uploads\/2024\/08\/El-impacto-del-coworking-en-tu-negocio.jpg\" class=\"attachment-full size-full wp-image-22225\" alt=\"El impacto del coworking en tu negocio\" srcset=\"https:\/\/ibercenter.com\/wp-content\/uploads\/2024\/08\/El-impacto-del-coworking-en-tu-negocio.jpg 1000w, https:\/\/ibercenter.com\/wp-content\/uploads\/2024\/08\/El-impacto-del-coworking-en-tu-negocio-300x200.jpg 300w, https:\/\/ibercenter.com\/wp-content\/uploads\/2024\/08\/El-impacto-del-coworking-en-tu-negocio-768x512.jpg 768w\" sizes=\"(max-width: 1000px) 100vw, 1000px\" \/><\/div><\/a>\n\t\t\t\t<div class=\"elementor-post__text\">\n\t\t\t\t<h3 class=\"elementor-post__title\">\n\t\t\t<a href=\"https:\/\/ibercenter.com\/en\/the-impact-of-coworking-on-your-business\/\" >\n\t\t\t\tThe impact of coworking on your business\t\t\t<\/a>\n\t\t<\/h3>\n\t\t\n\t\t<a class=\"elementor-post__read-more\" href=\"https:\/\/ibercenter.com\/en\/the-impact-of-coworking-on-your-business\/\" aria-label=\"Read more about The impact of coworking on your business\" tabindex=\"-1\" >\n\t\t\tMore Info \u00bb\t\t<\/a>\n\n\t\t\t\t<\/div>\n\t\t\t\t<div class=\"elementor-post__meta-data\">\n\t\t\t\t\t<span class=\"elementor-post-date\">\n\t\t\t29 de July de 2024\t\t<\/span>\n\t\t\t\t<span class=\"elementor-post-avatar\">\n\t\t\tNo Comments\t\t<\/span>\n\t\t\t\t<\/div>\n\t\t\t\t\t<\/div>\n\t\t<\/article>\n\t\t\t\t<article class=\"elementor-post elementor-grid-item post-22192 post type-post status-publish format-standard has-post-thumbnail hentry\" role=\"listitem\">\n\t\t\t<div class=\"elementor-post__card\">\n\t\t\t\t<a class=\"elementor-post__thumbnail__link\" href=\"https:\/\/ibercenter.com\/en\/create-a-workspace-that-encourages-creativity-in-entrepreneurs\/\" tabindex=\"-1\" ><div class=\"elementor-post__thumbnail\"><img loading=\"lazy\" decoding=\"async\" width=\"2560\" height=\"1920\" src=\"https:\/\/ibercenter.com\/wp-content\/uploads\/2024\/07\/MEETING-POINT3-scaled-2.jpg\" class=\"attachment-full size-full wp-image-22072\" alt=\"Meeting Point - Ibercenter Azca\" srcset=\"https:\/\/ibercenter.com\/wp-content\/uploads\/2024\/07\/MEETING-POINT3-scaled-2.jpg 2560w, https:\/\/ibercenter.com\/wp-content\/uploads\/2024\/07\/MEETING-POINT3-scaled-2-300x225.jpg 300w, https:\/\/ibercenter.com\/wp-content\/uploads\/2024\/07\/MEETING-POINT3-scaled-2-1024x768.jpg 1024w, https:\/\/ibercenter.com\/wp-content\/uploads\/2024\/07\/MEETING-POINT3-scaled-2-768x576.jpg 768w, https:\/\/ibercenter.com\/wp-content\/uploads\/2024\/07\/MEETING-POINT3-scaled-2-1536x1152.jpg 1536w, https:\/\/ibercenter.com\/wp-content\/uploads\/2024\/07\/MEETING-POINT3-scaled-2-2048x1536.jpg 2048w\" sizes=\"(max-width: 2560px) 100vw, 2560px\" \/><\/div><\/a>\n\t\t\t\t<div class=\"elementor-post__text\">\n\t\t\t\t<h3 class=\"elementor-post__title\">\n\t\t\t<a href=\"https:\/\/ibercenter.com\/en\/create-a-workspace-that-encourages-creativity-in-entrepreneurs\/\" >\n\t\t\t\tCreate a Workspace that Encourages Creativity in Entrepreneurs\t\t\t<\/a>\n\t\t<\/h3>\n\t\t\n\t\t<a class=\"elementor-post__read-more\" href=\"https:\/\/ibercenter.com\/en\/create-a-workspace-that-encourages-creativity-in-entrepreneurs\/\" aria-label=\"Read more about Create a Workspace that Encourages Creativity in Entrepreneurs\" tabindex=\"-1\" >\n\t\t\tMore Info \u00bb\t\t<\/a>\n\n\t\t\t\t<\/div>\n\t\t\t\t<div class=\"elementor-post__meta-data\">\n\t\t\t\t\t<span class=\"elementor-post-date\">\n\t\t\t24 de July de 2024\t\t<\/span>\n\t\t\t\t<span class=\"elementor-post-avatar\">\n\t\t\tNo Comments\t\t<\/span>\n\t\t\t\t<\/div>\n\t\t\t\t\t<\/div>\n\t\t<\/article>\n\t\t\t\t<article class=\"elementor-post elementor-grid-item post-22190 post type-post status-publish format-standard has-post-thumbnail hentry\" role=\"listitem\">\n\t\t\t<div class=\"elementor-post__card\">\n\t\t\t\t<a class=\"elementor-post__thumbnail__link\" href=\"https:\/\/ibercenter.com\/en\/keys-to-choose-the-perfect-office-for-your-startup\/\" tabindex=\"-1\" ><div class=\"elementor-post__thumbnail\"><img loading=\"lazy\" decoding=\"async\" width=\"1000\" height=\"664\" src=\"https:\/\/ibercenter.com\/wp-content\/uploads\/2024\/07\/Claves-para-escoger-la-oficina-perfecta-para-tu-startup.jpg\" class=\"attachment-full size-full wp-image-22186\" alt=\"Claves para escoger la oficina perfecta para tu startup\" srcset=\"https:\/\/ibercenter.com\/wp-content\/uploads\/2024\/07\/Claves-para-escoger-la-oficina-perfecta-para-tu-startup.jpg 1000w, https:\/\/ibercenter.com\/wp-content\/uploads\/2024\/07\/Claves-para-escoger-la-oficina-perfecta-para-tu-startup-300x199.jpg 300w, https:\/\/ibercenter.com\/wp-content\/uploads\/2024\/07\/Claves-para-escoger-la-oficina-perfecta-para-tu-startup-768x510.jpg 768w\" sizes=\"(max-width: 1000px) 100vw, 1000px\" \/><\/div><\/a>\n\t\t\t\t<div class=\"elementor-post__text\">\n\t\t\t\t<h3 class=\"elementor-post__title\">\n\t\t\t<a href=\"https:\/\/ibercenter.com\/en\/keys-to-choose-the-perfect-office-for-your-startup\/\" >\n\t\t\t\tKeys to choose the perfect office for your startup\t\t\t<\/a>\n\t\t<\/h3>\n\t\t\n\t\t<a class=\"elementor-post__read-more\" href=\"https:\/\/ibercenter.com\/en\/keys-to-choose-the-perfect-office-for-your-startup\/\" aria-label=\"Read more about Keys to choose the perfect office for your startup\" tabindex=\"-1\" >\n\t\t\tMore Info \u00bb\t\t<\/a>\n\n\t\t\t\t<\/div>\n\t\t\t\t<div class=\"elementor-post__meta-data\">\n\t\t\t\t\t<span class=\"elementor-post-date\">\n\t\t\t24 de July de 2024\t\t<\/span>\n\t\t\t\t<span class=\"elementor-post-avatar\">\n\t\t\tNo Comments\t\t<\/span>\n\t\t\t\t<\/div>\n\t\t\t\t\t<\/div>\n\t\t<\/article>\n\t\t\t\t<article class=\"elementor-post elementor-grid-item post-24064 post type-post status-publish format-standard has-post-thumbnail hentry\" role=\"listitem\">\n\t\t\t<div class=\"elementor-post__card\">\n\t\t\t\t<a class=\"elementor-post__thumbnail__link\" href=\"https:\/\/ibercenter.com\/en\/best-practices-for-effective-management-of-shared-workspaces\/\" tabindex=\"-1\" ><div class=\"elementor-post__thumbnail\"><img loading=\"lazy\" decoding=\"async\" width=\"1000\" height=\"664\" src=\"https:\/\/ibercenter.com\/wp-content\/uploads\/2024\/07\/Imagenes-blog-7-1.jpg\" class=\"attachment-full size-full wp-image-22057\" alt=\"Best practices for effective management of shared workspaces\" srcset=\"https:\/\/ibercenter.com\/wp-content\/uploads\/2024\/07\/Imagenes-blog-7-1.jpg 1000w, https:\/\/ibercenter.com\/wp-content\/uploads\/2024\/07\/Imagenes-blog-7-1-300x199.jpg 300w, https:\/\/ibercenter.com\/wp-content\/uploads\/2024\/07\/Imagenes-blog-7-1-768x510.jpg 768w\" sizes=\"(max-width: 1000px) 100vw, 1000px\" \/><\/div><\/a>\n\t\t\t\t<div class=\"elementor-post__text\">\n\t\t\t\t<h3 class=\"elementor-post__title\">\n\t\t\t<a href=\"https:\/\/ibercenter.com\/en\/best-practices-for-effective-management-of-shared-workspaces\/\" >\n\t\t\t\tBest practices for effective management of shared workspaces\t\t\t<\/a>\n\t\t<\/h3>\n\t\t\n\t\t<a class=\"elementor-post__read-more\" href=\"https:\/\/ibercenter.com\/en\/best-practices-for-effective-management-of-shared-workspaces\/\" aria-label=\"Read more about Best practices for effective management of shared workspaces\" tabindex=\"-1\" >\n\t\t\tMore Info \u00bb\t\t<\/a>\n\n\t\t\t\t<\/div>\n\t\t\t\t<div class=\"elementor-post__meta-data\">\n\t\t\t\t\t<span class=\"elementor-post-date\">\n\t\t\t17 de July de 2024\t\t<\/span>\n\t\t\t\t<span class=\"elementor-post-avatar\">\n\t\t\tNo Comments\t\t<\/span>\n\t\t\t\t<\/div>\n\t\t\t\t\t<\/div>\n\t\t<\/article>\n\t\t\t\t<article class=\"elementor-post elementor-grid-item post-21957 post type-post status-publish format-standard has-post-thumbnail hentry category-non-classifiee\" role=\"listitem\">\n\t\t\t<div class=\"elementor-post__card\">\n\t\t\t\t<a class=\"elementor-post__thumbnail__link\" href=\"https:\/\/ibercenter.com\/en\/learn-how-to-optimise-the-use-of-meeting-rooms-to-get-the-most-out-of-them\/\" tabindex=\"-1\" ><div class=\"elementor-post__thumbnail\"><img loading=\"lazy\" decoding=\"async\" width=\"1000\" height=\"664\" src=\"https:\/\/ibercenter.com\/wp-content\/uploads\/2024\/07\/como-optimizar-el-uso-de-salas-de-reuniones.jpg\" class=\"attachment-full size-full wp-image-21761\" alt=\"Learn how to optimise the use of meeting rooms to get the most out of them\" srcset=\"https:\/\/ibercenter.com\/wp-content\/uploads\/2024\/07\/como-optimizar-el-uso-de-salas-de-reuniones.jpg 1000w, https:\/\/ibercenter.com\/wp-content\/uploads\/2024\/07\/como-optimizar-el-uso-de-salas-de-reuniones-300x199.jpg 300w, https:\/\/ibercenter.com\/wp-content\/uploads\/2024\/07\/como-optimizar-el-uso-de-salas-de-reuniones-768x510.jpg 768w\" sizes=\"(max-width: 1000px) 100vw, 1000px\" \/><\/div><\/a>\n\t\t\t\t<div class=\"elementor-post__badge\">Corporative<\/div>\n\t\t\t\t<div class=\"elementor-post__text\">\n\t\t\t\t<h3 class=\"elementor-post__title\">\n\t\t\t<a href=\"https:\/\/ibercenter.com\/en\/learn-how-to-optimise-the-use-of-meeting-rooms-to-get-the-most-out-of-them\/\" >\n\t\t\t\tLearn how to optimise the use of meeting rooms to get the most out of them.\t\t\t<\/a>\n\t\t<\/h3>\n\t\t\n\t\t<a class=\"elementor-post__read-more\" href=\"https:\/\/ibercenter.com\/en\/learn-how-to-optimise-the-use-of-meeting-rooms-to-get-the-most-out-of-them\/\" aria-label=\"Read more about Learn how to optimise the use of meeting rooms to get the most out of them.\" tabindex=\"-1\" >\n\t\t\tMore Info \u00bb\t\t<\/a>\n\n\t\t\t\t<\/div>\n\t\t\t\t<div class=\"elementor-post__meta-data\">\n\t\t\t\t\t<span class=\"elementor-post-date\">\n\t\t\t10 de July de 2024\t\t<\/span>\n\t\t\t\t<span class=\"elementor-post-avatar\">\n\t\t\tNo Comments\t\t<\/span>\n\t\t\t\t<\/div>\n\t\t\t\t\t<\/div>\n\t\t<\/article>\n\t\t\t\t<article class=\"elementor-post elementor-grid-item post-21666 post type-post status-publish format-standard has-post-thumbnail hentry\" role=\"listitem\">\n\t\t\t<div class=\"elementor-post__card\">\n\t\t\t\t<a class=\"elementor-post__thumbnail__link\" href=\"https:\/\/ibercenter.com\/en\/how-to-optimise-the-use-of-meeting-rooms-to-make-an-impact-on-your-business\/\" tabindex=\"-1\" ><div class=\"elementor-post__thumbnail\"><img loading=\"lazy\" decoding=\"async\" width=\"2560\" height=\"1691\" src=\"https:\/\/ibercenter.com\/wp-content\/uploads\/2024\/07\/SALA-C-ESCUELA-2-1-scaled-2.jpg\" class=\"attachment-full size-full wp-image-21655\" alt=\"Montaje de sala formato Aula\" srcset=\"https:\/\/ibercenter.com\/wp-content\/uploads\/2024\/07\/SALA-C-ESCUELA-2-1-scaled-2.jpg 2560w, https:\/\/ibercenter.com\/wp-content\/uploads\/2024\/07\/SALA-C-ESCUELA-2-1-scaled-2-300x198.jpg 300w, https:\/\/ibercenter.com\/wp-content\/uploads\/2024\/07\/SALA-C-ESCUELA-2-1-scaled-2-1024x676.jpg 1024w, https:\/\/ibercenter.com\/wp-content\/uploads\/2024\/07\/SALA-C-ESCUELA-2-1-scaled-2-768x507.jpg 768w, https:\/\/ibercenter.com\/wp-content\/uploads\/2024\/07\/SALA-C-ESCUELA-2-1-scaled-2-1536x1015.jpg 1536w, https:\/\/ibercenter.com\/wp-content\/uploads\/2024\/07\/SALA-C-ESCUELA-2-1-scaled-2-2048x1353.jpg 2048w\" sizes=\"(max-width: 2560px) 100vw, 2560px\" \/><\/div><\/a>\n\t\t\t\t<div class=\"elementor-post__text\">\n\t\t\t\t<h3 class=\"elementor-post__title\">\n\t\t\t<a href=\"https:\/\/ibercenter.com\/en\/how-to-optimise-the-use-of-meeting-rooms-to-make-an-impact-on-your-business\/\" >\n\t\t\t\tHow to optimise the use of meeting rooms to make an impact on your business\t\t\t<\/a>\n\t\t<\/h3>\n\t\t\n\t\t<a class=\"elementor-post__read-more\" href=\"https:\/\/ibercenter.com\/en\/how-to-optimise-the-use-of-meeting-rooms-to-make-an-impact-on-your-business\/\" aria-label=\"Read more about How to optimise the use of meeting rooms to make an impact on your business\" tabindex=\"-1\" >\n\t\t\tMore Info \u00bb\t\t<\/a>\n\n\t\t\t\t<\/div>\n\t\t\t\t<div class=\"elementor-post__meta-data\">\n\t\t\t\t\t<span class=\"elementor-post-date\">\n\t\t\t8 de July de 2024\t\t<\/span>\n\t\t\t\t<span class=\"elementor-post-avatar\">\n\t\t\tNo Comments\t\t<\/span>\n\t\t\t\t<\/div>\n\t\t\t\t\t<\/div>\n\t\t<\/article>\n\t\t\t\t<article class=\"elementor-post elementor-grid-item post-21627 post type-post status-publish format-standard has-post-thumbnail hentry\" role=\"listitem\">\n\t\t\t<div class=\"elementor-post__card\">\n\t\t\t\t<a class=\"elementor-post__thumbnail__link\" href=\"https:\/\/ibercenter.com\/en\/how-a-coworking-space-can-boost-your-project-entrepreneur\/\" tabindex=\"-1\" ><div class=\"elementor-post__thumbnail\"><img loading=\"lazy\" decoding=\"async\" width=\"2560\" height=\"1440\" src=\"https:\/\/ibercenter.com\/wp-content\/uploads\/2024\/07\/Despacho-19-2-scaled-1.jpg\" class=\"attachment-full size-full wp-image-21739\" alt=\"\" srcset=\"https:\/\/ibercenter.com\/wp-content\/uploads\/2024\/07\/Despacho-19-2-scaled-1.jpg 2560w, https:\/\/ibercenter.com\/wp-content\/uploads\/2024\/07\/Despacho-19-2-scaled-1-300x169.jpg 300w, https:\/\/ibercenter.com\/wp-content\/uploads\/2024\/07\/Despacho-19-2-scaled-1-1024x576.jpg 1024w, https:\/\/ibercenter.com\/wp-content\/uploads\/2024\/07\/Despacho-19-2-scaled-1-768x432.jpg 768w, https:\/\/ibercenter.com\/wp-content\/uploads\/2024\/07\/Despacho-19-2-scaled-1-1536x864.jpg 1536w, https:\/\/ibercenter.com\/wp-content\/uploads\/2024\/07\/Despacho-19-2-scaled-1-2048x1152.jpg 2048w\" sizes=\"(max-width: 2560px) 100vw, 2560px\" \/><\/div><\/a>\n\t\t\t\t<div class=\"elementor-post__text\">\n\t\t\t\t<h3 class=\"elementor-post__title\">\n\t\t\t<a href=\"https:\/\/ibercenter.com\/en\/how-a-coworking-space-can-boost-your-project-entrepreneur\/\" >\n\t\t\t\tHow a Coworking Space can boost your project entrepreneur?\t\t\t<\/a>\n\t\t<\/h3>\n\t\t\n\t\t<a class=\"elementor-post__read-more\" href=\"https:\/\/ibercenter.com\/en\/how-a-coworking-space-can-boost-your-project-entrepreneur\/\" aria-label=\"Read more about How a Coworking Space can boost your project entrepreneur?\" tabindex=\"-1\" >\n\t\t\tMore Info \u00bb\t\t<\/a>\n\n\t\t\t\t<\/div>\n\t\t\t\t<div class=\"elementor-post__meta-data\">\n\t\t\t\t\t<span class=\"elementor-post-date\">\n\t\t\t3 de July de 2024\t\t<\/span>\n\t\t\t\t<span class=\"elementor-post-avatar\">\n\t\t\tNo Comments\t\t<\/span>\n\t\t\t\t<\/div>\n\t\t\t\t\t<\/div>\n\t\t<\/article>\n\t\t\t\t<article class=\"elementor-post elementor-grid-item post-22666 post type-post status-publish format-standard has-post-thumbnail hentry\" role=\"listitem\">\n\t\t\t<div class=\"elementor-post__card\">\n\t\t\t\t<a class=\"elementor-post__thumbnail__link\" href=\"https:\/\/ibercenter.com\/en\/the-difficult-world-of-startups\/\" tabindex=\"-1\" ><div class=\"elementor-post__thumbnail\"><img loading=\"lazy\" decoding=\"async\" width=\"2560\" height=\"1707\" src=\"https:\/\/ibercenter.com\/wp-content\/uploads\/2024\/06\/startups-scaled-1.jpg\" class=\"attachment-full size-full wp-image-21246\" alt=\"The difficult world of startups\" srcset=\"https:\/\/ibercenter.com\/wp-content\/uploads\/2024\/06\/startups-scaled-1.jpg 2560w, https:\/\/ibercenter.com\/wp-content\/uploads\/2024\/06\/startups-scaled-1-300x200.jpg 300w, https:\/\/ibercenter.com\/wp-content\/uploads\/2024\/06\/startups-scaled-1-1024x683.jpg 1024w, https:\/\/ibercenter.com\/wp-content\/uploads\/2024\/06\/startups-scaled-1-768x512.jpg 768w, https:\/\/ibercenter.com\/wp-content\/uploads\/2024\/06\/startups-scaled-1-1536x1024.jpg 1536w, https:\/\/ibercenter.com\/wp-content\/uploads\/2024\/06\/startups-scaled-1-2048x1366.jpg 2048w\" sizes=\"(max-width: 2560px) 100vw, 2560px\" \/><\/div><\/a>\n\t\t\t\t<div class=\"elementor-post__text\">\n\t\t\t\t<h3 class=\"elementor-post__title\">\n\t\t\t<a href=\"https:\/\/ibercenter.com\/en\/the-difficult-world-of-startups\/\" >\n\t\t\t\tThe difficult world of startups\t\t\t<\/a>\n\t\t<\/h3>\n\t\t\n\t\t<a class=\"elementor-post__read-more\" href=\"https:\/\/ibercenter.com\/en\/the-difficult-world-of-startups\/\" aria-label=\"Read more about The difficult world of startups\" tabindex=\"-1\" >\n\t\t\tMore Info \u00bb\t\t<\/a>\n\n\t\t\t\t<\/div>\n\t\t\t\t<div class=\"elementor-post__meta-data\">\n\t\t\t\t\t<span class=\"elementor-post-date\">\n\t\t\t26 de June de 2024\t\t<\/span>\n\t\t\t\t<span class=\"elementor-post-avatar\">\n\t\t\tNo Comments\t\t<\/span>\n\t\t\t\t<\/div>\n\t\t\t\t\t<\/div>\n\t\t<\/article>\n\t\t\t\t<article class=\"elementor-post elementor-grid-item post-21292 post type-post status-publish format-standard has-post-thumbnail hentry\" role=\"listitem\">\n\t\t\t<div class=\"elementor-post__card\">\n\t\t\t\t<a class=\"elementor-post__thumbnail__link\" href=\"https:\/\/ibercenter.com\/en\/how-to-retain-talent\/\" tabindex=\"-1\" ><div class=\"elementor-post__thumbnail\"><img loading=\"lazy\" decoding=\"async\" width=\"1000\" height=\"664\" src=\"https:\/\/ibercenter.com\/wp-content\/uploads\/2024\/06\/como-retener-talento-retencion-de-talento-1.jpg\" class=\"attachment-full size-full wp-image-21000\" alt=\"c\u00f3mo retener talento - retenci\u00f3n de talento - How to retain talent\" srcset=\"https:\/\/ibercenter.com\/wp-content\/uploads\/2024\/06\/como-retener-talento-retencion-de-talento-1.jpg 1000w, https:\/\/ibercenter.com\/wp-content\/uploads\/2024\/06\/como-retener-talento-retencion-de-talento-1-300x199.jpg 300w, https:\/\/ibercenter.com\/wp-content\/uploads\/2024\/06\/como-retener-talento-retencion-de-talento-1-768x510.jpg 768w\" sizes=\"(max-width: 1000px) 100vw, 1000px\" \/><\/div><\/a>\n\t\t\t\t<div class=\"elementor-post__text\">\n\t\t\t\t<h3 class=\"elementor-post__title\">\n\t\t\t<a href=\"https:\/\/ibercenter.com\/en\/how-to-retain-talent\/\" >\n\t\t\t\tHow to retain talent?\t\t\t<\/a>\n\t\t<\/h3>\n\t\t\n\t\t<a class=\"elementor-post__read-more\" href=\"https:\/\/ibercenter.com\/en\/how-to-retain-talent\/\" aria-label=\"Read more about How to retain talent?\" tabindex=\"-1\" >\n\t\t\tMore Info \u00bb\t\t<\/a>\n\n\t\t\t\t<\/div>\n\t\t\t\t<div class=\"elementor-post__meta-data\">\n\t\t\t\t\t<span class=\"elementor-post-date\">\n\t\t\t19 de June de 2024\t\t<\/span>\n\t\t\t\t<span class=\"elementor-post-avatar\">\n\t\t\tNo Comments\t\t<\/span>\n\t\t\t\t<\/div>\n\t\t\t\t\t<\/div>\n\t\t<\/article>\n\t\t\t\t<article class=\"elementor-post elementor-grid-item post-33453 post type-post status-publish format-standard has-post-thumbnail hentry\" role=\"listitem\">\n\t\t\t<div class=\"elementor-post__card\">\n\t\t\t\t<a class=\"elementor-post__thumbnail__link\" href=\"https:\/\/ibercenter.com\/en\/discover-the-importance-of-smart-objectives-2\/\" tabindex=\"-1\" ><div class=\"elementor-post__thumbnail\"><img loading=\"lazy\" decoding=\"async\" width=\"1000\" height=\"664\" src=\"https:\/\/ibercenter.com\/wp-content\/uploads\/2024\/06\/objetivos-SMART-ibercenter.jpg\" class=\"attachment-full size-full wp-image-20864\" alt=\"ibercenter Objetivos SMART\" srcset=\"https:\/\/ibercenter.com\/wp-content\/uploads\/2024\/06\/objetivos-SMART-ibercenter.jpg 1000w, https:\/\/ibercenter.com\/wp-content\/uploads\/2024\/06\/objetivos-SMART-ibercenter-300x199.jpg 300w, https:\/\/ibercenter.com\/wp-content\/uploads\/2024\/06\/objetivos-SMART-ibercenter-768x510.jpg 768w\" sizes=\"(max-width: 1000px) 100vw, 1000px\" \/><\/div><\/a>\n\t\t\t\t<div class=\"elementor-post__text\">\n\t\t\t\t<h3 class=\"elementor-post__title\">\n\t\t\t<a href=\"https:\/\/ibercenter.com\/en\/discover-the-importance-of-smart-objectives-2\/\" >\n\t\t\t\tDiscover the importance of SMART objectives\t\t\t<\/a>\n\t\t<\/h3>\n\t\t\n\t\t<a class=\"elementor-post__read-more\" href=\"https:\/\/ibercenter.com\/en\/discover-the-importance-of-smart-objectives-2\/\" aria-label=\"Read more about Discover the importance of SMART objectives\" tabindex=\"-1\" >\n\t\t\tMore Info \u00bb\t\t<\/a>\n\n\t\t\t\t<\/div>\n\t\t\t\t<div class=\"elementor-post__meta-data\">\n\t\t\t\t\t<span class=\"elementor-post-date\">\n\t\t\t12 de June de 2024\t\t<\/span>\n\t\t\t\t<span class=\"elementor-post-avatar\">\n\t\t\tNo Comments\t\t<\/span>\n\t\t\t\t<\/div>\n\t\t\t\t\t<\/div>\n\t\t<\/article>\n\t\t\t\t<article class=\"elementor-post elementor-grid-item post-21250 post type-post status-publish format-standard has-post-thumbnail hentry category-non-classifiee\" role=\"listitem\">\n\t\t\t<div class=\"elementor-post__card\">\n\t\t\t\t<a class=\"elementor-post__thumbnail__link\" href=\"https:\/\/ibercenter.com\/en\/discover-the-importance-of-working-in-the-best-rooms-for-rent-in-madrid\/\" tabindex=\"-1\" ><div class=\"elementor-post__thumbnail\"><img loading=\"lazy\" decoding=\"async\" width=\"852\" height=\"661\" src=\"https:\/\/ibercenter.com\/wp-content\/uploads\/2024\/03\/8-1.jpg\" class=\"attachment-full size-full wp-image-19313\" alt=\"Descubre la importancia de trabajar en las mejores salas de alquiler en Madrid \/ Discover the importance of working in the best rooms for rent in Madrid\" srcset=\"https:\/\/ibercenter.com\/wp-content\/uploads\/2024\/03\/8-1.jpg 852w, https:\/\/ibercenter.com\/wp-content\/uploads\/2024\/03\/8-1-300x233.jpg 300w, https:\/\/ibercenter.com\/wp-content\/uploads\/2024\/03\/8-1-768x596.jpg 768w\" sizes=\"(max-width: 852px) 100vw, 852px\" \/><\/div><\/a>\n\t\t\t\t<div class=\"elementor-post__badge\">Corporative<\/div>\n\t\t\t\t<div class=\"elementor-post__text\">\n\t\t\t\t<h3 class=\"elementor-post__title\">\n\t\t\t<a href=\"https:\/\/ibercenter.com\/en\/discover-the-importance-of-working-in-the-best-rooms-for-rent-in-madrid\/\" >\n\t\t\t\tDiscover the importance of working in the best rooms for rent in Madrid\t\t\t<\/a>\n\t\t<\/h3>\n\t\t\n\t\t<a class=\"elementor-post__read-more\" href=\"https:\/\/ibercenter.com\/en\/discover-the-importance-of-working-in-the-best-rooms-for-rent-in-madrid\/\" aria-label=\"Read more about Discover the importance of working in the best rooms for rent in Madrid\" tabindex=\"-1\" >\n\t\t\tMore Info \u00bb\t\t<\/a>\n\n\t\t\t\t<\/div>\n\t\t\t\t<div class=\"elementor-post__meta-data\">\n\t\t\t\t\t<span class=\"elementor-post-date\">\n\t\t\t6 de June de 2024\t\t<\/span>\n\t\t\t\t<span class=\"elementor-post-avatar\">\n\t\t\tNo Comments\t\t<\/span>\n\t\t\t\t<\/div>\n\t\t\t\t\t<\/div>\n\t\t<\/article>\n\t\t\t\t<article class=\"elementor-post elementor-grid-item post-21252 post type-post status-publish format-standard has-post-thumbnail hentry\" role=\"listitem\">\n\t\t\t<div class=\"elementor-post__card\">\n\t\t\t\t<a class=\"elementor-post__thumbnail__link\" href=\"https:\/\/ibercenter.com\/en\/training-rooms-for-hire-in-azca\/\" tabindex=\"-1\" ><div class=\"elementor-post__thumbnail\"><img loading=\"lazy\" decoding=\"async\" width=\"852\" height=\"661\" src=\"https:\/\/ibercenter.com\/wp-content\/uploads\/2024\/03\/4.jpg\" class=\"attachment-full size-full wp-image-19301\" alt=\"Alquiler de aulas de formaci\u00f3n en Azca - Training rooms for hire in Azca\" srcset=\"https:\/\/ibercenter.com\/wp-content\/uploads\/2024\/03\/4.jpg 852w, https:\/\/ibercenter.com\/wp-content\/uploads\/2024\/03\/4-300x233.jpg 300w, https:\/\/ibercenter.com\/wp-content\/uploads\/2024\/03\/4-768x596.jpg 768w\" sizes=\"(max-width: 852px) 100vw, 852px\" \/><\/div><\/a>\n\t\t\t\t<div class=\"elementor-post__text\">\n\t\t\t\t<h3 class=\"elementor-post__title\">\n\t\t\t<a href=\"https:\/\/ibercenter.com\/en\/training-rooms-for-hire-in-azca\/\" >\n\t\t\t\tTraining rooms for hire in Azca\t\t\t<\/a>\n\t\t<\/h3>\n\t\t\n\t\t<a class=\"elementor-post__read-more\" href=\"https:\/\/ibercenter.com\/en\/training-rooms-for-hire-in-azca\/\" aria-label=\"Read more about Training rooms for hire in Azca\" tabindex=\"-1\" >\n\t\t\tMore Info \u00bb\t\t<\/a>\n\n\t\t\t\t<\/div>\n\t\t\t\t<div class=\"elementor-post__meta-data\">\n\t\t\t\t\t<span class=\"elementor-post-date\">\n\t\t\t29 de May de 2024\t\t<\/span>\n\t\t\t\t<span class=\"elementor-post-avatar\">\n\t\t\tNo Comments\t\t<\/span>\n\t\t\t\t<\/div>\n\t\t\t\t\t<\/div>\n\t\t<\/article>\n\t\t\t\t<article class=\"elementor-post elementor-grid-item post-21214 post type-post status-publish format-standard has-post-thumbnail hentry\" role=\"listitem\">\n\t\t\t<div class=\"elementor-post__card\">\n\t\t\t\t<a class=\"elementor-post__thumbnail__link\" href=\"https:\/\/ibercenter.com\/en\/room-hire-in-castellana-spaces-that-raise-your-prestige-2\/\" tabindex=\"-1\" ><div class=\"elementor-post__thumbnail\"><img loading=\"lazy\" decoding=\"async\" width=\"2560\" height=\"1307\" src=\"https:\/\/ibercenter.com\/wp-content\/uploads\/2023\/08\/Sala-45-Forma-U-mesas-y-sillas-1-scaled-1.jpg\" class=\"attachment-full size-full wp-image-19824\" alt=\"alquiler de salas en castellana\" srcset=\"https:\/\/ibercenter.com\/wp-content\/uploads\/2023\/08\/Sala-45-Forma-U-mesas-y-sillas-1-scaled-1.jpg 2560w, https:\/\/ibercenter.com\/wp-content\/uploads\/2023\/08\/Sala-45-Forma-U-mesas-y-sillas-1-scaled-1-300x153.jpg 300w, https:\/\/ibercenter.com\/wp-content\/uploads\/2023\/08\/Sala-45-Forma-U-mesas-y-sillas-1-scaled-1-1024x523.jpg 1024w, https:\/\/ibercenter.com\/wp-content\/uploads\/2023\/08\/Sala-45-Forma-U-mesas-y-sillas-1-scaled-1-768x392.jpg 768w, https:\/\/ibercenter.com\/wp-content\/uploads\/2023\/08\/Sala-45-Forma-U-mesas-y-sillas-1-scaled-1-1536x784.jpg 1536w, https:\/\/ibercenter.com\/wp-content\/uploads\/2023\/08\/Sala-45-Forma-U-mesas-y-sillas-1-scaled-1-2048x1046.jpg 2048w\" sizes=\"(max-width: 2560px) 100vw, 2560px\" \/><\/div><\/a>\n\t\t\t\t<div class=\"elementor-post__text\">\n\t\t\t\t<h3 class=\"elementor-post__title\">\n\t\t\t<a href=\"https:\/\/ibercenter.com\/en\/room-hire-in-castellana-spaces-that-raise-your-prestige-2\/\" >\n\t\t\t\tRoom hire in Castellana, spaces that raise your Prestige\t\t\t<\/a>\n\t\t<\/h3>\n\t\t\n\t\t<a class=\"elementor-post__read-more\" href=\"https:\/\/ibercenter.com\/en\/room-hire-in-castellana-spaces-that-raise-your-prestige-2\/\" aria-label=\"Read more about Room hire in Castellana, spaces that raise your Prestige\" tabindex=\"-1\" >\n\t\t\tMore Info \u00bb\t\t<\/a>\n\n\t\t\t\t<\/div>\n\t\t\t\t<div class=\"elementor-post__meta-data\">\n\t\t\t\t\t<span class=\"elementor-post-date\">\n\t\t\t22 de May de 2024\t\t<\/span>\n\t\t\t\t<span class=\"elementor-post-avatar\">\n\t\t\tNo Comments\t\t<\/span>\n\t\t\t\t<\/div>\n\t\t\t\t\t<\/div>\n\t\t<\/article>\n\t\t\t\t<article class=\"elementor-post elementor-grid-item post-24040 post type-post status-publish format-standard has-post-thumbnail hentry\" role=\"listitem\">\n\t\t\t<div class=\"elementor-post__card\">\n\t\t\t\t<a class=\"elementor-post__thumbnail__link\" href=\"https:\/\/ibercenter.com\/en\/why-choose-to-rent-offices-in-castellana\/\" tabindex=\"-1\" ><div class=\"elementor-post__thumbnail\"><img loading=\"lazy\" decoding=\"async\" width=\"1000\" height=\"664\" src=\"https:\/\/ibercenter.com\/wp-content\/uploads\/2024\/05\/alquiler-de-oficinas-en-castellana.jpg\" class=\"attachment-full size-full wp-image-19818\" alt=\"alquiler de oficinas en castellana\" srcset=\"https:\/\/ibercenter.com\/wp-content\/uploads\/2024\/05\/alquiler-de-oficinas-en-castellana.jpg 1000w, https:\/\/ibercenter.com\/wp-content\/uploads\/2024\/05\/alquiler-de-oficinas-en-castellana-300x199.jpg 300w, https:\/\/ibercenter.com\/wp-content\/uploads\/2024\/05\/alquiler-de-oficinas-en-castellana-768x510.jpg 768w\" sizes=\"(max-width: 1000px) 100vw, 1000px\" \/><\/div><\/a>\n\t\t\t\t<div class=\"elementor-post__text\">\n\t\t\t\t<h3 class=\"elementor-post__title\">\n\t\t\t<a href=\"https:\/\/ibercenter.com\/en\/why-choose-to-rent-offices-in-castellana\/\" >\n\t\t\t\tWhy choose to rent offices in Castellana?\t\t\t<\/a>\n\t\t<\/h3>\n\t\t\n\t\t<a class=\"elementor-post__read-more\" href=\"https:\/\/ibercenter.com\/en\/why-choose-to-rent-offices-in-castellana\/\" aria-label=\"Read more about Why choose to rent offices in Castellana?\" tabindex=\"-1\" >\n\t\t\tMore Info \u00bb\t\t<\/a>\n\n\t\t\t\t<\/div>\n\t\t\t\t<div class=\"elementor-post__meta-data\">\n\t\t\t\t\t<span class=\"elementor-post-date\">\n\t\t\t15 de May de 2024\t\t<\/span>\n\t\t\t\t<span class=\"elementor-post-avatar\">\n\t\t\tNo Comments\t\t<\/span>\n\t\t\t\t<\/div>\n\t\t\t\t\t<\/div>\n\t\t<\/article>\n\t\t\t\t<article class=\"elementor-post elementor-grid-item post-22203 post type-post status-publish format-standard has-post-thumbnail hentry\" role=\"listitem\">\n\t\t\t<div class=\"elementor-post__card\">\n\t\t\t\t<a class=\"elementor-post__thumbnail__link\" href=\"https:\/\/ibercenter.com\/en\/rent-a-business-center-in-castellana\/\" tabindex=\"-1\" ><div class=\"elementor-post__thumbnail\"><img loading=\"lazy\" decoding=\"async\" width=\"1000\" height=\"664\" src=\"https:\/\/ibercenter.com\/wp-content\/uploads\/2024\/02\/13-1.jpg\" class=\"attachment-full size-full wp-image-18900\" alt=\"centro de negocios en Castellana\" srcset=\"https:\/\/ibercenter.com\/wp-content\/uploads\/2024\/02\/13-1.jpg 1000w, https:\/\/ibercenter.com\/wp-content\/uploads\/2024\/02\/13-1-300x199.jpg 300w, https:\/\/ibercenter.com\/wp-content\/uploads\/2024\/02\/13-1-768x510.jpg 768w\" sizes=\"(max-width: 1000px) 100vw, 1000px\" \/><\/div><\/a>\n\t\t\t\t<div class=\"elementor-post__text\">\n\t\t\t\t<h3 class=\"elementor-post__title\">\n\t\t\t<a href=\"https:\/\/ibercenter.com\/en\/rent-a-business-center-in-castellana\/\" >\n\t\t\t\tRent a business center in Castellana\t\t\t<\/a>\n\t\t<\/h3>\n\t\t\n\t\t<a class=\"elementor-post__read-more\" href=\"https:\/\/ibercenter.com\/en\/rent-a-business-center-in-castellana\/\" aria-label=\"Read more about Rent a business center in Castellana\" tabindex=\"-1\" >\n\t\t\tMore Info \u00bb\t\t<\/a>\n\n\t\t\t\t<\/div>\n\t\t\t\t<div class=\"elementor-post__meta-data\">\n\t\t\t\t\t<span class=\"elementor-post-date\">\n\t\t\t8 de May de 2024\t\t<\/span>\n\t\t\t\t<span class=\"elementor-post-avatar\">\n\t\t\tNo Comments\t\t<\/span>\n\t\t\t\t<\/div>\n\t\t\t\t\t<\/div>\n\t\t<\/article>\n\t\t\t\t<article class=\"elementor-post elementor-grid-item post-22205 post type-post status-publish format-standard has-post-thumbnail hentry\" role=\"listitem\">\n\t\t\t<div class=\"elementor-post__card\">\n\t\t\t\t<a class=\"elementor-post__thumbnail__link\" href=\"https:\/\/ibercenter.com\/en\/rent-an-office-in-the-central-madrid\/\" tabindex=\"-1\" ><div class=\"elementor-post__thumbnail\"><img loading=\"lazy\" decoding=\"async\" width=\"2560\" height=\"1440\" src=\"https:\/\/ibercenter.com\/wp-content\/uploads\/2024\/04\/1-1-1.jpg\" class=\"attachment-full size-full wp-image-19801\" alt=\"alquilar oficina en madrid centro\" srcset=\"https:\/\/ibercenter.com\/wp-content\/uploads\/2024\/04\/1-1-1.jpg 2560w, https:\/\/ibercenter.com\/wp-content\/uploads\/2024\/04\/1-1-1-300x169.jpg 300w, https:\/\/ibercenter.com\/wp-content\/uploads\/2024\/04\/1-1-1-1024x576.jpg 1024w, https:\/\/ibercenter.com\/wp-content\/uploads\/2024\/04\/1-1-1-768x432.jpg 768w, https:\/\/ibercenter.com\/wp-content\/uploads\/2024\/04\/1-1-1-1536x864.jpg 1536w, https:\/\/ibercenter.com\/wp-content\/uploads\/2024\/04\/1-1-1-2048x1152.jpg 2048w\" sizes=\"(max-width: 2560px) 100vw, 2560px\" \/><\/div><\/a>\n\t\t\t\t<div class=\"elementor-post__text\">\n\t\t\t\t<h3 class=\"elementor-post__title\">\n\t\t\t<a href=\"https:\/\/ibercenter.com\/en\/rent-an-office-in-the-central-madrid\/\" >\n\t\t\t\tRent an office in the Central Madrid\t\t\t<\/a>\n\t\t<\/h3>\n\t\t\n\t\t<a class=\"elementor-post__read-more\" href=\"https:\/\/ibercenter.com\/en\/rent-an-office-in-the-central-madrid\/\" aria-label=\"Read more about Rent an office in the Central Madrid\" tabindex=\"-1\" >\n\t\t\tMore Info \u00bb\t\t<\/a>\n\n\t\t\t\t<\/div>\n\t\t\t\t<div class=\"elementor-post__meta-data\">\n\t\t\t\t\t<span class=\"elementor-post-date\">\n\t\t\t1 de May de 2024\t\t<\/span>\n\t\t\t\t<span class=\"elementor-post-avatar\">\n\t\t\tNo Comments\t\t<\/span>\n\t\t\t\t<\/div>\n\t\t\t\t\t<\/div>\n\t\t<\/article>\n\t\t\t\t<article class=\"elementor-post elementor-grid-item post-22696 post type-post status-publish format-standard has-post-thumbnail hentry\" role=\"listitem\">\n\t\t\t<div class=\"elementor-post__card\">\n\t\t\t\t<a class=\"elementor-post__thumbnail__link\" href=\"https:\/\/ibercenter.com\/en\/discover-the-optimal-coworking-space-in-castellana\/\" tabindex=\"-1\" ><div class=\"elementor-post__thumbnail\"><img loading=\"lazy\" decoding=\"async\" width=\"1000\" height=\"664\" src=\"https:\/\/ibercenter.com\/wp-content\/uploads\/2024\/07\/3-2-1-1.jpg\" class=\"attachment-full size-full wp-image-21849\" alt=\"Coworking en la Castellana\" srcset=\"https:\/\/ibercenter.com\/wp-content\/uploads\/2024\/07\/3-2-1-1.jpg 1000w, https:\/\/ibercenter.com\/wp-content\/uploads\/2024\/07\/3-2-1-1-300x199.jpg 300w, https:\/\/ibercenter.com\/wp-content\/uploads\/2024\/07\/3-2-1-1-768x510.jpg 768w\" sizes=\"(max-width: 1000px) 100vw, 1000px\" \/><\/div><\/a>\n\t\t\t\t<div class=\"elementor-post__text\">\n\t\t\t\t<h3 class=\"elementor-post__title\">\n\t\t\t<a href=\"https:\/\/ibercenter.com\/en\/discover-the-optimal-coworking-space-in-castellana\/\" >\n\t\t\t\tDiscover the optimal coworking space in Castellana\t\t\t<\/a>\n\t\t<\/h3>\n\t\t\n\t\t<a class=\"elementor-post__read-more\" href=\"https:\/\/ibercenter.com\/en\/discover-the-optimal-coworking-space-in-castellana\/\" aria-label=\"Read more about Discover the optimal coworking space in Castellana\" tabindex=\"-1\" >\n\t\t\tMore Info \u00bb\t\t<\/a>\n\n\t\t\t\t<\/div>\n\t\t\t\t<div class=\"elementor-post__meta-data\">\n\t\t\t\t\t<span class=\"elementor-post-date\">\n\t\t\t24 de April de 2024\t\t<\/span>\n\t\t\t\t<span class=\"elementor-post-avatar\">\n\t\t\tNo Comments\t\t<\/span>\n\t\t\t\t<\/div>\n\t\t\t\t\t<\/div>\n\t\t<\/article>\n\t\t\t\t<article class=\"elementor-post elementor-grid-item post-25987 post type-post status-publish format-standard has-post-thumbnail hentry\" role=\"listitem\">\n\t\t\t<div class=\"elementor-post__card\">\n\t\t\t\t<a class=\"elementor-post__thumbnail__link\" href=\"https:\/\/ibercenter.com\/en\/renting-an-office-in-velazquez\/\" tabindex=\"-1\" ><div class=\"elementor-post__thumbnail\"><img loading=\"lazy\" decoding=\"async\" width=\"2000\" height=\"1333\" src=\"https:\/\/ibercenter.com\/wp-content\/uploads\/2024\/09\/Desp-B5-17m-1-puesto.jpg\" class=\"attachment-full size-full wp-image-24280\" alt=\"alquiler de despacho velazquez\" srcset=\"https:\/\/ibercenter.com\/wp-content\/uploads\/2024\/09\/Desp-B5-17m-1-puesto.jpg 2000w, https:\/\/ibercenter.com\/wp-content\/uploads\/2024\/09\/Desp-B5-17m-1-puesto-300x200.jpg 300w, https:\/\/ibercenter.com\/wp-content\/uploads\/2024\/09\/Desp-B5-17m-1-puesto-1024x682.jpg 1024w, https:\/\/ibercenter.com\/wp-content\/uploads\/2024\/09\/Desp-B5-17m-1-puesto-768x512.jpg 768w, https:\/\/ibercenter.com\/wp-content\/uploads\/2024\/09\/Desp-B5-17m-1-puesto-1536x1024.jpg 1536w\" sizes=\"(max-width: 2000px) 100vw, 2000px\" \/><\/div><\/a>\n\t\t\t\t<div class=\"elementor-post__text\">\n\t\t\t\t<h3 class=\"elementor-post__title\">\n\t\t\t<a href=\"https:\/\/ibercenter.com\/en\/renting-an-office-in-velazquez\/\" >\n\t\t\t\tRenting an office in Velazquez\t\t\t<\/a>\n\t\t<\/h3>\n\t\t\n\t\t<a class=\"elementor-post__read-more\" href=\"https:\/\/ibercenter.com\/en\/renting-an-office-in-velazquez\/\" aria-label=\"Read more about Renting an office in Velazquez\" tabindex=\"-1\" >\n\t\t\tMore Info \u00bb\t\t<\/a>\n\n\t\t\t\t<\/div>\n\t\t\t\t<div class=\"elementor-post__meta-data\">\n\t\t\t\t\t<span class=\"elementor-post-date\">\n\t\t\t17 de April de 2024\t\t<\/span>\n\t\t\t\t<span class=\"elementor-post-avatar\">\n\t\t\tNo Comments\t\t<\/span>\n\t\t\t\t<\/div>\n\t\t\t\t\t<\/div>\n\t\t<\/article>\n\t\t\t\t<article class=\"elementor-post elementor-grid-item post-26007 post type-post status-publish format-standard has-post-thumbnail hentry\" role=\"listitem\">\n\t\t\t<div class=\"elementor-post__card\">\n\t\t\t\t<a class=\"elementor-post__thumbnail__link\" href=\"https:\/\/ibercenter.com\/en\/the-best-options-for-renting-offices-in-velazquez\/\" tabindex=\"-1\" ><div class=\"elementor-post__thumbnail\"><img loading=\"lazy\" decoding=\"async\" width=\"1000\" height=\"666\" src=\"https:\/\/ibercenter.com\/wp-content\/uploads\/2024\/04\/Las-mejores-opciones-para-el-alquiler-de-oficinas-en-Velazquez-2.jpg\" class=\"attachment-full size-full wp-image-19663\" alt=\"Las mejores opciones para el alquiler de oficinas en Velazquez\" srcset=\"https:\/\/ibercenter.com\/wp-content\/uploads\/2024\/04\/Las-mejores-opciones-para-el-alquiler-de-oficinas-en-Velazquez-2.jpg 1000w, https:\/\/ibercenter.com\/wp-content\/uploads\/2024\/04\/Las-mejores-opciones-para-el-alquiler-de-oficinas-en-Velazquez-2-300x200.jpg 300w, https:\/\/ibercenter.com\/wp-content\/uploads\/2024\/04\/Las-mejores-opciones-para-el-alquiler-de-oficinas-en-Velazquez-2-768x511.jpg 768w\" sizes=\"(max-width: 1000px) 100vw, 1000px\" \/><\/div><\/a>\n\t\t\t\t<div class=\"elementor-post__text\">\n\t\t\t\t<h3 class=\"elementor-post__title\">\n\t\t\t<a href=\"https:\/\/ibercenter.com\/en\/the-best-options-for-renting-offices-in-velazquez\/\" >\n\t\t\t\tThe best options for renting offices in Velazquez\t\t\t<\/a>\n\t\t<\/h3>\n\t\t\n\t\t<a class=\"elementor-post__read-more\" href=\"https:\/\/ibercenter.com\/en\/the-best-options-for-renting-offices-in-velazquez\/\" aria-label=\"Read more about The best options for renting offices in Velazquez\" tabindex=\"-1\" >\n\t\t\tMore Info \u00bb\t\t<\/a>\n\n\t\t\t\t<\/div>\n\t\t\t\t<div class=\"elementor-post__meta-data\">\n\t\t\t\t\t<span class=\"elementor-post-date\">\n\t\t\t10 de April de 2024\t\t<\/span>\n\t\t\t\t<span class=\"elementor-post-avatar\">\n\t\t\tNo Comments\t\t<\/span>\n\t\t\t\t<\/div>\n\t\t\t\t\t<\/div>\n\t\t<\/article>\n\t\t\t\t<article class=\"elementor-post elementor-grid-item post-26018 post type-post status-publish format-standard has-post-thumbnail hentry\" role=\"listitem\">\n\t\t\t<div class=\"elementor-post__card\">\n\t\t\t\t<a class=\"elementor-post__thumbnail__link\" href=\"https:\/\/ibercenter.com\/en\/discover-the-rental-spaces-for-equipped-offices-in-azca\/\" tabindex=\"-1\" ><div class=\"elementor-post__thumbnail\"><img loading=\"lazy\" decoding=\"async\" width=\"1000\" height=\"500\" src=\"https:\/\/ibercenter.com\/wp-content\/uploads\/2024\/11\/Are-you-looking-for-a-new-office-1.png\" class=\"attachment-full size-full wp-image-26023\" alt=\"Are you looking for a new office\" srcset=\"https:\/\/ibercenter.com\/wp-content\/uploads\/2024\/11\/Are-you-looking-for-a-new-office-1.png 1000w, https:\/\/ibercenter.com\/wp-content\/uploads\/2024\/11\/Are-you-looking-for-a-new-office-1-300x150.png 300w, https:\/\/ibercenter.com\/wp-content\/uploads\/2024\/11\/Are-you-looking-for-a-new-office-1-768x384.png 768w\" sizes=\"(max-width: 1000px) 100vw, 1000px\" \/><\/div><\/a>\n\t\t\t\t<div class=\"elementor-post__text\">\n\t\t\t\t<h3 class=\"elementor-post__title\">\n\t\t\t<a href=\"https:\/\/ibercenter.com\/en\/discover-the-rental-spaces-for-equipped-offices-in-azca\/\" >\n\t\t\t\tDiscover the rental spaces for equipped offices in Azca\t\t\t<\/a>\n\t\t<\/h3>\n\t\t\n\t\t<a class=\"elementor-post__read-more\" href=\"https:\/\/ibercenter.com\/en\/discover-the-rental-spaces-for-equipped-offices-in-azca\/\" aria-label=\"Read more about Discover the rental spaces for equipped offices in Azca\" tabindex=\"-1\" >\n\t\t\tMore Info \u00bb\t\t<\/a>\n\n\t\t\t\t<\/div>\n\t\t\t\t<div class=\"elementor-post__meta-data\">\n\t\t\t\t\t<span class=\"elementor-post-date\">\n\t\t\t3 de April de 2024\t\t<\/span>\n\t\t\t\t<span class=\"elementor-post-avatar\">\n\t\t\tNo Comments\t\t<\/span>\n\t\t\t\t<\/div>\n\t\t\t\t\t<\/div>\n\t\t<\/article>\n\t\t\t\t<article class=\"elementor-post elementor-grid-item post-26196 post type-post status-publish format-standard has-post-thumbnail hentry\" role=\"listitem\">\n\t\t\t<div class=\"elementor-post__card\">\n\t\t\t\t<a class=\"elementor-post__thumbnail__link\" href=\"https:\/\/ibercenter.com\/en\/flex-office-in-madrid\/\" tabindex=\"-1\" ><div class=\"elementor-post__thumbnail\"><img loading=\"lazy\" decoding=\"async\" width=\"1000\" height=\"664\" src=\"https:\/\/ibercenter.com\/wp-content\/uploads\/2024\/02\/11.jpg\" class=\"attachment-full size-full wp-image-18893\" alt=\"flex office en madrid\" srcset=\"https:\/\/ibercenter.com\/wp-content\/uploads\/2024\/02\/11.jpg 1000w, https:\/\/ibercenter.com\/wp-content\/uploads\/2024\/02\/11-300x199.jpg 300w, https:\/\/ibercenter.com\/wp-content\/uploads\/2024\/02\/11-768x510.jpg 768w\" sizes=\"(max-width: 1000px) 100vw, 1000px\" \/><\/div><\/a>\n\t\t\t\t<div class=\"elementor-post__text\">\n\t\t\t\t<h3 class=\"elementor-post__title\">\n\t\t\t<a href=\"https:\/\/ibercenter.com\/en\/flex-office-in-madrid\/\" >\n\t\t\t\tFlex Office in Madrid\t\t\t<\/a>\n\t\t<\/h3>\n\t\t\n\t\t<a class=\"elementor-post__read-more\" href=\"https:\/\/ibercenter.com\/en\/flex-office-in-madrid\/\" aria-label=\"Read more about Flex Office in Madrid\" tabindex=\"-1\" >\n\t\t\tMore Info \u00bb\t\t<\/a>\n\n\t\t\t\t<\/div>\n\t\t\t\t<div class=\"elementor-post__meta-data\">\n\t\t\t\t\t<span class=\"elementor-post-date\">\n\t\t\t27 de March de 2024\t\t<\/span>\n\t\t\t\t<span class=\"elementor-post-avatar\">\n\t\t\tNo Comments\t\t<\/span>\n\t\t\t\t<\/div>\n\t\t\t\t\t<\/div>\n\t\t<\/article>\n\t\t\t\t<article class=\"elementor-post elementor-grid-item post-33762 post type-post status-publish format-standard has-post-thumbnail hentry\" role=\"listitem\">\n\t\t\t<div class=\"elementor-post__card\">\n\t\t\t\t<a class=\"elementor-post__thumbnail__link\" href=\"https:\/\/ibercenter.com\/en\/best-rooms-for-rent-in-azca\/\" tabindex=\"-1\" ><div class=\"elementor-post__thumbnail\"><img loading=\"lazy\" decoding=\"async\" width=\"852\" height=\"661\" src=\"https:\/\/ibercenter.com\/wp-content\/uploads\/2024\/03\/3-1.jpg\" class=\"attachment-full size-full wp-image-19298\" alt=\"Las mejores salas de alquiler en Azca\" srcset=\"https:\/\/ibercenter.com\/wp-content\/uploads\/2024\/03\/3-1.jpg 852w, https:\/\/ibercenter.com\/wp-content\/uploads\/2024\/03\/3-1-300x233.jpg 300w, https:\/\/ibercenter.com\/wp-content\/uploads\/2024\/03\/3-1-768x596.jpg 768w\" sizes=\"(max-width: 852px) 100vw, 852px\" \/><\/div><\/a>\n\t\t\t\t<div class=\"elementor-post__text\">\n\t\t\t\t<h3 class=\"elementor-post__title\">\n\t\t\t<a href=\"https:\/\/ibercenter.com\/en\/best-rooms-for-rent-in-azca\/\" >\n\t\t\t\tBest rooms for rent in Azca\t\t\t<\/a>\n\t\t<\/h3>\n\t\t\n\t\t<a class=\"elementor-post__read-more\" href=\"https:\/\/ibercenter.com\/en\/best-rooms-for-rent-in-azca\/\" aria-label=\"Read more about Best rooms for rent in Azca\" tabindex=\"-1\" >\n\t\t\tMore Info \u00bb\t\t<\/a>\n\n\t\t\t\t<\/div>\n\t\t\t\t<div class=\"elementor-post__meta-data\">\n\t\t\t\t\t<span class=\"elementor-post-date\">\n\t\t\t20 de March de 2024\t\t<\/span>\n\t\t\t\t<span class=\"elementor-post-avatar\">\n\t\t\tNo Comments\t\t<\/span>\n\t\t\t\t<\/div>\n\t\t\t\t\t<\/div>\n\t\t<\/article>\n\t\t\t\t<article class=\"elementor-post elementor-grid-item post-27100 post type-post status-publish format-standard has-post-thumbnail hentry\" role=\"listitem\">\n\t\t\t<div class=\"elementor-post__card\">\n\t\t\t\t<a class=\"elementor-post__thumbnail__link\" href=\"https:\/\/ibercenter.com\/en\/equipped-offices-in-madrid\/\" tabindex=\"-1\" ><div class=\"elementor-post__thumbnail\"><img loading=\"lazy\" decoding=\"async\" width=\"1000\" height=\"664\" src=\"https:\/\/ibercenter.com\/wp-content\/uploads\/2024\/02\/1-1-1.jpg\" class=\"attachment-full size-full wp-image-18905\" alt=\"oficinas equipadas en Madrid - Alquilar un despacho en Vel\u00e1zquez\" srcset=\"https:\/\/ibercenter.com\/wp-content\/uploads\/2024\/02\/1-1-1.jpg 1000w, https:\/\/ibercenter.com\/wp-content\/uploads\/2024\/02\/1-1-1-300x199.jpg 300w, https:\/\/ibercenter.com\/wp-content\/uploads\/2024\/02\/1-1-1-768x510.jpg 768w\" sizes=\"(max-width: 1000px) 100vw, 1000px\" \/><\/div><\/a>\n\t\t\t\t<div class=\"elementor-post__text\">\n\t\t\t\t<h3 class=\"elementor-post__title\">\n\t\t\t<a href=\"https:\/\/ibercenter.com\/en\/equipped-offices-in-madrid\/\" >\n\t\t\t\tEquipped Offices in Madrid\t\t\t<\/a>\n\t\t<\/h3>\n\t\t\n\t\t<a class=\"elementor-post__read-more\" href=\"https:\/\/ibercenter.com\/en\/equipped-offices-in-madrid\/\" aria-label=\"Read more about Equipped Offices in Madrid\" tabindex=\"-1\" >\n\t\t\tMore Info \u00bb\t\t<\/a>\n\n\t\t\t\t<\/div>\n\t\t\t\t<div class=\"elementor-post__meta-data\">\n\t\t\t\t\t<span class=\"elementor-post-date\">\n\t\t\t13 de March de 2024\t\t<\/span>\n\t\t\t\t<span class=\"elementor-post-avatar\">\n\t\t\tNo Comments\t\t<\/span>\n\t\t\t\t<\/div>\n\t\t\t\t\t<\/div>\n\t\t<\/article>\n\t\t\t\t<article class=\"elementor-post elementor-grid-item post-27103 post type-post status-publish format-standard has-post-thumbnail hentry\" role=\"listitem\">\n\t\t\t<div class=\"elementor-post__card\">\n\t\t\t\t<a class=\"elementor-post__thumbnail__link\" href=\"https:\/\/ibercenter.com\/en\/selection-of-fully-equipped-offices-in-azca\/\" tabindex=\"-1\" ><div class=\"elementor-post__thumbnail\"><img loading=\"lazy\" decoding=\"async\" width=\"1000\" height=\"644\" src=\"https:\/\/ibercenter.com\/wp-content\/uploads\/2024\/03\/oficinas-equipadas-en-Azca.jpg\" class=\"attachment-full size-full wp-image-19287\" alt=\"oficinas equipadas en Azca\" srcset=\"https:\/\/ibercenter.com\/wp-content\/uploads\/2024\/03\/oficinas-equipadas-en-Azca.jpg 1000w, https:\/\/ibercenter.com\/wp-content\/uploads\/2024\/03\/oficinas-equipadas-en-Azca-300x193.jpg 300w, https:\/\/ibercenter.com\/wp-content\/uploads\/2024\/03\/oficinas-equipadas-en-Azca-768x495.jpg 768w\" sizes=\"(max-width: 1000px) 100vw, 1000px\" \/><\/div><\/a>\n\t\t\t\t<div class=\"elementor-post__text\">\n\t\t\t\t<h3 class=\"elementor-post__title\">\n\t\t\t<a href=\"https:\/\/ibercenter.com\/en\/selection-of-fully-equipped-offices-in-azca\/\" >\n\t\t\t\tSelection of Fully Equipped Offices in Azca\t\t\t<\/a>\n\t\t<\/h3>\n\t\t\n\t\t<a class=\"elementor-post__read-more\" href=\"https:\/\/ibercenter.com\/en\/selection-of-fully-equipped-offices-in-azca\/\" aria-label=\"Read more about Selection of Fully Equipped Offices in Azca\" tabindex=\"-1\" >\n\t\t\tMore Info \u00bb\t\t<\/a>\n\n\t\t\t\t<\/div>\n\t\t\t\t<div class=\"elementor-post__meta-data\">\n\t\t\t\t\t<span class=\"elementor-post-date\">\n\t\t\t6 de March de 2024\t\t<\/span>\n\t\t\t\t<span class=\"elementor-post-avatar\">\n\t\t\tNo Comments\t\t<\/span>\n\t\t\t\t<\/div>\n\t\t\t\t\t<\/div>\n\t\t<\/article>\n\t\t\t\t<article class=\"elementor-post elementor-grid-item post-27110 post type-post status-publish format-standard has-post-thumbnail hentry\" role=\"listitem\">\n\t\t\t<div class=\"elementor-post__card\">\n\t\t\t\t<a class=\"elementor-post__thumbnail__link\" href=\"https:\/\/ibercenter.com\/en\/flexible-offices-in-azca\/\" tabindex=\"-1\" ><div class=\"elementor-post__thumbnail\"><img loading=\"lazy\" decoding=\"async\" width=\"1000\" height=\"664\" src=\"https:\/\/ibercenter.com\/wp-content\/uploads\/2024\/02\/1.jpg\" class=\"attachment-full size-full wp-image-18863\" alt=\"Oficinas flexibles en Azca\" srcset=\"https:\/\/ibercenter.com\/wp-content\/uploads\/2024\/02\/1.jpg 1000w, https:\/\/ibercenter.com\/wp-content\/uploads\/2024\/02\/1-300x199.jpg 300w, https:\/\/ibercenter.com\/wp-content\/uploads\/2024\/02\/1-768x510.jpg 768w\" sizes=\"(max-width: 1000px) 100vw, 1000px\" \/><\/div><\/a>\n\t\t\t\t<div class=\"elementor-post__text\">\n\t\t\t\t<h3 class=\"elementor-post__title\">\n\t\t\t<a href=\"https:\/\/ibercenter.com\/en\/flexible-offices-in-azca\/\" >\n\t\t\t\tFlexible Offices in Azca\t\t\t<\/a>\n\t\t<\/h3>\n\t\t\n\t\t<a class=\"elementor-post__read-more\" href=\"https:\/\/ibercenter.com\/en\/flexible-offices-in-azca\/\" aria-label=\"Read more about Flexible Offices in Azca\" tabindex=\"-1\" >\n\t\t\tMore Info \u00bb\t\t<\/a>\n\n\t\t\t\t<\/div>\n\t\t\t\t<div class=\"elementor-post__meta-data\">\n\t\t\t\t\t<span class=\"elementor-post-date\">\n\t\t\t28 de February de 2024\t\t<\/span>\n\t\t\t\t<span class=\"elementor-post-avatar\">\n\t\t\tNo Comments\t\t<\/span>\n\t\t\t\t<\/div>\n\t\t\t\t\t<\/div>\n\t\t<\/article>\n\t\t\t\t<article class=\"elementor-post elementor-grid-item post-27580 post type-post status-publish format-standard has-post-thumbnail hentry\" role=\"listitem\">\n\t\t\t<div class=\"elementor-post__card\">\n\t\t\t\t<a class=\"elementor-post__thumbnail__link\" href=\"https:\/\/ibercenter.com\/en\/training-rooms-in-madrid\/\" tabindex=\"-1\" ><div class=\"elementor-post__thumbnail\"><img loading=\"lazy\" decoding=\"async\" width=\"2560\" height=\"1440\" src=\"https:\/\/ibercenter.com\/wp-content\/uploads\/2024\/09\/2-16-2.jpg\" class=\"attachment-full size-full wp-image-25118\" alt=\"\" srcset=\"https:\/\/ibercenter.com\/wp-content\/uploads\/2024\/09\/2-16-2.jpg 2560w, https:\/\/ibercenter.com\/wp-content\/uploads\/2024\/09\/2-16-2-300x169.jpg 300w, https:\/\/ibercenter.com\/wp-content\/uploads\/2024\/09\/2-16-2-1024x576.jpg 1024w, https:\/\/ibercenter.com\/wp-content\/uploads\/2024\/09\/2-16-2-768x432.jpg 768w, https:\/\/ibercenter.com\/wp-content\/uploads\/2024\/09\/2-16-2-1536x864.jpg 1536w, https:\/\/ibercenter.com\/wp-content\/uploads\/2024\/09\/2-16-2-2048x1152.jpg 2048w\" sizes=\"(max-width: 2560px) 100vw, 2560px\" \/><\/div><\/a>\n\t\t\t\t<div class=\"elementor-post__text\">\n\t\t\t\t<h3 class=\"elementor-post__title\">\n\t\t\t<a href=\"https:\/\/ibercenter.com\/en\/training-rooms-in-madrid\/\" >\n\t\t\t\tGuide to Choosing Training Rooms in Madrid\t\t\t<\/a>\n\t\t<\/h3>\n\t\t\n\t\t<a class=\"elementor-post__read-more\" href=\"https:\/\/ibercenter.com\/en\/training-rooms-in-madrid\/\" aria-label=\"Read more about Guide to Choosing Training Rooms in Madrid\" tabindex=\"-1\" >\n\t\t\tMore Info \u00bb\t\t<\/a>\n\n\t\t\t\t<\/div>\n\t\t\t\t<div class=\"elementor-post__meta-data\">\n\t\t\t\t\t<span class=\"elementor-post-date\">\n\t\t\t21 de February de 2024\t\t<\/span>\n\t\t\t\t<span class=\"elementor-post-avatar\">\n\t\t\tNo Comments\t\t<\/span>\n\t\t\t\t<\/div>\n\t\t\t\t\t<\/div>\n\t\t<\/article>\n\t\t\t\t<article class=\"elementor-post elementor-grid-item post-27584 post type-post status-publish format-standard has-post-thumbnail hentry\" role=\"listitem\">\n\t\t\t<div class=\"elementor-post__card\">\n\t\t\t\t<a class=\"elementor-post__thumbnail__link\" href=\"https:\/\/ibercenter.com\/en\/choosing-the-best-training-rooms-in-madrid\/\" tabindex=\"-1\" ><div class=\"elementor-post__thumbnail\"><img loading=\"lazy\" decoding=\"async\" width=\"1000\" height=\"664\" src=\"https:\/\/ibercenter.com\/wp-content\/uploads\/2023\/12\/3-4.jpg\" class=\"attachment-full size-full wp-image-18405\" alt=\"aulas de formaci\u00f3n en madrid\" srcset=\"https:\/\/ibercenter.com\/wp-content\/uploads\/2023\/12\/3-4.jpg 1000w, https:\/\/ibercenter.com\/wp-content\/uploads\/2023\/12\/3-4-300x199.jpg 300w, https:\/\/ibercenter.com\/wp-content\/uploads\/2023\/12\/3-4-768x510.jpg 768w\" sizes=\"(max-width: 1000px) 100vw, 1000px\" \/><\/div><\/a>\n\t\t\t\t<div class=\"elementor-post__text\">\n\t\t\t\t<h3 class=\"elementor-post__title\">\n\t\t\t<a href=\"https:\/\/ibercenter.com\/en\/choosing-the-best-training-rooms-in-madrid\/\" >\n\t\t\t\tChoosing the Best Training Rooms in Madrid\t\t\t<\/a>\n\t\t<\/h3>\n\t\t\n\t\t<a class=\"elementor-post__read-more\" href=\"https:\/\/ibercenter.com\/en\/choosing-the-best-training-rooms-in-madrid\/\" aria-label=\"Read more about Choosing the Best Training Rooms in Madrid\" tabindex=\"-1\" >\n\t\t\tMore Info \u00bb\t\t<\/a>\n\n\t\t\t\t<\/div>\n\t\t\t\t<div class=\"elementor-post__meta-data\">\n\t\t\t\t\t<span class=\"elementor-post-date\">\n\t\t\t14 de February de 2024\t\t<\/span>\n\t\t\t\t<span class=\"elementor-post-avatar\">\n\t\t\tNo Comments\t\t<\/span>\n\t\t\t\t<\/div>\n\t\t\t\t\t<\/div>\n\t\t<\/article>\n\t\t\t\t<article class=\"elementor-post elementor-grid-item post-27587 post type-post status-publish format-standard has-post-thumbnail hentry\" role=\"listitem\">\n\t\t\t<div class=\"elementor-post__card\">\n\t\t\t\t<a class=\"elementor-post__thumbnail__link\" href=\"https:\/\/ibercenter.com\/en\/coworking-space-in-azca\/\" tabindex=\"-1\" ><div class=\"elementor-post__thumbnail\"><img loading=\"lazy\" decoding=\"async\" width=\"1000\" height=\"664\" src=\"https:\/\/ibercenter.com\/wp-content\/uploads\/2024\/01\/Espacios-de-coworking-en-Azca.jpg\" class=\"attachment-full size-full wp-image-18537\" alt=\"Espacios de coworking en Azca\" srcset=\"https:\/\/ibercenter.com\/wp-content\/uploads\/2024\/01\/Espacios-de-coworking-en-Azca.jpg 1000w, https:\/\/ibercenter.com\/wp-content\/uploads\/2024\/01\/Espacios-de-coworking-en-Azca-300x199.jpg 300w, https:\/\/ibercenter.com\/wp-content\/uploads\/2024\/01\/Espacios-de-coworking-en-Azca-768x510.jpg 768w\" sizes=\"(max-width: 1000px) 100vw, 1000px\" \/><\/div><\/a>\n\t\t\t\t<div class=\"elementor-post__text\">\n\t\t\t\t<h3 class=\"elementor-post__title\">\n\t\t\t<a href=\"https:\/\/ibercenter.com\/en\/coworking-space-in-azca\/\" >\n\t\t\t\tWhy Choose a Coworking Space in Azca?\t\t\t<\/a>\n\t\t<\/h3>\n\t\t\n\t\t<a class=\"elementor-post__read-more\" href=\"https:\/\/ibercenter.com\/en\/coworking-space-in-azca\/\" aria-label=\"Read more about Why Choose a Coworking Space in Azca?\" tabindex=\"-1\" >\n\t\t\tMore Info \u00bb\t\t<\/a>\n\n\t\t\t\t<\/div>\n\t\t\t\t<div class=\"elementor-post__meta-data\">\n\t\t\t\t\t<span class=\"elementor-post-date\">\n\t\t\t7 de February de 2024\t\t<\/span>\n\t\t\t\t<span class=\"elementor-post-avatar\">\n\t\t\tNo Comments\t\t<\/span>\n\t\t\t\t<\/div>\n\t\t\t\t\t<\/div>\n\t\t<\/article>\n\t\t\t\t<article class=\"elementor-post elementor-grid-item post-27590 post type-post status-publish format-standard has-post-thumbnail hentry\" role=\"listitem\">\n\t\t\t<div class=\"elementor-post__card\">\n\t\t\t\t<a class=\"elementor-post__thumbnail__link\" href=\"https:\/\/ibercenter.com\/en\/the-best-training-rooms-in-azca\/\" tabindex=\"-1\" ><div class=\"elementor-post__thumbnail\"><img loading=\"lazy\" decoding=\"async\" width=\"2560\" height=\"1440\" src=\"https:\/\/ibercenter.com\/wp-content\/uploads\/2024\/09\/2-16-2.jpg\" class=\"attachment-full size-full wp-image-25118\" alt=\"\" srcset=\"https:\/\/ibercenter.com\/wp-content\/uploads\/2024\/09\/2-16-2.jpg 2560w, https:\/\/ibercenter.com\/wp-content\/uploads\/2024\/09\/2-16-2-300x169.jpg 300w, https:\/\/ibercenter.com\/wp-content\/uploads\/2024\/09\/2-16-2-1024x576.jpg 1024w, https:\/\/ibercenter.com\/wp-content\/uploads\/2024\/09\/2-16-2-768x432.jpg 768w, https:\/\/ibercenter.com\/wp-content\/uploads\/2024\/09\/2-16-2-1536x864.jpg 1536w, https:\/\/ibercenter.com\/wp-content\/uploads\/2024\/09\/2-16-2-2048x1152.jpg 2048w\" sizes=\"(max-width: 2560px) 100vw, 2560px\" \/><\/div><\/a>\n\t\t\t\t<div class=\"elementor-post__text\">\n\t\t\t\t<h3 class=\"elementor-post__title\">\n\t\t\t<a href=\"https:\/\/ibercenter.com\/en\/the-best-training-rooms-in-azca\/\" >\n\t\t\t\tThe best training rooms in Azca\t\t\t<\/a>\n\t\t<\/h3>\n\t\t\n\t\t<a class=\"elementor-post__read-more\" href=\"https:\/\/ibercenter.com\/en\/the-best-training-rooms-in-azca\/\" aria-label=\"Read more about The best training rooms in Azca\" tabindex=\"-1\" >\n\t\t\tMore Info \u00bb\t\t<\/a>\n\n\t\t\t\t<\/div>\n\t\t\t\t<div class=\"elementor-post__meta-data\">\n\t\t\t\t\t<span class=\"elementor-post-date\">\n\t\t\t24 de January de 2024\t\t<\/span>\n\t\t\t\t<span class=\"elementor-post-avatar\">\n\t\t\tNo Comments\t\t<\/span>\n\t\t\t\t<\/div>\n\t\t\t\t\t<\/div>\n\t\t<\/article>\n\t\t\t\t<article class=\"elementor-post elementor-grid-item post-27594 post type-post status-publish format-standard has-post-thumbnail hentry\" role=\"listitem\">\n\t\t\t<div class=\"elementor-post__card\">\n\t\t\t\t<a class=\"elementor-post__thumbnail__link\" href=\"https:\/\/ibercenter.com\/en\/meeting-room-in-madrid\/\" tabindex=\"-1\" ><div class=\"elementor-post__thumbnail\"><img loading=\"lazy\" decoding=\"async\" width=\"1000\" height=\"675\" src=\"https:\/\/ibercenter.com\/wp-content\/uploads\/2024\/01\/Espacios-para-el-alquiler-de-salas-de-reuniones-en-Madrid.jpg\" class=\"attachment-full size-full wp-image-18740\" alt=\"Espacios para el alquiler de salas de reuniones en Madrid\" srcset=\"https:\/\/ibercenter.com\/wp-content\/uploads\/2024\/01\/Espacios-para-el-alquiler-de-salas-de-reuniones-en-Madrid.jpg 1000w, https:\/\/ibercenter.com\/wp-content\/uploads\/2024\/01\/Espacios-para-el-alquiler-de-salas-de-reuniones-en-Madrid-300x203.jpg 300w, https:\/\/ibercenter.com\/wp-content\/uploads\/2024\/01\/Espacios-para-el-alquiler-de-salas-de-reuniones-en-Madrid-768x518.jpg 768w\" sizes=\"(max-width: 1000px) 100vw, 1000px\" \/><\/div><\/a>\n\t\t\t\t<div class=\"elementor-post__text\">\n\t\t\t\t<h3 class=\"elementor-post__title\">\n\t\t\t<a href=\"https:\/\/ibercenter.com\/en\/meeting-room-in-madrid\/\" >\n\t\t\t\tSpaces for meeting room hire in Madrid\t\t\t<\/a>\n\t\t<\/h3>\n\t\t\n\t\t<a class=\"elementor-post__read-more\" href=\"https:\/\/ibercenter.com\/en\/meeting-room-in-madrid\/\" aria-label=\"Read more about Spaces for meeting room hire in Madrid\" tabindex=\"-1\" >\n\t\t\tMore Info \u00bb\t\t<\/a>\n\n\t\t\t\t<\/div>\n\t\t\t\t<div class=\"elementor-post__meta-data\">\n\t\t\t\t\t<span class=\"elementor-post-date\">\n\t\t\t17 de January de 2024\t\t<\/span>\n\t\t\t\t<span class=\"elementor-post-avatar\">\n\t\t\tNo Comments\t\t<\/span>\n\t\t\t\t<\/div>\n\t\t\t\t\t<\/div>\n\t\t<\/article>\n\t\t\t\t<article class=\"elementor-post elementor-grid-item post-27602 post type-post status-publish format-standard has-post-thumbnail hentry category-non-classifiee\" role=\"listitem\">\n\t\t\t<div class=\"elementor-post__card\">\n\t\t\t\t<a class=\"elementor-post__thumbnail__link\" href=\"https:\/\/ibercenter.com\/en\/meeting-rooms-in-azca\/\" tabindex=\"-1\" ><div class=\"elementor-post__thumbnail\"><img loading=\"lazy\" decoding=\"async\" width=\"1000\" height=\"664\" src=\"https:\/\/ibercenter.com\/wp-content\/uploads\/2024\/01\/salas-de-reuniones-en-azca.jpg\" class=\"attachment-full size-full wp-image-18717\" alt=\"salas de reuniones en azca\" srcset=\"https:\/\/ibercenter.com\/wp-content\/uploads\/2024\/01\/salas-de-reuniones-en-azca.jpg 1000w, https:\/\/ibercenter.com\/wp-content\/uploads\/2024\/01\/salas-de-reuniones-en-azca-300x199.jpg 300w, https:\/\/ibercenter.com\/wp-content\/uploads\/2024\/01\/salas-de-reuniones-en-azca-768x510.jpg 768w\" sizes=\"(max-width: 1000px) 100vw, 1000px\" \/><\/div><\/a>\n\t\t\t\t<div class=\"elementor-post__badge\">Corporative<\/div>\n\t\t\t\t<div class=\"elementor-post__text\">\n\t\t\t\t<h3 class=\"elementor-post__title\">\n\t\t\t<a href=\"https:\/\/ibercenter.com\/en\/meeting-rooms-in-azca\/\" >\n\t\t\t\tSpaces for innovation and meetings in the meeting rooms in Azca.\t\t\t<\/a>\n\t\t<\/h3>\n\t\t\n\t\t<a class=\"elementor-post__read-more\" href=\"https:\/\/ibercenter.com\/en\/meeting-rooms-in-azca\/\" aria-label=\"Read more about Spaces for innovation and meetings in the meeting rooms in Azca.\" tabindex=\"-1\" >\n\t\t\tMore Info \u00bb\t\t<\/a>\n\n\t\t\t\t<\/div>\n\t\t\t\t<div class=\"elementor-post__meta-data\">\n\t\t\t\t\t<span class=\"elementor-post-date\">\n\t\t\t10 de January de 2024\t\t<\/span>\n\t\t\t\t<span class=\"elementor-post-avatar\">\n\t\t\tNo Comments\t\t<\/span>\n\t\t\t\t<\/div>\n\t\t\t\t\t<\/div>\n\t\t<\/article>\n\t\t\t\t<article class=\"elementor-post elementor-grid-item post-27605 post type-post status-publish format-standard has-post-thumbnail hentry\" role=\"listitem\">\n\t\t\t<div class=\"elementor-post__card\">\n\t\t\t\t<a class=\"elementor-post__thumbnail__link\" href=\"https:\/\/ibercenter.com\/en\/office-rental-in-azca\/\" tabindex=\"-1\" ><div class=\"elementor-post__thumbnail\"><img loading=\"lazy\" decoding=\"async\" width=\"2560\" height=\"1440\" src=\"https:\/\/ibercenter.com\/wp-content\/uploads\/2024\/02\/1-4-1.jpg\" class=\"attachment-full size-full wp-image-19039\" alt=\"Selecci\u00f3n de oficinas equipadas en Azca\" srcset=\"https:\/\/ibercenter.com\/wp-content\/uploads\/2024\/02\/1-4-1.jpg 2560w, https:\/\/ibercenter.com\/wp-content\/uploads\/2024\/02\/1-4-1-300x169.jpg 300w, https:\/\/ibercenter.com\/wp-content\/uploads\/2024\/02\/1-4-1-1024x576.jpg 1024w, https:\/\/ibercenter.com\/wp-content\/uploads\/2024\/02\/1-4-1-768x432.jpg 768w, https:\/\/ibercenter.com\/wp-content\/uploads\/2024\/02\/1-4-1-1536x864.jpg 1536w, https:\/\/ibercenter.com\/wp-content\/uploads\/2024\/02\/1-4-1-2048x1152.jpg 2048w\" sizes=\"(max-width: 2560px) 100vw, 2560px\" \/><\/div><\/a>\n\t\t\t\t<div class=\"elementor-post__text\">\n\t\t\t\t<h3 class=\"elementor-post__title\">\n\t\t\t<a href=\"https:\/\/ibercenter.com\/en\/office-rental-in-azca\/\" >\n\t\t\t\tThe best office rental spaces in Azca\t\t\t<\/a>\n\t\t<\/h3>\n\t\t\n\t\t<a class=\"elementor-post__read-more\" href=\"https:\/\/ibercenter.com\/en\/office-rental-in-azca\/\" aria-label=\"Read more about The best office rental spaces in Azca\" tabindex=\"-1\" >\n\t\t\tMore Info \u00bb\t\t<\/a>\n\n\t\t\t\t<\/div>\n\t\t\t\t<div class=\"elementor-post__meta-data\">\n\t\t\t\t\t<span class=\"elementor-post-date\">\n\t\t\t3 de January de 2024\t\t<\/span>\n\t\t\t\t<span class=\"elementor-post-avatar\">\n\t\t\tNo Comments\t\t<\/span>\n\t\t\t\t<\/div>\n\t\t\t\t\t<\/div>\n\t\t<\/article>\n\t\t\t\t<article class=\"elementor-post elementor-grid-item post-27844 post type-post status-publish format-standard has-post-thumbnail hentry\" role=\"listitem\">\n\t\t\t<div class=\"elementor-post__card\">\n\t\t\t\t<a class=\"elementor-post__thumbnail__link\" href=\"https:\/\/ibercenter.com\/en\/advantages-of-domiciling-a-company-in-madrid\/\" tabindex=\"-1\" ><div class=\"elementor-post__thumbnail\"><img loading=\"lazy\" decoding=\"async\" width=\"1000\" height=\"664\" src=\"https:\/\/ibercenter.com\/wp-content\/uploads\/2023\/12\/Ventajas-de-domiciliar-una-empresa-en-Madrid.jpg\" class=\"attachment-full size-full wp-image-18501\" alt=\"Ventajas de domiciliar una empresa en Madrid\" srcset=\"https:\/\/ibercenter.com\/wp-content\/uploads\/2023\/12\/Ventajas-de-domiciliar-una-empresa-en-Madrid.jpg 1000w, https:\/\/ibercenter.com\/wp-content\/uploads\/2023\/12\/Ventajas-de-domiciliar-una-empresa-en-Madrid-300x199.jpg 300w, https:\/\/ibercenter.com\/wp-content\/uploads\/2023\/12\/Ventajas-de-domiciliar-una-empresa-en-Madrid-768x510.jpg 768w\" sizes=\"(max-width: 1000px) 100vw, 1000px\" \/><\/div><\/a>\n\t\t\t\t<div class=\"elementor-post__text\">\n\t\t\t\t<h3 class=\"elementor-post__title\">\n\t\t\t<a href=\"https:\/\/ibercenter.com\/en\/advantages-of-domiciling-a-company-in-madrid\/\" >\n\t\t\t\tAdvantages of domiciling a company in Madrid\t\t\t<\/a>\n\t\t<\/h3>\n\t\t\n\t\t<a class=\"elementor-post__read-more\" href=\"https:\/\/ibercenter.com\/en\/advantages-of-domiciling-a-company-in-madrid\/\" aria-label=\"Read more about Advantages of domiciling a company in Madrid\" tabindex=\"-1\" >\n\t\t\tMore Info \u00bb\t\t<\/a>\n\n\t\t\t\t<\/div>\n\t\t\t\t<div class=\"elementor-post__meta-data\">\n\t\t\t\t\t<span class=\"elementor-post-date\">\n\t\t\t27 de December de 2023\t\t<\/span>\n\t\t\t\t<span class=\"elementor-post-avatar\">\n\t\t\tNo Comments\t\t<\/span>\n\t\t\t\t<\/div>\n\t\t\t\t\t<\/div>\n\t\t<\/article>\n\t\t\t\t<article class=\"elementor-post elementor-grid-item post-27847 post type-post status-publish format-standard has-post-thumbnail hentry\" role=\"listitem\">\n\t\t\t<div class=\"elementor-post__card\">\n\t\t\t\t<a class=\"elementor-post__thumbnail__link\" href=\"https:\/\/ibercenter.com\/en\/where-to-hold-corporate-events-in-madrid\/\" tabindex=\"-1\" ><div class=\"elementor-post__thumbnail\"><img loading=\"lazy\" decoding=\"async\" width=\"1000\" height=\"667\" src=\"https:\/\/ibercenter.com\/wp-content\/uploads\/2023\/09\/mujer-trabajadora-no-parece-cansada.jpg\" class=\"attachment-full size-full wp-image-16507\" alt=\"\u00bfD\u00f3nde celebrar eventos de empresa en Madrid?\" srcset=\"https:\/\/ibercenter.com\/wp-content\/uploads\/2023\/09\/mujer-trabajadora-no-parece-cansada.jpg 1000w, https:\/\/ibercenter.com\/wp-content\/uploads\/2023\/09\/mujer-trabajadora-no-parece-cansada-300x200.jpg 300w, https:\/\/ibercenter.com\/wp-content\/uploads\/2023\/09\/mujer-trabajadora-no-parece-cansada-768x512.jpg 768w\" sizes=\"(max-width: 1000px) 100vw, 1000px\" \/><\/div><\/a>\n\t\t\t\t<div class=\"elementor-post__text\">\n\t\t\t\t<h3 class=\"elementor-post__title\">\n\t\t\t<a href=\"https:\/\/ibercenter.com\/en\/where-to-hold-corporate-events-in-madrid\/\" >\n\t\t\t\tWhere to hold corporate events in Madrid?\t\t\t<\/a>\n\t\t<\/h3>\n\t\t\n\t\t<a class=\"elementor-post__read-more\" href=\"https:\/\/ibercenter.com\/en\/where-to-hold-corporate-events-in-madrid\/\" aria-label=\"Read more about Where to hold corporate events in Madrid?\" tabindex=\"-1\" >\n\t\t\tMore Info \u00bb\t\t<\/a>\n\n\t\t\t\t<\/div>\n\t\t\t\t<div class=\"elementor-post__meta-data\">\n\t\t\t\t\t<span class=\"elementor-post-date\">\n\t\t\t20 de December de 2023\t\t<\/span>\n\t\t\t\t<span class=\"elementor-post-avatar\">\n\t\t\tNo Comments\t\t<\/span>\n\t\t\t\t<\/div>\n\t\t\t\t\t<\/div>\n\t\t<\/article>\n\t\t\t\t<article class=\"elementor-post elementor-grid-item post-28254 post type-post status-publish format-standard has-post-thumbnail hentry\" role=\"listitem\">\n\t\t\t<div class=\"elementor-post__card\">\n\t\t\t\t<a class=\"elementor-post__thumbnail__link\" href=\"https:\/\/ibercenter.com\/en\/what-are-the-best-flexible-office-spaces-in-madrid\/\" tabindex=\"-1\" ><div class=\"elementor-post__thumbnail\"><img loading=\"lazy\" decoding=\"async\" width=\"2560\" height=\"1440\" src=\"https:\/\/ibercenter.com\/wp-content\/uploads\/2023\/11\/1-6.jpg\" class=\"attachment-full size-full wp-image-17225\" alt=\"mejores oficinas flexibles en madrid\" srcset=\"https:\/\/ibercenter.com\/wp-content\/uploads\/2023\/11\/1-6.jpg 2560w, https:\/\/ibercenter.com\/wp-content\/uploads\/2023\/11\/1-6-300x169.jpg 300w, https:\/\/ibercenter.com\/wp-content\/uploads\/2023\/11\/1-6-1024x576.jpg 1024w, https:\/\/ibercenter.com\/wp-content\/uploads\/2023\/11\/1-6-768x432.jpg 768w, https:\/\/ibercenter.com\/wp-content\/uploads\/2023\/11\/1-6-1536x864.jpg 1536w, https:\/\/ibercenter.com\/wp-content\/uploads\/2023\/11\/1-6-2048x1152.jpg 2048w\" sizes=\"(max-width: 2560px) 100vw, 2560px\" \/><\/div><\/a>\n\t\t\t\t<div class=\"elementor-post__text\">\n\t\t\t\t<h3 class=\"elementor-post__title\">\n\t\t\t<a href=\"https:\/\/ibercenter.com\/en\/what-are-the-best-flexible-office-spaces-in-madrid\/\" >\n\t\t\t\tWhat are the best flexible office spaces in Madrid?\t\t\t<\/a>\n\t\t<\/h3>\n\t\t\n\t\t<a class=\"elementor-post__read-more\" href=\"https:\/\/ibercenter.com\/en\/what-are-the-best-flexible-office-spaces-in-madrid\/\" aria-label=\"Read more about What are the best flexible office spaces in Madrid?\" tabindex=\"-1\" >\n\t\t\tMore Info \u00bb\t\t<\/a>\n\n\t\t\t\t<\/div>\n\t\t\t\t<div class=\"elementor-post__meta-data\">\n\t\t\t\t\t<span class=\"elementor-post-date\">\n\t\t\t13 de December de 2023\t\t<\/span>\n\t\t\t\t<span class=\"elementor-post-avatar\">\n\t\t\tNo Comments\t\t<\/span>\n\t\t\t\t<\/div>\n\t\t\t\t\t<\/div>\n\t\t<\/article>\n\t\t\t\t<article class=\"elementor-post elementor-grid-item post-28259 post type-post status-publish format-standard has-post-thumbnail hentry\" role=\"listitem\">\n\t\t\t<div class=\"elementor-post__card\">\n\t\t\t\t<a class=\"elementor-post__thumbnail__link\" href=\"https:\/\/ibercenter.com\/en\/how-much-does-an-office-by-the-hour-cost-in-madrid\/\" tabindex=\"-1\" ><div class=\"elementor-post__thumbnail\"><img loading=\"lazy\" decoding=\"async\" width=\"2560\" height=\"1347\" src=\"https:\/\/ibercenter.com\/wp-content\/uploads\/2023\/06\/Despacho-12-3-scaled-1.jpg\" class=\"attachment-full size-full wp-image-14595\" alt=\"\" srcset=\"https:\/\/ibercenter.com\/wp-content\/uploads\/2023\/06\/Despacho-12-3-scaled-1.jpg 2560w, https:\/\/ibercenter.com\/wp-content\/uploads\/2023\/06\/Despacho-12-3-scaled-1-300x158.jpg 300w, https:\/\/ibercenter.com\/wp-content\/uploads\/2023\/06\/Despacho-12-3-scaled-1-1024x539.jpg 1024w, https:\/\/ibercenter.com\/wp-content\/uploads\/2023\/06\/Despacho-12-3-scaled-1-768x404.jpg 768w, https:\/\/ibercenter.com\/wp-content\/uploads\/2023\/06\/Despacho-12-3-scaled-1-1536x808.jpg 1536w, https:\/\/ibercenter.com\/wp-content\/uploads\/2023\/06\/Despacho-12-3-scaled-1-2048x1078.jpg 2048w\" sizes=\"(max-width: 2560px) 100vw, 2560px\" \/><\/div><\/a>\n\t\t\t\t<div class=\"elementor-post__text\">\n\t\t\t\t<h3 class=\"elementor-post__title\">\n\t\t\t<a href=\"https:\/\/ibercenter.com\/en\/how-much-does-an-office-by-the-hour-cost-in-madrid\/\" >\n\t\t\t\tHow much does an office by the hour cost in Madrid?\t\t\t<\/a>\n\t\t<\/h3>\n\t\t\n\t\t<a class=\"elementor-post__read-more\" href=\"https:\/\/ibercenter.com\/en\/how-much-does-an-office-by-the-hour-cost-in-madrid\/\" aria-label=\"Read more about How much does an office by the hour cost in Madrid?\" tabindex=\"-1\" >\n\t\t\tMore Info \u00bb\t\t<\/a>\n\n\t\t\t\t<\/div>\n\t\t\t\t<div class=\"elementor-post__meta-data\">\n\t\t\t\t\t<span class=\"elementor-post-date\">\n\t\t\t6 de December de 2023\t\t<\/span>\n\t\t\t\t<span class=\"elementor-post-avatar\">\n\t\t\tNo Comments\t\t<\/span>\n\t\t\t\t<\/div>\n\t\t\t\t\t<\/div>\n\t\t<\/article>\n\t\t\t\t<article class=\"elementor-post elementor-grid-item post-28261 post type-post status-publish format-standard has-post-thumbnail hentry\" role=\"listitem\">\n\t\t\t<div class=\"elementor-post__card\">\n\t\t\t\t<a class=\"elementor-post__thumbnail__link\" href=\"https:\/\/ibercenter.com\/en\/the-importance-of-choosing-venues-for-events-in-madrid\/\" tabindex=\"-1\" ><div class=\"elementor-post__thumbnail\"><img loading=\"lazy\" decoding=\"async\" width=\"1000\" height=\"664\" src=\"https:\/\/ibercenter.com\/wp-content\/uploads\/2023\/12\/La-importancia-de-elegir-los-espacios-para-eventos-en-Madrid.jpg\" class=\"attachment-full size-full wp-image-18207\" alt=\"La importancia de elegir los espacios para eventos en Madrid\" srcset=\"https:\/\/ibercenter.com\/wp-content\/uploads\/2023\/12\/La-importancia-de-elegir-los-espacios-para-eventos-en-Madrid.jpg 1000w, https:\/\/ibercenter.com\/wp-content\/uploads\/2023\/12\/La-importancia-de-elegir-los-espacios-para-eventos-en-Madrid-300x199.jpg 300w, https:\/\/ibercenter.com\/wp-content\/uploads\/2023\/12\/La-importancia-de-elegir-los-espacios-para-eventos-en-Madrid-768x510.jpg 768w\" sizes=\"(max-width: 1000px) 100vw, 1000px\" \/><\/div><\/a>\n\t\t\t\t<div class=\"elementor-post__text\">\n\t\t\t\t<h3 class=\"elementor-post__title\">\n\t\t\t<a href=\"https:\/\/ibercenter.com\/en\/the-importance-of-choosing-venues-for-events-in-madrid\/\" >\n\t\t\t\tThe importance of choosing venues for events in Madrid\t\t\t<\/a>\n\t\t<\/h3>\n\t\t\n\t\t<a class=\"elementor-post__read-more\" href=\"https:\/\/ibercenter.com\/en\/the-importance-of-choosing-venues-for-events-in-madrid\/\" aria-label=\"Read more about The importance of choosing venues for events in Madrid\" tabindex=\"-1\" >\n\t\t\tMore Info \u00bb\t\t<\/a>\n\n\t\t\t\t<\/div>\n\t\t\t\t<div class=\"elementor-post__meta-data\">\n\t\t\t\t\t<span class=\"elementor-post-date\">\n\t\t\t29 de November de 2023\t\t<\/span>\n\t\t\t\t<span class=\"elementor-post-avatar\">\n\t\t\tNo Comments\t\t<\/span>\n\t\t\t\t<\/div>\n\t\t\t\t\t<\/div>\n\t\t<\/article>\n\t\t\t\t<article class=\"elementor-post elementor-grid-item post-28265 post type-post status-publish format-standard has-post-thumbnail hentry\" role=\"listitem\">\n\t\t\t<div class=\"elementor-post__card\">\n\t\t\t\t<a class=\"elementor-post__thumbnail__link\" href=\"https:\/\/ibercenter.com\/en\/how-much-does-a-coworking-space-in-madrid-cost\/\" tabindex=\"-1\" ><div class=\"elementor-post__thumbnail\"><img loading=\"lazy\" decoding=\"async\" width=\"1255\" height=\"1264\" src=\"https:\/\/ibercenter.com\/wp-content\/uploads\/2023\/09\/AFachada004.jpg\" class=\"attachment-full size-full wp-image-16724\" alt=\"\u00bfCu\u00e1nto cuesta un espacio de coworking en Madrid?\" srcset=\"https:\/\/ibercenter.com\/wp-content\/uploads\/2023\/09\/AFachada004.jpg 1255w, https:\/\/ibercenter.com\/wp-content\/uploads\/2023\/09\/AFachada004-298x300.jpg 298w, https:\/\/ibercenter.com\/wp-content\/uploads\/2023\/09\/AFachada004-1017x1024.jpg 1017w, https:\/\/ibercenter.com\/wp-content\/uploads\/2023\/09\/AFachada004-150x150.jpg 150w, https:\/\/ibercenter.com\/wp-content\/uploads\/2023\/09\/AFachada004-768x774.jpg 768w\" sizes=\"(max-width: 1255px) 100vw, 1255px\" \/><\/div><\/a>\n\t\t\t\t<div class=\"elementor-post__text\">\n\t\t\t\t<h3 class=\"elementor-post__title\">\n\t\t\t<a href=\"https:\/\/ibercenter.com\/en\/how-much-does-a-coworking-space-in-madrid-cost\/\" >\n\t\t\t\tHow much does a coworking space in Madrid cost?\t\t\t<\/a>\n\t\t<\/h3>\n\t\t\n\t\t<a class=\"elementor-post__read-more\" href=\"https:\/\/ibercenter.com\/en\/how-much-does-a-coworking-space-in-madrid-cost\/\" aria-label=\"Read more about How much does a coworking space in Madrid cost?\" tabindex=\"-1\" >\n\t\t\tMore Info \u00bb\t\t<\/a>\n\n\t\t\t\t<\/div>\n\t\t\t\t<div class=\"elementor-post__meta-data\">\n\t\t\t\t\t<span class=\"elementor-post-date\">\n\t\t\t22 de November de 2023\t\t<\/span>\n\t\t\t\t<span class=\"elementor-post-avatar\">\n\t\t\tNo Comments\t\t<\/span>\n\t\t\t\t<\/div>\n\t\t\t\t\t<\/div>\n\t\t<\/article>\n\t\t\t\t<article class=\"elementor-post elementor-grid-item post-28267 post type-post status-publish format-standard has-post-thumbnail hentry\" role=\"listitem\">\n\t\t\t<div class=\"elementor-post__card\">\n\t\t\t\t<a class=\"elementor-post__thumbnail__link\" href=\"https:\/\/ibercenter.com\/en\/flexible-office-space-in-madrid\/\" tabindex=\"-1\" ><div class=\"elementor-post__thumbnail\"><img loading=\"lazy\" decoding=\"async\" width=\"1000\" height=\"664\" src=\"https:\/\/ibercenter.com\/wp-content\/uploads\/2023\/11\/Espacios-de-oficinas-flexibles-en-Madrid.jpg\" class=\"attachment-full size-full wp-image-17099\" alt=\"Espacios de oficinas flexibles en Madrid\" srcset=\"https:\/\/ibercenter.com\/wp-content\/uploads\/2023\/11\/Espacios-de-oficinas-flexibles-en-Madrid.jpg 1000w, https:\/\/ibercenter.com\/wp-content\/uploads\/2023\/11\/Espacios-de-oficinas-flexibles-en-Madrid-300x199.jpg 300w, https:\/\/ibercenter.com\/wp-content\/uploads\/2023\/11\/Espacios-de-oficinas-flexibles-en-Madrid-768x510.jpg 768w\" sizes=\"(max-width: 1000px) 100vw, 1000px\" \/><\/div><\/a>\n\t\t\t\t<div class=\"elementor-post__text\">\n\t\t\t\t<h3 class=\"elementor-post__title\">\n\t\t\t<a href=\"https:\/\/ibercenter.com\/en\/flexible-office-space-in-madrid\/\" >\n\t\t\t\tFlexible office space in Madrid\t\t\t<\/a>\n\t\t<\/h3>\n\t\t\n\t\t<a class=\"elementor-post__read-more\" href=\"https:\/\/ibercenter.com\/en\/flexible-office-space-in-madrid\/\" aria-label=\"Read more about Flexible office space in Madrid\" tabindex=\"-1\" >\n\t\t\tMore Info \u00bb\t\t<\/a>\n\n\t\t\t\t<\/div>\n\t\t\t\t<div class=\"elementor-post__meta-data\">\n\t\t\t\t\t<span class=\"elementor-post-date\">\n\t\t\t15 de November de 2023\t\t<\/span>\n\t\t\t\t<span class=\"elementor-post-avatar\">\n\t\t\tNo Comments\t\t<\/span>\n\t\t\t\t<\/div>\n\t\t\t\t\t<\/div>\n\t\t<\/article>\n\t\t\t\t<article class=\"elementor-post elementor-grid-item post-28269 post type-post status-publish format-standard has-post-thumbnail hentry\" role=\"listitem\">\n\t\t\t<div class=\"elementor-post__card\">\n\t\t\t\t<a class=\"elementor-post__thumbnail__link\" href=\"https:\/\/ibercenter.com\/en\/how-much-does-it-cost-to-rent-an-office-in-madrid\/\" tabindex=\"-1\" ><div class=\"elementor-post__thumbnail\"><img loading=\"lazy\" decoding=\"async\" width=\"1000\" height=\"664\" src=\"https:\/\/ibercenter.com\/wp-content\/uploads\/2023\/11\/cuanto-cuesta-alquilar-una-oficina-en-madrid-1.jpg\" class=\"attachment-full size-full wp-image-17011\" alt=\"Cu\u00e1nto cuesta alquilar un despacho en Madrid\" srcset=\"https:\/\/ibercenter.com\/wp-content\/uploads\/2023\/11\/cuanto-cuesta-alquilar-una-oficina-en-madrid-1.jpg 1000w, https:\/\/ibercenter.com\/wp-content\/uploads\/2023\/11\/cuanto-cuesta-alquilar-una-oficina-en-madrid-1-300x199.jpg 300w, https:\/\/ibercenter.com\/wp-content\/uploads\/2023\/11\/cuanto-cuesta-alquilar-una-oficina-en-madrid-1-768x510.jpg 768w\" sizes=\"(max-width: 1000px) 100vw, 1000px\" \/><\/div><\/a>\n\t\t\t\t<div class=\"elementor-post__text\">\n\t\t\t\t<h3 class=\"elementor-post__title\">\n\t\t\t<a href=\"https:\/\/ibercenter.com\/en\/how-much-does-it-cost-to-rent-an-office-in-madrid\/\" >\n\t\t\t\tHow much does it cost to rent an office in Madrid?\t\t\t<\/a>\n\t\t<\/h3>\n\t\t\n\t\t<a class=\"elementor-post__read-more\" href=\"https:\/\/ibercenter.com\/en\/how-much-does-it-cost-to-rent-an-office-in-madrid\/\" aria-label=\"Read more about How much does it cost to rent an office in Madrid?\" tabindex=\"-1\" >\n\t\t\tMore Info \u00bb\t\t<\/a>\n\n\t\t\t\t<\/div>\n\t\t\t\t<div class=\"elementor-post__meta-data\">\n\t\t\t\t\t<span class=\"elementor-post-date\">\n\t\t\t8 de November de 2023\t\t<\/span>\n\t\t\t\t<span class=\"elementor-post-avatar\">\n\t\t\tNo Comments\t\t<\/span>\n\t\t\t\t<\/div>\n\t\t\t\t\t<\/div>\n\t\t<\/article>\n\t\t\t\t<article class=\"elementor-post elementor-grid-item post-28272 post type-post status-publish format-standard has-post-thumbnail hentry\" role=\"listitem\">\n\t\t\t<div class=\"elementor-post__card\">\n\t\t\t\t<a class=\"elementor-post__thumbnail__link\" href=\"https:\/\/ibercenter.com\/en\/how-much-does-it-cost-to-rent-office-space-in-madrid\/\" tabindex=\"-1\" ><div class=\"elementor-post__thumbnail\"><img loading=\"lazy\" decoding=\"async\" width=\"1000\" height=\"664\" src=\"https:\/\/ibercenter.com\/wp-content\/uploads\/2023\/11\/Cuanto-cuesta-alquilar-una-oficina-en-Madrid.jpg\" class=\"attachment-full size-full wp-image-16978\" alt=\"\u00bfCu\u00e1nto cuesta alquilar una oficina en Madrid?\" srcset=\"https:\/\/ibercenter.com\/wp-content\/uploads\/2023\/11\/Cuanto-cuesta-alquilar-una-oficina-en-Madrid.jpg 1000w, https:\/\/ibercenter.com\/wp-content\/uploads\/2023\/11\/Cuanto-cuesta-alquilar-una-oficina-en-Madrid-300x199.jpg 300w, https:\/\/ibercenter.com\/wp-content\/uploads\/2023\/11\/Cuanto-cuesta-alquilar-una-oficina-en-Madrid-768x510.jpg 768w\" sizes=\"(max-width: 1000px) 100vw, 1000px\" \/><\/div><\/a>\n\t\t\t\t<div class=\"elementor-post__text\">\n\t\t\t\t<h3 class=\"elementor-post__title\">\n\t\t\t<a href=\"https:\/\/ibercenter.com\/en\/how-much-does-it-cost-to-rent-office-space-in-madrid\/\" >\n\t\t\t\tHow much does it cost to rent office space in Madrid?\t\t\t<\/a>\n\t\t<\/h3>\n\t\t\n\t\t<a class=\"elementor-post__read-more\" href=\"https:\/\/ibercenter.com\/en\/how-much-does-it-cost-to-rent-office-space-in-madrid\/\" aria-label=\"Read more about How much does it cost to rent office space in Madrid?\" tabindex=\"-1\" >\n\t\t\tMore Info \u00bb\t\t<\/a>\n\n\t\t\t\t<\/div>\n\t\t\t\t<div class=\"elementor-post__meta-data\">\n\t\t\t\t\t<span class=\"elementor-post-date\">\n\t\t\t2 de November de 2023\t\t<\/span>\n\t\t\t\t<span class=\"elementor-post-avatar\">\n\t\t\tNo Comments\t\t<\/span>\n\t\t\t\t<\/div>\n\t\t\t\t\t<\/div>\n\t\t<\/article>\n\t\t\t\t<article class=\"elementor-post elementor-grid-item post-31127 post type-post status-publish format-standard has-post-thumbnail hentry\" role=\"listitem\">\n\t\t\t<div class=\"elementor-post__card\">\n\t\t\t\t<a class=\"elementor-post__thumbnail__link\" href=\"https:\/\/ibercenter.com\/en\/tips-for-renting-an-office\/\" tabindex=\"-1\" ><div class=\"elementor-post__thumbnail\"><img loading=\"lazy\" decoding=\"async\" width=\"1000\" height=\"664\" src=\"https:\/\/ibercenter.com\/wp-content\/uploads\/2023\/10\/Consejos-para-alquilar-una-oficina.jpg\" class=\"attachment-full size-full wp-image-16891\" alt=\"Consejos para alquilar una oficina\" srcset=\"https:\/\/ibercenter.com\/wp-content\/uploads\/2023\/10\/Consejos-para-alquilar-una-oficina.jpg 1000w, https:\/\/ibercenter.com\/wp-content\/uploads\/2023\/10\/Consejos-para-alquilar-una-oficina-300x199.jpg 300w, https:\/\/ibercenter.com\/wp-content\/uploads\/2023\/10\/Consejos-para-alquilar-una-oficina-768x510.jpg 768w\" sizes=\"(max-width: 1000px) 100vw, 1000px\" \/><\/div><\/a>\n\t\t\t\t<div class=\"elementor-post__text\">\n\t\t\t\t<h3 class=\"elementor-post__title\">\n\t\t\t<a href=\"https:\/\/ibercenter.com\/en\/tips-for-renting-an-office\/\" >\n\t\t\t\tTips for renting an office\t\t\t<\/a>\n\t\t<\/h3>\n\t\t\n\t\t<a class=\"elementor-post__read-more\" href=\"https:\/\/ibercenter.com\/en\/tips-for-renting-an-office\/\" aria-label=\"Read more about Tips for renting an office\" tabindex=\"-1\" >\n\t\t\tMore Info \u00bb\t\t<\/a>\n\n\t\t\t\t<\/div>\n\t\t\t\t<div class=\"elementor-post__meta-data\">\n\t\t\t\t\t<span class=\"elementor-post-date\">\n\t\t\t25 de October de 2023\t\t<\/span>\n\t\t\t\t<span class=\"elementor-post-avatar\">\n\t\t\tNo Comments\t\t<\/span>\n\t\t\t\t<\/div>\n\t\t\t\t\t<\/div>\n\t\t<\/article>\n\t\t\t\t<article class=\"elementor-post elementor-grid-item post-31184 post type-post status-publish format-standard has-post-thumbnail hentry\" role=\"listitem\">\n\t\t\t<div class=\"elementor-post__card\">\n\t\t\t\t<a class=\"elementor-post__thumbnail__link\" href=\"https:\/\/ibercenter.com\/en\/how-to-choose-the-best-coworking-space\/\" tabindex=\"-1\" ><div class=\"elementor-post__thumbnail\"><img loading=\"lazy\" decoding=\"async\" width=\"1000\" height=\"667\" src=\"https:\/\/ibercenter.com\/wp-content\/uploads\/2023\/09\/mujer-joven-rubia-complacida-posando-su-lugar-trabajo-sosteniendo-lapiz-1.jpg\" class=\"attachment-full size-full wp-image-16514\" alt=\"Espacios de Coworking en Madrid\" srcset=\"https:\/\/ibercenter.com\/wp-content\/uploads\/2023\/09\/mujer-joven-rubia-complacida-posando-su-lugar-trabajo-sosteniendo-lapiz-1.jpg 1000w, https:\/\/ibercenter.com\/wp-content\/uploads\/2023\/09\/mujer-joven-rubia-complacida-posando-su-lugar-trabajo-sosteniendo-lapiz-1-300x200.jpg 300w, https:\/\/ibercenter.com\/wp-content\/uploads\/2023\/09\/mujer-joven-rubia-complacida-posando-su-lugar-trabajo-sosteniendo-lapiz-1-768x512.jpg 768w\" sizes=\"(max-width: 1000px) 100vw, 1000px\" \/><\/div><\/a>\n\t\t\t\t<div class=\"elementor-post__text\">\n\t\t\t\t<h3 class=\"elementor-post__title\">\n\t\t\t<a href=\"https:\/\/ibercenter.com\/en\/how-to-choose-the-best-coworking-space\/\" >\n\t\t\t\tHow to choose the best coworking space?\t\t\t<\/a>\n\t\t<\/h3>\n\t\t\n\t\t<a class=\"elementor-post__read-more\" href=\"https:\/\/ibercenter.com\/en\/how-to-choose-the-best-coworking-space\/\" aria-label=\"Read more about How to choose the best coworking space?\" tabindex=\"-1\" >\n\t\t\tMore Info \u00bb\t\t<\/a>\n\n\t\t\t\t<\/div>\n\t\t\t\t<div class=\"elementor-post__meta-data\">\n\t\t\t\t\t<span class=\"elementor-post-date\">\n\t\t\t18 de October de 2023\t\t<\/span>\n\t\t\t\t<span class=\"elementor-post-avatar\">\n\t\t\tNo Comments\t\t<\/span>\n\t\t\t\t<\/div>\n\t\t\t\t\t<\/div>\n\t\t<\/article>\n\t\t\t\t<article class=\"elementor-post elementor-grid-item post-31262 post type-post status-publish format-standard has-post-thumbnail hentry\" role=\"listitem\">\n\t\t\t<div class=\"elementor-post__card\">\n\t\t\t\t<a class=\"elementor-post__thumbnail__link\" href=\"https:\/\/ibercenter.com\/en\/how-much-does-a-virtual-office-in-madrid-cost\/\" tabindex=\"-1\" ><div class=\"elementor-post__thumbnail\"><img loading=\"lazy\" decoding=\"async\" width=\"1000\" height=\"664\" src=\"https:\/\/ibercenter.com\/wp-content\/uploads\/2023\/10\/cuanto-cuesta-una-oficina-virtual-en-madrid.jpg\" class=\"attachment-full size-full wp-image-16809\" alt=\"oficina virtual en madrid cuanto cuesta una oficina virtual en madrid\" srcset=\"https:\/\/ibercenter.com\/wp-content\/uploads\/2023\/10\/cuanto-cuesta-una-oficina-virtual-en-madrid.jpg 1000w, https:\/\/ibercenter.com\/wp-content\/uploads\/2023\/10\/cuanto-cuesta-una-oficina-virtual-en-madrid-300x199.jpg 300w, https:\/\/ibercenter.com\/wp-content\/uploads\/2023\/10\/cuanto-cuesta-una-oficina-virtual-en-madrid-768x510.jpg 768w\" sizes=\"(max-width: 1000px) 100vw, 1000px\" \/><\/div><\/a>\n\t\t\t\t<div class=\"elementor-post__text\">\n\t\t\t\t<h3 class=\"elementor-post__title\">\n\t\t\t<a href=\"https:\/\/ibercenter.com\/en\/how-much-does-a-virtual-office-in-madrid-cost\/\" >\n\t\t\t\tHow much does a virtual office in Madrid cost?\t\t\t<\/a>\n\t\t<\/h3>\n\t\t\n\t\t<a class=\"elementor-post__read-more\" href=\"https:\/\/ibercenter.com\/en\/how-much-does-a-virtual-office-in-madrid-cost\/\" aria-label=\"Read more about How much does a virtual office in Madrid cost?\" tabindex=\"-1\" >\n\t\t\tMore Info \u00bb\t\t<\/a>\n\n\t\t\t\t<\/div>\n\t\t\t\t<div class=\"elementor-post__meta-data\">\n\t\t\t\t\t<span class=\"elementor-post-date\">\n\t\t\t11 de October de 2023\t\t<\/span>\n\t\t\t\t<span class=\"elementor-post-avatar\">\n\t\t\tNo Comments\t\t<\/span>\n\t\t\t\t<\/div>\n\t\t\t\t\t<\/div>\n\t\t<\/article>\n\t\t\t\t<article class=\"elementor-post elementor-grid-item post-31423 post type-post status-publish format-standard hentry\" role=\"listitem\">\n\t\t\t<div class=\"elementor-post__card\">\n\t\t\t\t<div class=\"elementor-post__text\">\n\t\t\t\t<h3 class=\"elementor-post__title\">\n\t\t\t<a href=\"https:\/\/ibercenter.com\/en\/how-much-does-it-cost-to-rent-a-meeting-room-in-madrid\/\" >\n\t\t\t\tHow much does it cost to rent a meeting room in Madrid?\t\t\t<\/a>\n\t\t<\/h3>\n\t\t\n\t\t<a class=\"elementor-post__read-more\" href=\"https:\/\/ibercenter.com\/en\/how-much-does-it-cost-to-rent-a-meeting-room-in-madrid\/\" aria-label=\"Read more about How much does it cost to rent a meeting room in Madrid?\" tabindex=\"-1\" >\n\t\t\tMore Info \u00bb\t\t<\/a>\n\n\t\t\t\t<\/div>\n\t\t\t\t<div class=\"elementor-post__meta-data\">\n\t\t\t\t\t<span class=\"elementor-post-date\">\n\t\t\t4 de October de 2023\t\t<\/span>\n\t\t\t\t<span class=\"elementor-post-avatar\">\n\t\t\tNo Comments\t\t<\/span>\n\t\t\t\t<\/div>\n\t\t\t\t\t<\/div>\n\t\t<\/article>\n\t\t\t\t<article class=\"elementor-post elementor-grid-item post-31428 post type-post status-publish format-standard has-post-thumbnail hentry\" role=\"listitem\">\n\t\t\t<div class=\"elementor-post__card\">\n\t\t\t\t<a class=\"elementor-post__thumbnail__link\" href=\"https:\/\/ibercenter.com\/en\/the-evolution-of-coworking\/\" tabindex=\"-1\" ><div class=\"elementor-post__thumbnail\"><img loading=\"lazy\" decoding=\"async\" width=\"1024\" height=\"684\" src=\"https:\/\/ibercenter.com\/wp-content\/uploads\/2020\/07\/despacho-exterior-con-luz-natural-ibercenter-gran-via.jpg\" class=\"attachment-full size-full wp-image-6276\" alt=\"coworking\" srcset=\"https:\/\/ibercenter.com\/wp-content\/uploads\/2020\/07\/despacho-exterior-con-luz-natural-ibercenter-gran-via.jpg 1024w, https:\/\/ibercenter.com\/wp-content\/uploads\/2020\/07\/despacho-exterior-con-luz-natural-ibercenter-gran-via-300x200.jpg 300w, https:\/\/ibercenter.com\/wp-content\/uploads\/2020\/07\/despacho-exterior-con-luz-natural-ibercenter-gran-via-768x513.jpg 768w\" sizes=\"(max-width: 1024px) 100vw, 1024px\" \/><\/div><\/a>\n\t\t\t\t<div class=\"elementor-post__text\">\n\t\t\t\t<h3 class=\"elementor-post__title\">\n\t\t\t<a href=\"https:\/\/ibercenter.com\/en\/the-evolution-of-coworking\/\" >\n\t\t\t\tThe evolution of coworking\t\t\t<\/a>\n\t\t<\/h3>\n\t\t\n\t\t<a class=\"elementor-post__read-more\" href=\"https:\/\/ibercenter.com\/en\/the-evolution-of-coworking\/\" aria-label=\"Read more about The evolution of coworking\" tabindex=\"-1\" >\n\t\t\tMore Info \u00bb\t\t<\/a>\n\n\t\t\t\t<\/div>\n\t\t\t\t<div class=\"elementor-post__meta-data\">\n\t\t\t\t\t<span class=\"elementor-post-date\">\n\t\t\t27 de September de 2023\t\t<\/span>\n\t\t\t\t<span class=\"elementor-post-avatar\">\n\t\t\tNo Comments\t\t<\/span>\n\t\t\t\t<\/div>\n\t\t\t\t\t<\/div>\n\t\t<\/article>\n\t\t\t\t<article class=\"elementor-post elementor-grid-item post-31432 post type-post status-publish format-standard has-post-thumbnail hentry category-non-classifiee\" role=\"listitem\">\n\t\t\t<div class=\"elementor-post__card\">\n\t\t\t\t<a class=\"elementor-post__thumbnail__link\" href=\"https:\/\/ibercenter.com\/en\/domiciliation-of-companies-in-madrid-a-strategic-step-for-your-business\/\" tabindex=\"-1\" ><div class=\"elementor-post__thumbnail\"><img loading=\"lazy\" decoding=\"async\" width=\"1000\" height=\"664\" src=\"https:\/\/ibercenter.com\/wp-content\/uploads\/2023\/09\/Domiciliacion-de-sociedades-en-Madrid-un-paso-estrategico-para-tu-negocio.jpg\" class=\"attachment-full size-full wp-image-16583\" alt=\"Domiciliaci\u00f3n de sociedades en Madrid, un paso estrat\u00e9gico para tu negocio\" srcset=\"https:\/\/ibercenter.com\/wp-content\/uploads\/2023\/09\/Domiciliacion-de-sociedades-en-Madrid-un-paso-estrategico-para-tu-negocio.jpg 1000w, https:\/\/ibercenter.com\/wp-content\/uploads\/2023\/09\/Domiciliacion-de-sociedades-en-Madrid-un-paso-estrategico-para-tu-negocio-300x199.jpg 300w, https:\/\/ibercenter.com\/wp-content\/uploads\/2023\/09\/Domiciliacion-de-sociedades-en-Madrid-un-paso-estrategico-para-tu-negocio-768x510.jpg 768w\" sizes=\"(max-width: 1000px) 100vw, 1000px\" \/><\/div><\/a>\n\t\t\t\t<div class=\"elementor-post__badge\">Corporative<\/div>\n\t\t\t\t<div class=\"elementor-post__text\">\n\t\t\t\t<h3 class=\"elementor-post__title\">\n\t\t\t<a href=\"https:\/\/ibercenter.com\/en\/domiciliation-of-companies-in-madrid-a-strategic-step-for-your-business\/\" >\n\t\t\t\tDomiciliation of companies in Madrid, a strategic step for your business\t\t\t<\/a>\n\t\t<\/h3>\n\t\t\n\t\t<a class=\"elementor-post__read-more\" href=\"https:\/\/ibercenter.com\/en\/domiciliation-of-companies-in-madrid-a-strategic-step-for-your-business\/\" aria-label=\"Read more about Domiciliation of companies in Madrid, a strategic step for your business\" tabindex=\"-1\" >\n\t\t\tMore Info \u00bb\t\t<\/a>\n\n\t\t\t\t<\/div>\n\t\t\t\t<div class=\"elementor-post__meta-data\">\n\t\t\t\t\t<span class=\"elementor-post-date\">\n\t\t\t20 de September de 2023\t\t<\/span>\n\t\t\t\t<span class=\"elementor-post-avatar\">\n\t\t\tNo Comments\t\t<\/span>\n\t\t\t\t<\/div>\n\t\t\t\t\t<\/div>\n\t\t<\/article>\n\t\t\t\t<article class=\"elementor-post elementor-grid-item post-31477 post type-post status-publish format-standard has-post-thumbnail hentry category-non-classifiee\" role=\"listitem\">\n\t\t\t<div class=\"elementor-post__card\">\n\t\t\t\t<a class=\"elementor-post__thumbnail__link\" href=\"https:\/\/ibercenter.com\/en\/what-is-the-situation-of-the-office-real-estate-market-in-madrid-in-2023\/\" tabindex=\"-1\" ><div class=\"elementor-post__thumbnail\"><img loading=\"lazy\" decoding=\"async\" width=\"1000\" height=\"664\" src=\"https:\/\/ibercenter.com\/wp-content\/uploads\/2023\/09\/Cual-es-la-situacion-del-mercado-inmobiliario-de-oficinas-en-Madrid-en-el-ano-2023.jpg\" class=\"attachment-full size-full wp-image-16555\" alt=\"\u00bfCu\u00e1l es la situaci\u00f3n del mercado inmobiliario de oficinas en Madrid en el a\u00f1o 2023?\" srcset=\"https:\/\/ibercenter.com\/wp-content\/uploads\/2023\/09\/Cual-es-la-situacion-del-mercado-inmobiliario-de-oficinas-en-Madrid-en-el-ano-2023.jpg 1000w, https:\/\/ibercenter.com\/wp-content\/uploads\/2023\/09\/Cual-es-la-situacion-del-mercado-inmobiliario-de-oficinas-en-Madrid-en-el-ano-2023-300x199.jpg 300w, https:\/\/ibercenter.com\/wp-content\/uploads\/2023\/09\/Cual-es-la-situacion-del-mercado-inmobiliario-de-oficinas-en-Madrid-en-el-ano-2023-768x510.jpg 768w\" sizes=\"(max-width: 1000px) 100vw, 1000px\" \/><\/div><\/a>\n\t\t\t\t<div class=\"elementor-post__badge\">Corporative<\/div>\n\t\t\t\t<div class=\"elementor-post__text\">\n\t\t\t\t<h3 class=\"elementor-post__title\">\n\t\t\t<a href=\"https:\/\/ibercenter.com\/en\/what-is-the-situation-of-the-office-real-estate-market-in-madrid-in-2023\/\" >\n\t\t\t\tWhat is the situation of the office real estate market in Madrid in 2023?\t\t\t<\/a>\n\t\t<\/h3>\n\t\t\n\t\t<a class=\"elementor-post__read-more\" href=\"https:\/\/ibercenter.com\/en\/what-is-the-situation-of-the-office-real-estate-market-in-madrid-in-2023\/\" aria-label=\"Read more about What is the situation of the office real estate market in Madrid in 2023?\" tabindex=\"-1\" >\n\t\t\tMore Info \u00bb\t\t<\/a>\n\n\t\t\t\t<\/div>\n\t\t\t\t<div class=\"elementor-post__meta-data\">\n\t\t\t\t\t<span class=\"elementor-post-date\">\n\t\t\t13 de September de 2023\t\t<\/span>\n\t\t\t\t<span class=\"elementor-post-avatar\">\n\t\t\tNo Comments\t\t<\/span>\n\t\t\t\t<\/div>\n\t\t\t\t\t<\/div>\n\t\t<\/article>\n\t\t\t\t<article class=\"elementor-post elementor-grid-item post-33735 post type-post status-publish format-standard has-post-thumbnail hentry\" role=\"listitem\">\n\t\t\t<div class=\"elementor-post__card\">\n\t\t\t\t<a class=\"elementor-post__thumbnail__link\" href=\"https:\/\/ibercenter.com\/en\/why-locate-a-company-in-madrid\/\" tabindex=\"-1\" ><div class=\"elementor-post__thumbnail\"><img loading=\"lazy\" decoding=\"async\" width=\"1000\" height=\"664\" src=\"https:\/\/ibercenter.com\/wp-content\/uploads\/2023\/09\/Por-que-ubicar-una-empresa-en-Madrid.jpg\" class=\"attachment-full size-full wp-image-16407\" alt=\"Por qu\u00e9 ubicar una empresa en Madrid\" srcset=\"https:\/\/ibercenter.com\/wp-content\/uploads\/2023\/09\/Por-que-ubicar-una-empresa-en-Madrid.jpg 1000w, https:\/\/ibercenter.com\/wp-content\/uploads\/2023\/09\/Por-que-ubicar-una-empresa-en-Madrid-300x199.jpg 300w, https:\/\/ibercenter.com\/wp-content\/uploads\/2023\/09\/Por-que-ubicar-una-empresa-en-Madrid-768x510.jpg 768w\" sizes=\"(max-width: 1000px) 100vw, 1000px\" \/><\/div><\/a>\n\t\t\t\t<div class=\"elementor-post__text\">\n\t\t\t\t<h3 class=\"elementor-post__title\">\n\t\t\t<a href=\"https:\/\/ibercenter.com\/en\/why-locate-a-company-in-madrid\/\" >\n\t\t\t\tWhy locate a company in Madrid?\t\t\t<\/a>\n\t\t<\/h3>\n\t\t\n\t\t<a class=\"elementor-post__read-more\" href=\"https:\/\/ibercenter.com\/en\/why-locate-a-company-in-madrid\/\" aria-label=\"Read more about Why locate a company in Madrid?\" tabindex=\"-1\" >\n\t\t\tMore Info \u00bb\t\t<\/a>\n\n\t\t\t\t<\/div>\n\t\t\t\t<div class=\"elementor-post__meta-data\">\n\t\t\t\t\t<span class=\"elementor-post-date\">\n\t\t\t6 de September de 2023\t\t<\/span>\n\t\t\t\t<span class=\"elementor-post-avatar\">\n\t\t\tNo Comments\t\t<\/span>\n\t\t\t\t<\/div>\n\t\t\t\t\t<\/div>\n\t\t<\/article>\n\t\t\t\t<article class=\"elementor-post elementor-grid-item post-16036 post type-post status-publish format-standard has-post-thumbnail hentry\" role=\"listitem\">\n\t\t\t<div class=\"elementor-post__card\">\n\t\t\t\t<a class=\"elementor-post__thumbnail__link\" href=\"https:\/\/ibercenter.com\/en\/networking-at-the-business-center-more-than-just-a-workspace\/\" tabindex=\"-1\" ><div class=\"elementor-post__thumbnail\"><img loading=\"lazy\" decoding=\"async\" width=\"1000\" height=\"664\" src=\"https:\/\/ibercenter.com\/wp-content\/uploads\/2023\/08\/Networking-En-Centros-de-Negocio.jpg\" class=\"attachment-full size-full wp-image-16032\" alt=\"Networking En Centros de Negocio\" srcset=\"https:\/\/ibercenter.com\/wp-content\/uploads\/2023\/08\/Networking-En-Centros-de-Negocio.jpg 1000w, https:\/\/ibercenter.com\/wp-content\/uploads\/2023\/08\/Networking-En-Centros-de-Negocio-300x199.jpg 300w, https:\/\/ibercenter.com\/wp-content\/uploads\/2023\/08\/Networking-En-Centros-de-Negocio-768x510.jpg 768w\" sizes=\"(max-width: 1000px) 100vw, 1000px\" \/><\/div><\/a>\n\t\t\t\t<div class=\"elementor-post__text\">\n\t\t\t\t<h3 class=\"elementor-post__title\">\n\t\t\t<a href=\"https:\/\/ibercenter.com\/en\/networking-at-the-business-center-more-than-just-a-workspace\/\" >\n\t\t\t\tNetworking at the Business Center: More Than Just a Workspace\t\t\t<\/a>\n\t\t<\/h3>\n\t\t\n\t\t<a class=\"elementor-post__read-more\" href=\"https:\/\/ibercenter.com\/en\/networking-at-the-business-center-more-than-just-a-workspace\/\" aria-label=\"Read more about Networking at the Business Center: More Than Just a Workspace\" tabindex=\"-1\" >\n\t\t\tMore Info \u00bb\t\t<\/a>\n\n\t\t\t\t<\/div>\n\t\t\t\t<div class=\"elementor-post__meta-data\">\n\t\t\t\t\t<span class=\"elementor-post-date\">\n\t\t\t30 de August de 2023\t\t<\/span>\n\t\t\t\t<span class=\"elementor-post-avatar\">\n\t\t\tNo Comments\t\t<\/span>\n\t\t\t\t<\/div>\n\t\t\t\t\t<\/div>\n\t\t<\/article>\n\t\t\t\t<article class=\"elementor-post elementor-grid-item post-33303 post type-post status-publish format-standard has-post-thumbnail hentry\" role=\"listitem\">\n\t\t\t<div class=\"elementor-post__card\">\n\t\t\t\t<a class=\"elementor-post__thumbnail__link\" href=\"https:\/\/ibercenter.com\/en\/what-is-the-cost-of-renting-a-traditional-office\/\" tabindex=\"-1\" ><div class=\"elementor-post__thumbnail\"><img loading=\"lazy\" decoding=\"async\" width=\"1000\" height=\"664\" src=\"https:\/\/ibercenter.com\/wp-content\/uploads\/2023\/08\/coste-de-alquilar-una-oficina-tradicional.jpg\" class=\"attachment-full size-full wp-image-15633\" alt=\"coste de alquilar una oficina tradicional\" srcset=\"https:\/\/ibercenter.com\/wp-content\/uploads\/2023\/08\/coste-de-alquilar-una-oficina-tradicional.jpg 1000w, https:\/\/ibercenter.com\/wp-content\/uploads\/2023\/08\/coste-de-alquilar-una-oficina-tradicional-300x199.jpg 300w, https:\/\/ibercenter.com\/wp-content\/uploads\/2023\/08\/coste-de-alquilar-una-oficina-tradicional-768x510.jpg 768w\" sizes=\"(max-width: 1000px) 100vw, 1000px\" \/><\/div><\/a>\n\t\t\t\t<div class=\"elementor-post__text\">\n\t\t\t\t<h3 class=\"elementor-post__title\">\n\t\t\t<a href=\"https:\/\/ibercenter.com\/en\/what-is-the-cost-of-renting-a-traditional-office\/\" >\n\t\t\t\tWhat is the cost of renting a traditional office?\t\t\t<\/a>\n\t\t<\/h3>\n\t\t\n\t\t<a class=\"elementor-post__read-more\" href=\"https:\/\/ibercenter.com\/en\/what-is-the-cost-of-renting-a-traditional-office\/\" aria-label=\"Read more about What is the cost of renting a traditional office?\" tabindex=\"-1\" >\n\t\t\tMore Info \u00bb\t\t<\/a>\n\n\t\t\t\t<\/div>\n\t\t\t\t<div class=\"elementor-post__meta-data\">\n\t\t\t\t\t<span class=\"elementor-post-date\">\n\t\t\t16 de August de 2023\t\t<\/span>\n\t\t\t\t<span class=\"elementor-post-avatar\">\n\t\t\tNo Comments\t\t<\/span>\n\t\t\t\t<\/div>\n\t\t\t\t\t<\/div>\n\t\t<\/article>\n\t\t\t\t<article class=\"elementor-post elementor-grid-item post-15724 post type-post status-publish format-standard has-post-thumbnail hentry\" role=\"listitem\">\n\t\t\t<div class=\"elementor-post__card\">\n\t\t\t\t<a class=\"elementor-post__thumbnail__link\" href=\"https:\/\/ibercenter.com\/en\/coworking-what-is-it-and-how-does-it-work\/\" tabindex=\"-1\" ><div class=\"elementor-post__thumbnail\"><img loading=\"lazy\" decoding=\"async\" width=\"1024\" height=\"684\" src=\"https:\/\/ibercenter.com\/wp-content\/uploads\/2020\/07\/despacho-exterior-con-luz-natural-ibercenter-gran-via.jpg\" class=\"attachment-full size-full wp-image-6276\" alt=\"coworking\" srcset=\"https:\/\/ibercenter.com\/wp-content\/uploads\/2020\/07\/despacho-exterior-con-luz-natural-ibercenter-gran-via.jpg 1024w, https:\/\/ibercenter.com\/wp-content\/uploads\/2020\/07\/despacho-exterior-con-luz-natural-ibercenter-gran-via-300x200.jpg 300w, https:\/\/ibercenter.com\/wp-content\/uploads\/2020\/07\/despacho-exterior-con-luz-natural-ibercenter-gran-via-768x513.jpg 768w\" sizes=\"(max-width: 1024px) 100vw, 1024px\" \/><\/div><\/a>\n\t\t\t\t<div class=\"elementor-post__text\">\n\t\t\t\t<h3 class=\"elementor-post__title\">\n\t\t\t<a href=\"https:\/\/ibercenter.com\/en\/coworking-what-is-it-and-how-does-it-work\/\" >\n\t\t\t\tCoworking: What is it and how does it work?\t\t\t<\/a>\n\t\t<\/h3>\n\t\t\n\t\t<a class=\"elementor-post__read-more\" href=\"https:\/\/ibercenter.com\/en\/coworking-what-is-it-and-how-does-it-work\/\" aria-label=\"Read more about Coworking: What is it and how does it work?\" tabindex=\"-1\" >\n\t\t\tMore Info \u00bb\t\t<\/a>\n\n\t\t\t\t<\/div>\n\t\t\t\t<div class=\"elementor-post__meta-data\">\n\t\t\t\t\t<span class=\"elementor-post-date\">\n\t\t\t16 de August de 2023\t\t<\/span>\n\t\t\t\t<span class=\"elementor-post-avatar\">\n\t\t\tNo Comments\t\t<\/span>\n\t\t\t\t<\/div>\n\t\t\t\t\t<\/div>\n\t\t<\/article>\n\t\t\t\t<article class=\"elementor-post elementor-grid-item post-33311 post type-post status-publish format-standard has-post-thumbnail hentry category-non-classifiee\" role=\"listitem\">\n\t\t\t<div class=\"elementor-post__card\">\n\t\t\t\t<a class=\"elementor-post__thumbnail__link\" href=\"https:\/\/ibercenter.com\/en\/business-centres-vs-traditional-offices-a-detailed-comparison\/\" tabindex=\"-1\" ><div class=\"elementor-post__thumbnail\"><img loading=\"lazy\" decoding=\"async\" width=\"1000\" height=\"664\" src=\"https:\/\/ibercenter.com\/wp-content\/uploads\/2023\/08\/centros-de-negocios-vs-oficinas-tradicionales.jpg\" class=\"attachment-full size-full wp-image-15628\" alt=\"centros de negocios vs oficinas tradicionales\" srcset=\"https:\/\/ibercenter.com\/wp-content\/uploads\/2023\/08\/centros-de-negocios-vs-oficinas-tradicionales.jpg 1000w, https:\/\/ibercenter.com\/wp-content\/uploads\/2023\/08\/centros-de-negocios-vs-oficinas-tradicionales-300x199.jpg 300w, https:\/\/ibercenter.com\/wp-content\/uploads\/2023\/08\/centros-de-negocios-vs-oficinas-tradicionales-768x510.jpg 768w\" sizes=\"(max-width: 1000px) 100vw, 1000px\" \/><\/div><\/a>\n\t\t\t\t<div class=\"elementor-post__badge\">Corporative<\/div>\n\t\t\t\t<div class=\"elementor-post__text\">\n\t\t\t\t<h3 class=\"elementor-post__title\">\n\t\t\t<a href=\"https:\/\/ibercenter.com\/en\/business-centres-vs-traditional-offices-a-detailed-comparison\/\" >\n\t\t\t\tBusiness centres vs. traditional offices: a detailed comparison\t\t\t<\/a>\n\t\t<\/h3>\n\t\t\n\t\t<a class=\"elementor-post__read-more\" href=\"https:\/\/ibercenter.com\/en\/business-centres-vs-traditional-offices-a-detailed-comparison\/\" aria-label=\"Read more about Business centres vs. traditional offices: a detailed comparison\" tabindex=\"-1\" >\n\t\t\tMore Info \u00bb\t\t<\/a>\n\n\t\t\t\t<\/div>\n\t\t\t\t<div class=\"elementor-post__meta-data\">\n\t\t\t\t\t<span class=\"elementor-post-date\">\n\t\t\t9 de August de 2023\t\t<\/span>\n\t\t\t\t<span class=\"elementor-post-avatar\">\n\t\t\tNo Comments\t\t<\/span>\n\t\t\t\t<\/div>\n\t\t\t\t\t<\/div>\n\t\t<\/article>\n\t\t\t\t<article class=\"elementor-post elementor-grid-item post-33317 post type-post status-publish format-standard has-post-thumbnail hentry\" role=\"listitem\">\n\t\t\t<div class=\"elementor-post__card\">\n\t\t\t\t<a class=\"elementor-post__thumbnail__link\" href=\"https:\/\/ibercenter.com\/en\/discover-the-advantages-of-flexible-offices\/\" tabindex=\"-1\" ><div class=\"elementor-post__thumbnail\"><img loading=\"lazy\" decoding=\"async\" width=\"1000\" height=\"664\" src=\"https:\/\/ibercenter.com\/wp-content\/uploads\/2023\/08\/ventajas-de-las-oficinas-flexibles-ibercenter.jpg\" class=\"attachment-full size-full wp-image-15430\" alt=\"Descubre las ventajas de las oficinas flexibles\" srcset=\"https:\/\/ibercenter.com\/wp-content\/uploads\/2023\/08\/ventajas-de-las-oficinas-flexibles-ibercenter.jpg 1000w, https:\/\/ibercenter.com\/wp-content\/uploads\/2023\/08\/ventajas-de-las-oficinas-flexibles-ibercenter-300x199.jpg 300w, https:\/\/ibercenter.com\/wp-content\/uploads\/2023\/08\/ventajas-de-las-oficinas-flexibles-ibercenter-768x510.jpg 768w\" sizes=\"(max-width: 1000px) 100vw, 1000px\" \/><\/div><\/a>\n\t\t\t\t<div class=\"elementor-post__text\">\n\t\t\t\t<h3 class=\"elementor-post__title\">\n\t\t\t<a href=\"https:\/\/ibercenter.com\/en\/discover-the-advantages-of-flexible-offices\/\" >\n\t\t\t\tDiscover the advantages of flexible offices\t\t\t<\/a>\n\t\t<\/h3>\n\t\t\n\t\t<a class=\"elementor-post__read-more\" href=\"https:\/\/ibercenter.com\/en\/discover-the-advantages-of-flexible-offices\/\" aria-label=\"Read more about Discover the advantages of flexible offices\" tabindex=\"-1\" >\n\t\t\tMore Info \u00bb\t\t<\/a>\n\n\t\t\t\t<\/div>\n\t\t\t\t<div class=\"elementor-post__meta-data\">\n\t\t\t\t\t<span class=\"elementor-post-date\">\n\t\t\t2 de August de 2023\t\t<\/span>\n\t\t\t\t<span class=\"elementor-post-avatar\">\n\t\t\tNo Comments\t\t<\/span>\n\t\t\t\t<\/div>\n\t\t\t\t\t<\/div>\n\t\t<\/article>\n\t\t\t\t<article class=\"elementor-post elementor-grid-item post-33723 post type-post status-publish format-standard has-post-thumbnail hentry\" role=\"listitem\">\n\t\t\t<div class=\"elementor-post__card\">\n\t\t\t\t<a class=\"elementor-post__thumbnail__link\" href=\"https:\/\/ibercenter.com\/en\/what-is-a-crm\/\" tabindex=\"-1\" ><div class=\"elementor-post__thumbnail\"><img loading=\"lazy\" decoding=\"async\" width=\"1000\" height=\"664\" src=\"https:\/\/ibercenter.com\/wp-content\/uploads\/2023\/03\/crm-ibercenter.jpg\" class=\"attachment-full size-full wp-image-13995\" alt=\"CRM ibercenter\" srcset=\"https:\/\/ibercenter.com\/wp-content\/uploads\/2023\/03\/crm-ibercenter.jpg 1000w, https:\/\/ibercenter.com\/wp-content\/uploads\/2023\/03\/crm-ibercenter-300x199.jpg 300w, https:\/\/ibercenter.com\/wp-content\/uploads\/2023\/03\/crm-ibercenter-768x510.jpg 768w\" sizes=\"(max-width: 1000px) 100vw, 1000px\" \/><\/div><\/a>\n\t\t\t\t<div class=\"elementor-post__text\">\n\t\t\t\t<h3 class=\"elementor-post__title\">\n\t\t\t<a href=\"https:\/\/ibercenter.com\/en\/what-is-a-crm\/\" >\n\t\t\t\tWhat is a CRM?\t\t\t<\/a>\n\t\t<\/h3>\n\t\t\n\t\t<a class=\"elementor-post__read-more\" href=\"https:\/\/ibercenter.com\/en\/what-is-a-crm\/\" aria-label=\"Read more about What is a CRM?\" tabindex=\"-1\" >\n\t\t\tMore Info \u00bb\t\t<\/a>\n\n\t\t\t\t<\/div>\n\t\t\t\t<div class=\"elementor-post__meta-data\">\n\t\t\t\t\t<span class=\"elementor-post-date\">\n\t\t\t30 de March de 2023\t\t<\/span>\n\t\t\t\t<span class=\"elementor-post-avatar\">\n\t\t\tNo Comments\t\t<\/span>\n\t\t\t\t<\/div>\n\t\t\t\t\t<\/div>\n\t\t<\/article>\n\t\t\t\t<article class=\"elementor-post elementor-grid-item post-33725 post type-post status-publish format-standard has-post-thumbnail hentry\" role=\"listitem\">\n\t\t\t<div class=\"elementor-post__card\">\n\t\t\t\t<a class=\"elementor-post__thumbnail__link\" href=\"https:\/\/ibercenter.com\/en\/how-to-implement-digital-transformation\/\" tabindex=\"-1\" ><div class=\"elementor-post__thumbnail\"><img loading=\"lazy\" decoding=\"async\" width=\"1000\" height=\"664\" src=\"https:\/\/ibercenter.com\/wp-content\/uploads\/2023\/03\/implementar-transformacion-digital-ibercenter.jpg\" class=\"attachment-full size-full wp-image-14000\" alt=\"implementar transformaci\u00f3n digital ibercenter\" srcset=\"https:\/\/ibercenter.com\/wp-content\/uploads\/2023\/03\/implementar-transformacion-digital-ibercenter.jpg 1000w, https:\/\/ibercenter.com\/wp-content\/uploads\/2023\/03\/implementar-transformacion-digital-ibercenter-300x199.jpg 300w, https:\/\/ibercenter.com\/wp-content\/uploads\/2023\/03\/implementar-transformacion-digital-ibercenter-768x510.jpg 768w\" sizes=\"(max-width: 1000px) 100vw, 1000px\" \/><\/div><\/a>\n\t\t\t\t<div class=\"elementor-post__text\">\n\t\t\t\t<h3 class=\"elementor-post__title\">\n\t\t\t<a href=\"https:\/\/ibercenter.com\/en\/how-to-implement-digital-transformation\/\" >\n\t\t\t\tHow to implement digital transformation?\t\t\t<\/a>\n\t\t<\/h3>\n\t\t\n\t\t<a class=\"elementor-post__read-more\" href=\"https:\/\/ibercenter.com\/en\/how-to-implement-digital-transformation\/\" aria-label=\"Read more about How to implement digital transformation?\" tabindex=\"-1\" >\n\t\t\tMore Info \u00bb\t\t<\/a>\n\n\t\t\t\t<\/div>\n\t\t\t\t<div class=\"elementor-post__meta-data\">\n\t\t\t\t\t<span class=\"elementor-post-date\">\n\t\t\t28 de March de 2023\t\t<\/span>\n\t\t\t\t<span class=\"elementor-post-avatar\">\n\t\t\tNo Comments\t\t<\/span>\n\t\t\t\t<\/div>\n\t\t\t\t\t<\/div>\n\t\t<\/article>\n\t\t\t\t<article class=\"elementor-post elementor-grid-item post-33727 post type-post status-publish format-standard has-post-thumbnail hentry\" role=\"listitem\">\n\t\t\t<div class=\"elementor-post__card\">\n\t\t\t\t<a class=\"elementor-post__thumbnail__link\" href=\"https:\/\/ibercenter.com\/en\/how-to-avoid-distractions-in-the-office\/\" tabindex=\"-1\" ><div class=\"elementor-post__thumbnail\"><img loading=\"lazy\" decoding=\"async\" width=\"1000\" height=\"664\" src=\"https:\/\/ibercenter.com\/wp-content\/uploads\/2023\/03\/distracciones-en-la-oficina-ibercenter.jpg\" class=\"attachment-full size-full wp-image-13813\" alt=\"distracciones en la oficina ibercenter\" srcset=\"https:\/\/ibercenter.com\/wp-content\/uploads\/2023\/03\/distracciones-en-la-oficina-ibercenter.jpg 1000w, https:\/\/ibercenter.com\/wp-content\/uploads\/2023\/03\/distracciones-en-la-oficina-ibercenter-300x199.jpg 300w, https:\/\/ibercenter.com\/wp-content\/uploads\/2023\/03\/distracciones-en-la-oficina-ibercenter-768x510.jpg 768w\" sizes=\"(max-width: 1000px) 100vw, 1000px\" \/><\/div><\/a>\n\t\t\t\t<div class=\"elementor-post__text\">\n\t\t\t\t<h3 class=\"elementor-post__title\">\n\t\t\t<a href=\"https:\/\/ibercenter.com\/en\/how-to-avoid-distractions-in-the-office\/\" >\n\t\t\t\tHow to avoid distractions in the office?\t\t\t<\/a>\n\t\t<\/h3>\n\t\t\n\t\t<a class=\"elementor-post__read-more\" href=\"https:\/\/ibercenter.com\/en\/how-to-avoid-distractions-in-the-office\/\" aria-label=\"Read more about How to avoid distractions in the office?\" tabindex=\"-1\" >\n\t\t\tMore Info \u00bb\t\t<\/a>\n\n\t\t\t\t<\/div>\n\t\t\t\t<div class=\"elementor-post__meta-data\">\n\t\t\t\t\t<span class=\"elementor-post-date\">\n\t\t\t24 de March de 2023\t\t<\/span>\n\t\t\t\t<span class=\"elementor-post-avatar\">\n\t\t\tNo Comments\t\t<\/span>\n\t\t\t\t<\/div>\n\t\t\t\t\t<\/div>\n\t\t<\/article>\n\t\t\t\t<article class=\"elementor-post elementor-grid-item post-33706 post type-post status-publish format-standard has-post-thumbnail hentry category-non-classifiee\" role=\"listitem\">\n\t\t\t<div class=\"elementor-post__card\">\n\t\t\t\t<a class=\"elementor-post__thumbnail__link\" href=\"https:\/\/ibercenter.com\/en\/inflation-in-spain-causes-consequences-and-an-uncertain-future\/\" tabindex=\"-1\" ><div class=\"elementor-post__thumbnail\"><img loading=\"lazy\" decoding=\"async\" width=\"1000\" height=\"664\" src=\"https:\/\/ibercenter.com\/wp-content\/uploads\/2023\/03\/inflaccion-en-espana-ibercenter.jpg\" class=\"attachment-full size-full wp-image-13818\" alt=\"inflaci\u00f3n en Espa\u00f1a ibercenter\" srcset=\"https:\/\/ibercenter.com\/wp-content\/uploads\/2023\/03\/inflaccion-en-espana-ibercenter.jpg 1000w, https:\/\/ibercenter.com\/wp-content\/uploads\/2023\/03\/inflaccion-en-espana-ibercenter-300x199.jpg 300w, https:\/\/ibercenter.com\/wp-content\/uploads\/2023\/03\/inflaccion-en-espana-ibercenter-768x510.jpg 768w\" sizes=\"(max-width: 1000px) 100vw, 1000px\" \/><\/div><\/a>\n\t\t\t\t<div class=\"elementor-post__badge\">Corporative<\/div>\n\t\t\t\t<div class=\"elementor-post__text\">\n\t\t\t\t<h3 class=\"elementor-post__title\">\n\t\t\t<a href=\"https:\/\/ibercenter.com\/en\/inflation-in-spain-causes-consequences-and-an-uncertain-future\/\" >\n\t\t\t\tInflation in Spain, causes, consequences and an uncertain future\t\t\t<\/a>\n\t\t<\/h3>\n\t\t\n\t\t<a class=\"elementor-post__read-more\" href=\"https:\/\/ibercenter.com\/en\/inflation-in-spain-causes-consequences-and-an-uncertain-future\/\" aria-label=\"Read more about Inflation in Spain, causes, consequences and an uncertain future\" tabindex=\"-1\" >\n\t\t\tMore Info \u00bb\t\t<\/a>\n\n\t\t\t\t<\/div>\n\t\t\t\t<div class=\"elementor-post__meta-data\">\n\t\t\t\t\t<span class=\"elementor-post-date\">\n\t\t\t21 de March de 2023\t\t<\/span>\n\t\t\t\t<span class=\"elementor-post-avatar\">\n\t\t\tNo Comments\t\t<\/span>\n\t\t\t\t<\/div>\n\t\t\t\t\t<\/div>\n\t\t<\/article>\n\t\t\t\t<article class=\"elementor-post elementor-grid-item post-33708 post type-post status-publish format-standard has-post-thumbnail hentry\" role=\"listitem\">\n\t\t\t<div class=\"elementor-post__card\">\n\t\t\t\t<a class=\"elementor-post__thumbnail__link\" href=\"https:\/\/ibercenter.com\/en\/what-are-the-next-generation-funds\/\" tabindex=\"-1\" ><div class=\"elementor-post__thumbnail\"><img loading=\"lazy\" decoding=\"async\" width=\"1000\" height=\"664\" src=\"https:\/\/ibercenter.com\/wp-content\/uploads\/2023\/03\/fondos-next-generation-ibercenter.jpg\" class=\"attachment-full size-full wp-image-13614\" alt=\"fondos next generation ibercenter\" srcset=\"https:\/\/ibercenter.com\/wp-content\/uploads\/2023\/03\/fondos-next-generation-ibercenter.jpg 1000w, https:\/\/ibercenter.com\/wp-content\/uploads\/2023\/03\/fondos-next-generation-ibercenter-300x199.jpg 300w, https:\/\/ibercenter.com\/wp-content\/uploads\/2023\/03\/fondos-next-generation-ibercenter-768x510.jpg 768w\" sizes=\"(max-width: 1000px) 100vw, 1000px\" \/><\/div><\/a>\n\t\t\t\t<div class=\"elementor-post__text\">\n\t\t\t\t<h3 class=\"elementor-post__title\">\n\t\t\t<a href=\"https:\/\/ibercenter.com\/en\/what-are-the-next-generation-funds\/\" >\n\t\t\t\tWhat are the Next Generation Funds?\t\t\t<\/a>\n\t\t<\/h3>\n\t\t\n\t\t<a class=\"elementor-post__read-more\" href=\"https:\/\/ibercenter.com\/en\/what-are-the-next-generation-funds\/\" aria-label=\"Read more about What are the Next Generation Funds?\" tabindex=\"-1\" >\n\t\t\tMore Info \u00bb\t\t<\/a>\n\n\t\t\t\t<\/div>\n\t\t\t\t<div class=\"elementor-post__meta-data\">\n\t\t\t\t\t<span class=\"elementor-post-date\">\n\t\t\t17 de March de 2023\t\t<\/span>\n\t\t\t\t<span class=\"elementor-post-avatar\">\n\t\t\tNo Comments\t\t<\/span>\n\t\t\t\t<\/div>\n\t\t\t\t\t<\/div>\n\t\t<\/article>\n\t\t\t\t<article class=\"elementor-post elementor-grid-item post-33710 post type-post status-publish format-standard has-post-thumbnail hentry\" role=\"listitem\">\n\t\t\t<div class=\"elementor-post__card\">\n\t\t\t\t<a class=\"elementor-post__thumbnail__link\" href=\"https:\/\/ibercenter.com\/en\/all-about-the-acelerapyme-programme\/\" tabindex=\"-1\" ><div class=\"elementor-post__thumbnail\"><img loading=\"lazy\" decoding=\"async\" width=\"1000\" height=\"664\" src=\"https:\/\/ibercenter.com\/wp-content\/uploads\/2023\/03\/Todo-sobre-el-22Programa-AceleraPYME22-ibercenter.jpg\" class=\"attachment-full size-full wp-image-13602\" alt=\"\" srcset=\"https:\/\/ibercenter.com\/wp-content\/uploads\/2023\/03\/Todo-sobre-el-22Programa-AceleraPYME22-ibercenter.jpg 1000w, https:\/\/ibercenter.com\/wp-content\/uploads\/2023\/03\/Todo-sobre-el-22Programa-AceleraPYME22-ibercenter-300x199.jpg 300w, https:\/\/ibercenter.com\/wp-content\/uploads\/2023\/03\/Todo-sobre-el-22Programa-AceleraPYME22-ibercenter-768x510.jpg 768w\" sizes=\"(max-width: 1000px) 100vw, 1000px\" \/><\/div><\/a>\n\t\t\t\t<div class=\"elementor-post__text\">\n\t\t\t\t<h3 class=\"elementor-post__title\">\n\t\t\t<a href=\"https:\/\/ibercenter.com\/en\/all-about-the-acelerapyme-programme\/\" >\n\t\t\t\tAll about the &#8220;AceleraPYME Programme&#8221;\t\t\t<\/a>\n\t\t<\/h3>\n\t\t\n\t\t<a class=\"elementor-post__read-more\" href=\"https:\/\/ibercenter.com\/en\/all-about-the-acelerapyme-programme\/\" aria-label=\"Read more about All about the &#8220;AceleraPYME Programme&#8221;\" tabindex=\"-1\" >\n\t\t\tMore Info \u00bb\t\t<\/a>\n\n\t\t\t\t<\/div>\n\t\t\t\t<div class=\"elementor-post__meta-data\">\n\t\t\t\t\t<span class=\"elementor-post-date\">\n\t\t\t14 de March de 2023\t\t<\/span>\n\t\t\t\t<span class=\"elementor-post-avatar\">\n\t\t\tNo Comments\t\t<\/span>\n\t\t\t\t<\/div>\n\t\t\t\t\t<\/div>\n\t\t<\/article>\n\t\t\t\t<article class=\"elementor-post elementor-grid-item post-33712 post type-post status-publish format-standard has-post-thumbnail hentry\" role=\"listitem\">\n\t\t\t<div class=\"elementor-post__card\">\n\t\t\t\t<a class=\"elementor-post__thumbnail__link\" href=\"https:\/\/ibercenter.com\/en\/how-to-work-on-brand-image-in-the-online-world\/\" tabindex=\"-1\" ><div class=\"elementor-post__thumbnail\"><img loading=\"lazy\" decoding=\"async\" width=\"1000\" height=\"664\" src=\"https:\/\/ibercenter.com\/wp-content\/uploads\/2023\/03\/imagen-de-marca-en-el-mundo-online-ibercenter.jpg\" class=\"attachment-full size-full wp-image-13608\" alt=\"imagen de marca en el mundo online ibercenter\" srcset=\"https:\/\/ibercenter.com\/wp-content\/uploads\/2023\/03\/imagen-de-marca-en-el-mundo-online-ibercenter.jpg 1000w, https:\/\/ibercenter.com\/wp-content\/uploads\/2023\/03\/imagen-de-marca-en-el-mundo-online-ibercenter-300x199.jpg 300w, https:\/\/ibercenter.com\/wp-content\/uploads\/2023\/03\/imagen-de-marca-en-el-mundo-online-ibercenter-768x510.jpg 768w\" sizes=\"(max-width: 1000px) 100vw, 1000px\" \/><\/div><\/a>\n\t\t\t\t<div class=\"elementor-post__text\">\n\t\t\t\t<h3 class=\"elementor-post__title\">\n\t\t\t<a href=\"https:\/\/ibercenter.com\/en\/how-to-work-on-brand-image-in-the-online-world\/\" >\n\t\t\t\tHow to work on brand image in the online world?\t\t\t<\/a>\n\t\t<\/h3>\n\t\t\n\t\t<a class=\"elementor-post__read-more\" href=\"https:\/\/ibercenter.com\/en\/how-to-work-on-brand-image-in-the-online-world\/\" aria-label=\"Read more about How to work on brand image in the online world?\" tabindex=\"-1\" >\n\t\t\tMore Info \u00bb\t\t<\/a>\n\n\t\t\t\t<\/div>\n\t\t\t\t<div class=\"elementor-post__meta-data\">\n\t\t\t\t\t<span class=\"elementor-post-date\">\n\t\t\t10 de March de 2023\t\t<\/span>\n\t\t\t\t<span class=\"elementor-post-avatar\">\n\t\t\tNo Comments\t\t<\/span>\n\t\t\t\t<\/div>\n\t\t\t\t\t<\/div>\n\t\t<\/article>\n\t\t\t\t<article class=\"elementor-post elementor-grid-item post-33714 post type-post status-publish format-standard has-post-thumbnail hentry\" role=\"listitem\">\n\t\t\t<div class=\"elementor-post__card\">\n\t\t\t\t<a class=\"elementor-post__thumbnail__link\" href=\"https:\/\/ibercenter.com\/en\/main-mistakes-in-entrepreneurship\/\" tabindex=\"-1\" ><div class=\"elementor-post__thumbnail\"><img loading=\"lazy\" decoding=\"async\" width=\"1000\" height=\"664\" src=\"https:\/\/ibercenter.com\/wp-content\/uploads\/2023\/03\/principales-errores-al-emprender.jpg\" class=\"attachment-full size-full wp-image-13553\" alt=\"principales errores al emprender\" srcset=\"https:\/\/ibercenter.com\/wp-content\/uploads\/2023\/03\/principales-errores-al-emprender.jpg 1000w, https:\/\/ibercenter.com\/wp-content\/uploads\/2023\/03\/principales-errores-al-emprender-300x199.jpg 300w, https:\/\/ibercenter.com\/wp-content\/uploads\/2023\/03\/principales-errores-al-emprender-768x510.jpg 768w\" sizes=\"(max-width: 1000px) 100vw, 1000px\" \/><\/div><\/a>\n\t\t\t\t<div class=\"elementor-post__text\">\n\t\t\t\t<h3 class=\"elementor-post__title\">\n\t\t\t<a href=\"https:\/\/ibercenter.com\/en\/main-mistakes-in-entrepreneurship\/\" >\n\t\t\t\tMain mistakes in entrepreneurship\t\t\t<\/a>\n\t\t<\/h3>\n\t\t\n\t\t<a class=\"elementor-post__read-more\" href=\"https:\/\/ibercenter.com\/en\/main-mistakes-in-entrepreneurship\/\" aria-label=\"Read more about Main mistakes in entrepreneurship\" tabindex=\"-1\" >\n\t\t\tMore Info \u00bb\t\t<\/a>\n\n\t\t\t\t<\/div>\n\t\t\t\t<div class=\"elementor-post__meta-data\">\n\t\t\t\t\t<span class=\"elementor-post-date\">\n\t\t\t7 de March de 2023\t\t<\/span>\n\t\t\t\t<span class=\"elementor-post-avatar\">\n\t\t\tNo Comments\t\t<\/span>\n\t\t\t\t<\/div>\n\t\t\t\t\t<\/div>\n\t\t<\/article>\n\t\t\t\t<article class=\"elementor-post elementor-grid-item post-33285 post type-post status-publish format-standard has-post-thumbnail hentry\" role=\"listitem\">\n\t\t\t<div class=\"elementor-post__card\">\n\t\t\t\t<a class=\"elementor-post__thumbnail__link\" href=\"https:\/\/ibercenter.com\/en\/the-benefits-of-digitising-your-companys-human-resources\/\" tabindex=\"-1\" ><div class=\"elementor-post__thumbnail\"><img loading=\"lazy\" decoding=\"async\" width=\"1000\" height=\"664\" src=\"https:\/\/ibercenter.com\/wp-content\/uploads\/2023\/03\/digitalizar-los-recursos-humanos-centro-de-negocios-en-madrid-ibercenter.jpg\" class=\"attachment-full size-full wp-image-13546\" alt=\"digitalizar recursos humanos ibercenter\" srcset=\"https:\/\/ibercenter.com\/wp-content\/uploads\/2023\/03\/digitalizar-los-recursos-humanos-centro-de-negocios-en-madrid-ibercenter.jpg 1000w, https:\/\/ibercenter.com\/wp-content\/uploads\/2023\/03\/digitalizar-los-recursos-humanos-centro-de-negocios-en-madrid-ibercenter-300x199.jpg 300w, https:\/\/ibercenter.com\/wp-content\/uploads\/2023\/03\/digitalizar-los-recursos-humanos-centro-de-negocios-en-madrid-ibercenter-768x510.jpg 768w\" sizes=\"(max-width: 1000px) 100vw, 1000px\" \/><\/div><\/a>\n\t\t\t\t<div class=\"elementor-post__text\">\n\t\t\t\t<h3 class=\"elementor-post__title\">\n\t\t\t<a href=\"https:\/\/ibercenter.com\/en\/the-benefits-of-digitising-your-companys-human-resources\/\" >\n\t\t\t\tThe benefits of digitising your company&#8217;s human resources\t\t\t<\/a>\n\t\t<\/h3>\n\t\t\n\t\t<a class=\"elementor-post__read-more\" href=\"https:\/\/ibercenter.com\/en\/the-benefits-of-digitising-your-companys-human-resources\/\" aria-label=\"Read more about The benefits of digitising your company&#8217;s human resources\" tabindex=\"-1\" >\n\t\t\tMore Info \u00bb\t\t<\/a>\n\n\t\t\t\t<\/div>\n\t\t\t\t<div class=\"elementor-post__meta-data\">\n\t\t\t\t\t<span class=\"elementor-post-date\">\n\t\t\t3 de March de 2023\t\t<\/span>\n\t\t\t\t<span class=\"elementor-post-avatar\">\n\t\t\tNo Comments\t\t<\/span>\n\t\t\t\t<\/div>\n\t\t\t\t\t<\/div>\n\t\t<\/article>\n\t\t\t\t<article class=\"elementor-post elementor-grid-item post-33704 post type-post status-publish format-standard has-post-thumbnail hentry\" role=\"listitem\">\n\t\t\t<div class=\"elementor-post__card\">\n\t\t\t\t<a class=\"elementor-post__thumbnail__link\" href=\"https:\/\/ibercenter.com\/en\/what-is-chat-gpt-the-new-ai-everyones-talking-about\/\" tabindex=\"-1\" ><div class=\"elementor-post__thumbnail\"><img loading=\"lazy\" decoding=\"async\" width=\"1000\" height=\"664\" src=\"https:\/\/ibercenter.com\/wp-content\/uploads\/2023\/03\/chat-gtp-ibercenter-centro-de-negocios-en-madrid.jpg\" class=\"attachment-full size-full wp-image-13541\" alt=\"chat GPT ibercenter\" srcset=\"https:\/\/ibercenter.com\/wp-content\/uploads\/2023\/03\/chat-gtp-ibercenter-centro-de-negocios-en-madrid.jpg 1000w, https:\/\/ibercenter.com\/wp-content\/uploads\/2023\/03\/chat-gtp-ibercenter-centro-de-negocios-en-madrid-300x199.jpg 300w, https:\/\/ibercenter.com\/wp-content\/uploads\/2023\/03\/chat-gtp-ibercenter-centro-de-negocios-en-madrid-768x510.jpg 768w\" sizes=\"(max-width: 1000px) 100vw, 1000px\" \/><\/div><\/a>\n\t\t\t\t<div class=\"elementor-post__text\">\n\t\t\t\t<h3 class=\"elementor-post__title\">\n\t\t\t<a href=\"https:\/\/ibercenter.com\/en\/what-is-chat-gpt-the-new-ai-everyones-talking-about\/\" >\n\t\t\t\tWhat is Chat GPT? The new AI everyone&#8217;s talking about\t\t\t<\/a>\n\t\t<\/h3>\n\t\t\n\t\t<a class=\"elementor-post__read-more\" href=\"https:\/\/ibercenter.com\/en\/what-is-chat-gpt-the-new-ai-everyones-talking-about\/\" aria-label=\"Read more about What is Chat GPT? The new AI everyone&#8217;s talking about\" tabindex=\"-1\" >\n\t\t\tMore Info \u00bb\t\t<\/a>\n\n\t\t\t\t<\/div>\n\t\t\t\t<div class=\"elementor-post__meta-data\">\n\t\t\t\t\t<span class=\"elementor-post-date\">\n\t\t\t28 de February de 2023\t\t<\/span>\n\t\t\t\t<span class=\"elementor-post-avatar\">\n\t\t\tNo Comments\t\t<\/span>\n\t\t\t\t<\/div>\n\t\t\t\t\t<\/div>\n\t\t<\/article>\n\t\t\t\t<article class=\"elementor-post elementor-grid-item post-33687 post type-post status-publish format-standard has-post-thumbnail hentry category-non-classifiee\" role=\"listitem\">\n\t\t\t<div class=\"elementor-post__card\">\n\t\t\t\t<a class=\"elementor-post__thumbnail__link\" href=\"https:\/\/ibercenter.com\/en\/how-to-retain-talent-in-companies-keys-and-tips-to-keep-in-mind\/\" tabindex=\"-1\" ><div class=\"elementor-post__thumbnail\"><img loading=\"lazy\" decoding=\"async\" width=\"1000\" height=\"664\" src=\"https:\/\/ibercenter.com\/wp-content\/uploads\/2023\/02\/retener-talento-Ibercenter.jpg\" class=\"attachment-full size-full wp-image-13533\" alt=\"retener el talento ibercenter\" srcset=\"https:\/\/ibercenter.com\/wp-content\/uploads\/2023\/02\/retener-talento-Ibercenter.jpg 1000w, https:\/\/ibercenter.com\/wp-content\/uploads\/2023\/02\/retener-talento-Ibercenter-300x199.jpg 300w, https:\/\/ibercenter.com\/wp-content\/uploads\/2023\/02\/retener-talento-Ibercenter-768x510.jpg 768w\" sizes=\"(max-width: 1000px) 100vw, 1000px\" \/><\/div><\/a>\n\t\t\t\t<div class=\"elementor-post__badge\">Corporative<\/div>\n\t\t\t\t<div class=\"elementor-post__text\">\n\t\t\t\t<h3 class=\"elementor-post__title\">\n\t\t\t<a href=\"https:\/\/ibercenter.com\/en\/how-to-retain-talent-in-companies-keys-and-tips-to-keep-in-mind\/\" >\n\t\t\t\tHow to retain talent in companies, keys and tips to keep in mind\t\t\t<\/a>\n\t\t<\/h3>\n\t\t\n\t\t<a class=\"elementor-post__read-more\" href=\"https:\/\/ibercenter.com\/en\/how-to-retain-talent-in-companies-keys-and-tips-to-keep-in-mind\/\" aria-label=\"Read more about How to retain talent in companies, keys and tips to keep in mind\" tabindex=\"-1\" >\n\t\t\tMore Info \u00bb\t\t<\/a>\n\n\t\t\t\t<\/div>\n\t\t\t\t<div class=\"elementor-post__meta-data\">\n\t\t\t\t\t<span class=\"elementor-post-date\">\n\t\t\t20 de February de 2023\t\t<\/span>\n\t\t\t\t<span class=\"elementor-post-avatar\">\n\t\t\tNo Comments\t\t<\/span>\n\t\t\t\t<\/div>\n\t\t\t\t\t<\/div>\n\t\t<\/article>\n\t\t\t\t<article class=\"elementor-post elementor-grid-item post-33689 post type-post status-publish format-standard has-post-thumbnail hentry\" role=\"listitem\">\n\t\t\t<div class=\"elementor-post__card\">\n\t\t\t\t<a class=\"elementor-post__thumbnail__link\" href=\"https:\/\/ibercenter.com\/en\/business-leadership-keys-and-importance-in-business\/\" tabindex=\"-1\" ><div class=\"elementor-post__thumbnail\"><img loading=\"lazy\" decoding=\"async\" width=\"1000\" height=\"664\" src=\"https:\/\/ibercenter.com\/wp-content\/uploads\/2023\/02\/liderazgo-empresarial-ibercenter.jpg\" class=\"attachment-full size-full wp-image-13526\" alt=\"liderazgo empresarial\" srcset=\"https:\/\/ibercenter.com\/wp-content\/uploads\/2023\/02\/liderazgo-empresarial-ibercenter.jpg 1000w, https:\/\/ibercenter.com\/wp-content\/uploads\/2023\/02\/liderazgo-empresarial-ibercenter-300x199.jpg 300w, https:\/\/ibercenter.com\/wp-content\/uploads\/2023\/02\/liderazgo-empresarial-ibercenter-768x510.jpg 768w\" sizes=\"(max-width: 1000px) 100vw, 1000px\" \/><\/div><\/a>\n\t\t\t\t<div class=\"elementor-post__text\">\n\t\t\t\t<h3 class=\"elementor-post__title\">\n\t\t\t<a href=\"https:\/\/ibercenter.com\/en\/business-leadership-keys-and-importance-in-business\/\" >\n\t\t\t\tBusiness leadership, keys and importance in business\t\t\t<\/a>\n\t\t<\/h3>\n\t\t\n\t\t<a class=\"elementor-post__read-more\" href=\"https:\/\/ibercenter.com\/en\/business-leadership-keys-and-importance-in-business\/\" aria-label=\"Read more about Business leadership, keys and importance in business\" tabindex=\"-1\" >\n\t\t\tMore Info \u00bb\t\t<\/a>\n\n\t\t\t\t<\/div>\n\t\t\t\t<div class=\"elementor-post__meta-data\">\n\t\t\t\t\t<span class=\"elementor-post-date\">\n\t\t\t17 de February de 2023\t\t<\/span>\n\t\t\t\t<span class=\"elementor-post-avatar\">\n\t\t\tNo Comments\t\t<\/span>\n\t\t\t\t<\/div>\n\t\t\t\t\t<\/div>\n\t\t<\/article>\n\t\t\t\t<article class=\"elementor-post elementor-grid-item post-33691 post type-post status-publish format-standard has-post-thumbnail hentry category-sin-categorizar\" role=\"listitem\">\n\t\t\t<div class=\"elementor-post__card\">\n\t\t\t\t<a class=\"elementor-post__thumbnail__link\" href=\"https:\/\/ibercenter.com\/en\/main-challenges-for-startups-a-look-at-the-business-world\/\" tabindex=\"-1\" ><div class=\"elementor-post__thumbnail\"><img loading=\"lazy\" decoding=\"async\" width=\"1000\" height=\"664\" src=\"https:\/\/ibercenter.com\/wp-content\/uploads\/2023\/02\/principales-retos-de-las-start-ups-ibercenter.jpg\" class=\"attachment-full size-full wp-image-13521\" alt=\"retos de las startups\" srcset=\"https:\/\/ibercenter.com\/wp-content\/uploads\/2023\/02\/principales-retos-de-las-start-ups-ibercenter.jpg 1000w, https:\/\/ibercenter.com\/wp-content\/uploads\/2023\/02\/principales-retos-de-las-start-ups-ibercenter-300x199.jpg 300w, https:\/\/ibercenter.com\/wp-content\/uploads\/2023\/02\/principales-retos-de-las-start-ups-ibercenter-768x510.jpg 768w\" sizes=\"(max-width: 1000px) 100vw, 1000px\" \/><\/div><\/a>\n\t\t\t\t<div class=\"elementor-post__badge\">Negocios<\/div>\n\t\t\t\t<div class=\"elementor-post__text\">\n\t\t\t\t<h3 class=\"elementor-post__title\">\n\t\t\t<a href=\"https:\/\/ibercenter.com\/en\/main-challenges-for-startups-a-look-at-the-business-world\/\" >\n\t\t\t\tMain challenges for startups, a look at the business world\t\t\t<\/a>\n\t\t<\/h3>\n\t\t\n\t\t<a class=\"elementor-post__read-more\" href=\"https:\/\/ibercenter.com\/en\/main-challenges-for-startups-a-look-at-the-business-world\/\" aria-label=\"Read more about Main challenges for startups, a look at the business world\" tabindex=\"-1\" >\n\t\t\tMore Info \u00bb\t\t<\/a>\n\n\t\t\t\t<\/div>\n\t\t\t\t<div class=\"elementor-post__meta-data\">\n\t\t\t\t\t<span class=\"elementor-post-date\">\n\t\t\t13 de February de 2023\t\t<\/span>\n\t\t\t\t<span class=\"elementor-post-avatar\">\n\t\t\tNo Comments\t\t<\/span>\n\t\t\t\t<\/div>\n\t\t\t\t\t<\/div>\n\t\t<\/article>\n\t\t\t\t<article class=\"elementor-post elementor-grid-item post-33693 post type-post status-publish format-standard has-post-thumbnail hentry category-sin-categorizar\" role=\"listitem\">\n\t\t\t<div class=\"elementor-post__card\">\n\t\t\t\t<a class=\"elementor-post__thumbnail__link\" href=\"https:\/\/ibercenter.com\/en\/how-to-implement-technologies-to-optimise-your-business-processes\/\" tabindex=\"-1\" ><div class=\"elementor-post__thumbnail\"><img loading=\"lazy\" decoding=\"async\" width=\"1000\" height=\"664\" src=\"https:\/\/ibercenter.com\/wp-content\/uploads\/2023\/02\/Optimizar-tus-procesos-de-negocios-ibercenter.jpg\" class=\"attachment-full size-full wp-image-13516\" alt=\"Optimizar tus procesos de negocios\" srcset=\"https:\/\/ibercenter.com\/wp-content\/uploads\/2023\/02\/Optimizar-tus-procesos-de-negocios-ibercenter.jpg 1000w, https:\/\/ibercenter.com\/wp-content\/uploads\/2023\/02\/Optimizar-tus-procesos-de-negocios-ibercenter-300x199.jpg 300w, https:\/\/ibercenter.com\/wp-content\/uploads\/2023\/02\/Optimizar-tus-procesos-de-negocios-ibercenter-768x510.jpg 768w\" sizes=\"(max-width: 1000px) 100vw, 1000px\" \/><\/div><\/a>\n\t\t\t\t<div class=\"elementor-post__badge\">Negocios<\/div>\n\t\t\t\t<div class=\"elementor-post__text\">\n\t\t\t\t<h3 class=\"elementor-post__title\">\n\t\t\t<a href=\"https:\/\/ibercenter.com\/en\/how-to-implement-technologies-to-optimise-your-business-processes\/\" >\n\t\t\t\tHow to implement technologies to optimise your business processes\t\t\t<\/a>\n\t\t<\/h3>\n\t\t\n\t\t<a class=\"elementor-post__read-more\" href=\"https:\/\/ibercenter.com\/en\/how-to-implement-technologies-to-optimise-your-business-processes\/\" aria-label=\"Read more about How to implement technologies to optimise your business processes\" tabindex=\"-1\" >\n\t\t\tMore Info \u00bb\t\t<\/a>\n\n\t\t\t\t<\/div>\n\t\t\t\t<div class=\"elementor-post__meta-data\">\n\t\t\t\t\t<span class=\"elementor-post-date\">\n\t\t\t10 de February de 2023\t\t<\/span>\n\t\t\t\t<span class=\"elementor-post-avatar\">\n\t\t\tNo Comments\t\t<\/span>\n\t\t\t\t<\/div>\n\t\t\t\t\t<\/div>\n\t\t<\/article>\n\t\t\t\t<article class=\"elementor-post elementor-grid-item post-33695 post type-post status-publish format-standard has-post-thumbnail hentry category-sin-categorizar\" role=\"listitem\">\n\t\t\t<div class=\"elementor-post__card\">\n\t\t\t\t<a class=\"elementor-post__thumbnail__link\" href=\"https:\/\/ibercenter.com\/en\/how-to-improve-your-companys-internal-communication\/\" tabindex=\"-1\" ><div class=\"elementor-post__thumbnail\"><img loading=\"lazy\" decoding=\"async\" width=\"1000\" height=\"664\" src=\"https:\/\/ibercenter.com\/wp-content\/uploads\/2023\/02\/ibercenter-counicacion-interna-en-las-empresas.jpg\" class=\"attachment-full size-full wp-image-13510\" alt=\"ibercenter counicaci\u00f3n interna en las empresas\" srcset=\"https:\/\/ibercenter.com\/wp-content\/uploads\/2023\/02\/ibercenter-counicacion-interna-en-las-empresas.jpg 1000w, https:\/\/ibercenter.com\/wp-content\/uploads\/2023\/02\/ibercenter-counicacion-interna-en-las-empresas-300x199.jpg 300w, https:\/\/ibercenter.com\/wp-content\/uploads\/2023\/02\/ibercenter-counicacion-interna-en-las-empresas-768x510.jpg 768w\" sizes=\"(max-width: 1000px) 100vw, 1000px\" \/><\/div><\/a>\n\t\t\t\t<div class=\"elementor-post__badge\">Negocios<\/div>\n\t\t\t\t<div class=\"elementor-post__text\">\n\t\t\t\t<h3 class=\"elementor-post__title\">\n\t\t\t<a href=\"https:\/\/ibercenter.com\/en\/how-to-improve-your-companys-internal-communication\/\" >\n\t\t\t\tHow to improve your company&#8217;s internal communication?\t\t\t<\/a>\n\t\t<\/h3>\n\t\t\n\t\t<a class=\"elementor-post__read-more\" href=\"https:\/\/ibercenter.com\/en\/how-to-improve-your-companys-internal-communication\/\" aria-label=\"Read more about How to improve your company&#8217;s internal communication?\" tabindex=\"-1\" >\n\t\t\tMore Info \u00bb\t\t<\/a>\n\n\t\t\t\t<\/div>\n\t\t\t\t<div class=\"elementor-post__meta-data\">\n\t\t\t\t\t<span class=\"elementor-post-date\">\n\t\t\t6 de February de 2023\t\t<\/span>\n\t\t\t\t<span class=\"elementor-post-avatar\">\n\t\t\tNo Comments\t\t<\/span>\n\t\t\t\t<\/div>\n\t\t\t\t\t<\/div>\n\t\t<\/article>\n\t\t\t\t<article class=\"elementor-post elementor-grid-item post-33199 post type-post status-publish format-standard has-post-thumbnail hentry category-sin-categorizar\" role=\"listitem\">\n\t\t\t<div class=\"elementor-post__card\">\n\t\t\t\t<a class=\"elementor-post__thumbnail__link\" href=\"https:\/\/ibercenter.com\/en\/these-are-the-keys-to-motivate-your-staff\/\" tabindex=\"-1\" ><div class=\"elementor-post__thumbnail\"><img loading=\"lazy\" decoding=\"async\" width=\"1000\" height=\"664\" src=\"https:\/\/ibercenter.com\/wp-content\/uploads\/2023\/02\/claves-para-motivar-a-tu-equipo-de-trabajo-ibercenter.jpg\" class=\"attachment-full size-full wp-image-13485\" alt=\"claves para motivar a tu equipo de trabajo ibercenter\" srcset=\"https:\/\/ibercenter.com\/wp-content\/uploads\/2023\/02\/claves-para-motivar-a-tu-equipo-de-trabajo-ibercenter.jpg 1000w, https:\/\/ibercenter.com\/wp-content\/uploads\/2023\/02\/claves-para-motivar-a-tu-equipo-de-trabajo-ibercenter-300x199.jpg 300w, https:\/\/ibercenter.com\/wp-content\/uploads\/2023\/02\/claves-para-motivar-a-tu-equipo-de-trabajo-ibercenter-768x510.jpg 768w\" sizes=\"(max-width: 1000px) 100vw, 1000px\" \/><\/div><\/a>\n\t\t\t\t<div class=\"elementor-post__badge\">Negocios<\/div>\n\t\t\t\t<div class=\"elementor-post__text\">\n\t\t\t\t<h3 class=\"elementor-post__title\">\n\t\t\t<a href=\"https:\/\/ibercenter.com\/en\/these-are-the-keys-to-motivate-your-staff\/\" >\n\t\t\t\tThese are the keys to motivate your staff.\t\t\t<\/a>\n\t\t<\/h3>\n\t\t\n\t\t<a class=\"elementor-post__read-more\" href=\"https:\/\/ibercenter.com\/en\/these-are-the-keys-to-motivate-your-staff\/\" aria-label=\"Read more about These are the keys to motivate your staff.\" tabindex=\"-1\" >\n\t\t\tMore Info \u00bb\t\t<\/a>\n\n\t\t\t\t<\/div>\n\t\t\t\t<div class=\"elementor-post__meta-data\">\n\t\t\t\t\t<span class=\"elementor-post-date\">\n\t\t\t3 de February de 2023\t\t<\/span>\n\t\t\t\t<span class=\"elementor-post-avatar\">\n\t\t\tNo Comments\t\t<\/span>\n\t\t\t\t<\/div>\n\t\t\t\t\t<\/div>\n\t\t<\/article>\n\t\t\t\t<article class=\"elementor-post elementor-grid-item post-33679 post type-post status-publish format-standard has-post-thumbnail hentry category-sin-categorizar\" role=\"listitem\">\n\t\t\t<div class=\"elementor-post__card\">\n\t\t\t\t<a class=\"elementor-post__thumbnail__link\" href=\"https:\/\/ibercenter.com\/en\/how-to-set-long-term-goals-for-your-business\/\" tabindex=\"-1\" ><div class=\"elementor-post__thumbnail\"><img loading=\"lazy\" decoding=\"async\" width=\"1000\" height=\"664\" src=\"https:\/\/ibercenter.com\/wp-content\/uploads\/2023\/02\/Como-establecer-objetivos-a-largo-plazo-para-tu-negocio.jpg\" class=\"attachment-full size-full wp-image-13479\" alt=\"Como establecer objetivos a largo plazo para tu negocio\" srcset=\"https:\/\/ibercenter.com\/wp-content\/uploads\/2023\/02\/Como-establecer-objetivos-a-largo-plazo-para-tu-negocio.jpg 1000w, https:\/\/ibercenter.com\/wp-content\/uploads\/2023\/02\/Como-establecer-objetivos-a-largo-plazo-para-tu-negocio-300x199.jpg 300w, https:\/\/ibercenter.com\/wp-content\/uploads\/2023\/02\/Como-establecer-objetivos-a-largo-plazo-para-tu-negocio-768x510.jpg 768w\" sizes=\"(max-width: 1000px) 100vw, 1000px\" \/><\/div><\/a>\n\t\t\t\t<div class=\"elementor-post__badge\">Negocios<\/div>\n\t\t\t\t<div class=\"elementor-post__text\">\n\t\t\t\t<h3 class=\"elementor-post__title\">\n\t\t\t<a href=\"https:\/\/ibercenter.com\/en\/how-to-set-long-term-goals-for-your-business\/\" >\n\t\t\t\tHow to set long-term goals for your business\t\t\t<\/a>\n\t\t<\/h3>\n\t\t\n\t\t<a class=\"elementor-post__read-more\" href=\"https:\/\/ibercenter.com\/en\/how-to-set-long-term-goals-for-your-business\/\" aria-label=\"Read more about How to set long-term goals for your business\" tabindex=\"-1\" >\n\t\t\tMore Info \u00bb\t\t<\/a>\n\n\t\t\t\t<\/div>\n\t\t\t\t<div class=\"elementor-post__meta-data\">\n\t\t\t\t\t<span class=\"elementor-post-date\">\n\t\t\t1 de February de 2023\t\t<\/span>\n\t\t\t\t<span class=\"elementor-post-avatar\">\n\t\t\tNo Comments\t\t<\/span>\n\t\t\t\t<\/div>\n\t\t\t\t\t<\/div>\n\t\t<\/article>\n\t\t\t\t<article class=\"elementor-post elementor-grid-item post-33673 post type-post status-publish format-standard has-post-thumbnail hentry category-sin-categorizar\" role=\"listitem\">\n\t\t\t<div class=\"elementor-post__card\">\n\t\t\t\t<a class=\"elementor-post__thumbnail__link\" href=\"https:\/\/ibercenter.com\/en\/how-to-scale-a-business\/\" tabindex=\"-1\" ><div class=\"elementor-post__thumbnail\"><img loading=\"lazy\" decoding=\"async\" width=\"1000\" height=\"664\" src=\"https:\/\/ibercenter.com\/wp-content\/uploads\/2023\/01\/escalar-un-negocio-ibercenter.jpg\" class=\"attachment-full size-full wp-image-13463\" alt=\"escalar un negocio\" srcset=\"https:\/\/ibercenter.com\/wp-content\/uploads\/2023\/01\/escalar-un-negocio-ibercenter.jpg 1000w, https:\/\/ibercenter.com\/wp-content\/uploads\/2023\/01\/escalar-un-negocio-ibercenter-300x199.jpg 300w, https:\/\/ibercenter.com\/wp-content\/uploads\/2023\/01\/escalar-un-negocio-ibercenter-768x510.jpg 768w\" sizes=\"(max-width: 1000px) 100vw, 1000px\" \/><\/div><\/a>\n\t\t\t\t<div class=\"elementor-post__badge\">Negocios<\/div>\n\t\t\t\t<div class=\"elementor-post__text\">\n\t\t\t\t<h3 class=\"elementor-post__title\">\n\t\t\t<a href=\"https:\/\/ibercenter.com\/en\/how-to-scale-a-business\/\" >\n\t\t\t\tHow to scale a business?\t\t\t<\/a>\n\t\t<\/h3>\n\t\t\n\t\t<a class=\"elementor-post__read-more\" href=\"https:\/\/ibercenter.com\/en\/how-to-scale-a-business\/\" aria-label=\"Read more about How to scale a business?\" tabindex=\"-1\" >\n\t\t\tMore Info \u00bb\t\t<\/a>\n\n\t\t\t\t<\/div>\n\t\t\t\t<div class=\"elementor-post__meta-data\">\n\t\t\t\t\t<span class=\"elementor-post-date\">\n\t\t\t24 de January de 2023\t\t<\/span>\n\t\t\t\t<span class=\"elementor-post-avatar\">\n\t\t\tNo Comments\t\t<\/span>\n\t\t\t\t<\/div>\n\t\t\t\t\t<\/div>\n\t\t<\/article>\n\t\t\t\t<article class=\"elementor-post elementor-grid-item post-33675 post type-post status-publish format-standard has-post-thumbnail hentry category-sin-categorizar\" role=\"listitem\">\n\t\t\t<div class=\"elementor-post__card\">\n\t\t\t\t<a class=\"elementor-post__thumbnail__link\" href=\"https:\/\/ibercenter.com\/en\/what-is-labour-conciliation-and-how-does-it-work\/\" tabindex=\"-1\" ><div class=\"elementor-post__thumbnail\"><img loading=\"lazy\" decoding=\"async\" width=\"1000\" height=\"664\" src=\"https:\/\/ibercenter.com\/wp-content\/uploads\/2023\/01\/Que-es-y-como-funciona-la-conciliacion-laboral-ibercenter.jpg\" class=\"attachment-full size-full wp-image-13457\" alt=\"conciliaci\u00f3n laboral Ibercenter\" srcset=\"https:\/\/ibercenter.com\/wp-content\/uploads\/2023\/01\/Que-es-y-como-funciona-la-conciliacion-laboral-ibercenter.jpg 1000w, https:\/\/ibercenter.com\/wp-content\/uploads\/2023\/01\/Que-es-y-como-funciona-la-conciliacion-laboral-ibercenter-300x199.jpg 300w, https:\/\/ibercenter.com\/wp-content\/uploads\/2023\/01\/Que-es-y-como-funciona-la-conciliacion-laboral-ibercenter-768x510.jpg 768w\" sizes=\"(max-width: 1000px) 100vw, 1000px\" \/><\/div><\/a>\n\t\t\t\t<div class=\"elementor-post__badge\">Negocios<\/div>\n\t\t\t\t<div class=\"elementor-post__text\">\n\t\t\t\t<h3 class=\"elementor-post__title\">\n\t\t\t<a href=\"https:\/\/ibercenter.com\/en\/what-is-labour-conciliation-and-how-does-it-work\/\" >\n\t\t\t\tWhat is labour conciliation and how does it work?\t\t\t<\/a>\n\t\t<\/h3>\n\t\t\n\t\t<a class=\"elementor-post__read-more\" href=\"https:\/\/ibercenter.com\/en\/what-is-labour-conciliation-and-how-does-it-work\/\" aria-label=\"Read more about What is labour conciliation and how does it work?\" tabindex=\"-1\" >\n\t\t\tMore Info \u00bb\t\t<\/a>\n\n\t\t\t\t<\/div>\n\t\t\t\t<div class=\"elementor-post__meta-data\">\n\t\t\t\t\t<span class=\"elementor-post-date\">\n\t\t\t19 de January de 2023\t\t<\/span>\n\t\t\t\t<span class=\"elementor-post-avatar\">\n\t\t\tNo Comments\t\t<\/span>\n\t\t\t\t<\/div>\n\t\t\t\t\t<\/div>\n\t\t<\/article>\n\t\t\t\t<article class=\"elementor-post elementor-grid-item post-33147 post type-post status-publish format-standard has-post-thumbnail hentry category-sin-categorizar\" role=\"listitem\">\n\t\t\t<div class=\"elementor-post__card\">\n\t\t\t\t<a class=\"elementor-post__thumbnail__link\" href=\"https:\/\/ibercenter.com\/en\/madrid-as-an-investment-centre\/\" tabindex=\"-1\" ><div class=\"elementor-post__thumbnail\"><img loading=\"lazy\" decoding=\"async\" width=\"1000\" height=\"664\" src=\"https:\/\/ibercenter.com\/wp-content\/uploads\/2023\/01\/invertir-en-madrid.jpg\" class=\"attachment-full size-full wp-image-13451\" alt=\"invertir en Madrid\" srcset=\"https:\/\/ibercenter.com\/wp-content\/uploads\/2023\/01\/invertir-en-madrid.jpg 1000w, https:\/\/ibercenter.com\/wp-content\/uploads\/2023\/01\/invertir-en-madrid-300x199.jpg 300w, https:\/\/ibercenter.com\/wp-content\/uploads\/2023\/01\/invertir-en-madrid-768x510.jpg 768w\" sizes=\"(max-width: 1000px) 100vw, 1000px\" \/><\/div><\/a>\n\t\t\t\t<div class=\"elementor-post__badge\">Negocios<\/div>\n\t\t\t\t<div class=\"elementor-post__text\">\n\t\t\t\t<h3 class=\"elementor-post__title\">\n\t\t\t<a href=\"https:\/\/ibercenter.com\/en\/madrid-as-an-investment-centre\/\" >\n\t\t\t\tMadrid as an investment centre\t\t\t<\/a>\n\t\t<\/h3>\n\t\t\n\t\t<a class=\"elementor-post__read-more\" href=\"https:\/\/ibercenter.com\/en\/madrid-as-an-investment-centre\/\" aria-label=\"Read more about Madrid as an investment centre\" tabindex=\"-1\" >\n\t\t\tMore Info \u00bb\t\t<\/a>\n\n\t\t\t\t<\/div>\n\t\t\t\t<div class=\"elementor-post__meta-data\">\n\t\t\t\t\t<span class=\"elementor-post-date\">\n\t\t\t18 de January de 2023\t\t<\/span>\n\t\t\t\t<span class=\"elementor-post-avatar\">\n\t\t\tNo Comments\t\t<\/span>\n\t\t\t\t<\/div>\n\t\t\t\t\t<\/div>\n\t\t<\/article>\n\t\t\t\t<article class=\"elementor-post elementor-grid-item post-33384 post type-post status-publish format-standard has-post-thumbnail hentry category-sin-categorizar\" role=\"listitem\">\n\t\t\t<div class=\"elementor-post__card\">\n\t\t\t\t<a class=\"elementor-post__thumbnail__link\" href=\"https:\/\/ibercenter.com\/en\/discover-the-tax-advantages-of-madrid\/\" tabindex=\"-1\" ><div class=\"elementor-post__thumbnail\"><img loading=\"lazy\" decoding=\"async\" width=\"1000\" height=\"664\" src=\"https:\/\/ibercenter.com\/wp-content\/uploads\/2023\/01\/ventajas-fiscales-de-madrid-ibercenter.jpg\" class=\"attachment-full size-full wp-image-13358\" alt=\"ventajas fiscales de Madrid\" srcset=\"https:\/\/ibercenter.com\/wp-content\/uploads\/2023\/01\/ventajas-fiscales-de-madrid-ibercenter.jpg 1000w, https:\/\/ibercenter.com\/wp-content\/uploads\/2023\/01\/ventajas-fiscales-de-madrid-ibercenter-300x199.jpg 300w, https:\/\/ibercenter.com\/wp-content\/uploads\/2023\/01\/ventajas-fiscales-de-madrid-ibercenter-768x510.jpg 768w\" sizes=\"(max-width: 1000px) 100vw, 1000px\" \/><\/div><\/a>\n\t\t\t\t<div class=\"elementor-post__badge\">Negocios<\/div>\n\t\t\t\t<div class=\"elementor-post__text\">\n\t\t\t\t<h3 class=\"elementor-post__title\">\n\t\t\t<a href=\"https:\/\/ibercenter.com\/en\/discover-the-tax-advantages-of-madrid\/\" >\n\t\t\t\tDiscover the tax advantages of Madrid\t\t\t<\/a>\n\t\t<\/h3>\n\t\t\n\t\t<a class=\"elementor-post__read-more\" href=\"https:\/\/ibercenter.com\/en\/discover-the-tax-advantages-of-madrid\/\" aria-label=\"Read more about Discover the tax advantages of Madrid\" tabindex=\"-1\" >\n\t\t\tMore Info \u00bb\t\t<\/a>\n\n\t\t\t\t<\/div>\n\t\t\t\t<div class=\"elementor-post__meta-data\">\n\t\t\t\t\t<span class=\"elementor-post-date\">\n\t\t\t9 de December de 2022\t\t<\/span>\n\t\t\t\t<span class=\"elementor-post-avatar\">\n\t\t\tNo Comments\t\t<\/span>\n\t\t\t\t<\/div>\n\t\t\t\t\t<\/div>\n\t\t<\/article>\n\t\t\t\t<article class=\"elementor-post elementor-grid-item post-33387 post type-post status-publish format-standard has-post-thumbnail hentry category-sin-categorizar\" role=\"listitem\">\n\t\t\t<div class=\"elementor-post__card\">\n\t\t\t\t<a class=\"elementor-post__thumbnail__link\" href=\"https:\/\/ibercenter.com\/en\/discover-the-advantages-of-virtual-offices\/\" tabindex=\"-1\" ><div class=\"elementor-post__thumbnail\"><img loading=\"lazy\" decoding=\"async\" width=\"1000\" height=\"664\" src=\"https:\/\/ibercenter.com\/wp-content\/uploads\/2023\/01\/ventajas-de-las-oficinas-virtuales.jpg\" class=\"attachment-full size-full wp-image-13351\" alt=\"ventajas de las oficinas virtuales\" srcset=\"https:\/\/ibercenter.com\/wp-content\/uploads\/2023\/01\/ventajas-de-las-oficinas-virtuales.jpg 1000w, https:\/\/ibercenter.com\/wp-content\/uploads\/2023\/01\/ventajas-de-las-oficinas-virtuales-300x199.jpg 300w, https:\/\/ibercenter.com\/wp-content\/uploads\/2023\/01\/ventajas-de-las-oficinas-virtuales-768x510.jpg 768w\" sizes=\"(max-width: 1000px) 100vw, 1000px\" \/><\/div><\/a>\n\t\t\t\t<div class=\"elementor-post__badge\">Negocios<\/div>\n\t\t\t\t<div class=\"elementor-post__text\">\n\t\t\t\t<h3 class=\"elementor-post__title\">\n\t\t\t<a href=\"https:\/\/ibercenter.com\/en\/discover-the-advantages-of-virtual-offices\/\" >\n\t\t\t\tDiscover the advantages of virtual offices\t\t\t<\/a>\n\t\t<\/h3>\n\t\t\n\t\t<a class=\"elementor-post__read-more\" href=\"https:\/\/ibercenter.com\/en\/discover-the-advantages-of-virtual-offices\/\" aria-label=\"Read more about Discover the advantages of virtual offices\" tabindex=\"-1\" >\n\t\t\tMore Info \u00bb\t\t<\/a>\n\n\t\t\t\t<\/div>\n\t\t\t\t<div class=\"elementor-post__meta-data\">\n\t\t\t\t\t<span class=\"elementor-post-date\">\n\t\t\t4 de December de 2022\t\t<\/span>\n\t\t\t\t<span class=\"elementor-post-avatar\">\n\t\t\tNo Comments\t\t<\/span>\n\t\t\t\t<\/div>\n\t\t\t\t\t<\/div>\n\t\t<\/article>\n\t\t\t\t<article class=\"elementor-post elementor-grid-item post-33390 post type-post status-publish format-standard has-post-thumbnail hentry category-sin-categorizar\" role=\"listitem\">\n\t\t\t<div class=\"elementor-post__card\">\n\t\t\t\t<a class=\"elementor-post__thumbnail__link\" href=\"https:\/\/ibercenter.com\/en\/discover-the-agile-kanban-methodology\/\" tabindex=\"-1\" ><div class=\"elementor-post__thumbnail\"><img loading=\"lazy\" decoding=\"async\" width=\"1000\" height=\"664\" src=\"https:\/\/ibercenter.com\/wp-content\/uploads\/2022\/12\/metodologia-agil-kanban.jpg\" class=\"attachment-full size-full wp-image-13335\" alt=\"metolog\u00eda \u00e1gil kanban\" srcset=\"https:\/\/ibercenter.com\/wp-content\/uploads\/2022\/12\/metodologia-agil-kanban.jpg 1000w, https:\/\/ibercenter.com\/wp-content\/uploads\/2022\/12\/metodologia-agil-kanban-300x199.jpg 300w, https:\/\/ibercenter.com\/wp-content\/uploads\/2022\/12\/metodologia-agil-kanban-768x510.jpg 768w\" sizes=\"(max-width: 1000px) 100vw, 1000px\" \/><\/div><\/a>\n\t\t\t\t<div class=\"elementor-post__badge\">Negocios<\/div>\n\t\t\t\t<div class=\"elementor-post__text\">\n\t\t\t\t<h3 class=\"elementor-post__title\">\n\t\t\t<a href=\"https:\/\/ibercenter.com\/en\/discover-the-agile-kanban-methodology\/\" >\n\t\t\t\tDiscover the Agile Kanban methodology\t\t\t<\/a>\n\t\t<\/h3>\n\t\t\n\t\t<a class=\"elementor-post__read-more\" href=\"https:\/\/ibercenter.com\/en\/discover-the-agile-kanban-methodology\/\" aria-label=\"Read more about Discover the Agile Kanban methodology\" tabindex=\"-1\" >\n\t\t\tMore Info \u00bb\t\t<\/a>\n\n\t\t\t\t<\/div>\n\t\t\t\t<div class=\"elementor-post__meta-data\">\n\t\t\t\t\t<span class=\"elementor-post-date\">\n\t\t\t20 de November de 2022\t\t<\/span>\n\t\t\t\t<span class=\"elementor-post-avatar\">\n\t\t\tNo Comments\t\t<\/span>\n\t\t\t\t<\/div>\n\t\t\t\t\t<\/div>\n\t\t<\/article>\n\t\t\t\t<article class=\"elementor-post elementor-grid-item post-33393 post type-post status-publish format-standard has-post-thumbnail hentry category-sin-categorizar\" role=\"listitem\">\n\t\t\t<div class=\"elementor-post__card\">\n\t\t\t\t<a class=\"elementor-post__thumbnail__link\" href=\"https:\/\/ibercenter.com\/en\/what-is-digital-transformation\/\" tabindex=\"-1\" ><div class=\"elementor-post__thumbnail\"><img loading=\"lazy\" decoding=\"async\" width=\"1000\" height=\"664\" src=\"https:\/\/ibercenter.com\/wp-content\/uploads\/2022\/12\/transformacion-digital-ibercenter.jpg\" class=\"attachment-full size-full wp-image-13330\" alt=\"transformaci\u00f3n digital Ibercenter\" srcset=\"https:\/\/ibercenter.com\/wp-content\/uploads\/2022\/12\/transformacion-digital-ibercenter.jpg 1000w, https:\/\/ibercenter.com\/wp-content\/uploads\/2022\/12\/transformacion-digital-ibercenter-300x199.jpg 300w, https:\/\/ibercenter.com\/wp-content\/uploads\/2022\/12\/transformacion-digital-ibercenter-768x510.jpg 768w\" sizes=\"(max-width: 1000px) 100vw, 1000px\" \/><\/div><\/a>\n\t\t\t\t<div class=\"elementor-post__badge\">Negocios<\/div>\n\t\t\t\t<div class=\"elementor-post__text\">\n\t\t\t\t<h3 class=\"elementor-post__title\">\n\t\t\t<a href=\"https:\/\/ibercenter.com\/en\/what-is-digital-transformation\/\" >\n\t\t\t\tWhat is digital transformation?\t\t\t<\/a>\n\t\t<\/h3>\n\t\t\n\t\t<a class=\"elementor-post__read-more\" href=\"https:\/\/ibercenter.com\/en\/what-is-digital-transformation\/\" aria-label=\"Read more about What is digital transformation?\" tabindex=\"-1\" >\n\t\t\tMore Info \u00bb\t\t<\/a>\n\n\t\t\t\t<\/div>\n\t\t\t\t<div class=\"elementor-post__meta-data\">\n\t\t\t\t\t<span class=\"elementor-post-date\">\n\t\t\t15 de November de 2022\t\t<\/span>\n\t\t\t\t<span class=\"elementor-post-avatar\">\n\t\t\tNo Comments\t\t<\/span>\n\t\t\t\t<\/div>\n\t\t\t\t\t<\/div>\n\t\t<\/article>\n\t\t\t\t<article class=\"elementor-post elementor-grid-item post-33397 post type-post status-publish format-standard has-post-thumbnail hentry category-sin-categorizar\" role=\"listitem\">\n\t\t\t<div class=\"elementor-post__card\">\n\t\t\t\t<a class=\"elementor-post__thumbnail__link\" href=\"https:\/\/ibercenter.com\/en\/discover-the-benefits-of-whatsapp-business\/\" tabindex=\"-1\" ><div class=\"elementor-post__thumbnail\"><img loading=\"lazy\" decoding=\"async\" width=\"1000\" height=\"664\" src=\"https:\/\/ibercenter.com\/wp-content\/uploads\/2022\/11\/whatsapp-business-ibercenter.jpg\" class=\"attachment-full size-full wp-image-13293\" alt=\"whatsapp business ibercenter\" srcset=\"https:\/\/ibercenter.com\/wp-content\/uploads\/2022\/11\/whatsapp-business-ibercenter.jpg 1000w, https:\/\/ibercenter.com\/wp-content\/uploads\/2022\/11\/whatsapp-business-ibercenter-300x199.jpg 300w, https:\/\/ibercenter.com\/wp-content\/uploads\/2022\/11\/whatsapp-business-ibercenter-768x510.jpg 768w\" sizes=\"(max-width: 1000px) 100vw, 1000px\" \/><\/div><\/a>\n\t\t\t\t<div class=\"elementor-post__badge\">Negocios<\/div>\n\t\t\t\t<div class=\"elementor-post__text\">\n\t\t\t\t<h3 class=\"elementor-post__title\">\n\t\t\t<a href=\"https:\/\/ibercenter.com\/en\/discover-the-benefits-of-whatsapp-business\/\" >\n\t\t\t\tDiscover the benefits of WhatsApp business\t\t\t<\/a>\n\t\t<\/h3>\n\t\t\n\t\t<a class=\"elementor-post__read-more\" href=\"https:\/\/ibercenter.com\/en\/discover-the-benefits-of-whatsapp-business\/\" aria-label=\"Read more about Discover the benefits of WhatsApp business\" tabindex=\"-1\" >\n\t\t\tMore Info \u00bb\t\t<\/a>\n\n\t\t\t\t<\/div>\n\t\t\t\t<div class=\"elementor-post__meta-data\">\n\t\t\t\t\t<span class=\"elementor-post-date\">\n\t\t\t19 de October de 2022\t\t<\/span>\n\t\t\t\t<span class=\"elementor-post-avatar\">\n\t\t\tNo Comments\t\t<\/span>\n\t\t\t\t<\/div>\n\t\t\t\t\t<\/div>\n\t\t<\/article>\n\t\t\t\t<article class=\"elementor-post elementor-grid-item post-33400 post type-post status-publish format-standard has-post-thumbnail hentry category-sin-categorizar\" role=\"listitem\">\n\t\t\t<div class=\"elementor-post__card\">\n\t\t\t\t<a class=\"elementor-post__thumbnail__link\" href=\"https:\/\/ibercenter.com\/en\/what-you-need-to-know-about-swot-analysis\/\" tabindex=\"-1\" ><div class=\"elementor-post__thumbnail\"><img loading=\"lazy\" decoding=\"async\" width=\"1000\" height=\"664\" src=\"https:\/\/ibercenter.com\/wp-content\/uploads\/2022\/11\/ibercenter-analisis-dafo.jpg\" class=\"attachment-full size-full wp-image-13304\" alt=\"an\u00e1lisis dafo Ibercenter\" srcset=\"https:\/\/ibercenter.com\/wp-content\/uploads\/2022\/11\/ibercenter-analisis-dafo.jpg 1000w, https:\/\/ibercenter.com\/wp-content\/uploads\/2022\/11\/ibercenter-analisis-dafo-300x199.jpg 300w, https:\/\/ibercenter.com\/wp-content\/uploads\/2022\/11\/ibercenter-analisis-dafo-768x510.jpg 768w\" sizes=\"(max-width: 1000px) 100vw, 1000px\" \/><\/div><\/a>\n\t\t\t\t<div class=\"elementor-post__badge\">Negocios<\/div>\n\t\t\t\t<div class=\"elementor-post__text\">\n\t\t\t\t<h3 class=\"elementor-post__title\">\n\t\t\t<a href=\"https:\/\/ibercenter.com\/en\/what-you-need-to-know-about-swot-analysis\/\" >\n\t\t\t\tWhat you need to know about SWOT analysis\t\t\t<\/a>\n\t\t<\/h3>\n\t\t\n\t\t<a class=\"elementor-post__read-more\" href=\"https:\/\/ibercenter.com\/en\/what-you-need-to-know-about-swot-analysis\/\" aria-label=\"Read more about What you need to know about SWOT analysis\" tabindex=\"-1\" >\n\t\t\tMore Info \u00bb\t\t<\/a>\n\n\t\t\t\t<\/div>\n\t\t\t\t<div class=\"elementor-post__meta-data\">\n\t\t\t\t\t<span class=\"elementor-post-date\">\n\t\t\t16 de October de 2022\t\t<\/span>\n\t\t\t\t<span class=\"elementor-post-avatar\">\n\t\t\tNo Comments\t\t<\/span>\n\t\t\t\t<\/div>\n\t\t\t\t\t<\/div>\n\t\t<\/article>\n\t\t\t\t<article class=\"elementor-post elementor-grid-item post-33403 post type-post status-publish format-standard has-post-thumbnail hentry category-sin-categorizar\" role=\"listitem\">\n\t\t\t<div class=\"elementor-post__card\">\n\t\t\t\t<a class=\"elementor-post__thumbnail__link\" href=\"https:\/\/ibercenter.com\/en\/discover-the-best-routine-to-increase-productivity\/\" tabindex=\"-1\" ><div class=\"elementor-post__thumbnail\"><img loading=\"lazy\" decoding=\"async\" width=\"1000\" height=\"664\" src=\"https:\/\/ibercenter.com\/wp-content\/uploads\/2022\/10\/incrementar-la-publicidad-ibercenter.jpg\" class=\"attachment-full size-full wp-image-13264\" alt=\"rutina para incrementar la productividad\" srcset=\"https:\/\/ibercenter.com\/wp-content\/uploads\/2022\/10\/incrementar-la-publicidad-ibercenter.jpg 1000w, https:\/\/ibercenter.com\/wp-content\/uploads\/2022\/10\/incrementar-la-publicidad-ibercenter-300x199.jpg 300w, https:\/\/ibercenter.com\/wp-content\/uploads\/2022\/10\/incrementar-la-publicidad-ibercenter-768x510.jpg 768w\" sizes=\"(max-width: 1000px) 100vw, 1000px\" \/><\/div><\/a>\n\t\t\t\t<div class=\"elementor-post__badge\">Negocios<\/div>\n\t\t\t\t<div class=\"elementor-post__text\">\n\t\t\t\t<h3 class=\"elementor-post__title\">\n\t\t\t<a href=\"https:\/\/ibercenter.com\/en\/discover-the-best-routine-to-increase-productivity\/\" >\n\t\t\t\tDiscover the best routine to increase productivity\t\t\t<\/a>\n\t\t<\/h3>\n\t\t\n\t\t<a class=\"elementor-post__read-more\" href=\"https:\/\/ibercenter.com\/en\/discover-the-best-routine-to-increase-productivity\/\" aria-label=\"Read more about Discover the best routine to increase productivity\" tabindex=\"-1\" >\n\t\t\tMore Info \u00bb\t\t<\/a>\n\n\t\t\t\t<\/div>\n\t\t\t\t<div class=\"elementor-post__meta-data\">\n\t\t\t\t\t<span class=\"elementor-post-date\">\n\t\t\t26 de September de 2022\t\t<\/span>\n\t\t\t\t<span class=\"elementor-post-avatar\">\n\t\t\tNo Comments\t\t<\/span>\n\t\t\t\t<\/div>\n\t\t\t\t\t<\/div>\n\t\t<\/article>\n\t\t\t\t<article class=\"elementor-post elementor-grid-item post-33406 post type-post status-publish format-standard has-post-thumbnail hentry category-sin-categorizar\" role=\"listitem\">\n\t\t\t<div class=\"elementor-post__card\">\n\t\t\t\t<a class=\"elementor-post__thumbnail__link\" href=\"https:\/\/ibercenter.com\/en\/how-to-improve-the-working-atmosphere-in-the-office\/\" tabindex=\"-1\" ><div class=\"elementor-post__thumbnail\"><img loading=\"lazy\" decoding=\"async\" width=\"1000\" height=\"664\" src=\"https:\/\/ibercenter.com\/wp-content\/uploads\/2022\/10\/mejorar-clima-laborar-oficina-ibercenter.jpg\" class=\"attachment-full size-full wp-image-13259\" alt=\"mejorar el clima laboral\" srcset=\"https:\/\/ibercenter.com\/wp-content\/uploads\/2022\/10\/mejorar-clima-laborar-oficina-ibercenter.jpg 1000w, https:\/\/ibercenter.com\/wp-content\/uploads\/2022\/10\/mejorar-clima-laborar-oficina-ibercenter-300x199.jpg 300w, https:\/\/ibercenter.com\/wp-content\/uploads\/2022\/10\/mejorar-clima-laborar-oficina-ibercenter-768x510.jpg 768w\" sizes=\"(max-width: 1000px) 100vw, 1000px\" \/><\/div><\/a>\n\t\t\t\t<div class=\"elementor-post__badge\">Negocios<\/div>\n\t\t\t\t<div class=\"elementor-post__text\">\n\t\t\t\t<h3 class=\"elementor-post__title\">\n\t\t\t<a href=\"https:\/\/ibercenter.com\/en\/how-to-improve-the-working-atmosphere-in-the-office\/\" >\n\t\t\t\tHow to improve the working atmosphere in the office?\t\t\t<\/a>\n\t\t<\/h3>\n\t\t\n\t\t<a class=\"elementor-post__read-more\" href=\"https:\/\/ibercenter.com\/en\/how-to-improve-the-working-atmosphere-in-the-office\/\" aria-label=\"Read more about How to improve the working atmosphere in the office?\" tabindex=\"-1\" >\n\t\t\tMore Info \u00bb\t\t<\/a>\n\n\t\t\t\t<\/div>\n\t\t\t\t<div class=\"elementor-post__meta-data\">\n\t\t\t\t\t<span class=\"elementor-post-date\">\n\t\t\t5 de September de 2022\t\t<\/span>\n\t\t\t\t<span class=\"elementor-post-avatar\">\n\t\t\tNo Comments\t\t<\/span>\n\t\t\t\t<\/div>\n\t\t\t\t\t<\/div>\n\t\t<\/article>\n\t\t\t\t<article class=\"elementor-post elementor-grid-item post-33409 post type-post status-publish format-standard has-post-thumbnail hentry category-sin-categorizar\" role=\"listitem\">\n\t\t\t<div class=\"elementor-post__card\">\n\t\t\t\t<a class=\"elementor-post__thumbnail__link\" href=\"https:\/\/ibercenter.com\/en\/what-are-agile-methodologies\/\" tabindex=\"-1\" ><div class=\"elementor-post__thumbnail\"><img loading=\"lazy\" decoding=\"async\" width=\"1000\" height=\"664\" src=\"https:\/\/ibercenter.com\/wp-content\/uploads\/2022\/09\/metodologias-agiles-ibercenter.jpg\" class=\"attachment-full size-full wp-image-13250\" alt=\"metodologias agiles ibercenter\" srcset=\"https:\/\/ibercenter.com\/wp-content\/uploads\/2022\/09\/metodologias-agiles-ibercenter.jpg 1000w, https:\/\/ibercenter.com\/wp-content\/uploads\/2022\/09\/metodologias-agiles-ibercenter-300x199.jpg 300w, https:\/\/ibercenter.com\/wp-content\/uploads\/2022\/09\/metodologias-agiles-ibercenter-768x510.jpg 768w\" sizes=\"(max-width: 1000px) 100vw, 1000px\" \/><\/div><\/a>\n\t\t\t\t<div class=\"elementor-post__badge\">Negocios<\/div>\n\t\t\t\t<div class=\"elementor-post__text\">\n\t\t\t\t<h3 class=\"elementor-post__title\">\n\t\t\t<a href=\"https:\/\/ibercenter.com\/en\/what-are-agile-methodologies\/\" >\n\t\t\t\tWhat are agile methodologies?\t\t\t<\/a>\n\t\t<\/h3>\n\t\t\n\t\t<a class=\"elementor-post__read-more\" href=\"https:\/\/ibercenter.com\/en\/what-are-agile-methodologies\/\" aria-label=\"Read more about What are agile methodologies?\" tabindex=\"-1\" >\n\t\t\tMore Info \u00bb\t\t<\/a>\n\n\t\t\t\t<\/div>\n\t\t\t\t<div class=\"elementor-post__meta-data\">\n\t\t\t\t\t<span class=\"elementor-post-date\">\n\t\t\t8 de August de 2022\t\t<\/span>\n\t\t\t\t<span class=\"elementor-post-avatar\">\n\t\t\tNo Comments\t\t<\/span>\n\t\t\t\t<\/div>\n\t\t\t\t\t<\/div>\n\t\t<\/article>\n\t\t\t\t<article class=\"elementor-post elementor-grid-item post-33412 post type-post status-publish format-standard has-post-thumbnail hentry category-sin-categorizar\" role=\"listitem\">\n\t\t\t<div class=\"elementor-post__card\">\n\t\t\t\t<a class=\"elementor-post__thumbnail__link\" href=\"https:\/\/ibercenter.com\/en\/what-are-the-differences-between-fiscal-and-social-domiciliation\/\" tabindex=\"-1\" ><div class=\"elementor-post__thumbnail\"><img loading=\"lazy\" decoding=\"async\" width=\"1000\" height=\"664\" src=\"https:\/\/ibercenter.com\/wp-content\/uploads\/2022\/07\/domiciliacion-fiscal.jpg\" class=\"attachment-full size-full wp-image-13243\" alt=\"\u00bfCu\u00e1les son las Diferencias entre domiciliaci\u00f3n fiscal y social?\" srcset=\"https:\/\/ibercenter.com\/wp-content\/uploads\/2022\/07\/domiciliacion-fiscal.jpg 1000w, https:\/\/ibercenter.com\/wp-content\/uploads\/2022\/07\/domiciliacion-fiscal-300x199.jpg 300w, https:\/\/ibercenter.com\/wp-content\/uploads\/2022\/07\/domiciliacion-fiscal-768x510.jpg 768w\" sizes=\"(max-width: 1000px) 100vw, 1000px\" \/><\/div><\/a>\n\t\t\t\t<div class=\"elementor-post__badge\">Negocios<\/div>\n\t\t\t\t<div class=\"elementor-post__text\">\n\t\t\t\t<h3 class=\"elementor-post__title\">\n\t\t\t<a href=\"https:\/\/ibercenter.com\/en\/what-are-the-differences-between-fiscal-and-social-domiciliation\/\" >\n\t\t\t\tWhat are the differences between fiscal and social domiciliation?\t\t\t<\/a>\n\t\t<\/h3>\n\t\t\n\t\t<a class=\"elementor-post__read-more\" href=\"https:\/\/ibercenter.com\/en\/what-are-the-differences-between-fiscal-and-social-domiciliation\/\" aria-label=\"Read more about What are the differences between fiscal and social domiciliation?\" tabindex=\"-1\" >\n\t\t\tMore Info \u00bb\t\t<\/a>\n\n\t\t\t\t<\/div>\n\t\t\t\t<div class=\"elementor-post__meta-data\">\n\t\t\t\t\t<span class=\"elementor-post-date\">\n\t\t\t20 de July de 2022\t\t<\/span>\n\t\t\t\t<span class=\"elementor-post-avatar\">\n\t\t\tNo Comments\t\t<\/span>\n\t\t\t\t<\/div>\n\t\t\t\t\t<\/div>\n\t\t<\/article>\n\t\t\t\t<article class=\"elementor-post elementor-grid-item post-33415 post type-post status-publish format-standard has-post-thumbnail hentry category-sin-categorizar\" role=\"listitem\">\n\t\t\t<div class=\"elementor-post__card\">\n\t\t\t\t<a class=\"elementor-post__thumbnail__link\" href=\"https:\/\/ibercenter.com\/en\/what-are-the-benefits-of-renting-offices-by-the-hour\/\" tabindex=\"-1\" ><div class=\"elementor-post__thumbnail\"><img loading=\"lazy\" decoding=\"async\" width=\"1000\" height=\"664\" src=\"https:\/\/ibercenter.com\/wp-content\/uploads\/2022\/07\/beneficios-del-alquilar-de-despachos-por-horas-ibercenter.jpg\" class=\"attachment-full size-full wp-image-13236\" alt=\"beneficios del alquilar de despachos por horas\" srcset=\"https:\/\/ibercenter.com\/wp-content\/uploads\/2022\/07\/beneficios-del-alquilar-de-despachos-por-horas-ibercenter.jpg 1000w, https:\/\/ibercenter.com\/wp-content\/uploads\/2022\/07\/beneficios-del-alquilar-de-despachos-por-horas-ibercenter-300x199.jpg 300w, https:\/\/ibercenter.com\/wp-content\/uploads\/2022\/07\/beneficios-del-alquilar-de-despachos-por-horas-ibercenter-768x510.jpg 768w\" sizes=\"(max-width: 1000px) 100vw, 1000px\" \/><\/div><\/a>\n\t\t\t\t<div class=\"elementor-post__badge\">Negocios<\/div>\n\t\t\t\t<div class=\"elementor-post__text\">\n\t\t\t\t<h3 class=\"elementor-post__title\">\n\t\t\t<a href=\"https:\/\/ibercenter.com\/en\/what-are-the-benefits-of-renting-offices-by-the-hour\/\" >\n\t\t\t\tWhat are the benefits of renting offices by the hour?\t\t\t<\/a>\n\t\t<\/h3>\n\t\t\n\t\t<a class=\"elementor-post__read-more\" href=\"https:\/\/ibercenter.com\/en\/what-are-the-benefits-of-renting-offices-by-the-hour\/\" aria-label=\"Read more about What are the benefits of renting offices by the hour?\" tabindex=\"-1\" >\n\t\t\tMore Info \u00bb\t\t<\/a>\n\n\t\t\t\t<\/div>\n\t\t\t\t<div class=\"elementor-post__meta-data\">\n\t\t\t\t\t<span class=\"elementor-post-date\">\n\t\t\t26 de June de 2022\t\t<\/span>\n\t\t\t\t<span class=\"elementor-post-avatar\">\n\t\t\tNo Comments\t\t<\/span>\n\t\t\t\t<\/div>\n\t\t\t\t\t<\/div>\n\t\t<\/article>\n\t\t\t\t<article class=\"elementor-post elementor-grid-item post-33418 post type-post status-publish format-standard has-post-thumbnail hentry category-sin-categorizar\" role=\"listitem\">\n\t\t\t<div class=\"elementor-post__card\">\n\t\t\t\t<a class=\"elementor-post__thumbnail__link\" href=\"https:\/\/ibercenter.com\/en\/what-you-need-to-know-about-organisational-structures\/\" tabindex=\"-1\" ><div class=\"elementor-post__thumbnail\"><img loading=\"lazy\" decoding=\"async\" width=\"1000\" height=\"664\" src=\"https:\/\/ibercenter.com\/wp-content\/uploads\/2022\/06\/Ibercenter-estructuras-organizativas.jpg\" class=\"attachment-full size-full wp-image-13200\" alt=\"Ibercenter estructuras organizativas\" srcset=\"https:\/\/ibercenter.com\/wp-content\/uploads\/2022\/06\/Ibercenter-estructuras-organizativas.jpg 1000w, https:\/\/ibercenter.com\/wp-content\/uploads\/2022\/06\/Ibercenter-estructuras-organizativas-300x199.jpg 300w, https:\/\/ibercenter.com\/wp-content\/uploads\/2022\/06\/Ibercenter-estructuras-organizativas-768x510.jpg 768w\" sizes=\"(max-width: 1000px) 100vw, 1000px\" \/><\/div><\/a>\n\t\t\t\t<div class=\"elementor-post__badge\">Negocios<\/div>\n\t\t\t\t<div class=\"elementor-post__text\">\n\t\t\t\t<h3 class=\"elementor-post__title\">\n\t\t\t<a href=\"https:\/\/ibercenter.com\/en\/what-you-need-to-know-about-organisational-structures\/\" >\n\t\t\t\tWhat you need to know about organisational structures\t\t\t<\/a>\n\t\t<\/h3>\n\t\t\n\t\t<a class=\"elementor-post__read-more\" href=\"https:\/\/ibercenter.com\/en\/what-you-need-to-know-about-organisational-structures\/\" aria-label=\"Read more about What you need to know about organisational structures\" tabindex=\"-1\" >\n\t\t\tMore Info \u00bb\t\t<\/a>\n\n\t\t\t\t<\/div>\n\t\t\t\t<div class=\"elementor-post__meta-data\">\n\t\t\t\t\t<span class=\"elementor-post-date\">\n\t\t\t20 de June de 2022\t\t<\/span>\n\t\t\t\t<span class=\"elementor-post-avatar\">\n\t\t\tNo Comments\t\t<\/span>\n\t\t\t\t<\/div>\n\t\t\t\t\t<\/div>\n\t\t<\/article>\n\t\t\t\t<article class=\"elementor-post elementor-grid-item post-33421 post type-post status-publish format-standard has-post-thumbnail hentry category-sin-categorizar\" role=\"listitem\">\n\t\t\t<div class=\"elementor-post__card\">\n\t\t\t\t<a class=\"elementor-post__thumbnail__link\" href=\"https:\/\/ibercenter.com\/en\/how-to-increase-productivity-in-the-office\/\" tabindex=\"-1\" ><div class=\"elementor-post__thumbnail\"><img loading=\"lazy\" decoding=\"async\" width=\"1000\" height=\"664\" src=\"https:\/\/ibercenter.com\/wp-content\/uploads\/2022\/06\/Aumentar-La-Productividad-ibercenter-centro-de-negocios-en-madrid.jpg\" class=\"attachment-full size-full wp-image-13068\" alt=\"Aumentar La Productividad ibercenter centro de negocios en madrid\" srcset=\"https:\/\/ibercenter.com\/wp-content\/uploads\/2022\/06\/Aumentar-La-Productividad-ibercenter-centro-de-negocios-en-madrid.jpg 1000w, https:\/\/ibercenter.com\/wp-content\/uploads\/2022\/06\/Aumentar-La-Productividad-ibercenter-centro-de-negocios-en-madrid-300x199.jpg 300w, https:\/\/ibercenter.com\/wp-content\/uploads\/2022\/06\/Aumentar-La-Productividad-ibercenter-centro-de-negocios-en-madrid-768x510.jpg 768w\" sizes=\"(max-width: 1000px) 100vw, 1000px\" \/><\/div><\/a>\n\t\t\t\t<div class=\"elementor-post__badge\">Negocios<\/div>\n\t\t\t\t<div class=\"elementor-post__text\">\n\t\t\t\t<h3 class=\"elementor-post__title\">\n\t\t\t<a href=\"https:\/\/ibercenter.com\/en\/how-to-increase-productivity-in-the-office\/\" >\n\t\t\t\tHow to increase productivity in the office\t\t\t<\/a>\n\t\t<\/h3>\n\t\t\n\t\t<a class=\"elementor-post__read-more\" href=\"https:\/\/ibercenter.com\/en\/how-to-increase-productivity-in-the-office\/\" aria-label=\"Read more about How to increase productivity in the office\" tabindex=\"-1\" >\n\t\t\tMore Info \u00bb\t\t<\/a>\n\n\t\t\t\t<\/div>\n\t\t\t\t<div class=\"elementor-post__meta-data\">\n\t\t\t\t\t<span class=\"elementor-post-date\">\n\t\t\t13 de May de 2022\t\t<\/span>\n\t\t\t\t<span class=\"elementor-post-avatar\">\n\t\t\tNo Comments\t\t<\/span>\n\t\t\t\t<\/div>\n\t\t\t\t\t<\/div>\n\t\t<\/article>\n\t\t\t\t<article class=\"elementor-post elementor-grid-item post-33424 post type-post status-publish format-standard has-post-thumbnail hentry category-sin-categorizar\" role=\"listitem\">\n\t\t\t<div class=\"elementor-post__card\">\n\t\t\t\t<a class=\"elementor-post__thumbnail__link\" href=\"https:\/\/ibercenter.com\/en\/what-does-it-mean-to-domicile-your-company-in-madrid\/\" tabindex=\"-1\" ><div class=\"elementor-post__thumbnail\"><img loading=\"lazy\" decoding=\"async\" width=\"1350\" height=\"284\" src=\"https:\/\/ibercenter.com\/wp-content\/uploads\/2020\/12\/Ventajas-de-domiciliar-tu-empresa-en-Madrid-scaled-1.jpg\" class=\"attachment-full size-full wp-image-9513\" alt=\"domiciliar tu empresa\" srcset=\"https:\/\/ibercenter.com\/wp-content\/uploads\/2020\/12\/Ventajas-de-domiciliar-tu-empresa-en-Madrid-scaled-1.jpg 1350w, https:\/\/ibercenter.com\/wp-content\/uploads\/2020\/12\/Ventajas-de-domiciliar-tu-empresa-en-Madrid-scaled-1-300x63.jpg 300w, https:\/\/ibercenter.com\/wp-content\/uploads\/2020\/12\/Ventajas-de-domiciliar-tu-empresa-en-Madrid-scaled-1-1024x215.jpg 1024w, https:\/\/ibercenter.com\/wp-content\/uploads\/2020\/12\/Ventajas-de-domiciliar-tu-empresa-en-Madrid-scaled-1-768x162.jpg 768w\" sizes=\"(max-width: 1350px) 100vw, 1350px\" \/><\/div><\/a>\n\t\t\t\t<div class=\"elementor-post__badge\">Negocios<\/div>\n\t\t\t\t<div class=\"elementor-post__text\">\n\t\t\t\t<h3 class=\"elementor-post__title\">\n\t\t\t<a href=\"https:\/\/ibercenter.com\/en\/what-does-it-mean-to-domicile-your-company-in-madrid\/\" >\n\t\t\t\tWhat does it mean to domicile your company in Madrid?\t\t\t<\/a>\n\t\t<\/h3>\n\t\t\n\t\t<a class=\"elementor-post__read-more\" href=\"https:\/\/ibercenter.com\/en\/what-does-it-mean-to-domicile-your-company-in-madrid\/\" aria-label=\"Read more about What does it mean to domicile your company in Madrid?\" tabindex=\"-1\" >\n\t\t\tMore Info \u00bb\t\t<\/a>\n\n\t\t\t\t<\/div>\n\t\t\t\t<div class=\"elementor-post__meta-data\">\n\t\t\t\t\t<span class=\"elementor-post-date\">\n\t\t\t7 de April de 2022\t\t<\/span>\n\t\t\t\t<span class=\"elementor-post-avatar\">\n\t\t\tNo Comments\t\t<\/span>\n\t\t\t\t<\/div>\n\t\t\t\t\t<\/div>\n\t\t<\/article>\n\t\t\t\t<article class=\"elementor-post elementor-grid-item post-33427 post type-post status-publish format-standard has-post-thumbnail hentry category-non-classifiee\" role=\"listitem\">\n\t\t\t<div class=\"elementor-post__card\">\n\t\t\t\t<a class=\"elementor-post__thumbnail__link\" href=\"https:\/\/ibercenter.com\/en\/7-perfect-set-up-types-for-your-event\/\" tabindex=\"-1\" ><div class=\"elementor-post__thumbnail\"><img loading=\"lazy\" decoding=\"async\" width=\"1200\" height=\"281\" src=\"https:\/\/ibercenter.com\/wp-content\/uploads\/2021\/09\/Tipos-de-montaje-para-eventos.webp\" class=\"attachment-full size-full wp-image-10940\" alt=\"montaje perfecto para tu evento\" srcset=\"https:\/\/ibercenter.com\/wp-content\/uploads\/2021\/09\/Tipos-de-montaje-para-eventos.webp 1200w, https:\/\/ibercenter.com\/wp-content\/uploads\/2021\/09\/Tipos-de-montaje-para-eventos-300x70.webp 300w, https:\/\/ibercenter.com\/wp-content\/uploads\/2021\/09\/Tipos-de-montaje-para-eventos-1024x240.webp 1024w, https:\/\/ibercenter.com\/wp-content\/uploads\/2021\/09\/Tipos-de-montaje-para-eventos-768x180.webp 768w\" sizes=\"(max-width: 1200px) 100vw, 1200px\" \/><\/div><\/a>\n\t\t\t\t<div class=\"elementor-post__badge\">Corporative<\/div>\n\t\t\t\t<div class=\"elementor-post__text\">\n\t\t\t\t<h3 class=\"elementor-post__title\">\n\t\t\t<a href=\"https:\/\/ibercenter.com\/en\/7-perfect-set-up-types-for-your-event\/\" >\n\t\t\t\t7 Perfect set-up types for your event\t\t\t<\/a>\n\t\t<\/h3>\n\t\t\n\t\t<a class=\"elementor-post__read-more\" href=\"https:\/\/ibercenter.com\/en\/7-perfect-set-up-types-for-your-event\/\" aria-label=\"Read more about 7 Perfect set-up types for your event\" tabindex=\"-1\" >\n\t\t\tMore Info \u00bb\t\t<\/a>\n\n\t\t\t\t<\/div>\n\t\t\t\t<div class=\"elementor-post__meta-data\">\n\t\t\t\t\t<span class=\"elementor-post-date\">\n\t\t\t7 de March de 2022\t\t<\/span>\n\t\t\t\t<span class=\"elementor-post-avatar\">\n\t\t\tNo Comments\t\t<\/span>\n\t\t\t\t<\/div>\n\t\t\t\t\t<\/div>\n\t\t<\/article>\n\t\t\t\t<article class=\"elementor-post elementor-grid-item post-33433 post type-post status-publish format-standard has-post-thumbnail hentry category-sin-categorizar\" role=\"listitem\">\n\t\t\t<div class=\"elementor-post__card\">\n\t\t\t\t<a class=\"elementor-post__thumbnail__link\" href=\"https:\/\/ibercenter.com\/en\/telesecretary-what-is-it-and-what-are-its-advantages\/\" tabindex=\"-1\" ><div class=\"elementor-post__thumbnail\"><img loading=\"lazy\" decoding=\"async\" width=\"800\" height=\"600\" src=\"https:\/\/ibercenter.com\/wp-content\/uploads\/2020\/07\/Imagen2-scaled-4.jpg\" class=\"attachment-full size-full wp-image-5484\" alt=\"Telesecretar\u00eda: que es y ventajas\" srcset=\"https:\/\/ibercenter.com\/wp-content\/uploads\/2020\/07\/Imagen2-scaled-4.jpg 800w, https:\/\/ibercenter.com\/wp-content\/uploads\/2020\/07\/Imagen2-scaled-4-300x225.jpg 300w, https:\/\/ibercenter.com\/wp-content\/uploads\/2020\/07\/Imagen2-scaled-4-768x576.jpg 768w\" sizes=\"(max-width: 800px) 100vw, 800px\" \/><\/div><\/a>\n\t\t\t\t<div class=\"elementor-post__badge\">Negocios<\/div>\n\t\t\t\t<div class=\"elementor-post__text\">\n\t\t\t\t<h3 class=\"elementor-post__title\">\n\t\t\t<a href=\"https:\/\/ibercenter.com\/en\/telesecretary-what-is-it-and-what-are-its-advantages\/\" >\n\t\t\t\tTelesecretary: what is it and what are its advantages?\t\t\t<\/a>\n\t\t<\/h3>\n\t\t\n\t\t<a class=\"elementor-post__read-more\" href=\"https:\/\/ibercenter.com\/en\/telesecretary-what-is-it-and-what-are-its-advantages\/\" aria-label=\"Read more about Telesecretary: what is it and what are its advantages?\" tabindex=\"-1\" >\n\t\t\tMore Info \u00bb\t\t<\/a>\n\n\t\t\t\t<\/div>\n\t\t\t\t<div class=\"elementor-post__meta-data\">\n\t\t\t\t\t<span class=\"elementor-post-date\">\n\t\t\t25 de January de 2022\t\t<\/span>\n\t\t\t\t<span class=\"elementor-post-avatar\">\n\t\t\tNo Comments\t\t<\/span>\n\t\t\t\t<\/div>\n\t\t\t\t\t<\/div>\n\t\t<\/article>\n\t\t\t\t<article class=\"elementor-post elementor-grid-item post-33658 post type-post status-publish format-standard has-post-thumbnail hentry category-sin-categorizar\" role=\"listitem\">\n\t\t\t<div class=\"elementor-post__card\">\n\t\t\t\t<a class=\"elementor-post__thumbnail__link\" href=\"https:\/\/ibercenter.com\/en\/ergonomics-in-the-office-how-we-set-up-workspaces\/\" tabindex=\"-1\" ><div class=\"elementor-post__thumbnail\"><img loading=\"lazy\" decoding=\"async\" width=\"1350\" height=\"311\" src=\"https:\/\/ibercenter.com\/wp-content\/uploads\/2020\/11\/Ergonomia-en-la-oficina-1-scaled-1.jpg\" class=\"attachment-full size-full wp-image-9326\" alt=\"ergonom\u00eda en la oficina\" srcset=\"https:\/\/ibercenter.com\/wp-content\/uploads\/2020\/11\/Ergonomia-en-la-oficina-1-scaled-1.jpg 1350w, https:\/\/ibercenter.com\/wp-content\/uploads\/2020\/11\/Ergonomia-en-la-oficina-1-scaled-1-300x69.jpg 300w, https:\/\/ibercenter.com\/wp-content\/uploads\/2020\/11\/Ergonomia-en-la-oficina-1-scaled-1-1024x236.jpg 1024w, https:\/\/ibercenter.com\/wp-content\/uploads\/2020\/11\/Ergonomia-en-la-oficina-1-scaled-1-768x177.jpg 768w\" sizes=\"(max-width: 1350px) 100vw, 1350px\" \/><\/div><\/a>\n\t\t\t\t<div class=\"elementor-post__badge\">Negocios<\/div>\n\t\t\t\t<div class=\"elementor-post__text\">\n\t\t\t\t<h3 class=\"elementor-post__title\">\n\t\t\t<a href=\"https:\/\/ibercenter.com\/en\/ergonomics-in-the-office-how-we-set-up-workspaces\/\" >\n\t\t\t\tErgonomics in the office: how we set up workspaces\t\t\t<\/a>\n\t\t<\/h3>\n\t\t\n\t\t<a class=\"elementor-post__read-more\" href=\"https:\/\/ibercenter.com\/en\/ergonomics-in-the-office-how-we-set-up-workspaces\/\" aria-label=\"Read more about Ergonomics in the office: how we set up workspaces\" tabindex=\"-1\" >\n\t\t\tMore Info \u00bb\t\t<\/a>\n\n\t\t\t\t<\/div>\n\t\t\t\t<div class=\"elementor-post__meta-data\">\n\t\t\t\t\t<span class=\"elementor-post-date\">\n\t\t\t24 de January de 2022\t\t<\/span>\n\t\t\t\t<span class=\"elementor-post-avatar\">\n\t\t\tNo Comments\t\t<\/span>\n\t\t\t\t<\/div>\n\t\t\t\t\t<\/div>\n\t\t<\/article>\n\t\t\t\t<article class=\"elementor-post elementor-grid-item post-32607 post type-post status-publish format-standard has-post-thumbnail hentry category-sin-categorizar\" role=\"listitem\">\n\t\t\t<div class=\"elementor-post__card\">\n\t\t\t\t<a class=\"elementor-post__thumbnail__link\" href=\"https:\/\/ibercenter.com\/en\/how-to-improve-time-management-at-work\/\" tabindex=\"-1\" ><div class=\"elementor-post__thumbnail\"><img loading=\"lazy\" decoding=\"async\" width=\"1800\" height=\"683\" src=\"https:\/\/ibercenter.com\/wp-content\/uploads\/2020\/09\/Gestion-del-tiempo-en-el-trabajo.jpg\" class=\"attachment-full size-full wp-image-8411\" alt=\"gestion del tiempo en el trabajo\" srcset=\"https:\/\/ibercenter.com\/wp-content\/uploads\/2020\/09\/Gestion-del-tiempo-en-el-trabajo.jpg 1800w, https:\/\/ibercenter.com\/wp-content\/uploads\/2020\/09\/Gestion-del-tiempo-en-el-trabajo-300x114.jpg 300w, https:\/\/ibercenter.com\/wp-content\/uploads\/2020\/09\/Gestion-del-tiempo-en-el-trabajo-1024x389.jpg 1024w, https:\/\/ibercenter.com\/wp-content\/uploads\/2020\/09\/Gestion-del-tiempo-en-el-trabajo-768x291.jpg 768w, https:\/\/ibercenter.com\/wp-content\/uploads\/2020\/09\/Gestion-del-tiempo-en-el-trabajo-1536x583.jpg 1536w\" sizes=\"(max-width: 1800px) 100vw, 1800px\" \/><\/div><\/a>\n\t\t\t\t<div class=\"elementor-post__badge\">Negocios<\/div>\n\t\t\t\t<div class=\"elementor-post__text\">\n\t\t\t\t<h3 class=\"elementor-post__title\">\n\t\t\t<a href=\"https:\/\/ibercenter.com\/en\/how-to-improve-time-management-at-work\/\" >\n\t\t\t\tHow to improve time management at work?\t\t\t<\/a>\n\t\t<\/h3>\n\t\t\n\t\t<a class=\"elementor-post__read-more\" href=\"https:\/\/ibercenter.com\/en\/how-to-improve-time-management-at-work\/\" aria-label=\"Read more about How to improve time management at work?\" tabindex=\"-1\" >\n\t\t\tMore Info \u00bb\t\t<\/a>\n\n\t\t\t\t<\/div>\n\t\t\t\t<div class=\"elementor-post__meta-data\">\n\t\t\t\t\t<span class=\"elementor-post-date\">\n\t\t\t21 de January de 2022\t\t<\/span>\n\t\t\t\t<span class=\"elementor-post-avatar\">\n\t\t\tNo Comments\t\t<\/span>\n\t\t\t\t<\/div>\n\t\t\t\t\t<\/div>\n\t\t<\/article>\n\t\t\t\t<article class=\"elementor-post elementor-grid-item post-32625 post type-post status-publish format-standard has-post-thumbnail hentry category-sin-categorizar\" role=\"listitem\">\n\t\t\t<div class=\"elementor-post__card\">\n\t\t\t\t<a class=\"elementor-post__thumbnail__link\" href=\"https:\/\/ibercenter.com\/en\/how-to-organise-effective-business-meetings\/\" tabindex=\"-1\" ><div class=\"elementor-post__thumbnail\"><img loading=\"lazy\" decoding=\"async\" width=\"1000\" height=\"300\" src=\"https:\/\/ibercenter.com\/wp-content\/uploads\/2020\/09\/Como-organizar-reuniones-de-trabajo-eficaces.webp\" class=\"attachment-full size-full wp-image-10996\" alt=\"reuniones de trabajo eficaces\" srcset=\"https:\/\/ibercenter.com\/wp-content\/uploads\/2020\/09\/Como-organizar-reuniones-de-trabajo-eficaces.webp 1000w, https:\/\/ibercenter.com\/wp-content\/uploads\/2020\/09\/Como-organizar-reuniones-de-trabajo-eficaces-300x90.webp 300w, https:\/\/ibercenter.com\/wp-content\/uploads\/2020\/09\/Como-organizar-reuniones-de-trabajo-eficaces-768x230.webp 768w\" sizes=\"(max-width: 1000px) 100vw, 1000px\" \/><\/div><\/a>\n\t\t\t\t<div class=\"elementor-post__badge\">Negocios<\/div>\n\t\t\t\t<div class=\"elementor-post__text\">\n\t\t\t\t<h3 class=\"elementor-post__title\">\n\t\t\t<a href=\"https:\/\/ibercenter.com\/en\/how-to-organise-effective-business-meetings\/\" >\n\t\t\t\tHow to organise effective business meetings\t\t\t<\/a>\n\t\t<\/h3>\n\t\t\n\t\t<a class=\"elementor-post__read-more\" href=\"https:\/\/ibercenter.com\/en\/how-to-organise-effective-business-meetings\/\" aria-label=\"Read more about How to organise effective business meetings\" tabindex=\"-1\" >\n\t\t\tMore Info \u00bb\t\t<\/a>\n\n\t\t\t\t<\/div>\n\t\t\t\t<div class=\"elementor-post__meta-data\">\n\t\t\t\t\t<span class=\"elementor-post-date\">\n\t\t\t20 de January de 2022\t\t<\/span>\n\t\t\t\t<span class=\"elementor-post-avatar\">\n\t\t\tNo Comments\t\t<\/span>\n\t\t\t\t<\/div>\n\t\t\t\t\t<\/div>\n\t\t<\/article>\n\t\t\t\t<article class=\"elementor-post elementor-grid-item post-32630 post type-post status-publish format-standard has-post-thumbnail hentry category-sin-categorizar\" role=\"listitem\">\n\t\t\t<div class=\"elementor-post__card\">\n\t\t\t\t<a class=\"elementor-post__thumbnail__link\" href=\"https:\/\/ibercenter.com\/en\/10-tips-on-where-to-locate-your-business\/\" tabindex=\"-1\" ><div class=\"elementor-post__thumbnail\"><img loading=\"lazy\" decoding=\"async\" width=\"900\" height=\"600\" src=\"https:\/\/ibercenter.com\/wp-content\/uploads\/2020\/07\/ibercenter-gran-via.jpg\" class=\"attachment-full size-full wp-image-6282\" alt=\"donde ubicar tu negocio\" srcset=\"https:\/\/ibercenter.com\/wp-content\/uploads\/2020\/07\/ibercenter-gran-via.jpg 900w, https:\/\/ibercenter.com\/wp-content\/uploads\/2020\/07\/ibercenter-gran-via-300x200.jpg 300w, https:\/\/ibercenter.com\/wp-content\/uploads\/2020\/07\/ibercenter-gran-via-768x512.jpg 768w\" sizes=\"(max-width: 900px) 100vw, 900px\" \/><\/div><\/a>\n\t\t\t\t<div class=\"elementor-post__badge\">Negocios<\/div>\n\t\t\t\t<div class=\"elementor-post__text\">\n\t\t\t\t<h3 class=\"elementor-post__title\">\n\t\t\t<a href=\"https:\/\/ibercenter.com\/en\/10-tips-on-where-to-locate-your-business\/\" >\n\t\t\t\t10 tips on where to locate your business\t\t\t<\/a>\n\t\t<\/h3>\n\t\t\n\t\t<a class=\"elementor-post__read-more\" href=\"https:\/\/ibercenter.com\/en\/10-tips-on-where-to-locate-your-business\/\" aria-label=\"Read more about 10 tips on where to locate your business\" tabindex=\"-1\" >\n\t\t\tMore Info \u00bb\t\t<\/a>\n\n\t\t\t\t<\/div>\n\t\t\t\t<div class=\"elementor-post__meta-data\">\n\t\t\t\t\t<span class=\"elementor-post-date\">\n\t\t\t19 de January de 2022\t\t<\/span>\n\t\t\t\t<span class=\"elementor-post-avatar\">\n\t\t\tNo Comments\t\t<\/span>\n\t\t\t\t<\/div>\n\t\t\t\t\t<\/div>\n\t\t<\/article>\n\t\t\t\t<article class=\"elementor-post elementor-grid-item post-15740 post type-post status-publish format-standard has-post-thumbnail hentry category-sin-categorizar\" role=\"listitem\">\n\t\t\t<div class=\"elementor-post__card\">\n\t\t\t\t<a class=\"elementor-post__thumbnail__link\" href=\"https:\/\/ibercenter.com\/en\/flexible-offices-the-new-trend-after-the-pandemic\/\" tabindex=\"-1\" ><div class=\"elementor-post__thumbnail\"><img loading=\"lazy\" decoding=\"async\" width=\"900\" height=\"600\" src=\"https:\/\/ibercenter.com\/wp-content\/uploads\/2020\/07\/despacho-principal-ibercenter-gran-via-3.jpg\" class=\"attachment-full size-full wp-image-6365\" alt=\"Oficinas flexibles\" srcset=\"https:\/\/ibercenter.com\/wp-content\/uploads\/2020\/07\/despacho-principal-ibercenter-gran-via-3.jpg 900w, https:\/\/ibercenter.com\/wp-content\/uploads\/2020\/07\/despacho-principal-ibercenter-gran-via-3-300x200.jpg 300w, https:\/\/ibercenter.com\/wp-content\/uploads\/2020\/07\/despacho-principal-ibercenter-gran-via-3-768x512.jpg 768w\" sizes=\"(max-width: 900px) 100vw, 900px\" \/><\/div><\/a>\n\t\t\t\t<div class=\"elementor-post__badge\">Negocios<\/div>\n\t\t\t\t<div class=\"elementor-post__text\">\n\t\t\t\t<h3 class=\"elementor-post__title\">\n\t\t\t<a href=\"https:\/\/ibercenter.com\/en\/flexible-offices-the-new-trend-after-the-pandemic\/\" >\n\t\t\t\tFlexible Offices, the new trend after the Pandemic\t\t\t<\/a>\n\t\t<\/h3>\n\t\t\n\t\t<a class=\"elementor-post__read-more\" href=\"https:\/\/ibercenter.com\/en\/flexible-offices-the-new-trend-after-the-pandemic\/\" aria-label=\"Read more about Flexible Offices, the new trend after the Pandemic\" tabindex=\"-1\" >\n\t\t\tMore Info \u00bb\t\t<\/a>\n\n\t\t\t\t<\/div>\n\t\t\t\t<div class=\"elementor-post__meta-data\">\n\t\t\t\t\t<span class=\"elementor-post-date\">\n\t\t\t18 de January de 2022\t\t<\/span>\n\t\t\t\t<span class=\"elementor-post-avatar\">\n\t\t\tNo Comments\t\t<\/span>\n\t\t\t\t<\/div>\n\t\t\t\t\t<\/div>\n\t\t<\/article>\n\t\t\t\t<article class=\"elementor-post elementor-grid-item post-32636 post type-post status-publish format-standard has-post-thumbnail hentry category-sin-categorizar\" role=\"listitem\">\n\t\t\t<div class=\"elementor-post__card\">\n\t\t\t\t<a class=\"elementor-post__thumbnail__link\" href=\"https:\/\/ibercenter.com\/en\/how-to-start-your-business-8-tips-to-get-started\/\" tabindex=\"-1\" ><div class=\"elementor-post__thumbnail\"><img loading=\"lazy\" decoding=\"async\" width=\"1200\" height=\"450\" src=\"https:\/\/ibercenter.com\/wp-content\/uploads\/2020\/10\/como-montar-un-negocio.jpg\" class=\"attachment-full size-full wp-image-8443\" alt=\"emprender tu negocio\" srcset=\"https:\/\/ibercenter.com\/wp-content\/uploads\/2020\/10\/como-montar-un-negocio.jpg 1200w, https:\/\/ibercenter.com\/wp-content\/uploads\/2020\/10\/como-montar-un-negocio-300x113.jpg 300w, https:\/\/ibercenter.com\/wp-content\/uploads\/2020\/10\/como-montar-un-negocio-1024x384.jpg 1024w, https:\/\/ibercenter.com\/wp-content\/uploads\/2020\/10\/como-montar-un-negocio-768x288.jpg 768w\" sizes=\"(max-width: 1200px) 100vw, 1200px\" \/><\/div><\/a>\n\t\t\t\t<div class=\"elementor-post__badge\">Negocios<\/div>\n\t\t\t\t<div class=\"elementor-post__text\">\n\t\t\t\t<h3 class=\"elementor-post__title\">\n\t\t\t<a href=\"https:\/\/ibercenter.com\/en\/how-to-start-your-business-8-tips-to-get-started\/\" >\n\t\t\t\tHow to start your business? 8 Tips to Get Started\t\t\t<\/a>\n\t\t<\/h3>\n\t\t\n\t\t<a class=\"elementor-post__read-more\" href=\"https:\/\/ibercenter.com\/en\/how-to-start-your-business-8-tips-to-get-started\/\" aria-label=\"Read more about How to start your business? 8 Tips to Get Started\" tabindex=\"-1\" >\n\t\t\tMore Info \u00bb\t\t<\/a>\n\n\t\t\t\t<\/div>\n\t\t\t\t<div class=\"elementor-post__meta-data\">\n\t\t\t\t\t<span class=\"elementor-post-date\">\n\t\t\t10 de January de 2022\t\t<\/span>\n\t\t\t\t<span class=\"elementor-post-avatar\">\n\t\t\tNo Comments\t\t<\/span>\n\t\t\t\t<\/div>\n\t\t\t\t\t<\/div>\n\t\t<\/article>\n\t\t\t\t<article class=\"elementor-post elementor-grid-item post-32639 post type-post status-publish format-standard has-post-thumbnail hentry category-sin-categorizar\" role=\"listitem\">\n\t\t\t<div class=\"elementor-post__card\">\n\t\t\t\t<a class=\"elementor-post__thumbnail__link\" href=\"https:\/\/ibercenter.com\/en\/does-work-flexibility-increase-productivity\/\" tabindex=\"-1\" ><div class=\"elementor-post__thumbnail\"><img loading=\"lazy\" decoding=\"async\" width=\"1200\" height=\"475\" src=\"https:\/\/ibercenter.com\/wp-content\/uploads\/2020\/10\/flexibilidad-laboral-y-productividad.jpg\" class=\"attachment-full size-full wp-image-8653\" alt=\"flexibilidad laboral\" srcset=\"https:\/\/ibercenter.com\/wp-content\/uploads\/2020\/10\/flexibilidad-laboral-y-productividad.jpg 1200w, https:\/\/ibercenter.com\/wp-content\/uploads\/2020\/10\/flexibilidad-laboral-y-productividad-300x119.jpg 300w, https:\/\/ibercenter.com\/wp-content\/uploads\/2020\/10\/flexibilidad-laboral-y-productividad-1024x405.jpg 1024w, https:\/\/ibercenter.com\/wp-content\/uploads\/2020\/10\/flexibilidad-laboral-y-productividad-768x304.jpg 768w\" sizes=\"(max-width: 1200px) 100vw, 1200px\" \/><\/div><\/a>\n\t\t\t\t<div class=\"elementor-post__badge\">Negocios<\/div>\n\t\t\t\t<div class=\"elementor-post__text\">\n\t\t\t\t<h3 class=\"elementor-post__title\">\n\t\t\t<a href=\"https:\/\/ibercenter.com\/en\/does-work-flexibility-increase-productivity\/\" >\n\t\t\t\tDoes work flexibility increase productivity?\t\t\t<\/a>\n\t\t<\/h3>\n\t\t\n\t\t<a class=\"elementor-post__read-more\" href=\"https:\/\/ibercenter.com\/en\/does-work-flexibility-increase-productivity\/\" aria-label=\"Read more about Does work flexibility increase productivity?\" tabindex=\"-1\" >\n\t\t\tMore Info \u00bb\t\t<\/a>\n\n\t\t\t\t<\/div>\n\t\t\t\t<div class=\"elementor-post__meta-data\">\n\t\t\t\t\t<span class=\"elementor-post-date\">\n\t\t\t21 de October de 2021\t\t<\/span>\n\t\t\t\t<span class=\"elementor-post-avatar\">\n\t\t\tNo Comments\t\t<\/span>\n\t\t\t\t<\/div>\n\t\t\t\t\t<\/div>\n\t\t<\/article>\n\t\t\t\t<article class=\"elementor-post elementor-grid-item post-32650 post type-post status-publish format-standard has-post-thumbnail hentry category-sin-categorizar\" role=\"listitem\">\n\t\t\t<div class=\"elementor-post__card\">\n\t\t\t\t<a class=\"elementor-post__thumbnail__link\" href=\"https:\/\/ibercenter.com\/en\/covid-19-protocol-updated-october-2021\/\" tabindex=\"-1\" ><div class=\"elementor-post__thumbnail\"><img loading=\"lazy\" decoding=\"async\" width=\"977\" height=\"600\" src=\"https:\/\/ibercenter.com\/wp-content\/uploads\/2020\/05\/protocolo-covid-19-ibercenter-1.jpg\" class=\"attachment-full size-full wp-image-5065\" alt=\"Covid-19\" srcset=\"https:\/\/ibercenter.com\/wp-content\/uploads\/2020\/05\/protocolo-covid-19-ibercenter-1.jpg 977w, https:\/\/ibercenter.com\/wp-content\/uploads\/2020\/05\/protocolo-covid-19-ibercenter-1-300x184.jpg 300w, https:\/\/ibercenter.com\/wp-content\/uploads\/2020\/05\/protocolo-covid-19-ibercenter-1-768x472.jpg 768w\" sizes=\"(max-width: 977px) 100vw, 977px\" \/><\/div><\/a>\n\t\t\t\t<div class=\"elementor-post__badge\">Negocios<\/div>\n\t\t\t\t<div class=\"elementor-post__text\">\n\t\t\t\t<h3 class=\"elementor-post__title\">\n\t\t\t<a href=\"https:\/\/ibercenter.com\/en\/covid-19-protocol-updated-october-2021\/\" >\n\t\t\t\tCovid-19 Protocol [Updated October 2021]\t\t\t<\/a>\n\t\t<\/h3>\n\t\t\n\t\t<a class=\"elementor-post__read-more\" href=\"https:\/\/ibercenter.com\/en\/covid-19-protocol-updated-october-2021\/\" aria-label=\"Read more about Covid-19 Protocol [Updated October 2021]\" tabindex=\"-1\" >\n\t\t\tMore Info \u00bb\t\t<\/a>\n\n\t\t\t\t<\/div>\n\t\t\t\t<div class=\"elementor-post__meta-data\">\n\t\t\t\t\t<span class=\"elementor-post-date\">\n\t\t\t1 de September de 2021\t\t<\/span>\n\t\t\t\t<span class=\"elementor-post-avatar\">\n\t\t\tNo Comments\t\t<\/span>\n\t\t\t\t<\/div>\n\t\t\t\t\t<\/div>\n\t\t<\/article>\n\t\t\t\t<article class=\"elementor-post elementor-grid-item post-32666 post type-post status-publish format-standard has-post-thumbnail hentry category-sin-categorizar\" role=\"listitem\">\n\t\t\t<div class=\"elementor-post__card\">\n\t\t\t\t<a class=\"elementor-post__thumbnail__link\" href=\"https:\/\/ibercenter.com\/en\/my-business-is-not-working-5-mistakes-and-how-to-fix-them\/\" tabindex=\"-1\" ><div class=\"elementor-post__thumbnail\"><img loading=\"lazy\" decoding=\"async\" width=\"1730\" height=\"399\" src=\"https:\/\/ibercenter.com\/wp-content\/uploads\/2021\/06\/Mi-negocio-no-funciona.jpg\" class=\"attachment-full size-full wp-image-10663\" alt=\"Mi negocio no funciona\" srcset=\"https:\/\/ibercenter.com\/wp-content\/uploads\/2021\/06\/Mi-negocio-no-funciona.jpg 1730w, https:\/\/ibercenter.com\/wp-content\/uploads\/2021\/06\/Mi-negocio-no-funciona-300x69.jpg 300w, https:\/\/ibercenter.com\/wp-content\/uploads\/2021\/06\/Mi-negocio-no-funciona-1024x236.jpg 1024w, https:\/\/ibercenter.com\/wp-content\/uploads\/2021\/06\/Mi-negocio-no-funciona-768x177.jpg 768w, https:\/\/ibercenter.com\/wp-content\/uploads\/2021\/06\/Mi-negocio-no-funciona-1536x354.jpg 1536w\" sizes=\"(max-width: 1730px) 100vw, 1730px\" \/><\/div><\/a>\n\t\t\t\t<div class=\"elementor-post__badge\">Negocios<\/div>\n\t\t\t\t<div class=\"elementor-post__text\">\n\t\t\t\t<h3 class=\"elementor-post__title\">\n\t\t\t<a href=\"https:\/\/ibercenter.com\/en\/my-business-is-not-working-5-mistakes-and-how-to-fix-them\/\" >\n\t\t\t\tMy business is not working. 5 Mistakes and How to fix them\t\t\t<\/a>\n\t\t<\/h3>\n\t\t\n\t\t<a class=\"elementor-post__read-more\" href=\"https:\/\/ibercenter.com\/en\/my-business-is-not-working-5-mistakes-and-how-to-fix-them\/\" aria-label=\"Read more about My business is not working. 5 Mistakes and How to fix them\" tabindex=\"-1\" >\n\t\t\tMore Info \u00bb\t\t<\/a>\n\n\t\t\t\t<\/div>\n\t\t\t\t<div class=\"elementor-post__meta-data\">\n\t\t\t\t\t<span class=\"elementor-post-date\">\n\t\t\t22 de June de 2021\t\t<\/span>\n\t\t\t\t<span class=\"elementor-post-avatar\">\n\t\t\tNo Comments\t\t<\/span>\n\t\t\t\t<\/div>\n\t\t\t\t\t<\/div>\n\t\t<\/article>\n\t\t\t\t<article class=\"elementor-post elementor-grid-item post-32678 post type-post status-publish format-standard has-post-thumbnail hentry category-sin-categorizar\" role=\"listitem\">\n\t\t\t<div class=\"elementor-post__card\">\n\t\t\t\t<a class=\"elementor-post__thumbnail__link\" href=\"https:\/\/ibercenter.com\/en\/4-niche-market-examples-in-2021\/\" tabindex=\"-1\" ><div class=\"elementor-post__thumbnail\"><img loading=\"lazy\" decoding=\"async\" width=\"1920\" height=\"1280\" src=\"https:\/\/ibercenter.com\/wp-content\/uploads\/2021\/06\/4-ejemplos-de-nicho-de-mercado-en-2021.jpg\" class=\"attachment-full size-full wp-image-10537\" alt=\"4 ejemplos de nicho de mercado en 2021\" srcset=\"https:\/\/ibercenter.com\/wp-content\/uploads\/2021\/06\/4-ejemplos-de-nicho-de-mercado-en-2021.jpg 1920w, https:\/\/ibercenter.com\/wp-content\/uploads\/2021\/06\/4-ejemplos-de-nicho-de-mercado-en-2021-300x200.jpg 300w, https:\/\/ibercenter.com\/wp-content\/uploads\/2021\/06\/4-ejemplos-de-nicho-de-mercado-en-2021-1024x683.jpg 1024w, https:\/\/ibercenter.com\/wp-content\/uploads\/2021\/06\/4-ejemplos-de-nicho-de-mercado-en-2021-768x512.jpg 768w, https:\/\/ibercenter.com\/wp-content\/uploads\/2021\/06\/4-ejemplos-de-nicho-de-mercado-en-2021-1536x1024.jpg 1536w\" sizes=\"(max-width: 1920px) 100vw, 1920px\" \/><\/div><\/a>\n\t\t\t\t<div class=\"elementor-post__badge\">Negocios<\/div>\n\t\t\t\t<div class=\"elementor-post__text\">\n\t\t\t\t<h3 class=\"elementor-post__title\">\n\t\t\t<a href=\"https:\/\/ibercenter.com\/en\/4-niche-market-examples-in-2021\/\" >\n\t\t\t\t4 niche market examples in 2021\t\t\t<\/a>\n\t\t<\/h3>\n\t\t\n\t\t<a class=\"elementor-post__read-more\" href=\"https:\/\/ibercenter.com\/en\/4-niche-market-examples-in-2021\/\" aria-label=\"Read more about 4 niche market examples in 2021\" tabindex=\"-1\" >\n\t\t\tMore Info \u00bb\t\t<\/a>\n\n\t\t\t\t<\/div>\n\t\t\t\t<div class=\"elementor-post__meta-data\">\n\t\t\t\t\t<span class=\"elementor-post-date\">\n\t\t\t4 de June de 2021\t\t<\/span>\n\t\t\t\t<span class=\"elementor-post-avatar\">\n\t\t\tNo Comments\t\t<\/span>\n\t\t\t\t<\/div>\n\t\t\t\t\t<\/div>\n\t\t<\/article>\n\t\t\t\t<article class=\"elementor-post elementor-grid-item post-32683 post type-post status-publish format-standard has-post-thumbnail hentry category-sin-categorizar\" role=\"listitem\">\n\t\t\t<div class=\"elementor-post__card\">\n\t\t\t\t<a class=\"elementor-post__thumbnail__link\" href=\"https:\/\/ibercenter.com\/en\/how-to-decorate-your-office-layout-and-design\/\" tabindex=\"-1\" ><div class=\"elementor-post__thumbnail\"><img loading=\"lazy\" decoding=\"async\" width=\"900\" height=\"600\" src=\"https:\/\/ibercenter.com\/wp-content\/uploads\/2021\/05\/como-decorar-tu-oficina.jpg\" class=\"attachment-full size-full wp-image-10494\" alt=\"decorar tu oficina\" srcset=\"https:\/\/ibercenter.com\/wp-content\/uploads\/2021\/05\/como-decorar-tu-oficina.jpg 900w, https:\/\/ibercenter.com\/wp-content\/uploads\/2021\/05\/como-decorar-tu-oficina-300x200.jpg 300w, https:\/\/ibercenter.com\/wp-content\/uploads\/2021\/05\/como-decorar-tu-oficina-768x512.jpg 768w\" sizes=\"(max-width: 900px) 100vw, 900px\" \/><\/div><\/a>\n\t\t\t\t<div class=\"elementor-post__badge\">Negocios<\/div>\n\t\t\t\t<div class=\"elementor-post__text\">\n\t\t\t\t<h3 class=\"elementor-post__title\">\n\t\t\t<a href=\"https:\/\/ibercenter.com\/en\/how-to-decorate-your-office-layout-and-design\/\" >\n\t\t\t\tHow to decorate your office: layout and design\t\t\t<\/a>\n\t\t<\/h3>\n\t\t\n\t\t<a class=\"elementor-post__read-more\" href=\"https:\/\/ibercenter.com\/en\/how-to-decorate-your-office-layout-and-design\/\" aria-label=\"Read more about How to decorate your office: layout and design\" tabindex=\"-1\" >\n\t\t\tMore Info \u00bb\t\t<\/a>\n\n\t\t\t\t<\/div>\n\t\t\t\t<div class=\"elementor-post__meta-data\">\n\t\t\t\t\t<span class=\"elementor-post-date\">\n\t\t\t28 de May de 2021\t\t<\/span>\n\t\t\t\t<span class=\"elementor-post-avatar\">\n\t\t\tNo Comments\t\t<\/span>\n\t\t\t\t<\/div>\n\t\t\t\t\t<\/div>\n\t\t<\/article>\n\t\t\t\t<article class=\"elementor-post elementor-grid-item post-32687 post type-post status-publish format-standard has-post-thumbnail hentry category-sin-categorizar\" role=\"listitem\">\n\t\t\t<div class=\"elementor-post__card\">\n\t\t\t\t<a class=\"elementor-post__thumbnail__link\" href=\"https:\/\/ibercenter.com\/en\/business-networking\/\" tabindex=\"-1\" ><div class=\"elementor-post__thumbnail\"><img loading=\"lazy\" decoding=\"async\" width=\"1600\" height=\"1060\" src=\"https:\/\/ibercenter.com\/wp-content\/uploads\/2021\/05\/pexels-visual-tag-mx-2566581-scaled-1.jpg\" class=\"attachment-full size-full wp-image-10368\" alt=\"networking empresarial\" srcset=\"https:\/\/ibercenter.com\/wp-content\/uploads\/2021\/05\/pexels-visual-tag-mx-2566581-scaled-1.jpg 1600w, https:\/\/ibercenter.com\/wp-content\/uploads\/2021\/05\/pexels-visual-tag-mx-2566581-scaled-1-300x199.jpg 300w, https:\/\/ibercenter.com\/wp-content\/uploads\/2021\/05\/pexels-visual-tag-mx-2566581-scaled-1-1024x678.jpg 1024w, https:\/\/ibercenter.com\/wp-content\/uploads\/2021\/05\/pexels-visual-tag-mx-2566581-scaled-1-768x509.jpg 768w, https:\/\/ibercenter.com\/wp-content\/uploads\/2021\/05\/pexels-visual-tag-mx-2566581-scaled-1-1536x1018.jpg 1536w\" sizes=\"(max-width: 1600px) 100vw, 1600px\" \/><\/div><\/a>\n\t\t\t\t<div class=\"elementor-post__badge\">Negocios<\/div>\n\t\t\t\t<div class=\"elementor-post__text\">\n\t\t\t\t<h3 class=\"elementor-post__title\">\n\t\t\t<a href=\"https:\/\/ibercenter.com\/en\/business-networking\/\" >\n\t\t\t\tBusiness networking\t\t\t<\/a>\n\t\t<\/h3>\n\t\t\n\t\t<a class=\"elementor-post__read-more\" href=\"https:\/\/ibercenter.com\/en\/business-networking\/\" aria-label=\"Read more about Business networking\" tabindex=\"-1\" >\n\t\t\tMore Info \u00bb\t\t<\/a>\n\n\t\t\t\t<\/div>\n\t\t\t\t<div class=\"elementor-post__meta-data\">\n\t\t\t\t\t<span class=\"elementor-post-date\">\n\t\t\t11 de May de 2021\t\t<\/span>\n\t\t\t\t<span class=\"elementor-post-avatar\">\n\t\t\tNo Comments\t\t<\/span>\n\t\t\t\t<\/div>\n\t\t\t\t\t<\/div>\n\t\t<\/article>\n\t\t\t\t<article class=\"elementor-post elementor-grid-item post-33610 post type-post status-publish format-standard has-post-thumbnail hentry category-sin-categorizar\" role=\"listitem\">\n\t\t\t<div class=\"elementor-post__card\">\n\t\t\t\t<a class=\"elementor-post__thumbnail__link\" href=\"https:\/\/ibercenter.com\/en\/sustainable-office-10-eco-friendly-ideas\/\" tabindex=\"-1\" ><div class=\"elementor-post__thumbnail\"><img loading=\"lazy\" decoding=\"async\" width=\"1500\" height=\"500\" src=\"https:\/\/ibercenter.com\/wp-content\/uploads\/2021\/04\/10-Consejos-para-conseguir-una-oficina-sostenible.jpg\" class=\"attachment-full size-full wp-image-10330\" alt=\"oficina sostenible\" srcset=\"https:\/\/ibercenter.com\/wp-content\/uploads\/2021\/04\/10-Consejos-para-conseguir-una-oficina-sostenible.jpg 1500w, https:\/\/ibercenter.com\/wp-content\/uploads\/2021\/04\/10-Consejos-para-conseguir-una-oficina-sostenible-300x100.jpg 300w, https:\/\/ibercenter.com\/wp-content\/uploads\/2021\/04\/10-Consejos-para-conseguir-una-oficina-sostenible-1024x341.jpg 1024w, https:\/\/ibercenter.com\/wp-content\/uploads\/2021\/04\/10-Consejos-para-conseguir-una-oficina-sostenible-768x256.jpg 768w\" sizes=\"(max-width: 1500px) 100vw, 1500px\" \/><\/div><\/a>\n\t\t\t\t<div class=\"elementor-post__badge\">Negocios<\/div>\n\t\t\t\t<div class=\"elementor-post__text\">\n\t\t\t\t<h3 class=\"elementor-post__title\">\n\t\t\t<a href=\"https:\/\/ibercenter.com\/en\/sustainable-office-10-eco-friendly-ideas\/\" >\n\t\t\t\tSustainable office: 10 eco-friendly ideas\t\t\t<\/a>\n\t\t<\/h3>\n\t\t\n\t\t<a class=\"elementor-post__read-more\" href=\"https:\/\/ibercenter.com\/en\/sustainable-office-10-eco-friendly-ideas\/\" aria-label=\"Read more about Sustainable office: 10 eco-friendly ideas\" tabindex=\"-1\" >\n\t\t\tMore Info \u00bb\t\t<\/a>\n\n\t\t\t\t<\/div>\n\t\t\t\t<div class=\"elementor-post__meta-data\">\n\t\t\t\t\t<span class=\"elementor-post-date\">\n\t\t\t23 de April de 2021\t\t<\/span>\n\t\t\t\t<span class=\"elementor-post-avatar\">\n\t\t\tNo Comments\t\t<\/span>\n\t\t\t\t<\/div>\n\t\t\t\t\t<\/div>\n\t\t<\/article>\n\t\t\t\t<article class=\"elementor-post elementor-grid-item post-33614 post type-post status-publish format-standard has-post-thumbnail hentry category-sin-categorizar\" role=\"listitem\">\n\t\t\t<div class=\"elementor-post__card\">\n\t\t\t\t<a class=\"elementor-post__thumbnail__link\" href=\"https:\/\/ibercenter.com\/en\/how-to-organize-an-office\/\" tabindex=\"-1\" ><div class=\"elementor-post__thumbnail\"><img loading=\"lazy\" decoding=\"async\" width=\"1600\" height=\"370\" src=\"https:\/\/ibercenter.com\/wp-content\/uploads\/2021\/04\/Como-organizar-una-oficina-scaled-1.jpg\" class=\"attachment-full size-full wp-image-10296\" alt=\"organizar una oficina\" srcset=\"https:\/\/ibercenter.com\/wp-content\/uploads\/2021\/04\/Como-organizar-una-oficina-scaled-1.jpg 1600w, https:\/\/ibercenter.com\/wp-content\/uploads\/2021\/04\/Como-organizar-una-oficina-scaled-1-300x69.jpg 300w, https:\/\/ibercenter.com\/wp-content\/uploads\/2021\/04\/Como-organizar-una-oficina-scaled-1-1024x237.jpg 1024w, https:\/\/ibercenter.com\/wp-content\/uploads\/2021\/04\/Como-organizar-una-oficina-scaled-1-768x178.jpg 768w, https:\/\/ibercenter.com\/wp-content\/uploads\/2021\/04\/Como-organizar-una-oficina-scaled-1-1536x355.jpg 1536w\" sizes=\"(max-width: 1600px) 100vw, 1600px\" \/><\/div><\/a>\n\t\t\t\t<div class=\"elementor-post__badge\">Negocios<\/div>\n\t\t\t\t<div class=\"elementor-post__text\">\n\t\t\t\t<h3 class=\"elementor-post__title\">\n\t\t\t<a href=\"https:\/\/ibercenter.com\/en\/how-to-organize-an-office\/\" >\n\t\t\t\tHow to organize an office?\t\t\t<\/a>\n\t\t<\/h3>\n\t\t\n\t\t<a class=\"elementor-post__read-more\" href=\"https:\/\/ibercenter.com\/en\/how-to-organize-an-office\/\" aria-label=\"Read more about How to organize an office?\" tabindex=\"-1\" >\n\t\t\tMore Info \u00bb\t\t<\/a>\n\n\t\t\t\t<\/div>\n\t\t\t\t<div class=\"elementor-post__meta-data\">\n\t\t\t\t\t<span class=\"elementor-post-date\">\n\t\t\t20 de April de 2021\t\t<\/span>\n\t\t\t\t<span class=\"elementor-post-avatar\">\n\t\t\tNo Comments\t\t<\/span>\n\t\t\t\t<\/div>\n\t\t\t\t\t<\/div>\n\t\t<\/article>\n\t\t\t\t<article class=\"elementor-post elementor-grid-item post-33616 post type-post status-publish format-standard has-post-thumbnail hentry category-sin-categorizar\" role=\"listitem\">\n\t\t\t<div class=\"elementor-post__card\">\n\t\t\t\t<a class=\"elementor-post__thumbnail__link\" href=\"https:\/\/ibercenter.com\/en\/top-10-business-models-in-2021\/\" tabindex=\"-1\" ><div class=\"elementor-post__thumbnail\"><img loading=\"lazy\" decoding=\"async\" width=\"1200\" height=\"324\" src=\"https:\/\/ibercenter.com\/wp-content\/uploads\/2021\/09\/Los-10-principales-modelos-de-negocio-en-2021-2-1.webp\" class=\"attachment-full size-full wp-image-10939\" alt=\"modelos de negocio\" srcset=\"https:\/\/ibercenter.com\/wp-content\/uploads\/2021\/09\/Los-10-principales-modelos-de-negocio-en-2021-2-1.webp 1200w, https:\/\/ibercenter.com\/wp-content\/uploads\/2021\/09\/Los-10-principales-modelos-de-negocio-en-2021-2-1-300x81.webp 300w, https:\/\/ibercenter.com\/wp-content\/uploads\/2021\/09\/Los-10-principales-modelos-de-negocio-en-2021-2-1-1024x276.webp 1024w, https:\/\/ibercenter.com\/wp-content\/uploads\/2021\/09\/Los-10-principales-modelos-de-negocio-en-2021-2-1-768x207.webp 768w\" sizes=\"(max-width: 1200px) 100vw, 1200px\" \/><\/div><\/a>\n\t\t\t\t<div class=\"elementor-post__badge\">Negocios<\/div>\n\t\t\t\t<div class=\"elementor-post__text\">\n\t\t\t\t<h3 class=\"elementor-post__title\">\n\t\t\t<a href=\"https:\/\/ibercenter.com\/en\/top-10-business-models-in-2021\/\" >\n\t\t\t\tTop 10 Business Models in 2021\t\t\t<\/a>\n\t\t<\/h3>\n\t\t\n\t\t<a class=\"elementor-post__read-more\" href=\"https:\/\/ibercenter.com\/en\/top-10-business-models-in-2021\/\" aria-label=\"Read more about Top 10 Business Models in 2021\" tabindex=\"-1\" >\n\t\t\tMore Info \u00bb\t\t<\/a>\n\n\t\t\t\t<\/div>\n\t\t\t\t<div class=\"elementor-post__meta-data\">\n\t\t\t\t\t<span class=\"elementor-post-date\">\n\t\t\t18 de March de 2021\t\t<\/span>\n\t\t\t\t<span class=\"elementor-post-avatar\">\n\t\t\tNo Comments\t\t<\/span>\n\t\t\t\t<\/div>\n\t\t\t\t\t<\/div>\n\t\t<\/article>\n\t\t\t\t<article class=\"elementor-post elementor-grid-item post-33617 post type-post status-publish format-standard has-post-thumbnail hentry category-sin-categorizar\" role=\"listitem\">\n\t\t\t<div class=\"elementor-post__card\">\n\t\t\t\t<a class=\"elementor-post__thumbnail__link\" href=\"https:\/\/ibercenter.com\/en\/what-is-google-my-business-and-what-can-it-do-for-your-business\/\" tabindex=\"-1\" ><div class=\"elementor-post__thumbnail\"><img loading=\"lazy\" decoding=\"async\" width=\"1200\" height=\"300\" src=\"https:\/\/ibercenter.com\/wp-content\/uploads\/2021\/09\/Que-es-Google-My-Business-y-que-puede-hacer-por-mi-negocio-1.webp\" class=\"attachment-full size-full wp-image-10976\" alt=\"Google My Business\" srcset=\"https:\/\/ibercenter.com\/wp-content\/uploads\/2021\/09\/Que-es-Google-My-Business-y-que-puede-hacer-por-mi-negocio-1.webp 1200w, https:\/\/ibercenter.com\/wp-content\/uploads\/2021\/09\/Que-es-Google-My-Business-y-que-puede-hacer-por-mi-negocio-1-300x75.webp 300w, https:\/\/ibercenter.com\/wp-content\/uploads\/2021\/09\/Que-es-Google-My-Business-y-que-puede-hacer-por-mi-negocio-1-1024x256.webp 1024w, https:\/\/ibercenter.com\/wp-content\/uploads\/2021\/09\/Que-es-Google-My-Business-y-que-puede-hacer-por-mi-negocio-1-768x192.webp 768w\" sizes=\"(max-width: 1200px) 100vw, 1200px\" \/><\/div><\/a>\n\t\t\t\t<div class=\"elementor-post__badge\">Negocios<\/div>\n\t\t\t\t<div class=\"elementor-post__text\">\n\t\t\t\t<h3 class=\"elementor-post__title\">\n\t\t\t<a href=\"https:\/\/ibercenter.com\/en\/what-is-google-my-business-and-what-can-it-do-for-your-business\/\" >\n\t\t\t\tWhat is Google My Business and what can it do for your business?\t\t\t<\/a>\n\t\t<\/h3>\n\t\t\n\t\t<a class=\"elementor-post__read-more\" href=\"https:\/\/ibercenter.com\/en\/what-is-google-my-business-and-what-can-it-do-for-your-business\/\" aria-label=\"Read more about What is Google My Business and what can it do for your business?\" tabindex=\"-1\" >\n\t\t\tMore Info \u00bb\t\t<\/a>\n\n\t\t\t\t<\/div>\n\t\t\t\t<div class=\"elementor-post__meta-data\">\n\t\t\t\t\t<span class=\"elementor-post-date\">\n\t\t\t29 de January de 2021\t\t<\/span>\n\t\t\t\t<span class=\"elementor-post-avatar\">\n\t\t\tNo Comments\t\t<\/span>\n\t\t\t\t<\/div>\n\t\t\t\t\t<\/div>\n\t\t<\/article>\n\t\t\t\t<article class=\"elementor-post elementor-grid-item post-33625 post type-post status-publish format-standard has-post-thumbnail hentry category-non-classifiee\" role=\"listitem\">\n\t\t\t<div class=\"elementor-post__card\">\n\t\t\t\t<a class=\"elementor-post__thumbnail__link\" href=\"https:\/\/ibercenter.com\/en\/the-best-economic-newspapers-in-spain-in-2021\/\" tabindex=\"-1\" ><div class=\"elementor-post__thumbnail\"><img loading=\"lazy\" decoding=\"async\" width=\"1200\" height=\"300\" src=\"https:\/\/ibercenter.com\/wp-content\/uploads\/2021\/09\/Mejores-diarios-de-informacion-economica-en-Espana.webp\" class=\"attachment-full size-full wp-image-10942\" alt=\"Los mejores diarios econ\u00f3micos de Espa\u00f1a en 2025\" srcset=\"https:\/\/ibercenter.com\/wp-content\/uploads\/2021\/09\/Mejores-diarios-de-informacion-economica-en-Espana.webp 1200w, https:\/\/ibercenter.com\/wp-content\/uploads\/2021\/09\/Mejores-diarios-de-informacion-economica-en-Espana-300x75.webp 300w, https:\/\/ibercenter.com\/wp-content\/uploads\/2021\/09\/Mejores-diarios-de-informacion-economica-en-Espana-1024x256.webp 1024w, https:\/\/ibercenter.com\/wp-content\/uploads\/2021\/09\/Mejores-diarios-de-informacion-economica-en-Espana-768x192.webp 768w\" sizes=\"(max-width: 1200px) 100vw, 1200px\" \/><\/div><\/a>\n\t\t\t\t<div class=\"elementor-post__badge\">Corporative<\/div>\n\t\t\t\t<div class=\"elementor-post__text\">\n\t\t\t\t<h3 class=\"elementor-post__title\">\n\t\t\t<a href=\"https:\/\/ibercenter.com\/en\/the-best-economic-newspapers-in-spain-in-2021\/\" >\n\t\t\t\tThe best economic newspapers in Spain in 2021\t\t\t<\/a>\n\t\t<\/h3>\n\t\t\n\t\t<a class=\"elementor-post__read-more\" href=\"https:\/\/ibercenter.com\/en\/the-best-economic-newspapers-in-spain-in-2021\/\" aria-label=\"Read more about The best economic newspapers in Spain in 2021\" tabindex=\"-1\" >\n\t\t\tMore Info \u00bb\t\t<\/a>\n\n\t\t\t\t<\/div>\n\t\t\t\t<div class=\"elementor-post__meta-data\">\n\t\t\t\t\t<span class=\"elementor-post-date\">\n\t\t\t19 de January de 2021\t\t<\/span>\n\t\t\t\t<span class=\"elementor-post-avatar\">\n\t\t\tNo Comments\t\t<\/span>\n\t\t\t\t<\/div>\n\t\t\t\t\t<\/div>\n\t\t<\/article>\n\t\t\t\t<article class=\"elementor-post elementor-grid-item post-33629 post type-post status-publish format-standard has-post-thumbnail hentry category-sin-categorizar\" role=\"listitem\">\n\t\t\t<div class=\"elementor-post__card\">\n\t\t\t\t<a class=\"elementor-post__thumbnail__link\" href=\"https:\/\/ibercenter.com\/en\/what-should-a-meeting-room-look-like\/\" tabindex=\"-1\" ><div class=\"elementor-post__thumbnail\"><img loading=\"lazy\" decoding=\"async\" width=\"1200\" height=\"300\" src=\"https:\/\/ibercenter.com\/wp-content\/uploads\/2021\/09\/Como-es-una-sala-de-reuniones-perfecta.webp\" class=\"attachment-full size-full wp-image-10974\" alt=\"sala de reuniones\" srcset=\"https:\/\/ibercenter.com\/wp-content\/uploads\/2021\/09\/Como-es-una-sala-de-reuniones-perfecta.webp 1200w, https:\/\/ibercenter.com\/wp-content\/uploads\/2021\/09\/Como-es-una-sala-de-reuniones-perfecta-300x75.webp 300w, https:\/\/ibercenter.com\/wp-content\/uploads\/2021\/09\/Como-es-una-sala-de-reuniones-perfecta-1024x256.webp 1024w, https:\/\/ibercenter.com\/wp-content\/uploads\/2021\/09\/Como-es-una-sala-de-reuniones-perfecta-768x192.webp 768w\" sizes=\"(max-width: 1200px) 100vw, 1200px\" \/><\/div><\/a>\n\t\t\t\t<div class=\"elementor-post__badge\">Negocios<\/div>\n\t\t\t\t<div class=\"elementor-post__text\">\n\t\t\t\t<h3 class=\"elementor-post__title\">\n\t\t\t<a href=\"https:\/\/ibercenter.com\/en\/what-should-a-meeting-room-look-like\/\" >\n\t\t\t\tWhat should a meeting room look like?\t\t\t<\/a>\n\t\t<\/h3>\n\t\t\n\t\t<a class=\"elementor-post__read-more\" href=\"https:\/\/ibercenter.com\/en\/what-should-a-meeting-room-look-like\/\" aria-label=\"Read more about What should a meeting room look like?\" tabindex=\"-1\" >\n\t\t\tMore Info \u00bb\t\t<\/a>\n\n\t\t\t\t<\/div>\n\t\t\t\t<div class=\"elementor-post__meta-data\">\n\t\t\t\t\t<span class=\"elementor-post-date\">\n\t\t\t5 de January de 2021\t\t<\/span>\n\t\t\t\t<span class=\"elementor-post-avatar\">\n\t\t\tNo Comments\t\t<\/span>\n\t\t\t\t<\/div>\n\t\t\t\t\t<\/div>\n\t\t<\/article>\n\t\t\t\t<article class=\"elementor-post elementor-grid-item post-33631 post type-post status-publish format-standard has-post-thumbnail hentry category-sin-categorizar\" role=\"listitem\">\n\t\t\t<div class=\"elementor-post__card\">\n\t\t\t\t<a class=\"elementor-post__thumbnail__link\" href=\"https:\/\/ibercenter.com\/en\/what-is-a-business-centre\/\" tabindex=\"-1\" ><div class=\"elementor-post__thumbnail\"><img loading=\"lazy\" decoding=\"async\" width=\"2560\" height=\"1707\" src=\"https:\/\/ibercenter.com\/wp-content\/uploads\/2022\/04\/centro-de-negocios-en-gran-via-centro-de-negocios-en-madrid-scaled-1.jpg\" class=\"attachment-full size-full wp-image-32245\" alt=\"espacios de coworking en Madrid centro de negocios en madrid - oficinas flexibles en Madrid\" srcset=\"https:\/\/ibercenter.com\/wp-content\/uploads\/2022\/04\/centro-de-negocios-en-gran-via-centro-de-negocios-en-madrid-scaled-1.jpg 2560w, https:\/\/ibercenter.com\/wp-content\/uploads\/2022\/04\/centro-de-negocios-en-gran-via-centro-de-negocios-en-madrid-scaled-1-300x200.jpg 300w, https:\/\/ibercenter.com\/wp-content\/uploads\/2022\/04\/centro-de-negocios-en-gran-via-centro-de-negocios-en-madrid-scaled-1-1024x683.jpg 1024w, https:\/\/ibercenter.com\/wp-content\/uploads\/2022\/04\/centro-de-negocios-en-gran-via-centro-de-negocios-en-madrid-scaled-1-768x512.jpg 768w, https:\/\/ibercenter.com\/wp-content\/uploads\/2022\/04\/centro-de-negocios-en-gran-via-centro-de-negocios-en-madrid-scaled-1-1536x1024.jpg 1536w, https:\/\/ibercenter.com\/wp-content\/uploads\/2022\/04\/centro-de-negocios-en-gran-via-centro-de-negocios-en-madrid-scaled-1-2048x1366.jpg 2048w\" sizes=\"(max-width: 2560px) 100vw, 2560px\" \/><\/div><\/a>\n\t\t\t\t<div class=\"elementor-post__badge\">Negocios<\/div>\n\t\t\t\t<div class=\"elementor-post__text\">\n\t\t\t\t<h3 class=\"elementor-post__title\">\n\t\t\t<a href=\"https:\/\/ibercenter.com\/en\/what-is-a-business-centre\/\" >\n\t\t\t\tWhat is a business centre?\t\t\t<\/a>\n\t\t<\/h3>\n\t\t\n\t\t<a class=\"elementor-post__read-more\" href=\"https:\/\/ibercenter.com\/en\/what-is-a-business-centre\/\" aria-label=\"Read more about What is a business centre?\" tabindex=\"-1\" >\n\t\t\tMore Info \u00bb\t\t<\/a>\n\n\t\t\t\t<\/div>\n\t\t\t\t<div class=\"elementor-post__meta-data\">\n\t\t\t\t\t<span class=\"elementor-post-date\">\n\t\t\t28 de December de 2020\t\t<\/span>\n\t\t\t\t<span class=\"elementor-post-avatar\">\n\t\t\tNo Comments\t\t<\/span>\n\t\t\t\t<\/div>\n\t\t\t\t\t<\/div>\n\t\t<\/article>\n\t\t\t\t<article class=\"elementor-post elementor-grid-item post-33576 post type-post status-publish format-standard has-post-thumbnail hentry category-sin-categorizar\" role=\"listitem\">\n\t\t\t<div class=\"elementor-post__card\">\n\t\t\t\t<a class=\"elementor-post__thumbnail__link\" href=\"https:\/\/ibercenter.com\/en\/the-best-diaries-for-entrepreneurs-in-2020\/\" tabindex=\"-1\" ><div class=\"elementor-post__thumbnail\"><img loading=\"lazy\" decoding=\"async\" width=\"300\" height=\"300\" src=\"https:\/\/ibercenter.com\/wp-content\/uploads\/2020\/12\/Mejores-diarios-para-emprendedores.jpg\" class=\"attachment-full size-full wp-image-9427\" alt=\"mejores diarios para emprendedores\" srcset=\"https:\/\/ibercenter.com\/wp-content\/uploads\/2020\/12\/Mejores-diarios-para-emprendedores.jpg 300w, https:\/\/ibercenter.com\/wp-content\/uploads\/2020\/12\/Mejores-diarios-para-emprendedores-150x150.jpg 150w\" sizes=\"(max-width: 300px) 100vw, 300px\" \/><\/div><\/a>\n\t\t\t\t<div class=\"elementor-post__badge\">Negocios<\/div>\n\t\t\t\t<div class=\"elementor-post__text\">\n\t\t\t\t<h3 class=\"elementor-post__title\">\n\t\t\t<a href=\"https:\/\/ibercenter.com\/en\/the-best-diaries-for-entrepreneurs-in-2020\/\" >\n\t\t\t\tThe best diaries for entrepreneurs in 2020\t\t\t<\/a>\n\t\t<\/h3>\n\t\t\n\t\t<a class=\"elementor-post__read-more\" href=\"https:\/\/ibercenter.com\/en\/the-best-diaries-for-entrepreneurs-in-2020\/\" aria-label=\"Read more about The best diaries for entrepreneurs in 2020\" tabindex=\"-1\" >\n\t\t\tMore Info \u00bb\t\t<\/a>\n\n\t\t\t\t<\/div>\n\t\t\t\t<div class=\"elementor-post__meta-data\">\n\t\t\t\t\t<span class=\"elementor-post-date\">\n\t\t\t1 de December de 2020\t\t<\/span>\n\t\t\t\t<span class=\"elementor-post-avatar\">\n\t\t\tNo Comments\t\t<\/span>\n\t\t\t\t<\/div>\n\t\t\t\t\t<\/div>\n\t\t<\/article>\n\t\t\t\t<article class=\"elementor-post elementor-grid-item post-33577 post type-post status-publish format-standard has-post-thumbnail hentry\" role=\"listitem\">\n\t\t\t<div class=\"elementor-post__card\">\n\t\t\t\t<a class=\"elementor-post__thumbnail__link\" href=\"https:\/\/ibercenter.com\/en\/tax-and-company-domicile-how-are-they-different\/\" tabindex=\"-1\" ><div class=\"elementor-post__thumbnail\"><img loading=\"lazy\" decoding=\"async\" width=\"1200\" height=\"300\" src=\"https:\/\/ibercenter.com\/wp-content\/uploads\/2021\/09\/Domicilio-fiscal-y-social.webp\" class=\"attachment-full size-full wp-image-10972\" alt=\"domicilio fiscal y social\" srcset=\"https:\/\/ibercenter.com\/wp-content\/uploads\/2021\/09\/Domicilio-fiscal-y-social.webp 1200w, https:\/\/ibercenter.com\/wp-content\/uploads\/2021\/09\/Domicilio-fiscal-y-social-300x75.webp 300w, https:\/\/ibercenter.com\/wp-content\/uploads\/2021\/09\/Domicilio-fiscal-y-social-1024x256.webp 1024w, https:\/\/ibercenter.com\/wp-content\/uploads\/2021\/09\/Domicilio-fiscal-y-social-768x192.webp 768w\" sizes=\"(max-width: 1200px) 100vw, 1200px\" \/><\/div><\/a>\n\t\t\t\t<div class=\"elementor-post__text\">\n\t\t\t\t<h3 class=\"elementor-post__title\">\n\t\t\t<a href=\"https:\/\/ibercenter.com\/en\/tax-and-company-domicile-how-are-they-different\/\" >\n\t\t\t\tTax and company domicile. How are they different?\t\t\t<\/a>\n\t\t<\/h3>\n\t\t\n\t\t<a class=\"elementor-post__read-more\" href=\"https:\/\/ibercenter.com\/en\/tax-and-company-domicile-how-are-they-different\/\" aria-label=\"Read more about Tax and company domicile. How are they different?\" tabindex=\"-1\" >\n\t\t\tMore Info \u00bb\t\t<\/a>\n\n\t\t\t\t<\/div>\n\t\t\t\t<div class=\"elementor-post__meta-data\">\n\t\t\t\t\t<span class=\"elementor-post-date\">\n\t\t\t29 de October de 2020\t\t<\/span>\n\t\t\t\t<span class=\"elementor-post-avatar\">\n\t\t\tNo Comments\t\t<\/span>\n\t\t\t\t<\/div>\n\t\t\t\t\t<\/div>\n\t\t<\/article>\n\t\t\t\t<article class=\"elementor-post elementor-grid-item post-33579 post type-post status-publish format-standard has-post-thumbnail hentry category-sin-categorizar\" role=\"listitem\">\n\t\t\t<div class=\"elementor-post__card\">\n\t\t\t\t<a class=\"elementor-post__thumbnail__link\" href=\"https:\/\/ibercenter.com\/en\/what-is-a-boardroom\/\" tabindex=\"-1\" ><div class=\"elementor-post__thumbnail\"><img loading=\"lazy\" decoding=\"async\" width=\"899\" height=\"600\" src=\"https:\/\/ibercenter.com\/wp-content\/uploads\/2020\/07\/Ibercenter-Granvia-91-e1591871152771.jpg\" class=\"attachment-full size-full wp-image-6552\" alt=\"sala de juntas\" srcset=\"https:\/\/ibercenter.com\/wp-content\/uploads\/2020\/07\/Ibercenter-Granvia-91-e1591871152771.jpg 899w, https:\/\/ibercenter.com\/wp-content\/uploads\/2020\/07\/Ibercenter-Granvia-91-e1591871152771-300x200.jpg 300w, https:\/\/ibercenter.com\/wp-content\/uploads\/2020\/07\/Ibercenter-Granvia-91-e1591871152771-768x513.jpg 768w\" sizes=\"(max-width: 899px) 100vw, 899px\" \/><\/div><\/a>\n\t\t\t\t<div class=\"elementor-post__badge\">Negocios<\/div>\n\t\t\t\t<div class=\"elementor-post__text\">\n\t\t\t\t<h3 class=\"elementor-post__title\">\n\t\t\t<a href=\"https:\/\/ibercenter.com\/en\/what-is-a-boardroom\/\" >\n\t\t\t\tWhat is a boardroom?\t\t\t<\/a>\n\t\t<\/h3>\n\t\t\n\t\t<a class=\"elementor-post__read-more\" href=\"https:\/\/ibercenter.com\/en\/what-is-a-boardroom\/\" aria-label=\"Read more about What is a boardroom?\" tabindex=\"-1\" >\n\t\t\tMore Info \u00bb\t\t<\/a>\n\n\t\t\t\t<\/div>\n\t\t\t\t<div class=\"elementor-post__meta-data\">\n\t\t\t\t\t<span class=\"elementor-post-date\">\n\t\t\t22 de October de 2020\t\t<\/span>\n\t\t\t\t<span class=\"elementor-post-avatar\">\n\t\t\tNo Comments\t\t<\/span>\n\t\t\t\t<\/div>\n\t\t\t\t\t<\/div>\n\t\t<\/article>\n\t\t\t\t<article class=\"elementor-post elementor-grid-item post-33580 post type-post status-publish format-standard has-post-thumbnail hentry category-sin-categorizar\" role=\"listitem\">\n\t\t\t<div class=\"elementor-post__card\">\n\t\t\t\t<a class=\"elementor-post__thumbnail__link\" href=\"https:\/\/ibercenter.com\/en\/what-is-a-virtual-office-2\/\" tabindex=\"-1\" ><div class=\"elementor-post__thumbnail\"><img loading=\"lazy\" decoding=\"async\" width=\"900\" height=\"300\" src=\"https:\/\/ibercenter.com\/wp-content\/uploads\/2020\/09\/que-es-una-oficina-virtual.webp\" class=\"attachment-full size-full wp-image-10990\" alt=\"oficina virtual\" srcset=\"https:\/\/ibercenter.com\/wp-content\/uploads\/2020\/09\/que-es-una-oficina-virtual.webp 900w, https:\/\/ibercenter.com\/wp-content\/uploads\/2020\/09\/que-es-una-oficina-virtual-300x100.webp 300w, https:\/\/ibercenter.com\/wp-content\/uploads\/2020\/09\/que-es-una-oficina-virtual-768x256.webp 768w\" sizes=\"(max-width: 900px) 100vw, 900px\" \/><\/div><\/a>\n\t\t\t\t<div class=\"elementor-post__badge\">Negocios<\/div>\n\t\t\t\t<div class=\"elementor-post__text\">\n\t\t\t\t<h3 class=\"elementor-post__title\">\n\t\t\t<a href=\"https:\/\/ibercenter.com\/en\/what-is-a-virtual-office-2\/\" >\n\t\t\t\tWhat is a virtual office?\t\t\t<\/a>\n\t\t<\/h3>\n\t\t\n\t\t<a class=\"elementor-post__read-more\" href=\"https:\/\/ibercenter.com\/en\/what-is-a-virtual-office-2\/\" aria-label=\"Read more about What is a virtual office?\" tabindex=\"-1\" >\n\t\t\tMore Info \u00bb\t\t<\/a>\n\n\t\t\t\t<\/div>\n\t\t\t\t<div class=\"elementor-post__meta-data\">\n\t\t\t\t\t<span class=\"elementor-post-date\">\n\t\t\t15 de September de 2020\t\t<\/span>\n\t\t\t\t<span class=\"elementor-post-avatar\">\n\t\t\tNo Comments\t\t<\/span>\n\t\t\t\t<\/div>\n\t\t\t\t\t<\/div>\n\t\t<\/article>\n\t\t\t\t<article class=\"elementor-post elementor-grid-item post-6941 post type-post status-publish format-standard has-post-thumbnail hentry\" role=\"listitem\">\n\t\t\t<div class=\"elementor-post__card\">\n\t\t\t\t<a class=\"elementor-post__thumbnail__link\" href=\"https:\/\/ibercenter.com\/en\/covid-19-protocol\/\" tabindex=\"-1\" ><div class=\"elementor-post__thumbnail\"><img loading=\"lazy\" decoding=\"async\" width=\"977\" height=\"600\" src=\"https:\/\/ibercenter.com\/wp-content\/uploads\/2020\/05\/protocolo-covid-19-ibercenter-1.jpg\" class=\"attachment-full size-full wp-image-5065\" alt=\"Covid-19\" srcset=\"https:\/\/ibercenter.com\/wp-content\/uploads\/2020\/05\/protocolo-covid-19-ibercenter-1.jpg 977w, https:\/\/ibercenter.com\/wp-content\/uploads\/2020\/05\/protocolo-covid-19-ibercenter-1-300x184.jpg 300w, https:\/\/ibercenter.com\/wp-content\/uploads\/2020\/05\/protocolo-covid-19-ibercenter-1-768x472.jpg 768w\" sizes=\"(max-width: 977px) 100vw, 977px\" \/><\/div><\/a>\n\t\t\t\t<div class=\"elementor-post__text\">\n\t\t\t\t<h3 class=\"elementor-post__title\">\n\t\t\t<a href=\"https:\/\/ibercenter.com\/en\/covid-19-protocol\/\" >\n\t\t\t\tCovid-19 Protocol\t\t\t<\/a>\n\t\t<\/h3>\n\t\t\n\t\t<a class=\"elementor-post__read-more\" href=\"https:\/\/ibercenter.com\/en\/covid-19-protocol\/\" aria-label=\"Read more about Covid-19 Protocol\" tabindex=\"-1\" >\n\t\t\tMore Info \u00bb\t\t<\/a>\n\n\t\t\t\t<\/div>\n\t\t\t\t<div class=\"elementor-post__meta-data\">\n\t\t\t\t\t<span class=\"elementor-post-date\">\n\t\t\t30 de July de 2020\t\t<\/span>\n\t\t\t\t<span class=\"elementor-post-avatar\">\n\t\t\tNo Comments\t\t<\/span>\n\t\t\t\t<\/div>\n\t\t\t\t\t<\/div>\n\t\t<\/article>\n\t\t\t\t<\/div>\n\t\t\n\t\t\t\t\t\t<\/div>\n\t\t\t\t<\/div>\n\t\t\t\t\t<\/div>\n\t\t\t\t<\/div>\n\t\t\t\t<\/div>\n\t\t","protected":false},"excerpt":{"rendered":"<p>Our blog<\/p>\n","protected":false},"author":2,"featured_media":0,"parent":0,"menu_order":0,"comment_status":"closed","ping_status":"closed","template":"","meta":{"site-sidebar-layout":"no-sidebar","site-content-layout":"page-builder","ast-site-content-layout":"full-width-container","site-content-style":"unboxed","site-sidebar-style":"unboxed","ast-global-header-display":"","ast-banner-title-visibility":"","ast-main-header-display":"","ast-hfb-above-header-display":"","ast-hfb-below-header-display":"","ast-hfb-mobile-header-display":"","site-post-title":"disabled","ast-breadcrumbs-content":"","ast-featured-img":"disabled","footer-sml-layout":"","ast-disable-related-posts":"","theme-transparent-header-meta":"default","adv-header-id-meta":"","stick-header-meta":"default","header-above-stick-meta":"","header-main-stick-meta":"disabled","header-below-stick-meta":"","astra-migrate-meta-layouts":"set","ast-page-background-enabled":"default","ast-page-background-meta":{"desktop":{"background-color":"var(--ast-global-color-5)","background-image":"","background-repeat":"repeat","background-position":"center center","background-size":"auto","background-attachment":"scroll","background-type":"","background-media":"","overlay-type":"","overlay-color":"","overlay-opacity":"","overlay-gradient":""},"tablet":{"background-color":"","background-image":"","background-repeat":"repeat","background-position":"center center","background-size":"auto","background-attachment":"scroll","background-type":"","background-media":"","overlay-type":"","overlay-color":"","overlay-opacity":"","overlay-gradient":""},"mobile":{"background-color":"","background-image":"","background-repeat":"repeat","background-position":"center center","background-size":"auto","background-attachment":"scroll","background-type":"","background-media":"","overlay-type":"","overlay-color":"","overlay-opacity":"","overlay-gradient":""}},"ast-content-background-meta":{"desktop":{"background-color":"var(--ast-global-color-4)","background-image":"","background-repeat":"repeat","background-position":"center center","background-size":"auto","background-attachment":"scroll","background-type":"","background-media":"","overlay-type":"","overlay-color":"","overlay-opacity":"","overlay-gradient":""},"tablet":{"background-color":"var(--ast-global-color-4)","background-image":"","background-repeat":"repeat","background-position":"center center","background-size":"auto","background-attachment":"scroll","background-type":"","background-media":"","overlay-type":"","overlay-color":"","overlay-opacity":"","overlay-gradient":""},"mobile":{"background-color":"var(--ast-global-color-4)","background-image":"","background-repeat":"repeat","background-position":"center center","background-size":"auto","background-attachment":"scroll","background-type":"","background-media":"","overlay-type":"","overlay-color":"","overlay-opacity":"","overlay-gradient":""}},"_joinchat":[],"footnotes":""},"class_list":["post-34268","page","type-page","status-publish","hentry"],"_links":{"self":[{"href":"https:\/\/ibercenter.com\/en\/wp-json\/wp\/v2\/pages\/34268","targetHints":{"allow":["GET"]}}],"collection":[{"href":"https:\/\/ibercenter.com\/en\/wp-json\/wp\/v2\/pages"}],"about":[{"href":"https:\/\/ibercenter.com\/en\/wp-json\/wp\/v2\/types\/page"}],"author":[{"embeddable":true,"href":"https:\/\/ibercenter.com\/en\/wp-json\/wp\/v2\/users\/2"}],"replies":[{"embeddable":true,"href":"https:\/\/ibercenter.com\/en\/wp-json\/wp\/v2\/comments?post=34268"}],"version-history":[{"count":0,"href":"https:\/\/ibercenter.com\/en\/wp-json\/wp\/v2\/pages\/34268\/revisions"}],"wp:attachment":[{"href":"https:\/\/ibercenter.com\/en\/wp-json\/wp\/v2\/media?parent=34268"}],"curies":[{"name":"wp","href":"https:\/\/api.w.org\/{rel}","templated":true}]}}